{"id":2,"date":"2015-02-20T18:21:09","date_gmt":"2015-02-20T18:21:09","guid":{"rendered":"http:\/\/scholar.semmelweis.hu\/minta\/?page_id=2"},"modified":"2022-05-16T09:55:18","modified_gmt":"2022-05-16T09:55:18","slug":"minta-oldal","status":"publish","type":"page","link":"https:\/\/scholar.semmelweis.hu\/minta\/minta-oldal\/","title":{"rendered":"\u00daj tartalom k\u00e9sz\u00edt\u00e9se"},"content":{"rendered":"<p>Ez egy mintaoldal, amely seg\u00edts\u00e9get ny\u00fajt a Semmelweis Egyetem WordPress-alap\u00fa honlaprendszer\u00e9ben a munkat\u00e1rsak <strong>szem\u00e9lyes bemutatkoz\u00f3 honlapjain<\/strong> egyetlen oldal l\u00e9trehoz\u00e1s\u00e1hoz. Az <strong>oldal<\/strong>\u00a0t\u00edpus\u00fa tartalom k\u00fcl\u00f6nb\u00f6zik a <strong>bejegyz\u00e9s <\/strong>t\u00edpus\u00fa tartalomt\u00f3l. Az oldal \u00e1lland\u00f3, a l\u00e9trehoz\u00e1s\u00e1nak d\u00e1tum\u00e1t\u00f3l f\u00fcggetlen tartalom, amely \u00e1lland\u00f3an l\u00e1tszik a honlap men\u00fcj\u00e9ben (ha be\u00e1ll\u00edtottuk men\u00fcpontnak), m\u00edg a bejegyz\u00e9s csak kateg\u00f3ri\u00e1k seg\u00edts\u00e9g\u00e9vel rendezhet\u0151 rovatokba \u00e9s a kateg\u00f3ri\u00e1kb\u00f3l k\u00e9sz\u00edthet\u0151 men\u00fcpont, amelyben az egyes bejegyz\u00e9sek k\u00f6zz\u00e9t\u00e9tel\u00fck d\u00e1tum\u00e1t\u00f3l f\u00fcgg\u0151en egym\u00e1st k\u00f6vetve jelennek meg. Amikor bel\u00e9pt\u00fcnk a\u00a0honlap szerkeszt\u0151fel\u00fclet\u00e9re (<strong>Vez\u00e9rl\u0151pult<\/strong>), akkor Kattintsunk az <strong>Oldalak\u00a0<\/strong>linkre, majd ott v\u00e1lasszuk ki az <strong>\u00daj hozz\u00e1ad\u00e1sa<\/strong> opci\u00f3t. <em>(Ha egy megl\u00e9v\u0151 oldalt szeretn\u00e9nk szerkeszteni, akkor az <strong>\u00d6sszes oldal<\/strong> men\u00fcpontra kattintva a megjelen\u0151 list\u00e1b\u00f3l tudjuk kikeresni a szerkesztend\u0151t, vagy a jobb fels\u0151 r\u00e9szben tal\u00e1lhat\u00f3 keres\u0151 seg\u00edts\u00e9g\u00e9vel kulcsszavakra pl. c\u00edm, tartalom, stb. tudunk sz\u0171rni.)<\/em> Az \u00faj oldalnak adjunk meg egy<strong> c\u00edmet, le\u00edr\u00e1st<\/strong> (ide ker\u00fcl az oldal sz\u00f6vege, a k\u00e9pek, t\u00e1bl\u00e1zatok, stb.), \u00e9s ha egy f\u0151men\u00fc al\u00e1 almen\u00fct szeretn\u00e9nk k\u00e9sz\u00edteni az oldalunkb\u00f3l, akkor sz\u00fcl\u0151 oldalt (ezt a \u00a0jobb oldalon tal\u00e1lhat sz\u00fcrke szerkeszt\u0151 s\u00e1vban lehet be\u00e1ll\u00edtani, \u00e9s azt jelenti, hogy a m\u00e1r megl\u00e9v\u0151 oldalak al\u00e1 lehet berendezni almen\u00fck\u00e9nt, vagy ha nem adunk meg sz\u00fcl\u0151 oldalt, akkor \u00f6n\u00e1ll\u00f3 oldalk\u00e9nt jelenik meg, amely f\u0151men\u00fcv\u00e9 alak\u00edthat\u00f3. Fontos, hogy mag\u00e1t\u00f3l nem lesz egy oldal se f\u0151-, se leny\u00edl\u00f3 almen\u00fcpont, hanem k\u00fcl\u00f6n be kell \u00e1ll\u00edtani.<strong>\u00a0<\/strong> Mind az oldalaknak, mind a bejegyz\u00e9seknek k\u00e9tf\u00e9le <strong>megtekint\u00e9si m\u00f3d<\/strong>ja van: jobb oldalon a szerkeszt\u0151doboz tetej\u00e9n k\u00e9t f\u00fcl l\u00e1that\u00f3: grafikus (vizu\u00e1lis ) \u00e9s HTML\u00a0(text). El\u0151bbiben a legegyszer\u0171bb sz\u00f6vegszerkeszt\u00e9sek k\u00f6nnyen, m\u00e1s sz\u00f6vegszerkeszt\u0151 programokhoz hasonl\u00f3an l\u00e9trehozhat\u00f3, a html szerkeszt\u00e9si m\u00f3dot a k\u00f3dok seg\u00edts\u00e9g\u00e9vel a halad\u00f3 felhaszn\u00e1l\u00f3knak aj\u00e1nljuk, illetve egyes be\u00e1gyaz\u00f3 k\u00f3dok elhelyez\u00e9s\u00e9re itt van lehet\u0151s\u00e9g (Google map, vide\u00f3k, stb.). A szerkeszt\u00e9s\u00fcnk <strong>El\u0151n\u00e9zet<\/strong>ben is megtekinthet\u0151 a jobb fels\u0151 K\u00f6zz\u00e9t\u00e9tel dobozban tal\u00e1lhat\u00f3 gomb seg\u00edts\u00e9g\u00e9vel. Ha a szerkeszt\u00e9st nem fejezt\u00fck m\u00e9g be, de munk\u00e1t abbahagyn\u00e1k, akkor az oldalt elmenthetj\u00fck <strong>V\u00e1zlat<\/strong>ba is. Ha minden rendben van, akkor nyomhatunk a <strong>k\u00f6zz\u00e9t\u00e9tel <\/strong>gombra\u00a0\u00e9s az \u00faj oldal m\u00e1r el\u00a0is k\u00e9sz\u00fclt. Jav\u00edt\u00e1s, \u00fajraszerkeszt\u00e9s eset\u00e9n a v\u00e1ltoztat\u00e1sok ment\u00e9se a <strong>Friss\u00edt\u00e9s<\/strong> gomb megnyom\u00e1sa ut\u00e1n v\u00e1lik v\u00e9glegess\u00e9. \u00a0<\/p>\n<h4><strong>K\u00e9pek beilleszt\u00e9se:<\/strong><\/h4>\n<p>Az oldalakba<strong>\u00a0k\u00e9pek, egy\u00e9b f\u00e1jlok illeszthet\u0151<\/strong>ek, ha <strong>M\u00e9dia hozz\u00e1ad\u00e1sa<\/strong> gombra kattintunk ami az oldal \u00e1ltalunk megadott c\u00edme \u00e9s a szerkeszt\u0151l\u00e9c k\u00f6z\u00f6tt tal\u00e1lhat\u00f3 a bal oldalon. <strong>FONTOS!<\/strong>\u00a0<em>A f\u00e1jlnevek (k\u00e9pek, pdf-ek, stb.) ne tartalmazzanak \u00e9kezetet, sz\u00f3k\u00f6zt, pontot vagy vessz\u0151t (ez \u00e1ltal\u00e1ban sem tan\u00e1csos); a f\u00e9nyk\u00e9peket kicsiny\u00edts\u00fck webm\u00e9retre, (72 dpi \u00e9s fekv\u0151 k\u00e9pn\u00e9l maximum 1200-900 pixel sz\u00e9less\u00e9g, m\u00edg \u00e1ll\u00f3 k\u00e9pn\u00e9l max. 600-700 pixel k\u00e9psz\u00e9less\u00e9g), hogy ne fogyasszunk feleslegesen nagy t\u00e1rhelyet.\u00a0<\/em> <img loading=\"lazy\" decoding=\"async\" class=\"aligncenter\" src=\"https:\/\/semmelweis.hu\/wiki\/files\/2012\/01\/V%C3%A1g%C3%B3lap02-1024x516.jpg\" alt=\"\" width=\"1024\" height=\"516\" \/> Minden felt\u00f6lt\u00f6tt k\u00e9p, f\u00e1jl saj\u00e1t webc\u00edmet (URL) kap, amellyel linkk\u00e9 alak\u00edthat\u00f3 \u00e9s\/vagy a sz\u00f6vegben elhelyezhet\u0151.\u00a0T\u00f6lts\u00fck fel a haszn\u00e1lni k\u00edv\u00e1nt k\u00e9pet (az\u00a0<strong>Upload files<\/strong> f\u00fclben, ezt l\u00e1tjuk alap\u00e1ll\u00e1sban) vagy a m\u00e1r kor\u00e1bban m\u00e1shov\u00e1 felt\u00f6lt\u00f6tt k\u00e9pek, f\u00e1jlok k\u00f6z\u00fcl (<strong>M\u00e9diat\u00e1r\u00a0<\/strong>f\u00fclben) kattintsunk a besz\u00farni k\u00edv\u00e1nt elemre. Ekkor jobb oldalon a f\u00e1jl adatai \u00e9s a besz\u00far\u00e1s v\u00e1laszthat\u00f3 lehet\u0151s\u00e9gei jelennek meg. Ha <strong>f\u00e9nyk\u00e9pet<\/strong> (jpg, png, gif, tif) szeretn\u00e9nk besz\u00farni <em>(egy\u00e9b f\u00e1jlokr\u00f3l majd lejjebb olvashat)<\/em> v\u00e1lasszuk ki a jobb oldali lehet\u0151s\u00e9gek k\u00f6z\u00fcl az al\u00e1bbi k\u00e9pnek megfelel\u0151en, hogy a\u00a0sz\u00f6vegbe illeszt\u00e9skor a fot\u00f3t\u00a0<em>jobbra, balra, vagy k\u00f6z\u00e9pre<\/em> igaz\u00edtjuk-e, illetve mekkora m\u00e9retben szeretn\u00e9nk beilleszteni a k\u00e9pet. Fontos, hogy k\u00e9p \u00e9s f\u00e1jl eset\u00e9ben is mindig a \u201c<strong>m\u00e9dia f\u00e1jl<\/strong>\u201d beilleszt\u00e9si m\u00f3dot v\u00e1lasszuk, ne csatolm\u00e1ny oldalt! (A beilleszt\u00e9s ut\u00e1n, ha a\u00a0k\u00e9pre kattintunk, az nagy\u00edthat\u00f3 lesz .) A beillesztett k\u00e9pet ut\u00f3lag is tudjuk szerkeszteni, ha r\u00e1kattintunk a bal fels\u0151 sarokban n\u00e9h\u00e1ny\u00a0pici, a k\u00e9p elrendez\u00e9s\u00e9t mutat\u00f3 ikon, egy ceruza \u00e9s egy X\u00a0jelenik meg. A ceruz\u00e1ra\u00a0kattintva ut\u00f3lagos szerkeszt\u00e9st tudunk v\u00e9grehajtani a k\u00e9pen, az X-el\u00a0t\u00f6r\u00f6lni tudjuk azt. (N\u00e9ha egyszer\u0171bb a rosszul beillesztett k\u00e9pet t\u00f6r\u00f6lni a bejegyz\u00e9sb\u0151l, \u00e9s a M\u00e9dia hozz\u00e1ad\u00e1sa gombra kattintva a k\u00e9pet \u00fajra kiv\u00e1lasztva \u2013 nem kell \u00fajra felt\u00f6lteni! \u2013 beilleszthetj\u00fck a j\u00f3 be\u00e1ll\u00edt\u00e1sokkal. \u00a0<\/p>\n<h4><strong>K\u00e9pgal\u00e9ria k\u00e9sz\u00edt\u00e9se:<\/strong><\/h4>\n<p>T\u00f6bb k\u00e9pet <strong>k\u00e9pgal\u00e9ri\u00e1v\u00e1<\/strong> tudunk \u00f6sszef\u0171zni a Create Galery (Gal\u00e9ria l\u00e9trehoz\u00e1sa). Ilyenkor v\u00e1lasszuk ki az \u00f6sszef\u0171zni k\u00edv\u00e1nt k\u00e9pet \u00e9s a gal\u00e9ria l\u00e9trehoz\u00e1sa ut\u00e1n az elrendez\u00e9s be\u00e1ll\u00edthat\u00f3 (h\u00e1ny k\u00e9p egym\u00e1s mellett, mire mutasson a k\u00e9pek linkje).\u00a0\u00a0<\/p>\n<h4><strong>Tov\u00e1bbi \u00fatmutat\u00f3k:<\/strong><\/h4>\n<ul>\n<li><a href=\"https:\/\/scholar.semmelweis.hu\/minta\/minta-oldal\/linkek-keszitese\/\">Linkek k\u00e9sz\u00edt\u00e9se<\/a><\/li>\n<li><a href=\"https:\/\/scholar.semmelweis.hu\/minta\/minta-oldal\/fajlok-beillesztese-pdf-beagyazas\/\">F\u00e1jlok beilleszt\u00e9se let\u00f6lt\u00e9sre, pdf be\u00e1gyaz\u00e1s<\/a><\/li>\n<li><a href=\"https:\/\/scholar.semmelweis.hu\/minta\/minta-oldal\/hangfajl-beillesztese-audio-lejatszoval\/\">Hangf\u00e1jl beilleszt\u00e9se audi\u00f3lej\u00e1tsz\u00f3val<\/a><\/li>\n<\/ul>\n<p>&nbsp;<\/p>\n","protected":false},"excerpt":{"rendered":"<p>Ez egy mintaoldal, amely seg\u00edts\u00e9get ny\u00fajt a Semmelweis Egyetem WordPress-alap\u00fa honlaprendszer\u00e9ben a munkat\u00e1rsak szem\u00e9lyes bemutatkoz\u00f3 honlapjain egyetlen oldal l\u00e9trehoz\u00e1s\u00e1hoz. Az oldal\u00a0t\u00edpus\u00fa tartalom k\u00fcl\u00f6nb\u00f6zik a bejegyz\u00e9s t\u00edpus\u00fa tartalomt\u00f3l. Az oldal \u00e1lland\u00f3, a l\u00e9trehoz\u00e1s\u00e1nak d\u00e1tum\u00e1t\u00f3l f\u00fcggetlen tartalom, &hellip;<\/p>\n","protected":false},"author":92,"featured_media":0,"parent":0,"menu_order":0,"comment_status":"open","ping_status":"closed","template":"","meta":{"footnotes":""},"class_list":["post-2","page","type-page","status-publish","hentry"],"_links":{"self":[{"href":"https:\/\/scholar.semmelweis.hu\/minta\/wp-json\/wp\/v2\/pages\/2"}],"collection":[{"href":"https:\/\/scholar.semmelweis.hu\/minta\/wp-json\/wp\/v2\/pages"}],"about":[{"href":"https:\/\/scholar.semmelweis.hu\/minta\/wp-json\/wp\/v2\/types\/page"}],"author":[{"embeddable":true,"href":"https:\/\/scholar.semmelweis.hu\/minta\/wp-json\/wp\/v2\/users\/92"}],"replies":[{"embeddable":true,"href":"https:\/\/scholar.semmelweis.hu\/minta\/wp-json\/wp\/v2\/comments?post=2"}],"version-history":[{"count":14,"href":"https:\/\/scholar.semmelweis.hu\/minta\/wp-json\/wp\/v2\/pages\/2\/revisions"}],"predecessor-version":[{"id":3683,"href":"https:\/\/scholar.semmelweis.hu\/minta\/wp-json\/wp\/v2\/pages\/2\/revisions\/3683"}],"wp:attachment":[{"href":"https:\/\/scholar.semmelweis.hu\/minta\/wp-json\/wp\/v2\/media?parent=2"}],"curies":[{"name":"wp","href":"https:\/\/api.w.org\/{rel}","templated":true}]}}