{"id":12,"date":"2015-05-20T08:08:25","date_gmt":"2015-05-20T08:08:25","guid":{"rendered":"http:\/\/scholar.semmelweis.hu\/minta\/?page_id=12"},"modified":"2021-05-26T06:20:37","modified_gmt":"2021-05-26T06:20:37","slug":"menu-keszites","status":"publish","type":"page","link":"https:\/\/scholar.semmelweis.hu\/minta\/menu-keszites\/","title":{"rendered":"Men\u00fc k\u00e9sz\u00edt\u00e9s"},"content":{"rendered":"<p>A navig\u00e1ci\u00f3s men\u00fct a <strong>Vez\u00e9rl\u0151pult &gt; Megjelen\u00e9sek &gt; Men\u00fck<\/strong> pontban tudjuk szerkeszteni. A fomenu-t a rendszer\u00a0m\u00e1r l\u00e9trehozta, <strong>\u00faj navig\u00e1ci\u00f3s men\u00fct <\/strong>(nem men\u00fcpontot!)<strong> ne adjon hozz\u00e1 <\/strong><a href=\"https:\/\/scholar.semmelweis.hu\/minta\/nyelvi-verziok\/\" target=\"_blank\" rel=\"noopener noreferrer\">(kiv\u00e9ve, ha nyelvi v\u00e1ltozatr\u00f3l van sz\u00f3)<\/a><strong>, \u00e9s ne nevezze \u00e1t<\/strong>, de \u00fcgyeljen, hogy mindig a<strong> fomenu leg\u00f6rd\u00fcl\u0151 men\u00fc\u00a0<\/strong>legyen kiv\u00e1lasztva, amikor\u00a0\u00faj men\u00fcpontot ad a list\u00e1hoz (ennek majd a nyelvek bekapcsol\u00e1s\u00e1n\u00e1l lesz jelent\u0151s\u00e9ge, amikor adott nyelveken is l\u00e9tre\u00a0kell hozni\u00a0egy-egy men\u00fct).<\/p>\n<p>A Men\u00fckre kattintva az al\u00e1bbi k\u00e9perny\u0151 fogad benn\u00fcnket, \u00e9rdemes v\u00e9gig n\u00e9zni minden lehet\u0151s\u00e9get:<\/p>\n<p><a href=\"https:\/\/scholar.semmelweis.hu\/minta\/wp-content\/uploads\/sites\/2\/2015\/05\/scolar_menu.jpg\"><img loading=\"lazy\" decoding=\"async\" class=\"aligncenter wp-image-48 size-full\" src=\"https:\/\/scholar.semmelweis.hu\/minta\/wp-content\/uploads\/sites\/2\/2015\/05\/scolar_menu.jpg\" alt=\"scolar_menu\" width=\"1126\" height=\"638\" srcset=\"https:\/\/scholar.semmelweis.hu\/minta\/wp-content\/uploads\/sites\/2\/2015\/05\/scolar_menu.jpg 1126w, https:\/\/scholar.semmelweis.hu\/minta\/wp-content\/uploads\/sites\/2\/2015\/05\/scolar_menu-300x170.jpg 300w, https:\/\/scholar.semmelweis.hu\/minta\/wp-content\/uploads\/sites\/2\/2015\/05\/scolar_menu-1024x580.jpg 1024w\" sizes=\"(max-width: 1126px) 100vw, 1126px\" \/><\/a><\/p>\n<p>A men\u00fcben b\u00e1rmilyen v\u00e1ltoztat\u00e1s ut\u00e1n<strong>\u00a0menteni kell<\/strong>, k\u00fcl\u00f6nben elv\u00e9sz a v\u00e1ltoztat\u00e1s!<\/p>\n<h4><strong>F\u0151men\u00fcpont l\u00e9trehoz\u00e1sa:<\/strong><\/h4>\n<p><strong>F\u0151men\u00fcpont<\/strong>ot l\u00e9trehozhatunk oldalakb\u00f3l, (els\u0151sorban azokb\u00f3l, amelyeknek nem adtunk &#8222;sz\u00fcl\u0151t&#8221;). (A\u00a0<strong>fomenu<\/strong> m\u00e1r k\u00e9szen van, \u00d6nnek csak a men\u00fcpontok hozz\u00e1ad\u00e1sa, t\u00f6rl\u00e9se, \u00e1tnevez\u00e9se, ill. \u00e1tmozgat\u00e1sa a dolga). A bal oldali dobozokb\u00f3l az <strong>Oldalak <\/strong>melletti pici h\u00e1romsz\u00f6gre kell kattintani, \u00edgy a k\u00e9pen l\u00e1that\u00f3 m\u00f3don kiny\u00edlik.<strong>\u00a0<\/strong>A list\u00e1b\u00f3l\u00a0kiv\u00e1lasztott oldal jel\u00f6l\u0151 n\u00e9gyzet\u00e9t be kell pip\u00e1lni, majd a <strong>Hozz\u00e1ad\u00e1s a men\u00fch\u00f6z<\/strong> gombra kattintva az megjelenik megjelenik a \u00a0jobb oldali oszlopban legalul, mint egy \u00faj men\u00fcpont. Az eg\u00e9rrel az \u00faj men\u00fcpontra kattintva, \u00e9s azt\u00a0lenyomva tartva tudjuk a men\u00fcpontot fel \u00e9s le mozgatni, \u00edgy a c\u00edmlapon a sorban balra (el\u0151bbra) vagy jobbra (h\u00e1tr\u00e1bb) ker\u00fcl a men\u00fcpont. A f\u0151men\u00fcben a legfels\u0151 men\u00fcpont a c\u00edmlapon az els\u0151 lesz balr\u00f3l. Az Oldal sz\u00f6vegdobozban is f\u00fclekkel tudunk v\u00e1ltani \u00e9rtelemszer\u0171en a <strong>Legfrissebb | \u00d6sszes | Keres\u00e9s<\/strong> lehet\u0151s\u00e9gek k\u00f6z\u00f6tt.<\/p>\n<p>F\u0151men\u00fcpontot l\u00e9trehozhatunk b\u00e1rmilyen webc\u00edmb\u0151l is (pl. m\u00e1s, a Semmelweis Egyetem honlapjain tal\u00e1lhat\u00f3 tartalomb\u00f3l, vagy egy\u00e9b k\u00fcls\u0151s relev\u00e1ns weboldal c\u00edm\u00e9b\u0151l), ezt a<strong>\u00a0Saj\u00e1t linkek<\/strong>\u00a0sz\u00f6vegdoboz ter\u00fcleten \u00e9rtelem szer\u0171en tehetj\u00fck meg. B\u00e1rmilyen webc\u00edmet haszn\u00e1lhatunk, de \u00e9rdemes megfontolni, hogy a l\u00e1togat\u00f3t elnavig\u00e1ljuk-e a saj\u00e1t honlapunkr\u00f3l, mert nem bizonyos, hogy visszat\u00e9r a honlapunkra a sz\u00fcks\u00e9ges inform\u00e1ci\u00f3 megszerz\u00e9se ut\u00e1n.<\/p>\n<p>Lehet\u0151s\u00e9g van arra is, hogy a\u00a0<strong>Bejegyz\u00e9sekb\u0151l<\/strong>\u00a0(azaz cikkek, esem\u00e9nyek rendszeresen friss\u00fcl\u0151 rovat\u00e1b\u00f3l) id\u0151rendi sorrendben egym\u00e1st k\u00f6vet\u0151 sor\u00e1b\u00f3l is l\u00e9trehozzunk<strong>\u00a0men\u00fcpont<\/strong>ot. Ehhez el\u0151sz\u00f6r a\u00a0<strong>Vez\u00e9rl\u0151pult &gt; Bejegyz\u00e9sek &gt; Kateg\u00f3ri\u00e1k<\/strong>\u00a0men\u00fcpontban \u00faj kateg\u00f3ri\u00e1t kell l\u00e9trehozni pl.<em>\u00a0Publik\u00e1ci\u00f3k<\/em>. Ment\u00e9s ut\u00e1n, ha \u00faj bejegyz\u00e9st hozunk l\u00e9tre, akkor jobb oldalon a sz\u00f6vegdobozban megjelenik az \u00faj kateg\u00f3ria, azt be kell kattintani. Ha a bejegyz\u00e9sekn\u00e9l bejel\u00f6lt\u00fck a kateg\u00f3ri\u00e1t, a <strong>Megjelen\u00e9s &gt; Men\u00fck<\/strong> k\u00f6z\u00f6tt a <strong>Kateg\u00f3ri\u00e1<\/strong>t kijel\u00f6lve a men\u00fcpontok k\u00f6z\u00e9 tehetj\u00fck, majd sorba rendezve a men\u00fct mentj\u00fck. Ha a bejegyz\u00e9seinknek kiemelt k\u00e9pet is \u00e1ll\u00edtunk be, akkor a Kateg\u00f3ri\u00e1b\u00f3l l\u00e9trehozott men\u00fcpontban a \u00a0h\u00edrek kis f\u00e9nyk\u00e9ppel \u00e9s \u00edzel\u00edt\u0151vel, d\u00e1tummal \u00a0ell\u00e1tva jelennek meg egym\u00e1s alatt, alapbe\u00e1ll\u00edt\u00e1sk\u00e9nt a legfrissebb cikk lesz legfel\u00fcl (teh\u00e1t a sorrend a d\u00e1tum v\u00e1ltoztat\u00e1s\u00e1val m\u00f3dos\u00edthat\u00f3).<\/p>\n<h4><strong>Leny\u00edl\u00f3 almen\u00fcpont l\u00e9trehoz\u00e1sa a f\u0151oldalon:<\/strong><\/h4>\n<p>Ha a honlapon <strong>leny\u00edl\u00f3 almen\u00fcpontokat<\/strong> szeretn\u00e9nk l\u00e9trehozni, akkor az almen\u00fcpontnak sz\u00e1nt oldalt (<strong>azaz amelyiknek valamelyik f\u0151men\u00fcpontot adtuk meg sz\u00fcl\u0151k\u00e9nt<\/strong>, a fentieknek megfelel\u0151en hozz\u00e1adjuk a men\u00fcsorhoz, majd k\u00f6zvetlen\u00fcl az al\u00e1 a f\u0151men\u00fcpont al\u00e1 kell rendezni, amelyik f\u0151men\u00fcpont alatt szeretn\u00e9nk, ha leny\u00edlna (ak\u00e1r t\u00f6bb is), ezut\u00e1n az eg\u00e9rrel az almen\u00fcpontra kattintva, a bal gomb lenyomva tart\u00e1s\u00e1val tudjuk a men\u00fcpontot kicsit jobbra h\u00fazva als\u00f3bbrend\u0171v\u00e9 alak\u00edtani (l\u00e1sd a fenti k\u00e9p). Ezt az minden almen\u00fcnek sz\u00e1nt oldallal meg kell csin\u00e1lni. Leny\u00edl\u00f3 almen\u00fct csak egyetlen egy szintm\u00e9lys\u00e9gig hozzunk l\u00e9tre (azaz az almen\u00fcnek ne legyen m\u00e9g eggyel jobbra h\u00fazott almen\u00fcje)! A <strong>men\u00fct elmentve<\/strong> l\u00e9tre is j\u00f6tt a leny\u00edl\u00f3 men\u00fcnk.<\/p>\n","protected":false},"excerpt":{"rendered":"<p>A navig\u00e1ci\u00f3s men\u00fct a Vez\u00e9rl\u0151pult &gt; Megjelen\u00e9sek &gt; Men\u00fck pontban tudjuk szerkeszteni. A fomenu-t a rendszer\u00a0m\u00e1r l\u00e9trehozta, \u00faj navig\u00e1ci\u00f3s men\u00fct (nem men\u00fcpontot!) ne adjon hozz\u00e1 <a href=\"https:\/\/scholar.semmelweis.hu\/minta\/nyelvi-verziok\/\" target=\"_blank\" rel=\"noopener noreferrer\">(kiv\u00e9ve, ha nyelvi v\u00e1ltozatr\u00f3l van sz\u00f3)<\/a> , \u00e9s ne nevezze \u00e1t, de \u00fcgyeljen, hogy mindig a &hellip;<\/p>\n","protected":false},"author":2,"featured_media":0,"parent":0,"menu_order":0,"comment_status":"open","ping_status":"open","template":"","meta":{"footnotes":""},"class_list":["post-12","page","type-page","status-publish","hentry"],"_links":{"self":[{"href":"https:\/\/scholar.semmelweis.hu\/minta\/wp-json\/wp\/v2\/pages\/12"}],"collection":[{"href":"https:\/\/scholar.semmelweis.hu\/minta\/wp-json\/wp\/v2\/pages"}],"about":[{"href":"https:\/\/scholar.semmelweis.hu\/minta\/wp-json\/wp\/v2\/types\/page"}],"author":[{"embeddable":true,"href":"https:\/\/scholar.semmelweis.hu\/minta\/wp-json\/wp\/v2\/users\/2"}],"replies":[{"embeddable":true,"href":"https:\/\/scholar.semmelweis.hu\/minta\/wp-json\/wp\/v2\/comments?post=12"}],"version-history":[{"count":8,"href":"https:\/\/scholar.semmelweis.hu\/minta\/wp-json\/wp\/v2\/pages\/12\/revisions"}],"predecessor-version":[{"id":3654,"href":"https:\/\/scholar.semmelweis.hu\/minta\/wp-json\/wp\/v2\/pages\/12\/revisions\/3654"}],"wp:attachment":[{"href":"https:\/\/scholar.semmelweis.hu\/minta\/wp-json\/wp\/v2\/media?parent=12"}],"curies":[{"name":"wp","href":"https:\/\/api.w.org\/{rel}","templated":true}]}}