{"id":49,"date":"2025-11-27T15:04:15","date_gmt":"2025-11-27T14:04:15","guid":{"rendered":"https:\/\/scholar.semmelweis.hu\/kovacsjozsef\/?page_id=49"},"modified":"2025-11-27T15:48:58","modified_gmt":"2025-11-27T14:48:58","slug":"cv","status":"publish","type":"page","link":"https:\/\/scholar.semmelweis.hu\/kovacsjozsef\/hu\/cv\/","title":{"rendered":"Szakmai \u00f6n\u00e9letrajz"},"content":{"rendered":"<p><\/p>\r\n<h2>Dr. Kov\u00e1cs J\u00f3zsef<\/h2>\r\n<div class=\"keretes w-100\">\r\n<p><strong>Jelenlegi munkahely, beoszt\u00e1s:<\/strong> Semmelweis Egyetem, \u00c1ltal\u00e1nos Orvostudom\u00e1nyi Kar, Magatart\u00e1studom\u00e1nyi Int\u00e9zet, Bioetika R\u00e9szleg. R\u00e9szlegvezet\u0151, Professor Emeritus. Klinikai f\u0151orvos. A Magatart\u00e1studom\u00e1nyi Int\u00e9zet \u00e1ltal\u00e1nos igazgat\u00f3helyettese.<br \/>\r\n<strong>C\u00edm:<\/strong> 1089. Budapest, Nagyv\u00e1rad t\u00e9r 4.<br \/>\r\n<strong>Postac\u00edm:<\/strong> 1428. Budapest Pf. 2.<br \/>\r\n<strong>Telefon:<\/strong> 210-2930\/56115 vagy 210-2940\/56115<br \/>\r\n<strong>E-mail:<\/strong> <a href=\"mailto:kovacs.jozsef@semmelweis.hu\">kovacs.jozsef@semmelweis.hu<\/a><br \/>\r\n<strong>Int\u00e9zeti honlap:<\/strong> <a href=\"https:\/\/semmelweis.hu\/magtud\">https:\/\/semmelweis.hu\/magtud<\/a> <br \/>\r\n<strong>Szem\u00e9lyes honlap:<\/strong> <a href=\"https:\/\/scholar.semmelweis.hu\/kovacsjozsef\">https:\/\/scholar.semmelweis.hu\/kovacsjozsef<\/a><\/p>\r\n<\/div>\r\n<h3>K\u00e9pzetts\u00e9g, fels\u0151fok\u00fa tanulm\u00e1nyok:<\/h3>\r\n<p>\u2022 1973\u2014\u00e9retts\u00e9gi (Budapest, Fazekas Mih\u00e1ly F\u0151v\u00e1rosi Gyakorl\u00f3 \u00c1ltal\u00e1nos Iskola \u00e9s Gimn\u00e1zium) (Orsz\u00e1gos K\u00f6z\u00e9piskolai Tanulm\u00e1nyi Versenyen 3. helyez\u00e9s biol\u00f3gi\u00e1b\u00f3l)<br \/>\r\n\u2022 1973-1979&#8211; Semmelweis Orvostudom\u00e1nyi Egyetem \u00c1ltal\u00e1nos Orvostudom\u00e1nyi Kar; \u00e1ltal\u00e1nos orvosi diploma (\u201cSumma cum laude\u201d) <br \/>\r\n\u2022 1980-1983&#8211; ELTE B\u00f6lcs\u00e9szettudom\u00e1nyi Kar, filoz\u00f3fia-kieg\u00e9sz\u00edt\u0151 szak, filoz\u00f3fia tan\u00e1ri diploma (kit\u00fcntet\u00e9ssel) <br \/>\r\nSzakk\u00e9pes\u00edt\u00e9sek:<br \/>\r\n\u2022 1985&#8211;T\u00e1rsadalom orvostan szakvizsga<br \/>\r\n\u2022 2002-Pszichoter\u00e1pia szakvizsga (Kognit\u00edv \u00e9s viselked\u00e9ster\u00e1pia)<br \/>\r\nTudom\u00e1nyos fokozat:<br \/>\r\n\u2022 1995&#8211;az orvostudom\u00e1ny kandid\u00e1tusa (A kandid\u00e1tusi \u00e9rtekez\u00e9s c\u00edme: Igazs\u00e1goss\u00e1g az eg\u00e9szs\u00e9g\u00fcgyben. Az eg\u00e9szs\u00e9g\u00fcgyi makroallok\u00e1ci\u00f3 etikai k\u00e9rd\u00e9sei.)<br \/>\r\n\u2022 2006-ban habilit\u00e1ci\u00f3s c\u00edm a Semmelweis Egyetemen t\u00e1rsadalomtudom\u00e1nyb\u00f3l (bioetika). <br \/>\r\n\u2022 2010\u2014az MTA doktora c\u00edm (filoz\u00f3fia). A doktori \u00e9rtekez\u00e9s c\u00edme: Bioetikai k\u00e9rd\u00e9sek a pszichi\u00e1tri\u00e1ban \u00e9s a pszichoter\u00e1pi\u00e1ban. <br \/>\r\nK\u00fclf\u00f6ldi tanulm\u00e1nyutak:<br \/>\r\n\u2022 1990&#8211;Hastings Center (USA) (6 h\u00e9t) (bioetika tanulm\u00e1nyoz\u00e1sa)<br \/>\r\n\u2022 1990-91&#8211; Centre for the Study of Philosophy and Health Care (Swansea, Egyes\u00fclt Kir\u00e1lys\u00e1g) (3 h\u00f3nap) (bioetika tanulm\u00e1nyoz\u00e1sa)<br \/>\r\n\u2022 1993 \u2013 King\u2019s Fund College. London (3 h\u00e9t) (a bioetika eg\u00e9szs\u00e9g\u00fcgyi menedzsment vonatkoz\u00e1sainak tanulm\u00e1nyoz\u00e1sa)<br \/>\r\n\u2022 1994&#8211; King\u2019s Fund College. London (2 h\u00e9t) (a bioetika eg\u00e9szs\u00e9g\u00fcgyi menedzsment vonatkoz\u00e1sainak tanulm\u00e1nyoz\u00e1sa)<br \/>\r\n\u2022 1995&#8211; Hogeschool van Amsterdam (2 h\u00e9t) (a bioetika eg\u00e9szs\u00e9g\u00fcgyi menedzsment vonatkoz\u00e1sainak tanulm\u00e1nyoz\u00e1sa)<br \/>\r\n\u2022 1999\u2014USA, Massachussetts \u00e1llam (10 nap) (a pszichi\u00e1triai ell\u00e1t\u00e1s betegjogi vonatkoz\u00e1sainak tanulm\u00e1nyoz\u00e1sa) <br \/>\r\nKor\u00e1bbi munkahelyek: <br \/>\r\n\u2022 1979-1982&#8211; Orvostov\u00e1bbk\u00e9pz\u0151 Int\u00e9zet (OTKI) T\u00e1rsadalomorvostani Tansz\u00e9k; tudom\u00e1nyos seg\u00e9dmunkat\u00e1rs<br \/>\r\n\u2022 1982-1993&#8211;Semmelweis Orvostudom\u00e1nyi Egyetem T\u00e1rsadalomtudom\u00e1nyi Int\u00e9zet; egyetemi tan\u00e1rseg\u00e9d, majd 1990-t\u0151l egyetemi adjunktus.<br \/>\r\n\u2022 1985-1995\u2014r\u00e9szmunkaid\u0151ben a Orvostov\u00e1bbk\u00e9pz\u0151 Egyetem T\u00e1rsadalomorvostani Tansz\u00e9k tudom\u00e1nyos munkat\u00e1rsa.<br \/>\r\n\u2022 1993-t\u00f3l folyamatosan Semmelweis Egyetem, \u00c1ltal\u00e1nos Orvostudom\u00e1nyi Kar, Magatart\u00e1studom\u00e1nyi Int\u00e9zet, mint Bioetikai R\u00e9szlegvezet\u0151;1997. j\u00falius 1.-t\u0151l mint egyetemi docens, 2010. szeptember 1.-t\u0151l mint egyetemi tan\u00e1r, 2025. j\u00falius 1-t\u0151l mint Professor Emeritus \u00e9s klinikai f\u0151orvos<br \/>\r\n\u2022 2001-2016 k\u00f6z\u00f6tt majd 2020-t\u00f3l folyamatosan a Magatart\u00e1studom\u00e1nyi Int\u00e9zet \u00e1ltal\u00e1nos igazgat\u00f3helyettese.<br \/>\r\n\u2022 2016-2020\u2014A Semmelweis Egyetem \u00c1ltal\u00e1nos Orvostudom\u00e1nyi Kar Magatart\u00e1studom\u00e1nyi Int\u00e9zet\u00e9nek igazgat\u00f3ja. <br \/>\r\n<br \/>\r\nFels\u0151oktat\u00e1si tapasztalatok:<br \/>\r\n\u2022 1982 \u00f3ta folyamatosan&#8211; orvosi etika tan\u00edt\u00e1sa szemin\u00e1riumi foglalkoz\u00e1sok ill. nagytantermi el\u0151ad\u00e1sok form\u00e1j\u00e1ban el\u0151sz\u00f6r magyar majd magyar \u00e9s angol nyelven. Jelenleg az angol nyelv\u0171 Orvosi etika&#8211;bioetika t\u00e1rgy tanulm\u00e1nyi felel\u0151se h\u00e1rom karon (\u00c1ltal\u00e1nos Orvostudom\u00e1nyi Kar&#8211;\u00c1OK, Fogorvostudom\u00e1nyi Kar&#8211; FOK, Gy\u00f3gyszer\u00e9sztudom\u00e1nyi Kar&#8211;GYOK) <br \/>\r\n\u2022 1993&#8211; mindh\u00e1rom magyar nyelv\u0171 karon (\u00c1ltal\u00e1nos Orvostudom\u00e1nyi Kar&#8211;\u00c1OK, Fogorvostudom\u00e1nyi Kar&#8211;FOK, Gy\u00f3gyszer\u00e9sztudom\u00e1nyi Kar&#8211;GYOK), tov\u00e1bb\u00e1 mindh\u00e1rom angol nyelv\u0171 karon (ugyancsak \u00c1OK, FOK, GYOK) a hallgat\u00f3k sz\u00e1m\u00e1ra k\u00f6telez\u0151 bioetika kurzusok programj\u00e1nak kidolgoz\u00e1sa. A hallgat\u00f3k vizsg\u00e1ztat\u00e1s\u00e1ban, szakdolgozatok t\u00e9mavezet\u00e9s\u00e9ben, a Tudom\u00e1nyos Di\u00e1kk\u00f6ri \u00e9s a demonstr\u00e1tori tev\u00e9kenys\u00e9g ir\u00e1ny\u00edt\u00e1s\u00e1ban val\u00f3 folyamatos r\u00e9szv\u00e9tel.<br \/>\r\n\u2022 1996\u20142001&#8211; r\u00e9szv\u00e9tel a SOTE Doktori Iskola keret\u00e9ben m\u0171k\u00f6d\u0151 doktori (PhD) k\u00e9pz\u00e9sben. A SOTE Klinikai Pszichol\u00f3gia \u00e9s Pszichi\u00e1tria doktori program Magatart\u00e1studom\u00e1nyi Alprogramj\u00e1nak bioetikai r\u00e9szprogramj\u00e1ban t\u00e9mavezet\u00e9s.<br \/>\r\n\u2022 2001\u2014 a Semmelweis Egyetem Eg\u00e9szs\u00e9gtudom\u00e1nyi Doktori Iskol\u00e1j\u00e1nak alap\u00edt\u00f3 tagja. Az\u00f3ta folyamatosan bioetika t\u00e9mavezet\u0151.<br \/>\r\n\u2022 2002\/2003 tan\u00e9v I. f\u00e9l\u00e9v\u00e9ben \u201eBioetikai k\u00e9rd\u00e9sek a pszichi\u00e1tri\u00e1ban \u00e9s a pszichoter\u00e1pi\u00e1ban\u201d c\u00edmmel nem k\u00f6telez\u0151 speci\u00e1lkoll\u00e9gium vezet\u00e9se. (6 alkalom, \u00f6sszesen 12 \u00f3ra.)<br \/>\r\n\u2022 2010\/11 tan\u00e9v I. f\u00e9l\u00e9v\u00e9ben Seb\u00e9szeti etika c. szabadon v\u00e1laszthat\u00f3 t\u00e1rgy ind\u00edt\u00e1sa (dr. Hars\u00e1nyi L\u00e1szl\u00f3, egyetemi docenssel k\u00f6z\u00f6sen (I. sz. Seb\u00e9szeti Klinika)<br \/>\r\n\u2022 2013\/14 tan\u00e9v II. szemeszter\u2014jelenleg is folyamatosan: A klinikai kutat\u00e1s etikai k\u00e9rd\u00e9sei c. k\u00f6telez\u0151en v\u00e1laszthat\u00f3 PhD kurzus vezet\u0151je \u00e9s szervez\u0151je a Semmelweis Egyetemen. Ez a kurzus k\u00e9t\u00e9vente ker\u00fcl meghirdet\u00e9sre.<br \/>\r\n<br \/>\r\nTDK<br \/>\r\n\u2022 A Semmelweis Egyetem 2010. \u00e9vi Orvos, Fogorvos \u00e9s Gy\u00f3gyszer\u00e9sztudom\u00e1nyi Di\u00e1kk\u00f6ri Konferencia Magatart\u00e1studom\u00e1ny, pszichi\u00e1tria c. b\u00edr\u00e1l\u00f3 bizotts\u00e1g\u00e1ban val\u00f3 r\u00e9szv\u00e9tel (2010. II. 17.-\u00e9n)<br \/>\r\n\u2022 A Semmelweis Egyetem 2011. \u00e9vi Orvos, Fogorvos \u00e9s Gy\u00f3gyszer\u00e9sztudom\u00e1nyi Di\u00e1kk\u00f6ri Konferencia Magatart\u00e1studom\u00e1ny, pszichi\u00e1tria I. c. b\u00edr\u00e1l\u00f3 bizotts\u00e1g\u00e1ban val\u00f3 r\u00e9szv\u00e9tel (2011. II. 16.-\u00e1n)<br \/>\r\n<br \/>\r\nMentor\u00e1l\u00e1s<br \/>\r\n\u2022 2014. szeptembere \u00f3ta a Semmelweis Egyetem Kerpel-Fronius Tehets\u00e9ggondoz\u00f3 Program mentora <br \/>\r\n<br \/>\r\n<br \/>\r\nTov\u00e1bbk\u00e9pz\u00e9si tapasztalatok:<br \/>\r\n\u2022 1993\u20141998&#8211; A Haynal Imre Eg\u00e9szs\u00e9gtudom\u00e1nyi Egyetem Bioetikai munkacsoportja keret\u00e9ben rendszeres r\u00e9szv\u00e9tel el\u0151ad\u00f3 tan\u00e1rk\u00e9nt az \u00e1ltaluk meghirdetett \u201cBioetika az eg\u00e9szs\u00e9g\u00fcgyben\u201d c\u00edmmel tartott tov\u00e1bbk\u00e9pz\u0151 tanfolyamokon.<br \/>\r\n\u2022 1993\u20141996 &#8212; A Semmelweis Orvostudom\u00e1nyi Egyetem Eg\u00e9szs\u00e9g\u00fcgyi Menedzserk\u00e9pz\u0151 K\u00f6zpontj\u00e1ban a Tempus \u00e9s a Vil\u00e1gbank t\u00e1mogat\u00e1s\u00e1val l\u00e9trej\u00f6tt menedzsment oktat\u00e1s \u201eBioetika\u201d c. 30 \u00f3r\u00e1s tant\u00e1rgyi blokkj\u00e1nak a kidolgoz\u00e1sa \u00e9s vezet\u00e9se. <br \/>\r\n\u2022 1996-\u00f3ta folyamatos r\u00e9szv\u00e9tel a Semmelweis Egyetem Eg\u00e9szs\u00e9g\u00fcgyi Menedzserk\u00e9pz\u0151 K\u00f6zpontj\u00e1ban a m\u00e1soddiplom\u00e1s k\u00e9pz\u00e9s 30 \u00f3r\u00e1s, \u201eAz eg\u00e9szs\u00e9g\u00fcgyi menedzsment etikai probl\u00e9m\u00e1i\u201d c\u00edm\u0171 kurzuson mint a program kidolgoz\u00f3ja \u00e9s vezet\u0151je.<br \/>\r\n\u2022 1994-1995\u2014Kidolgoz\u00f3ja \u00e9s vezet\u0151je a Kanadai Eg\u00e9szs\u00e9g\u00fcgyi Menedzserk\u00e9pz\u0151 Int\u00e9zet \u201cBioetika\u201d c\u00edm\u0171, \u00e9vi 25 \u00f3r\u00e1s tant\u00e1rgyi blokkj\u00e1nak.<br \/>\r\n\u2022 1996-97\u2014Jenei Ilon\u00e1val k\u00f6z\u00f6sen kidolgoz\u00f3ja \u00e9s el\u0151ad\u00f3ja a debreceni N\u00e9peg\u00e9szs\u00e9g\u00fcgyi Iskola bioetika tant\u00e1rgyi blokkj\u00e1nak.<br \/>\r\n\u2022 1999-ben el\u0151ad\u00f3 tan\u00e1rk\u00e9nt r\u00e9szv\u00e9tel a Semmelweis Egyetem Eg\u00e9szs\u00e9g\u00fcgyi Menedzserk\u00e9pz\u0151 Int\u00e9zet \u00e9s a World Bank Institute \u201eFlagship\u201d programj\u00e1ban. <br \/>\r\n\u2022 2003-2004-ben megh\u00edvott el\u0151ad\u00f3 tan\u00e1rk\u00e9nt r\u00e9szv\u00e9tel a Central European University Legal Studies Department keret\u00e9ben foly\u00f3 \u201eMental Disability Advocacy\u201d c. kurzuson. (Kurzusvezet\u0151: Oliver Lewis)<br \/>\r\n\u2022 Rendszeres r\u00e9szv\u00e9tel el\u0151ad\u00f3 tan\u00e1rk\u00e9nt PhD tanfolyamokon, tov\u00e1bbk\u00e9pz\u0151 kurzusokon. <br \/>\r\nKlinikai tev\u00e9kenys\u00e9g:<br \/>\r\n\u2022 2002-t\u0151l folyamatos r\u00e9szv\u00e9tel a Semmelweis Egyetem Magatart\u00e1studom\u00e1nyi Int\u00e9zete Pszichoszomatikus szakrendel\u0151j\u00e9nek a betegell\u00e1t\u00f3 munk\u00e1j\u00e1ban pszichoterapeutak\u00e9nt, jelenleg klinikai f\u0151orvosk\u00e9nt<br \/>\r\nPublik\u00e1ci\u00f3s tev\u00e9kenys\u00e9g: Teljes publik\u00e1ci\u00f3s lista: https:\/\/m2.mtmt.hu\/ <br \/>\r\nMTMT-azonos\u00edt\u00f3: 10012238<br \/>\r\n\u2022 Egyszerz\u0151s k\u00f6nyv: 5; <br \/>\r\n\u2022 Szerkesztett k\u00f6nyv: 1; <br \/>\r\n\u2022 K\u00f6nyvfejezet: 33; <br \/>\r\n\u2022 Tudom\u00e1nyos cikkek: 65; <br \/>\r\n\u2022 Recenzi\u00f3k, levelek a szerkeszt\u0151h\u00f6z, komment\u00e1rok, tudom\u00e1nyos interj\u00fak: 35;<br \/>\r\n\u2022 Nemzetk\u00f6zi kongresszusi el\u0151ad\u00e1sok: 38 (ebb\u0151l 36 felk\u00e9rt el\u0151ad\u00f3k\u00e9nt); <br \/>\r\n\u2022 Hazai kongresszusi el\u0151ad\u00e1sok: 125 (ebb\u0151l 117 felk\u00e9rt el\u0151ad\u00f3k\u00e9nt); <br \/>\r\n\u2022 Egy\u00e9b hazai el\u0151ad\u00e1sok: 251; <br \/>\r\n\u2022 M\u00e9dia szerepl\u00e9s: 305; <br \/>\r\n\u2022 Lektori tev\u00e9kenys\u00e9g: 11 k\u00f6nyv illetve jegyzet lektor\u00e1l\u00e1sa. <br \/>\r\n<br \/>\r\n\u2022 \u201cA modern orvosi etika alapjai. Bevezet\u00e9s a bioetik\u00e1ba.\u201d c\u00edm\u0171 szak- \u00e9s tank\u00f6nyvem (Medicina: 1997, m\u00e1sodik, \u00e1tdolgozott kiad\u00e1s: 1999, 2006, E-k\u00f6nyv: 2019), harmadik \u00e1tdolgozott kiad\u00e1s tank\u00f6nyv 2025.(p. 460.); szakk\u00f6nyv (2025) e-k\u00f6nyvk\u00e9nt \u00e9s nyomtatott k\u00f6nyvk\u00e9nt is (p. 1163.) jelenleg hivatalos tank\u00f6nyv a hazai Orvostudom\u00e1nyi Egyetemeken az orvos-, fogorvos-, \u00e9s a gy\u00f3gyszer\u00e9szk\u00e9pz\u00e9sben, tov\u00e1bb\u00e1 a Semmelweis Egyetem Eg\u00e9szs\u00e9g\u00fcgyi Menedzserk\u00e9pz\u0151 K\u00f6zpontja \u00e1ltal meghirdetett menedzsment m\u00e1soddiplom\u00e1s k\u00e9pz\u00e9sben ill. a menedzsment-tov\u00e1bbk\u00e9pz\u0151 tanfolyamokon. A k\u00f6nyvet haszn\u00e1lj\u00e1k m\u00e9g jogi \u00e9s teol\u00f3giai fels\u0151oktat\u00e1si int\u00e9zm\u00e9nyekben is k\u00f6telez\u0151 vagy aj\u00e1nlott irodalomk\u00e9nt. <br \/>\r\n\u2022 M\u00e1sodik szakk\u00f6nyvem (Dr. Kov\u00e1cs J\u00f3zsef: Bioetikai k\u00e9rd\u00e9sek a pszichi\u00e1tri\u00e1ban \u00e9s a pszichoter\u00e1pi\u00e1ban. Budapest, 2007. Medicina k\u00f6nyvkiad\u00f3 (p. 677) k\u00f6telez\u0151 tank\u00f6nyv a Semmelweis Egyetem Eg\u00e9szs\u00e9g\u00fcgyi Menedzserk\u00e9pz\u0151 K\u00f6zpontja \u00e1ltal meghirdetett menedzsment m\u00e1soddiplom\u00e1s k\u00e9pz\u00e9sben, s aj\u00e1nlott irodalom sz\u00e1mos CME k\u00e9pz\u00e9sben. <br \/>\r\n\u2022 Harmadik, szerkesztett k\u00f6nyvem: (Dr. Kov\u00e1cs J\u00f3zsef (2017) (szerk.): A biotechnol\u00f3gia etikai k\u00e9rd\u00e9sei. (E-book, Semmelweis Kiad\u00f3, www.semmelweiskiado.hu) (p. 287) az orvosk\u00e9pz\u00e9sben haszn\u00e1lt kieg\u00e9sz\u00edt\u0151 tank\u00f6nyv.<br \/>\r\n<br \/>\r\n<br \/>\r\nSzak\u00e9rt\u0151i, szaktan\u00e1csad\u00f3i tapasztalatok, szak\u00e9rt\u0151i projektek:<br \/>\r\n\u2022 1991-1994 &#8212; a Parlament Eg\u00e9szs\u00e9g\u00fcgyi \u00e9s Szoci\u00e1lis Bizotts\u00e1ga mellett m\u0171k\u00f6d\u0151 Bioetikai Tan\u00e1csad\u00f3 Test\u00fclet tagja.<br \/>\r\n\u2022 1995-t\u0151l folyamatosan tagja az Eg\u00e9szs\u00e9g\u00fcgyi Tudom\u00e1nyos Tan\u00e1cs Tudom\u00e1nyos \u00e9s Kutat\u00e1setikai Bizotts\u00e1g\u00e1nak. (ETT-TUKEB)<br \/>\r\n\u2022 1996&#8211;szak\u00e9rt\u0151k\u00e9nt tagja volt annak a k\u00fcld\u00f6tts\u00e9gnek, mely Magyarorsz\u00e1got k\u00e9pviselte az Eur\u00f3pa Tan\u00e1cs tag\u00e1llamainak eg\u00e9szs\u00e9g\u00fcgyi miniszteri konferenci\u00e1j\u00e1n az orvosi etik\u00e1r\u00f3l \u00e9s a betegjogokr\u00f3l. (1996. november 7-8. Vars\u00f3)<br \/>\r\n\u2022 1996-97&#8211;Felk\u00e9rt szak\u00e9rt\u0151k\u00e9nt tagja az \u00faj eg\u00e9szs\u00e9g\u00fcgyi t\u00f6rv\u00e9nyt kidolgoz\u00f3 munkacsoportnak. Az 1997-ben elfogadott \u00faj eg\u00e9szs\u00e9g\u00fcgyi t\u00f6rv\u00e9ny (az 1997. \u00e9vi CLIV. t\u00f6rv\u00e9ny az eg\u00e9szs\u00e9g\u00fcgyr\u0151l) eg\u00e9sz\u00e9nek kidolgoz\u00e1s\u00e1ban, megfogalmaz\u00e1s\u00e1ban r\u00e9szt vett ill. a t\u00f6rv\u00e9ny betegjogi r\u00e9sz\u00e9nek els\u0151 v\u00e1ltozat\u00e1t, s k\u00e9s\u0151bb a Parlament \u00e1ltal is elfogadott alapkoncepci\u00f3j\u00e1t kidolgozta \u00e9s megfogalmazta. <br \/>\r\n\u2022 1997-1998&#8211;Felk\u00e9rt szak\u00e9rt\u0151k\u00e9nt r\u00e9szt vett az 1997-es eg\u00e9szs\u00e9g\u00fcgyi t\u00f6rv\u00e9nyt kieg\u00e9sz\u00edt\u0151 t\u00f6bb korm\u00e1nyrendelet ill. n\u00e9pj\u00f3l\u00e9ti miniszteri rendelet megalkot\u00e1s\u00e1t v\u00e9gz\u0151 munkacsoport munk\u00e1j\u00e1ban. (pl. az \u201eEgyes eg\u00e9szs\u00e9g\u00fcgyi ell\u00e1t\u00e1sok visszautas\u00edt\u00e1s\u00e1nak r\u00e9szletes szab\u00e1lyair\u00f3l\u201d sz\u00f3l\u00f3 117\/1998. (VI. 16) Korm. r., valamint a v\u00e1r\u00f3list\u00e1k rendj\u00e9t szab\u00e1lyoz\u00f3 n\u00e9pj\u00f3l\u00e9ti miniszteri rendelet kidolgoz\u00e1s\u00e1ban.)<br \/>\r\n\u2022 1997\u2014Szak\u00e9rt\u0151k\u00e9nt r\u00e9szv\u00e9tel az Orsz\u00e1ggy\u0171l\u00e9s K\u00f6rnyezetv\u00e9delmi Bizotts\u00e1g\u00e1nak meghallgat\u00e1s\u00e1n a g\u00e9ntechnol\u00f3gi\u00e1val m\u00f3dos\u00edtott szervezetekr\u0151l sz\u00f3l\u00f3 t\u00f6rv\u00e9nyjavaslat bizotts\u00e1gi vit\u00e1j\u00e1n <br \/>\r\n\u2022 1998&#8211;Felk\u00e9rt szak\u00e9rt\u0151k\u00e9nt r\u00e9szt vett a g\u00e9ntechnol\u00f3giai tev\u00e9kenys\u00e9gr\u0151l sz\u00f3l\u00f3 1998. \u00e9vi XXVII. t\u00f6rv\u00e9nnyel kapcsolatos korm\u00e1nyrendelet elk\u00e9sz\u00edt\u00e9s\u00e9ben, az ezt el\u0151k\u00e9sz\u00edt\u0151, dr. M\u00e9hes K\u00e1roly akad\u00e9mikus \u00e1ltal vezetett bizotts\u00e1g tagjak\u00e9nt. <br \/>\r\n\u2022 1999\u2014az Eg\u00e9szs\u00e9g\u00fcgyi Miniszt\u00e9rium k\u00fcld\u00f6ttek\u00e9nt r\u00e9szt vett az Eur\u00f3pa Tan\u00e1cs \u201eStrasbourg Conference on Health and Human Rights\u201d c. konferenci\u00e1n. <br \/>\r\n\u2022 2004- tagja a Magyar UNESCO Bizotts\u00e1g COMEST (Commission on the Ethics of Scientific Knowledge and Technology) Nemzeti Albizotts\u00e1g\u00e1nak. <br \/>\r\n\u2022 2005-ben tagja volt az Eg\u00e9szs\u00e9g\u00fcgyi Miniszt\u00e9rium felk\u00e9r\u00e9s\u00e9re a 24\/2002-es E\u00fc. M. rendelet m\u00f3dos\u00edt\u00e1sa mell\u00e9klet\u00e9ben megjel\u00f6lt OGYI m\u00f3dszertani lev\u00e9l megfogalmaz\u00e1s\u00e1ban (a placebo-kontroll alkalmaz\u00e1s\u00e1nak ir\u00e1nyelveir\u0151l) (Az Orsz\u00e1gos Gy\u00f3gyszer\u00e9szeti Int\u00e9zet \u00e9s az Eg\u00e9szs\u00e9g\u00fcgyi Tudom\u00e1nyos Tan\u00e1cs Klinikai Farmakol\u00f3giai Etikai Bizotts\u00e1ga m\u00f3dszertani levele placebo k\u00e9sz\u00edtm\u00e9nyek alkalmaz\u00e1s\u00e1r\u00f3l a klinikai vizsg\u00e1latok sor\u00e1n. In: Eg\u00e9szs\u00e9g\u00fcgyi K\u00f6zl\u00f6ny LV. \u00e9vfolyam 16. sz\u00e1m 2005. szeptember 19. (p. 2431)<br \/>\r\n\u2022 2005-t\u0151l regisztr\u00e1lt szak\u00e9rt\u0151k\u00e9nt r\u00e9szt vesz az EU keretprogramjai keret\u00e9ben az Eur\u00f3pai Bizotts\u00e1ghoz be\u00e9rkez\u0151 kutat\u00e1si p\u00e1ly\u00e1zatok etikai bizotts\u00e1gi elb\u00edr\u00e1l\u00e1s\u00e1ban Br\u00fcsszelben. A r\u00e9szv\u00e9tel alkalmank\u00e9nt, felk\u00e9r\u00e9sre t\u00f6rt\u00e9nik. <br \/>\r\n\u2022 2007-ben r\u00e9szv\u00e9tel az Eg\u00e9szs\u00e9g\u00fcgyi rendtart\u00e1s kidolgoz\u00e1s\u00e1ban. (30\/2007 (VI. 22) sz\u00e1m\u00fa E\u00fcM. rendelet az eg\u00e9szs\u00e9g\u00fcgyi dolgoz\u00f3k rendtart\u00e1s\u00e1r\u00f3l. )<br \/>\r\n\u2022 2007-ben az Eg\u00e9szs\u00e9g\u00fcgyi Miniszt\u00e9rium felk\u00e9r\u00e9s\u00e9re tanulm\u00e1nyt \u00edrt \u201eA modern medicina \u00faj mor\u00e1lis dilemm\u00e1i \u00e1ltal el\u0151rel\u00e1that\u00f3lag sz\u00fcks\u00e9gess\u00e9 v\u00e1l\u00f3 jogi szab\u00e1lyoz\u00e1s ir\u00e1nyai \u00e9s keretei\u201d c\u00edmmel. (K\u00e9zirat, p. 58)<br \/>\r\n\u2022 2010\/2011\u2014r\u00e9szv\u00e9tel az ETT Eln\u00f6ks\u00e9ge \u00e1ltal l\u00e9trehozott \u201eAz epidemiol\u00f3giai vizsg\u00e1latok etikai ir\u00e1nyelvei\u201d-t kidolgoz\u00f3 ad hoc bizotts\u00e1g munk\u00e1j\u00e1ban bizotts\u00e1gi tagk\u00e9nt. (Eln\u00f6k: dr. Vok\u00f3 Zolt\u00e1n)<br \/>\r\n\u2022 2011. XI. 29.-i felk\u00e9r\u00e9ssel tagja a dr. R\u00e9thelyi Mikl\u00f3s miniszter, a Nemzeti Er\u0151forr\u00e1s Miniszt\u00e9rium vezet\u0151je felk\u00e9r\u00e9s\u00e9re l\u00e9trej\u00f6tt ad hoc bizotts\u00e1gnak (eln\u00f6k: dr. S\u00f3tonyi P\u00e9ter, m\u00e1sik tag: dr. Embey Isztin Dezs\u0151), mely a termin\u00e1lis \u00e1llapot\u00fa betegekn\u00e9l haszn\u00e1lt k\u00e1b\u00edt\u00f3szerek jogi, etikai \u00e9s szakmai k\u00e9rd\u00e9seit vizsg\u00e1lta. Err\u0151l jelent\u00e9st k\u00e9sz\u00edtett, melynek c\u00edme: Dr. Kov\u00e1cs J\u00f3zsef: A termin\u00e1lis \u00e1llapot\u00fa betegek szenved\u00e9scsillap\u00edt\u00e1s\u00e1nak hazai szakmai, etikai \u00e9s jogi probl\u00e9m\u00e1i. (p. 1-17) (K\u00e9zirat) (Jelent\u00e9s.) (2011. december 15.) <br \/>\r\n\u2022 2013, 2014: tagja az EU br\u00fcsszeli kutat\u00e1setikai bizotts\u00e1g\u00e1nak az FP-7-es kutat\u00e1si tervek elb\u00edr\u00e1l\u00e1s\u00e1ra (Ethics Remote Review Panels) <br \/>\r\n\u2022 2014-15-ben r\u00e9szv\u00e9tel egyes szervtranszplant\u00e1ci\u00f3s jogszab\u00e1lyi v\u00e1ltoz\u00e1sok el\u0151k\u00e9sz\u00edt\u00e9s\u00e9ben (az un. \u201ccsere-bere don\u00e1ci\u00f3\u201d jogi megfogalmaz\u00e1sa, illetve \u00e1ll\u00e1sfoglal\u00e1s a nem magyar \u00e1llampolg\u00e1rok szervtranszplant\u00e1ci\u00f3s v\u00e1r\u00f3list\u00e1ra helyezhet\u0151s\u00e9g\u00e9nek etikai k\u00e9rd\u00e9seivel kapcsolatban.)<br \/>\r\n\u2022 2015-ben r\u00e9szv\u00e9tel az ETT Eln\u00f6ks\u00e9ge felk\u00e9r\u00e9s\u00e9re az ETT Bioetikai K\u00f3dex kidolgoz\u00e1s\u00e1ban. A k\u00f3dex a k\u00f6vetkez\u0151 c\u00edmen jelent meg: Eg\u00e9szs\u00e9g\u00fcgyi Tudom\u00e1nyos Tan\u00e1cs, (szerk.: Mandl J\u00f3zsef, 2022) : Bioetikai K\u00f3dex. Az orvosbiol\u00f3giai\/klinikai kutat\u00e1sok elveir\u0151l \u00e9s gyakorlat\u00e1r\u00f3l. Harmadik, b\u0151v\u00edtett kiad\u00e1s. Semmelweis Kiad\u00f3, Budapest. https:\/\/ett.aeek.hu\/bioetikai-kodex\/ <br \/>\r\n\u2022 2015\u20142016&#8211; R\u00e9szv\u00e9tel az Orsz\u00e1gos Betegjogi, Ell\u00e1tottjogi, Gyermekjogi \u00e9s Dokument\u00e1ci\u00f3s K\u00f6zpont keret\u00e9ben egys\u00e9ges betegt\u00e1j\u00e9koztat\u00f3i mint\u00e1k kidolgoz\u00e1s\u00e1ban (\u00e1ltal\u00e1nos t\u00e1j\u00e9koztat\u00f3k; betegs\u00e9g- \u00e9s beavatkoz\u00e1s-specifikus t\u00e1j\u00e9koztat\u00f3k)<br \/>\r\n\u2022 2020. \u00e1prilis &#8211;R\u00e9szv\u00e9tel a Magyar Orvosi Kamara munkabizotts\u00e1g\u00e1ban a COVID-19 pand\u00e9mia idej\u00e9n az orvosi er\u0151forr\u00e1sok igazs\u00e1gos eloszt\u00e1si elveinek kidolgoz\u00e1s\u00e1ban. Az aj\u00e1nl\u00e1s a k\u00f6vetkez\u0151 c\u00edmen jelent meg: MOK Etikai Koll\u00e9gium (2020): Etikai megfontol\u00e1sok az orvosi er\u0151forr\u00e1sok eloszt\u00e1s\u00e1hoz COVID-19 pand\u00e9mia idej\u00e9n Magyarorsz\u00e1gon. https:\/\/mok.hu\/koronavirus\/tajekoztatok\/etikai-megfontolasok-az-orvosi-eroforrasok-elosztasahoz-covid-19-pandemia-idejen-magyarorszagon <br \/>\r\n\u2022 2022-t\u0151l folyamatosan: a \u201eTaming the European Leviathan\u201d projekt Etikai Tan\u00e1csad\u00f3 Test\u00fclet\u00e9nek (Ethics Board) tagja. A projekt az European Research Council \u00e1ltal finansz\u00edrozott kutat\u00e1si projekt. <br \/>\r\n\u2022 2023-t\u00f3l folyamatosan a Remedi4All (Repurposing Medicines 4All. The European Platform for Meidcines Repurposing) Ethics Advisory Board tagja vagyok. <br \/>\r\n\u2022 2025. m\u00e1jus 12-16.&#8211; A neurotechnol\u00f3gia etik\u00e1j\u00e1ra vonatkoz\u00f3 Aj\u00e1nl\u00e1s kidolgoz\u00e1sa t\u00e1rgy\u00e1ban megrendezett szak\u00e9rt\u0151i szint\u0171 korm\u00e1nyk\u00f6zi k\u00fcl\u00f6nbizotts\u00e1g \u00fcl\u00e9s\u00e9n 2025. m\u00e1jus 12-16. k\u00f6z\u00f6tt az UNESCO p\u00e1rizsi sz\u00e9kh\u00e1z\u00e1ban Magyarorsz\u00e1got szak\u00e9rt\u0151k\u00e9nt k\u00e9pviselhettem. E f\u00f3rumon a korm\u00e1nyk\u00f6zi k\u00fcl\u00f6nbizotts\u00e1g b\u00fcr\u00f3j\u00e1nak aleln\u00f6k\u00e9v\u00e9 v\u00e1lasztottak \u00e9s ilyen min\u0151s\u00e9gben a tan\u00e1cskoz\u00e1s sor\u00e1n t\u00f6bb alkalommal is eln\u00f6k\u00f6ltem az \u00fcl\u00e9seket. Az el\u0151zetes konzult\u00e1ci\u00f3k sor\u00e1n \u00f6sszesen 110 orsz\u00e1g mintegy 7.000 m\u00f3dos\u00edt\u00f3 javaslata ker\u00fclt \u00e1tvezet\u00e9sre. Ezek megvitat\u00e1s\u00e1r ker\u00fclt sor a m\u00e1jus 12-16. k\u00f6z\u00f6tt megrendezett korm\u00e1nyk\u00f6zi szak\u00e9rt\u0151i tan\u00e1cskoz\u00e1son.<br \/>\r\n\u2022 2025.november 13-15. 35th National Ethics Councils Forum, Copenhagen, Denmark, 13-14 November 2025. Magyarorsz\u00e1got k\u00e9pviseltem az ETT TUKEB aleln\u00f6kek\u00e9nt<br \/>\r\n<br \/>\r\n<br \/>\r\nKutat\u00e1si projektek:<br \/>\r\n\u2022 1993-1994&#8211; k\u00f6z\u00f6tt a SOTE Int\u00e9zeti ETK p\u00e1ly\u00e1zat \u201eA tradicion\u00e1lis \u00e9s a modern, kritikai-filoz\u00f3fiai orvosetika k\u00f6z\u00f6tti viszony\u201d kutat\u00e1si project vezet\u0151je.<br \/>\r\n\u2022 1993-1995&#8211; az Eur\u00f3pa Tan\u00e1cs nemzetk\u00f6zi tan\u00e1ri munkacsoportj\u00e1nak (Teaching and Research Network On Bioethics) tagja, melynek c\u00e9lja egys\u00e9ges bioetikai curriculum kidolgoz\u00e1sa volt Eur\u00f3p\u00e1ban, ill. az egyes tagorsz\u00e1gok sz\u00e1m\u00e1ra felhaszn\u00e1lhat\u00f3 oktat\u00e1si programok, tematik\u00e1k, aj\u00e1nl\u00e1sok r\u00e9v\u00e9n seg\u00edts\u00e9gny\u00fajt\u00e1s a bioetika oktat\u00e1s\u00e1hoz.<br \/>\r\n\u2022 1994-1995&#8211; A European Commission \u201cFertility, Infertility and the Human Embryo\u201d c. fut\u00f3 nemzetk\u00f6zi kutat\u00e1si project r\u00e9sztvev\u0151je. A project feladata eur\u00f3pai etikai \u00e9s jogi aj\u00e1nl\u00e1sok kidolgoz\u00e1sa volt az embri\u00f3k\u00eds\u00e9rletekkel ill. az assziszt\u00e1lt reprodukt\u00edv technik\u00e1kkal kapcsolatban. A munkacsoport eredm\u00e9nyei k\u00e9t angol nyelv\u0171 k\u00f6tetben olvashat\u00f3k: (Donald Evans (ed.) (1996): Conceiving the Embryo. Ethics, Law and Practice in Human Embryology. The Hague\u2014London: Martinus Nijhoff Publishers, \u00e9s Donald Evans (ed.) (1996): Creating the Child. The Ethics, Law and Practice of Assisted Procreation. The Hague\u2014London: Martinus Nijhoff Publishers.)<br \/>\r\n\u2022 1993-1995&#8211; t\u00e9mavezet\u0151je \u201cA bioetika aktu\u00e1lis probl\u00e9m\u00e1i\u201d c. 2 \u00e9ves OTKA p\u00e1ly\u00e1zati programnak. (OTKA T\u2014013712, 200Eft)<br \/>\r\n\u2022 1993 \u20131995&#8211; az Open Society Institute \u201eResearch Support Scheme\u201d kutat\u00e1si t\u00e1mogat\u00e1s\u00e1ban r\u00e9szes\u00fclt. (Kutat\u00e1si t\u00e9ma c\u00edme: \u201eWriting a Hungarian Textbook of Bioethics.\u201d) (Nyilv\u00e1ntart\u00e1si sz\u00e1m: 154\/93)<br \/>\r\n\u2022 1996-99\u2014a Soros alap\u00edtv\u00e1ny t\u00e1mogat\u00e1s\u00e1val, a Sz\u00f3sz\u00f3l\u00f3 Alap\u00edtv\u00e1ny a betegek jogai\u00e9rt keret\u00e9ben \u201eA k\u00f3rh\u00e1zi ombudsman int\u00e9zm\u00e9ny\u00e9nek magyarorsz\u00e1gi bevezethet\u0151s\u00e9ge. Modellk\u00eds\u00e9rlet\u201d c\u00edm\u0171 kutat\u00e1si program (20 milli\u00f3 Ft) egyik vezet\u0151je. <br \/>\r\n\u2022 1999\u20142002 Sz\u00e9chenyi Professzori \u00d6szt\u00f6nd\u00edjas. (Kutat\u00e1si t\u00e9ma c\u00edme: A pszichi\u00e1tria \u00e9s a pszichoter\u00e1pia etikai probl\u00e9m\u00e1i.)<br \/>\r\n\u2022 1999\u20142000\u2014a hazai pszichi\u00e1triai ombudsman program egyik kidolgoz\u00f3ja \u00e9s vezet\u0151je. (A pszichi\u00e1triai ombudsman bevezet\u00e9s\u00e9nek modellk\u00eds\u00e9rlete Magyarorsz\u00e1gon.) A Sz\u00f3sz\u00f3l\u00f3 Alap\u00edtv\u00e1ny keret\u00e9ben a Mental Disability Rights International-lal (Eric Rosenthal) egy\u00fcttm\u0171k\u00f6dve (3,1 milli\u00f3 Ft)<br \/>\r\n\u2022 2002\u20142004\u2014A Semmelweis Egyetem, \u00c1OK Magatart\u00e1studom\u00e1nyi Int\u00e9zete \u00e1ltal elnyert OTKA p\u00e1ly\u00e1zat (Tudom\u00e1nyos Iskol\u00e1k t\u00e1mogat\u00e1sa) keret\u00e9ben (TS-040889) a \u201eLelki eg\u00e9szs\u00e9g \u00e9s \u00e9letmin\u0151s\u00e9g a bioetika n\u00e9z\u0151pontj\u00e1b\u00f3l\u201d r\u00e9szt\u00e9ma kutat\u00e1sa. <br \/>\r\n\u2022 2005-2007&#8211; A Semmelweis Egyetem \u00c1OK Magatart\u00e1studom\u00e1nyi Int\u00e9zete \u00e1ltal elnyert OTKA p\u00e1ly\u00e1zat (Tudom\u00e1nyos Iskol\u00e1k t\u00e1mogat\u00e1sa) keret\u00e9ben ( TS-049785) a \u201eThe role of philosophical counselling in the prevention of psychiatric disorders.\u201d r\u00e9szt\u00e9ma kutat\u00e1sa.<br \/>\r\n\u2022 2005\u20142007\u2014az EU BIOTHETHICS p\u00e1ly\u00e1zata (Biotechnology Ethics) magyar csoportj\u00e1nak tagja. (dr. Szebik Imre, dr. D\u00f3sa \u00c1gnes, dr. Kov\u00e1cs J\u00f3zsef). A program feladata egy nemzetk\u00f6zi biotechnol\u00f3giai etikai tananyag kidolgoz\u00e1sa \u00e9s oktat\u00e1sa volt. <br \/>\r\n\u2022 2005\u20142009\u2014az EU EUROPREVALL p\u00e1ly\u00e1zata (The Prevalence, Cost and Basis of Food Allergy across Europe) magyar csoportj\u00e1nak tagja (dr. N\u00e9k\u00e1m Krist\u00f3f, dr. Naszlady Attila, dr. Kov\u00e1cs J\u00f3zsef) A 15 eur\u00f3pai orsz\u00e1g r\u00e9szv\u00e9tel\u00e9vel zajl\u00f3, \u00e9telallergi\u00e1val foglalkoz\u00f3 program magyar kutat\u00f3csoportja felelt a program etikai aspektusainak a kidolgoz\u00e1s\u00e1\u00e9rt. (Work Package WP 5.1)<br \/>\r\n\u2022 2006-2008\u2014Vezet\u0151je \u201eA biotechnol\u00f3gia fejl\u0151d\u00e9s\u00e9nek etikai k\u00e9rd\u00e9sei\u201d c. az Eg\u00e9szs\u00e9g\u00fcgyi Miniszt\u00e9rium (ETT) 153\/2006 sz\u00e1m\u00fa t\u00e1rcaszint\u0171 kutat\u00e1si t\u00e9m\u00e1j\u00e1nak. (3&#215;900000 Ft)<br \/>\r\n\u2022 2009-2011\u2014tagja a SYBHEL (Synthetic Biology for Human Health: Ethical and Legal Issues) EU (FP7) nemzetk\u00f6zi project-nek. (Hazai vezet\u0151: dr. Szebik Imre) (Grant agreement No: 230401) <br \/>\r\n\u2022 2011. szept. \u20132012.j\u00fanius\u2014alkot\u00f3i szabads\u00e1g (A szintetikus biol\u00f3gia etikai k\u00e9rd\u00e9sei; Pszichi\u00e1triai \u00e9s pszichoter\u00e1pi\u00e1s etika\u2014neuroetika; Kutat\u00e1setika)<br \/>\r\n\u2022 2012-2014\u2014Semmelweis Egyetem, Merit-d\u00edj<br \/>\r\n\u2022 2015\u2014R\u00e9szv\u00e9tel a FOEDUS (Facilitating Exchange Of Organs Donated In Eu Member States (1 May 2013\u201430 April 2016) EU p\u00e1ly\u00e1zat disszemni\u00e1ci\u00f3\u00e9rt felel\u0151s munkacsoportj\u00e1ban (Workpackage 2.) (az Orsz\u00e1gos V\u00e9rell\u00e1t\u00f3 Szolg\u00e1lat vezet\u00e9s\u00e9vel) <br \/>\r\n\u2022 2016\u2014r\u00e9szv\u00e9tel az EURONIC (EU) kutat\u00e1s keret\u00e9ben v\u00e9gzett felm\u00e9r\u00e9s (Perinatalis Centrumokban dolgoz\u00f3 orvosok \u00e9s \u00e1pol\u00f3k k\u00f6r\u00e9ben v\u00e9gzett felm\u00e9r\u00e9s) eredm\u00e9nyeinek feldolgoz\u00e1s\u00e1ban. (Vezet\u0151: Feith Helga Judit, SE, Eg\u00e9szs\u00e9gtudom\u00e1nyi Kar) <br \/>\r\n\u2022 2017.02.01-2019.01.31\u2014R\u00e9szv\u00e9tel a Big Data for Better Outcomes, Policy Innovation and Healthcare Systems Transformation (DO-IT) programban. A program az IMI Program (Innovative Medicines Initiative Program) keret\u00e9ben indult. Az IMI Programot 50%-ban az EU Horizont 2020 Programja, 50%-ban az Eur\u00f3pai Innovat\u00edv Gy\u00f3gyszergy\u00e1rt\u00f3k Sz\u00f6vets\u00e9ge (EFPIA) finansz\u00edrozta PPP konstrukci\u00f3ban. Az Egyetem, ezen bel\u00fcl az Eg\u00e9szs\u00e9g\u00fcgyi Menedzserk\u00e9pz\u0151 K\u00f6zpont a konzorcium tagja volt. \u00c9n az EMK kutat\u00f3csoport tagjak\u00e9nt vettem r\u00e9szt a munk\u00e1ban. (Work Package 4: Adatv\u00e9delem- \u201eDevelopment of standards, training and educational guidance on some aspects of data privacy laws and regulations, data protection mechanisms and consequences of their application&#8221;) <br \/>\r\n\u2022 2021-2023\u2014Dataethics project tagja. (Vezet\u0151: dr. B\u00f6d\u00f6r Csaba). Ez az Eurolife konzorcium keret\u00e9ben indult projekt, melynek az SE is tagja. (http:\/\/eurolifeuniversities.org) A projekt honlapja: https:\/\/www.dataethics-eurolife.eu<br \/>\r\n\u2022 2021\u2014t\u0151l: 1+MG (1 Million Genomes) (Az Eur\u00f3pai Bizotts\u00e1g 2018-ban indult egy\u00fcttm\u0171k\u00f6d\u00e9se 1 milli\u00f3 szekven\u00e1lt genom l\u00e9trehoz\u00e1s\u00e1ra) Eme egy\u00fcttm\u0171k\u00f6d\u00e9s tag\u00e1llami National Mirror Group tagja vagyok,. (Vezet\u0151: Dr. Pat\u00f3cs Attila )<br \/>\r\n<br \/>\r\n<br \/>\r\nTiszts\u00e9gek:<br \/>\r\n\u2022 1991&#8211;1994&#8211; a Semmelweis Orvostudom\u00e1nyi Egyetem Egyetemi Parlamentj\u00e9nek a tagja.<br \/>\r\n\u2022 1991\u20141994\u2014az \u00c1ltal\u00e1nos Orvostudom\u00e1nyi Kar (\u00c1OK) kari tan\u00e1cs\u00e1nak a tagja.<br \/>\r\n\u2022 1991-1994\u2014az \u00c1OK Oktat\u00e1si \u00e9s Nevel\u00e9si Bizotts\u00e1g\u00e1nak tagja <br \/>\r\n\u2022 1995-t\u0151l folyamatosan tagja az Eg\u00e9szs\u00e9g\u00fcgyi Tudom\u00e1nyos Tan\u00e1cs Tudom\u00e1nyos \u00e9s Kutat\u00e1setikai Bizotts\u00e1g\u00e1nak. (ETT-TUKEB), 2025 augusztus\u00e1t\u00f3l a Bizotts\u00e1g aleln\u00f6ke<br \/>\r\n\u2022 1997&#8211;1999 a T\u00e1rsadalomorvostani Szakmai Koll\u00e9gium tagja.<br \/>\r\n\u2022 1997-2016 tagja a SE \u00c1ltal\u00e1nos Orvostudom\u00e1nyi Kar\u00e1n a Tanulm\u00e1nyi Bizotts\u00e1gnak.<br \/>\r\n\u2022 1999-2011 tagja a SOTE K\u00f3rh\u00e1zi Etikai Bizotts\u00e1g\u00e1nak (\u00c9l\u0151donoros etikai bizotts\u00e1g)<br \/>\r\n\u2022 2001\u2014alap\u00edt\u00f3 tagja a Semmelweis Egyetem Eg\u00e9szs\u00e9gtudom\u00e1nyi Doktori Iskol\u00e1j\u00e1nak, a bioetika t\u00e9mavezet\u0151je. <br \/>\r\n\u2022 2001 \u00e1prilis\u20142004 \u00e1prilis k\u00f6z\u00f6tt tagja a Semmelweis Egyetem Doktori Iskol\u00e1k V\u00e9lem\u00e9nyez\u0151 \u00e9s Min\u0151s\u00e9gellen\u0151rz\u0151 Bizotts\u00e1g\u00e1nak.<br \/>\r\n\u2022 2001-2016 k\u00f6z\u00f6tt majd 2020-t\u00f3l a Magatart\u00e1studom\u00e1nyi Int\u00e9zet \u00e1ltal\u00e1nos igazgat\u00f3helyettese.<br \/>\r\n\u2022 2002-t\u0151l folyamatosan a k\u00fclf\u00f6ldi orvosok honos\u00edt\u00e1si vizsg\u00e1j\u00e1t v\u00e9gz\u0151 Hungarol\u00f3giai vizsgabizotts\u00e1g tagja. (Semmelweis Egyetem) <br \/>\r\n\u2022 2006-t\u00f3l az MTA-eln\u00f6k\u00e9nek felk\u00e9r\u00e9s\u00e9re tagja az MTA Agr\u00e1retikai Bizotts\u00e1g\u00e1nak. <br \/>\r\n\u2022 2006- tagja a MOTESZ Orvosi Etikai \u00e9s T\u00e1rsadalmi K\u00e9rd\u00e9sek Bizotts\u00e1g\u00e1nak<br \/>\r\n\u2022 2015. janu\u00e1r 1.-2017. december 31. Semmelweis Egyetem Etikai Bizotts\u00e1g, tag<br \/>\r\n\u2022 2016\u20142019\u2014Semmelweis Egyetem \u00c1ltal\u00e1nos Orvostudom\u00e1nyi Kar Oktat\u00e1si \u00e9s Kredit Bizotts\u00e1g tagja.<br \/>\r\n\u2022 2017-2021 UNESCO Intergovernmental Bioethics Committee (IGBC) tag<br \/>\r\n\u2022 2018-2024\u2014Szegedi Tudom\u00e1nyegyetem Filoz\u00f3fiatudom\u00e1nyi Habilit\u00e1ci\u00f3s Szakbizotts\u00e1ga tagja<br \/>\r\n\u2022 2019-2022-Semmelweis Egyetem, \u00c1ltal\u00e1nos Orvostudom\u00e1nyi Kar Etikai \u00e9s Fegyelmi Bizotts\u00e1g eln\u00f6ke<br \/>\r\n\u2022 2022-2025- Semmelweis Egyetem, \u00c1ltal\u00e1nos Orvostudom\u00e1nyi Kar Etikai \u00e9s Fegyelmi Bizotts\u00e1g eln\u00f6ke<br \/>\r\n\u2022 2025-2028&#8211; Semmelweis Egyetem, \u00c1ltal\u00e1nos Orvostudom\u00e1nyi Kar Etikai \u00e9s Fegyelmi Bizotts\u00e1g tagja<br \/>\r\n\u2022 2025 augusztus\u00e1t\u00f3l az Eg\u00e9szs\u00e9g\u00fcgyi Tudom\u00e1nyos Tan\u00e1cs Tudom\u00e1nyos \u00e9s Kutat\u00e1setikai Bizotts\u00e1g\u00e1nak. (ETT-TUKEB)-aleln\u00f6ke<br \/>\r\n<br \/>\r\n<br \/>\r\n<br \/>\r\n<br \/>\r\nHazai tudom\u00e1nyos t\u00e1rsas\u00e1gok:<br \/>\r\n\u2022 1995-t\u0151l Magyar Bioetikai T\u00e1rsas\u00e1g\u2014tag<br \/>\r\n\u2022 1995-t\u0151l Magyar Filoz\u00f3fiai T\u00e1rsas\u00e1g\u2014tag<br \/>\r\n\u2022 1997-2005&#8211;Selye J\u00e1nos Magatart\u00e1studom\u00e1nyi \u00e9s Magatart\u00e1sorvosl\u00e1si T\u00e1rsas\u00e1g&#8211;alap\u00edt\u00f3 tag.<br \/>\r\n\u2022 2004-t\u0151l Magyar Pszichi\u00e1triai T\u00e1rsas\u00e1g&#8211;tag<br \/>\r\nNemzetk\u00f6zi tudom\u00e1nyos t\u00e1rsas\u00e1gok:<br \/>\r\n\u2022 1991&#8211; International Association of Bioethics\u2014alap\u00edt\u00f3 tag.<br \/>\r\n\u2022 1990-t\u0151l folyamatosan The European Society for Philosophy of Medicine and Health Care\u2014tag<br \/>\r\n<br \/>\r\n<br \/>\r\nKurat\u00f3riumi tags\u00e1g:<br \/>\r\n\u2022 A \u201eSz\u00f3sz\u00f3l\u00f3 Alap\u00edtv\u00e1ny a Betegek Jogai\u00e9rt\u201d alap\u00edtv\u00e1ny kurat\u00f3riumi tagja (1995-2014)<br \/>\r\n\u2022 A Soteria Alap\u00edtv\u00e1ny kurat\u00f3riumi tagja (2009-2014)<br \/>\r\n<br \/>\r\n<br \/>\r\nFoly\u00f3irat szerkeszt\u00e9s:<br \/>\r\n\u2022 1995-1998- Magyar Bioetikai Szemle szerkeszt\u0151bizotts\u00e1g tagja<br \/>\r\n\u2022 1999-t\u0151l Eg\u00e9szs\u00e9g\u00fcgyi Menedzsment szerkeszt\u0151bizotts\u00e1g tagja<br \/>\r\n\u2022 2001-t\u0151l: Lege Artis Medicinae szerkeszt\u0151bizotts\u00e1g tagja<br \/>\r\n\u2022 2004-t\u0151l: IME (Informatika \u00e9s Menedzsment az Eg\u00e9szs\u00e9g\u00fcgyben) Szerkeszt\u0151bizotts\u00e1gi Tan\u00e1csad\u00f3 Test\u00fclet\u00e9nek tagja<br \/>\r\n\u2022 2007-t\u0151l a Lege Artis Medicinae Tudom\u00e1nyos Tan\u00e1csad\u00f3 Test\u00fclete tagja <br \/>\r\n\u2022 2010-2012 a Journal of Clinical Research and Bioethics szerkeszt\u0151bizotts\u00e1gi tagja<br \/>\r\n\u2022 2010-t\u0151l a Medicolegal and Bioethics szerkeszt\u0151bizotts\u00e1gi tagja<br \/>\r\n\u2022 2011-t\u0151ll a Meditor c. nemzetk\u00f6zi elektronikus foly\u00f3irat szerkeszt\u0151bizotts\u00e1gi tagja<br \/>\r\n\u2022 2017\u2014az Orvosk\u00e9pz\u00e9s c. foly\u00f3irat szerkeszt\u0151bizotts\u00e1gi tagja<br \/>\r\n<br \/>\r\n<br \/>\r\n<br \/>\r\n<br \/>\r\n<br \/>\r\n<br \/>\r\n<br \/>\r\n<br \/>\r\nTudom\u00e1nyos \u00fcl\u00e9sek szervez\u00e9se, vezet\u00e9se <br \/>\r\n\u2022 Az \u00e9l\u0151l\u00e9ny m\u00e9lt\u00f3s\u00e1ga avagy ki rendelkezhet \u00e9letr\u0151l \u00e9s hal\u00e1lr\u00f3l? Etikai \u00e9s jogi dilemm\u00e1k Peter Singer gondolatainak aprop\u00f3j\u00e1n. (Tudom\u00e1nyos \u00fcl\u00e9s vezet\u0151jek\u00e9nt. 2001. IV. 26.-\u00e1n. Szervez\u0151: INDOK Emberi Jogi Inform\u00e1ci\u00f3s \u00e9s Dokument\u00e1ci\u00f3s K\u00f6zpont. <br \/>\r\n\u2022 Health Care and Human Rights. (Workshop organized by the Hungarian Civil Liberties Union.) April, 2002. Szekci\u00f3eln\u00f6kk\u00e9nt vitavezet\u0151. Szekci\u00f3 c\u00edme: Rights of the Mentally Ill. (Budapest) <br \/>\r\n\u2022 2005-2009 minden \u00e9vben folyamatosan a Semmelweis Egyetem PhD\u2014Tudom\u00e1nyos Napok poszterszekci\u00f3j\u00e1nak eln\u00f6ks\u00e9gi tagja.<br \/>\r\n\u2022 A Semmelweis Egyetem 4. sz\u00e1m\u00fa Interdiszciplin\u00e1ris Doktori Iskol\u00e1ja 12. \u00f6n\u00e1ll\u00f3 tudom\u00e1nyos \u00fcl\u00e9s\u00e9nek szervez\u00e9se. (Helysz\u00edn: OPNI. Id\u0151pont: 2006. XII. 15.) E konferencia Pszichol\u00f3giai Tudom\u00e1nyok Plen\u00e1ris Szekci\u00f3ja h\u00e1romtag\u00fa zs\u0171rij\u00e9nek eln\u00f6ke. <br \/>\r\n\u2022 Workshop on the UNESCO-CELAB Joint Project: Local, Regional or International? Laws, Standards and Codes for Biotechnology. Budapest November 7-8, 2008. Szekci\u00f3eln\u00f6kk\u00e9nt vitavezet\u0151. Szekci\u00f3 c\u00edme: Bioethics and Law<br \/>\r\n\u2022 2011. j\u00fan. 28-29.-i \u201eA stresszt\u0151l a boldogs\u00e1gig\u201d c. XI. Magatart\u00e1studom\u00e1nyi Napok c. konferencia szervez\u0151 bizotts\u00e1g\u00e1nak tagja. (Helysz\u00edn: G\u00f6d\u00f6ll\u0151\u2014M\u00e1riabesny\u0151, Mater Salvatoris Lelkigyakorlatosh\u00e1z)<br \/>\r\n\u2022 2016. 03.31-04.02)\u2014a II. Magyar Betegbiztons\u00e1gi Konferencia Tan\u00e1csad\u00f3 Test\u00fclet\u00e9nek tagja <br \/>\r\n\u2022 2016. 11.23.\u2014Eutan\u00e1zia f\u00f3rum\u2014konferencia szervez\u00e9se a Holland Kir\u00e1lys\u00e1g magyarorsz\u00e1gi nagyk\u00f6vet\u00e9vel (\u00f6exc. Gajus Scheltema) egy\u00fcttm\u0171k\u00f6d\u00e9sben. (C\u00edm: Az eutan\u00e1zia jogi, orvosi \u00e9s etikai aspektusai.) Helysz\u00edn: Holland nagyk\u00f6vet budapesti rezidenci\u00e1ja (1125.Bp. M\u00e1ty\u00e1s kir\u00e1ly \u00fat 32.) (Vitavezet\u0151, levezet\u0151 eln\u00f6kk\u00e9nt) <br \/>\r\n<br \/>\r\n<br \/>\r\n<br \/>\r\n<br \/>\r\nReferens, lektor, b\u00edr\u00e1l\u00f3: <br \/>\r\n<br \/>\r\nB\u00edr\u00e1l\u00f3i, bizotts\u00e1gi, opponensi tev\u00e9kenys\u00e9g PhD- ill. MTA Doktora min\u0151s\u00edt\u00e9si, PhD szigorlati-, PhD komplex vizsga-, habilit\u00e1ci\u00f3s- \u00e9s p\u00e1ly\u00e1zati elj\u00e1r\u00e1sok sor\u00e1n.<br \/>\r\n<br \/>\r\n<br \/>\r\n<br \/>\r\nA k\u00f6vetkez\u0151 tank\u00f6nyvek illetve jegyzetek lektora volt: <br \/>\r\n<br \/>\r\n\u2022 Rozsos Erzs\u00e9bet (1996): Eg\u00e9szs\u00e9g\u00fcgyi etikai p\u00e9ldat\u00e1r. Haynal Imre Eg\u00e9szs\u00e9gtudom\u00e1nyi Egyetem, Eg\u00e9szs\u00e9g\u00fcgyi F\u0151iskolai Kar; <br \/>\r\n\u2022 Gaizler Gyula (1997): A bioetika alapk\u00e9rd\u00e9sei. Budapest: Magyar Bioetikai Alap\u00edtv\u00e1ny; <br \/>\r\n\u2022 Rozsos Erzs\u00e9bet (2000): \u00c1pol\u00e1setikai ismeretek. Budapest: Medicina k\u00f6nyvkiad\u00f3;<br \/>\r\n\u2022 Szarka G\u00e9za\u2014G\u00e1rdai Mikl\u00f3s (szerk.) (2000): Filoz\u00f3fia-Eg\u00e9szs\u00e9g\u00fcgyi etika. Sz\u00f6veggy\u0171jtem\u00e9ny. Budapest: Semmelweis Egyetem; <br \/>\r\n\u2022 Ferencz Antal (2001): A bioetika alapjai. Budapest: Szent Istv\u00e1n T\u00e1rsulat.<br \/>\r\n\u2022 Szarka G\u00e9za\u2014G\u00e1rdai Mikl\u00f3s (2003): \u00c1ltal\u00e1nos \u00e9s eg\u00e9szs\u00e9g\u00fcgyi etika. Budapest: Semmelweis Egyetem, Eg\u00e9szs\u00e9g\u00fcgyi F\u0151iskolai Kar; <br \/>\r\n\u2022 Szarka G\u00e9za (2004): Filoz\u00f3fia. (Jegyzet \u00e9s Tanul\u00e1si \u00fatmutat\u00f3) Budapest: Semmelweis Egyetem, Eg\u00e9szs\u00e9g\u00fcgyi F\u0151iskolai Kar. <br \/>\r\n\u2022 P\u00e1lfin\u00e9 dr. Szab\u00f3 Ilona\u2014Raskovicsn\u00e9 Csernus Mariann (2011): Az \u00e1pol\u00f3i hivat\u00e1s etikai vonatkoz\u00e1sai<br \/>\r\n\u2022 R\u00f3zsa Erzs\u00e9bet (2017): Auton\u00f3mia \u00e9s paternalizmus. Az orvos-beteg kapcsolat etikai k\u00e9rd\u00e9sei a modern medicin\u00e1ban. Debrecen: Debreceni Egyetemi Kiad\u00f3. (Medtitor bioetikai sorozat 7.) (A k\u00f6nyvh\u00f6z el\u0151sz\u00f3t is \u00edrtam). <br \/>\r\n\u2022 Pilling J\u00e1nos (2018): Orvosi kommunik\u00e1ci\u00f3 a gyakorlatban. (Budapest: Medicina k\u00f6nyvkiad\u00f3.) <br \/>\r\n\u2022 Antal Z. L\u00e1szl\u00f3\u2014Ferencz Zolt\u00e1n\u2014P\u00e1ldy Anna (2020): \u00c9ghajlatv\u00e1ltoz\u00e1s \u00e9s eg\u00e9szs\u00e9g. c. jelent\u00e9s\u00e9nek lektor\u00e1l\u00e1sa. (A jelent\u00e9s az Emberi Er\u0151forr\u00e1sok Miniszt\u00e9riuma Eg\u00e9szs\u00e9g\u00fcgyi \u00c1llamtitk\u00e1rs\u00e1g\u00e1nak (Dr. Horv\u00e1th Ildik\u00f3, \u00e1llamtitk\u00e1r) felk\u00e9r\u00e9s\u00e9re k\u00e9sz\u00fclt. <br \/>\r\n<br \/>\r\n<br \/>\r\n<br \/>\r\n<br \/>\r\nLektor\u00e1l\u00e1si tev\u00e9kenys\u00e9get v\u00e9gzett felk\u00e9r\u00e9sre a k\u00f6vetkez\u0151 foly\u00f3iratokn\u00e1l:<br \/>\r\n<br \/>\r\n\u2022 Orvosi Hetilap<br \/>\r\n\u2022 Lege Artis Medicinae<br \/>\r\n\u2022 Hastings Center Report<br \/>\r\n\u2022 Medicine, Health Care and Philosophy<br \/>\r\n\u2022 Integrative Medicine Insights<br \/>\r\n\u2022 Journal of Medical Ethics<br \/>\r\n\u2022 Psychiatria Hungarica<br \/>\r\n\u2022 Scientometrics<br \/>\r\n\u2022 Pro Futuro (jogi foly\u00f3irat) http:\/\/profuturo.lib.unideb.hu <br \/>\r\n<br \/>\r\n<br \/>\r\nB\u00edr\u00e1l\u00f3 bizotts\u00e1gi tags\u00e1gok<br \/>\r\n<br \/>\r\n\u2022 1997-1999&#8211; Aleln\u00f6ke volt a N\u00e9pj\u00f3l\u00e9ti Miniszt\u00e9rium t\u00e1rcaszint\u0171 kutat\u00e1si t\u00e9map\u00e1ly\u00e1zata XII. sz\u00e1m\u00fa (T\u00e1rsadalomorvostudom\u00e1nyi \u00e9s orvosetikai) Bizotts\u00e1g\u00e1nak. <br \/>\r\n\u2022 1999-2002\u2014Tagja volt a N\u00e9pj\u00f3l\u00e9ti Miniszt\u00e9rium t\u00e1rcaszint\u0171 kutat\u00e1si t\u00e9map\u00e1ly\u00e1zata IX. sz\u00e1m\u00fa (\u00c9letmin\u0151s\u00e9g, T\u00e1rsadalomorvostudom\u00e1nyi\u2014N\u00e9peg\u00e9szs\u00e9g\u00fcgyi Prevenci\u00f3) Bizotts\u00e1g\u00e1nak.<br \/>\r\n\u2022 2004\u20142008\u2014Tagja volt a N\u00e9pj\u00f3l\u00e9ti Miniszt\u00e9rium t\u00e1rcaszint\u0171 kutat\u00e1si t\u00e9map\u00e1ly\u00e1zata VIII. sz\u00e1m\u00fa K\u00f6rnyezeteg\u00e9szs\u00e9g\u00fcgy, N\u00e9peg\u00e9szs\u00e9g\u00fcgy Bizotts\u00e1g\u00e1nak. <br \/>\r\n\u2022 2007-ben tagja volt a LAM d\u00edjak elb\u00edr\u00e1l\u00e1s\u00e1t v\u00e9gz\u0151 bizotts\u00e1gnak. (eln\u00f6k: dr. Banai J\u00e1nos)<br \/>\r\n\u2022 2009. j\u00fanius 1.\u20142011. december 31.\u2014tagja az ETT Kutat\u00e1si \u00e9s Fejleszt\u00e9si Bizotts\u00e1ga K\u00f6rnyezeteg\u00e9szs\u00e9g\u00fcgyi, N\u00e9peg\u00e9szs\u00e9g\u00fcgyi Bizotts\u00e1g\u00e1nak. <br \/>\r\n\u2022 2012\u2014OTKA p\u00e1ly\u00e1zati b\u00edr\u00e1l\u00f3 (felk\u00e9r\u0151: dr. Margittay Tiham\u00e9r, a zs\u0171ri eln\u00f6ke) <br \/>\r\n\u2022 2017. janu\u00e1r\u2014Semmelweis Egyetem Kiv\u00e1l\u00f3 oktat\u00f3ja c\u00edm oda\u00edt\u00e9l\u00e9s\u00e9t elb\u00edr\u00e1l\u00f3 bizotts\u00e1g tagja <br \/>\r\n\u2022 2017. m\u00e1jus\u2014A Pr\u00e9mium posztdoktori p\u00e1ly\u00e1zatok (2017) b\u00edr\u00e1lat\u00e1ban val\u00f3 r\u00e9szv\u00e9tel.(Lov\u00e1sz L\u00e1szl\u00f3, az MTA eln\u0151ke megb\u00edz\u00e1s\u00e1b\u00f3l) <br \/>\r\n<br \/>\r\n<br \/>\r\nTudom\u00e1nyos d\u00edjak, kit\u00fcntet\u00e9sek:<br \/>\r\n\u2022 1986&#8211;oktat\u00f3 munk\u00e1\u00e9rt Rektori Dics\u00e9ret.<br \/>\r\n\u2022 1989&#8211; M\u0171vel\u0151d\u00e9si Miniszt\u00e9rium \u201cKiv\u00e1l\u00f3 Munk\u00e1\u00e9rt\u201d dics\u00e9ret.<br \/>\r\n\u2022 1994-ben a SOTE \u201cKiv\u00e1l\u00f3 Oktat\u00f3\u201d kit\u00fcntet\u00e9s II. fokozata. <br \/>\r\n\u2022 2012-2014\u2014Semmelweis Egyetem, Merit-d\u00edj<br \/>\r\n\u2022 2013-ban: Semmelweis D\u00edj (Emberi Er\u0151forr\u00e1sok Miniszt\u00e9riuma) : \u201eBioetikai \u00e9s iskolateremt\u0151 tev\u00e9kenys\u00e9ge, kiterjedt \u00e9s magas sz\u00ednvonal\u00fa oktat\u00f3i \u00e9s kutat\u00f3i, valamint betegell\u00e1t\u00f3 munk\u00e1ja elismer\u00e9sek\u00e9nt.\u201d<br \/>\r\n\u2022 2020. j\u00fanius\u2014\u201eSemmelweis Egyetem Publik\u00e1ci\u00f3s D\u00edj 2020\u201d a Jozsef Kovacs: Honorary authorship and symbolic violence (Medicine, Health Care and Philosophy)&#8211;2017-ben megjelent cikk\u00e9rt<br \/>\r\n\u2022 2021. szeptember: Trefort \u00c1goston D\u00edj (Innov\u00e1ci\u00f3s \u00e9s Technol\u00f3giai Miniszt\u00e9rium). \u201eAz oktat\u00e1s \u00e9rdek\u00e9ben hosszabb id\u0151n \u00e1t v\u00e9gzett kiemelked\u0151 munk\u00e1ja elismer\u00e9sek\u00e9nt.)<br \/>\r\n<br \/>\r\n<br \/>\r\nDoktori k\u00e9pz\u00e9s:<br \/>\r\n\u2022 A Semmelweis Egyetem Ment\u00e1lis Eg\u00e9szs\u00e9gtudom\u00e1nyok Doktori Iskol\u00e1j\u00e1nak t\u00f6rzstagja, a bioetika t\u00e9mavezet\u0151je. <br \/>\r\n\u2022 2012. j\u00falius\u00e1t\u00f3l&#8211; 2025. november folyamatosan az iskola 4\/2-es doktori programj\u00e1nak programvezet\u0151je. <br \/>\r\n\u2022 A doktori iskol\u00e1n bel\u00fcl rendszeresen tart el\u0151ad\u00e1sokat a PhD hallgat\u00f3k sz\u00e1m\u00e1ra, illetve r\u00e9szt vesz a Doktori Iskol\u00e1ba jelentkez\u0151 potenci\u00e1lis PhD hallgat\u00f3k elb\u00edr\u00e1l\u00e1s\u00e1t v\u00e9gz\u0151 felv\u00e9teli vizsgabizotts\u00e1gokban. <br \/>\r\n\u2022 2013\/14 tan\u00e9v II. szemesztert\u0151l folyamatosan \u2014jelenleg is: A klinikai kutat\u00e1s etikai k\u00e9rd\u00e9sei. K\u00f6telez\u0151en v\u00e1laszthat\u00f3 PhD kurzus vezet\u0151je \u00e9s szervez\u0151je a Semmelweis Egyetemen. Ez a kurzus k\u00e9t\u00e9vente ker\u00fcl meghirdet\u00e9sre.<br \/>\r\n<br \/>\r\n<br \/>\r\n<br \/>\r\nVezet\u00e9s\u00e9vel v\u00e9gzett PhD hallgat\u00f3k (5,5 hallgat\u00f3):<br \/>\r\n<br \/>\r\n\u2022 Kapocsi Erzs\u00e9bet: Orvosi hivat\u00e1s \u00e9s hivat\u00e1setika a XX-XXI. Sz\u00e1zadban (V\u00e9d\u00e9s: 2005. VI. 23.-\u00e1n) <br \/>\r\n\u2022 Dr. \u00c9l\u0151 G\u00e1bor: \u00c9letv\u00e9gi d\u00f6nt\u00e9sek az intenz\u00edv ter\u00e1pi\u00e1ban\u2014az \u00fajra\u00e9leszt\u00e9s etikai vonatkoz\u00e1sai. (V\u00e9d\u00e9s: 2006. V. 20.-\u00e1n) <br \/>\r\n\u2022 Dr. G\u00e1bor Katalin: A menedzsment egyes kiemelt ter\u00fcletei oktat\u00e1s\u00e1nak jelent\u0151s\u00e9ge \u00e9s lehet\u0151s\u00e9gei az eg\u00e9szs\u00e9g\u00fcgyi fels\u0151oktat\u00e1sban. (V\u00e9d\u00e9s: 2010. III. 22.-\u00e9n) (K\u00f6z\u00f6s t\u00e9mavezet\u00e9s egy m\u00e1sik doktori iskol\u00e1val) <br \/>\r\n\u2022 Dr. Zubek L\u00e1szl\u00f3: \u00c9letv\u00e9gi d\u00f6nt\u00e9sek jogi \u00e9s etikai vonatkoz\u00e1sai. (V\u00e9d\u00e9s 2011. IX. 28.-\u00e1n)<br \/>\r\n\u2022 Mih\u00e1ly S\u00e1ndor: Don\u00e1ci\u00f3s aktivit\u00e1s \u00e9s don\u00e1ci\u00f3s attit\u0171d egym\u00e1sra gyakorolt hat\u00e1sai magyarorsz\u00e1gi intenz\u00edv oszt\u00e1lyokon. (V\u00e9d\u00e9s: 2017. X. 20-\u00e1n)<br \/>\r\n\u2022 Lengyel Ingrid Krisztina: A betegt\u00e1j\u00e9koztat\u00e1s, mint betegjog a feln\u0151tt h\u00e1ziorvosi alapell\u00e1t\u00e1sban a hipert\u00f3ni\u00e1s betegek k\u00f6r\u00e9ben. (V\u00e9d\u00e9s: 2022.III.3.)<br \/>\r\n<br \/>\r\n<br \/>\r\nNyelvismeret:<br \/>\r\n\u2022 Angol nyelv: fels\u0151fok\u00fa, \u201eC\u201d t\u00edpus\u00fanak megfelel\u0151 \u00e1llami nyelvvizsga. (1991)<br \/>\r\n\u2022 N\u00e9met nyelv: alapfok\u00fa, \u201cC\u201d (\u201eA\u201d+\u201dB\u201d) t\u00edpus\u00fa \u00e1llami nyelvvizsga. (1995) <br \/>\r\n<br \/>\r\nEgy\u00e9b tudom\u00e1nyszervez\u0151i tev\u00e9kenys\u00e9g: <br \/>\r\n\u2022 1990-91-es tanulm\u00e1ny\u00fat eredm\u00e9nyek\u00e9nt az int\u00e9zet k\u00f6nyvt\u00e1r\u00e1ban 400 k\u00f6tetes (kb. 16 ezer doll\u00e1r \u00e9rt\u00e9k\u0171) angol nyelv\u0171 bioetikai alapk\u00f6nyvt\u00e1r l\u00e9trehoz\u00e1sa (a Nuffield Foundation \u00e9s a Patricia Kendall Donation r\u00e9v\u00e9n) mely megteremtette a hazai bioetikai kutat\u00e1s infrastruktur\u00e1lis b\u00e1zis\u00e1t. <br \/>\r\n\u2022 1992-1999&#8211; a londoni Wytham Hall k\u00f3rh\u00e1zzal egy\u00fcttm\u0171k\u00f6dve di\u00e1kcsere program megszervez\u00e9se, melynek keret\u00e9ben magyarorsz\u00e1gi di\u00e1kok utazhattak ki a londoni hajl\u00e9ktalanok gy\u00f3gykezel\u00e9s\u00e9nek tanulm\u00e1nyoz\u00e1s\u00e1ra.<br \/>\r\n<br \/>\r\n<br \/>\r\nAz eddigi tudom\u00e1nyos tev\u00e9kenys\u00e9g f\u0151bb elm\u00e9leti eredm\u00e9nyeinek \u00f6sszefoglal\u00e1sa <br \/>\r\n(R\u00e9szletesebben, irodalmi hivatkoz\u00e1sokkal l\u00e1sd k\u00fcl\u00f6n lapon)<br \/>\r\n<br \/>\r\n\u2022 Az eg\u00e9szs\u00e9g-betegs\u00e9g fogalmainak elemz\u00e9se \u00e9s hozz\u00e1j\u00e1rul\u00e1s egy normativista eg\u00e9szs\u00e9gdefin\u00edci\u00f3 kifejleszt\u00e9s\u00e9hez a szomatikus medicina ter\u00fclet\u00e9n<br \/>\r\n\u2022 A fogyat\u00e9koss\u00e1g fogalm\u00e1nak elemz\u00e9se, s a szoci\u00e1lis-konstrukcionista modell el\u0151ny\u00f6s hat\u00e1s\u00e1nak vizsg\u00e1lata a fogyat\u00e9kos szem\u00e9lyek jogainak biztos\u00edt\u00e1s\u00e1hoz. Hozz\u00e1j\u00e1rul\u00e1s a fogyat\u00e9koss\u00e1g integrat\u00edv, biopszichoszoci\u00e1lis modellj\u00e9nek bevezet\u00e9s\u00e9hez<br \/>\r\n\u2022 Hozz\u00e1j\u00e1rul\u00e1s az orvosi beavatkoz\u00e1sokba val\u00f3 t\u00e1j\u00e9kozott beleegyez\u00e9s koncepci\u00f3j\u00e1nak kidolgoz\u00e1s\u00e1hoz \u00e9s a hazai viszonyokra t\u00f6rt\u00e9n\u0151 adapt\u00e1l\u00e1s\u00e1hoz<br \/>\r\n\u2022 Az eg\u00e9szs\u00e9g\u00fcgyben a forr\u00e1sok eloszt\u00e1sa kapcs\u00e1n felmer\u00fcl\u0151 igazs\u00e1goss\u00e1gi k\u00e9rd\u00e9sek (makro- \u00e9s mikroallok\u00e1ci\u00f3) vizsg\u00e1lata. \u00c9rvel\u00e9s a kem\u00e9ny sorol\u00e1snak a main\u00e1l sz\u00e9lesebb k\u00f6r\u0171 alkalmaz\u00e1sa mellett<br \/>\r\n\u2022 Az embri\u00f3 \u00e9s a magzat mor\u00e1lis st\u00e1tusz\u00e1nak elemz\u00e9se. Az \u201eagysz\u00fclet\u00e9si koncepci\u00f3\u201d mint a teljes mor\u00e1lis st\u00e1tusz kialakul\u00e1s\u00e1nak jele melletti \u00e9rvel\u00e9s <br \/>\r\n\u2022 Az \u201eorvosgy\u00f3gyszer\u201d B\u00e1lint Mih\u00e1ly megalkotta fogalma etikai konzekvenci\u00e1inak vizsg\u00e1lata. Az orvosi szem\u00e9lyis\u00e9g kifejleszt\u00e9se \u00e9s karbantart\u00e1sa mint etikai k\u00f6teless\u00e9g melletti \u00e9rvel\u00e9s<br \/>\r\n\u2022 A gy\u00f3gy\u00edthatatlan, rossz k\u00f3rj\u00f3slat\u00fa betegek felvil\u00e1gos\u00edt\u00e1sa etikai k\u00e9rd\u00e9seinek elemz\u00e9se. \u00c9rvel\u00e9s a rossz progn\u00f3zis\u00fa betegek t\u00e1rgyilagos t\u00e1j\u00e9koztat\u00e1sa mellett, s hozz\u00e1j\u00e1rul\u00e1s egy \u0151szint\u00e9bb orvos-beteg kapcsolat kialakul\u00e1s\u00e1hoz<br \/>\r\n\u2022 Az \u00f6ngyilkoss\u00e1g etikai k\u00e9rd\u00e9seinek elemz\u00e9se, s az un. racion\u00e1lis \u00f6ngyilkoss\u00e1g erk\u00f6lcsi elfogadhat\u00f3s\u00e1g\u00e1nak vizsg\u00e1lata<br \/>\r\n\u2022 \u00c9rvel\u00e9s bizonyos \u00e9letment\u0151, \u00e9letfenntart\u00f3 kezel\u00e9sek visszautas\u00edthat\u00f3s\u00e1ga mellett. Hozz\u00e1j\u00e1rul\u00e1s az ezzel kapcsolatos modern jogi mechanizmusok (\u00e9l\u0151 v\u00e9grendelet, tart\u00f3s meghatalmazott, helyettes\u00edtett d\u00f6nt\u00e9s) hazai megteremt\u00e9s\u00e9hez<br \/>\r\n\u2022 A szerv-\u00e9s sz\u00f6vettranszplant\u00e1ci\u00f3kkal kapcsolatos etikai probl\u00e9m\u00e1k elemz\u00e9se. \u00c9rvel\u00e9s bizonyos\u2014Magyarorsz\u00e1gon jogilag kor\u00e1bban nem megengedett\u2014transzplant\u00e1ci\u00f3s elj\u00e1r\u00e1sok enged\u00e9lyez\u00e9se mellett (pl. \u00e9l\u0151b\u0151l val\u00f3 un. \u201ecsere-bere\u201d don\u00e1ci\u00f3)<br \/>\r\n\u2022 Az \u00e1llatk\u00eds\u00e9rletek \u00e9s az \u00e1llatokkal val\u00f3 b\u00e1n\u00e1sm\u00f3d k\u00e9rd\u00e9seinek az elemz\u00e9se, s \u00e9rvel\u00e9s egy m\u00e9rs\u00e9kelt \u00e1llatv\u00e9d\u0151 poz\u00edci\u00f3 elfogad\u00e1sa mellett. <br \/>\r\n\u2022 Peter Singer az \u00e1llatok mor\u00e1lis st\u00e1tusz\u00e1val kapcsolatos gondolatait 1997-ben megjelent tank\u00f6nyvemben haz\u00e1nkban els\u0151k\u00e9nt ismertettem. Peter Singer: Az \u00e1llatok felszabad\u00edt\u00e1sa c. k\u00f6nyve 2019-ben megjelent magyar ford\u00edt\u00e1s\u00e1hoz el\u0151sz\u00f3t \u00edrtam.<br \/>\r\n\u2022 Az emberen v\u00e9gzett kutat\u00e1s etikai k\u00e9rd\u00e9seinek a vizsg\u00e1lata<br \/>\r\n\u2022 Hozz\u00e1j\u00e1rul\u00e1s a betegjogok hazai megfogalmaz\u00e1s\u00e1hoz \u00e9s a betegjogok int\u00e9zm\u00e9nyes v\u00e9delme mechanizmusainak hazai kifejleszt\u00e9s\u00e9hez (betegjogi k\u00e9pvisel\u0151i rendszer, medi\u00e1ci\u00f3, etikai bizotts\u00e1gok, stb.)<br \/>\r\n\u2022 Az 1997. \u00e9vi CLIV t\u00f6rv\u00e9ny elfogad\u00e1sa el\u0151tt egy modellk\u00eds\u00e9rlet keret\u00e9ben hozz\u00e1j\u00e1rul\u00e1s a betegjogi k\u00e9pvisel\u0151i rendszer hazai m\u0171k\u00f6d\u0151k\u00e9pess\u00e9g\u00e9nek a bizony\u00edt\u00e1s\u00e1hoz<br \/>\r\n\u2022 A modern bioetika \u00e9s a tradicion\u00e1lis orvosi etika k\u00fcl\u00f6nbs\u00e9geinek elemz\u00e9se, hozz\u00e1j\u00e1rul\u00e1s a modern bioetikai megk\u00f6zel\u00edt\u00e9s hazai kifejleszt\u00e9s\u00e9hez<br \/>\r\n\u2022 Az orvosi etika elvekb\u0151l kiindul\u00f3 (principlista) \u00e9s kazuisztikus megk\u00f6zel\u00edt\u00e9s\u00e9nek \u00f6sszehasonl\u00edt\u00f3 vizsg\u00e1lata. A k\u00e9t m\u00f3dszer \u201em\u0171k\u00f6d\u00e9s\u00e9nek\u201d bemutat\u00e1sa, s a hazai gyakorlatban val\u00f3 elterjed\u00e9s\u00e9nek kezdem\u00e9nyez\u00e9se<br \/>\r\n\u2022 Hozz\u00e1j\u00e1rul\u00e1s a bioetika tudom\u00e1nya hazai megismertet\u00e9s\u00e9hez \u00e9s szeml\u00e9let\u00e9nek elfogadtat\u00e1s\u00e1hoz, kurrikulum\u00e1nak a hazai orvos- fogorvos- \u00e9s gy\u00f3gyszer\u00e9szk\u00e9pz\u00e9sben valamint az eg\u00e9szs\u00e9g\u00fcgyi menedzserk\u00e9pz\u00e9sben val\u00f3 elterjeszt\u00e9s\u00e9hez<br \/>\r\n\u2022 Hozz\u00e1j\u00e1rul\u00e1s az \u00e9rt\u00e9kek szerep\u00e9nek tiszt\u00e1z\u00e1s\u00e1hoz a pszichi\u00e1triai betegs\u00e9gfogalom meghat\u00e1roz\u00e1s\u00e1n\u00e1l<br \/>\r\n\u2022 Hozz\u00e1j\u00e1rul\u00e1s a pszichi\u00e1triai eg\u00e9szs\u00e9g- \u00e9s betegs\u00e9g fogalmak elm\u00e9leti ig\u00e9ny\u0171 meghat\u00e1roz\u00e1s\u00e1hoz \u00e9s egy normativista eg\u00e9szs\u00e9gdefin\u00edci\u00f3 kifejleszt\u00e9s\u00e9hez<br \/>\r\n\u2022 Az antipszichi\u00e1tria \u00e9s a ment\u00e1lis betegs\u00e9gek szoci\u00e1lis-konstrukcionista megk\u00f6zel\u00edt\u00e9s\u00e9nek kritikus elemz\u00e9se<br \/>\r\n\u2022 A medikaliz\u00e1ci\u00f3 fogalm\u00e1nak kritikus elemz\u00e9se a pszichi\u00e1tria ter\u00fclet\u00e9n<br \/>\r\n\u2022 Hozz\u00e1j\u00e1rul\u00e1s a bel\u00e1t\u00e1si k\u00e9pess\u00e9g fogalm\u00e1nak meghat\u00e1roz\u00e1s\u00e1hoz \u00e9s cs\u00fasz\u00f3 standardj\u00e1nak kialak\u00edt\u00e1s\u00e1hoz<br \/>\r\n\u2022 A pszichi\u00e1tri\u00e1ban haszn\u00e1lhat\u00f3 d\u00f6nt\u00e9st helyettes\u00edt\u0151 mechanizmusok \u00e1ttekint\u00e9se, s \u00e9rvel\u00e9s azok hazai meghonos\u00edt\u00e1s\u00e1hoz sz\u00fcks\u00e9ges mechanizmusok kidolgoz\u00e1sa mellett<br \/>\r\n\u2022 A nem-\u00f6nk\u00e9ntes pszichi\u00e1triai kezel\u00e9s felt\u00e9teleinek \u00e9s elveinek etikai elemz\u00e9se. Ezek \u00f6sszevet\u00e9se a hazai alkotm\u00e1nyos elvekkel, k\u00fcl\u00f6n\u00f6s tekintettel a v\u00e9lem\u00e9nyszabads\u00e1ghoz val\u00f3 jogra<br \/>\r\n\u2022 Hozz\u00e1j\u00e1rul\u00e1s a nem-\u00f6nk\u00e9ntes pszichi\u00e1triai kezel\u00e9s korl\u00e1tainak \u00e9s magyarorsz\u00e1gi felt\u00e9teleinek kidolgoz\u00e1s\u00e1hoz<br \/>\r\n\u2022 A pszichi\u00e1triai kutat\u00e1s etikai k\u00e9rd\u00e9seinek a vizsg\u00e1lata. Hozz\u00e1j\u00e1rul\u00e1s a placebokontrollos kutat\u00e1s elv\u00e9gezhet\u0151s\u00e9ge krit\u00e9riumainak hazai tiszt\u00e1z\u00e1s\u00e1hoz \u00e9s a szeg\u00e9nyebb orsz\u00e1gokban v\u00e9gzett kutat\u00e1s speci\u00e1lis szab\u00e1lyai kialak\u00edt\u00e1s\u00e1hoz<br \/>\r\n\u2022 Hozz\u00e1j\u00e1rul\u00e1s a pszichoter\u00e1pia \u00e1ltal\u00e1nos etikai k\u00e9rd\u00e9seinek az elemz\u00e9s\u00e9hez, \u00e9s az egy\u00e9ni-, a csoport- \u00e9s a csal\u00e1dter\u00e1pi\u00e1k speci\u00e1lis k\u00e9rd\u00e9seinek a vizsg\u00e1lat\u00e1hoz<br \/>\r\n\u2022 Egy modellk\u00eds\u00e9rlet keret\u00e9ben hozz\u00e1j\u00e1rul\u00e1s a pszichi\u00e1triai betegjogi k\u00e9pvisel\u0151i rendszer hazai m\u0171k\u00f6d\u0151k\u00e9pess\u00e9g\u00e9nek a bizony\u00edt\u00e1s\u00e1hoz, \u00e9s a pszichi\u00e1triai betegjogok hazai \u00e9rv\u00e9nyes\u00fcl\u00e9s\u00e9nek a felt\u00e9rk\u00e9pez\u00e9s\u00e9hez<br \/>\r\n\u2022 Az el\u0151vigy\u00e1zatoss\u00e1gi elv alkalmazhat\u00f3s\u00e1g\u00e1nak vizsg\u00e1lata a val\u00f3sz\u00edn\u0171s\u00edthet\u0151, de tudom\u00e1nyosan m\u00e9g nem bizony\u00edtott k\u00f6rnyezeti vesz\u00e9lyek elh\u00e1r\u00edt\u00e1s\u00e1n\u00e1l<br \/>\r\n\u2022 Az \u00e9letmin\u0151s\u00e9g fogalma bioetikai vonatkoz\u00e1sainak vizsg\u00e1lata<br \/>\r\n\u2022 A pszichi\u00e1triai betegs\u00e9gek stigmatiz\u00e1l\u00f3 hat\u00e1s\u00e1nak az elemz\u00e9se<br \/>\r\n\u2022 A filoz\u00f3fiai tan\u00e1csad\u00e1s, mint a pszichi\u00e1triai zavarok megel\u0151z\u00e9s\u00e9nek egyik lehets\u00e9ges m\u00f3dj\u00e1nak vizsg\u00e1lata<br \/>\r\n\u2022 A tipikus hazai orvosetikai dilemm\u00e1k felt\u00e9rk\u00e9pez\u00e9s\u00e9re \u00e9s elemz\u00e9s\u00e9re foly\u00f3irat-sorozat kezdem\u00e9nyez\u00e9se \u00e9s szervez\u00e9se (Lege Artis Medicinae, LAM) <br \/>\r\n\u2022 A m\u0171vi medd\u0151v\u00e9 t\u00e9tel etikai elveinek vizsg\u00e1lata<br \/>\r\n\u2022 A seg\u00edt\u0151 kapcsolat \u00e1ltal felvetett speci\u00e1lis etikai k\u00e9rd\u00e9sek elemz\u00e9se<br \/>\r\n\u2022 Az eg\u00e9szs\u00e9gbiztos\u00edt\u00e1s etikai dilemm\u00e1inak vizsg\u00e1lata<br \/>\r\n\u2022 A vastagb\u00e9l- \u00e9s v\u00e9gb\u00e9lr\u00e1k sz\u0171r\u00e9se kapcs\u00e1n felmer\u00fcl\u0151 alternat\u00edv lehet\u0151s\u00e9gek k\u00f6z\u00f6tti v\u00e1laszt\u00e1s etikai elemz\u00e9se <br \/>\r\n\u2022 A klinikai pszichol\u00f3gia etikai k\u00e9rd\u00e9seinek vizsg\u00e1latra<br \/>\r\n\u2022 A Test-Identit\u00e1s-Integrit\u00e1s Zavar (r\u00e9gebbi nev\u00e9n apotemnofilia) kezel\u00e9se etikai k\u00e9rd\u00e9seinek elemz\u00e9se<br \/>\r\n\u2022 A bioetikai szak\u00e9rtelem lehet\u0151s\u00e9g\u00e9nek \u00e9s \u00e1talakul\u00e1s\u00e1nak vizsg\u00e1lata a modern, pluralista t\u00e1rsadalom viszonyai k\u00f6z\u00f6tt <br \/>\r\n\u2022 Az impakt faktor, cit\u00e1ci\u00f3s index mint tudom\u00e1nyos teljes\u00edtm\u00e9ny-\u00e9rt\u00e9kel\u00e9si eszk\u00f6z jelenlegi haszn\u00e1lat\u00e1nak etikai probl\u00e9m\u00e1i<br \/>\r\n\u2022 Betegbiztons\u00e1g: az eg\u00e9szs\u00e9g\u00fcgyben el\u0151fordul\u00f3 hib\u00e1k, t\u00e9ved\u00e9sek kezel\u00e9se etikai k\u00e9rd\u00e9seinek elemz\u00e9se<br \/>\r\n\u2022 A belgy\u00f3gy\u00e1szatban el\u0151fordul\u00f3 fontosabb etikai probl\u00e9m\u00e1k elemz\u00e9se<br \/>\r\n\u2022 A tudom\u00e1ny \u00e9s a technol\u00f3gia etikai k\u00e9rd\u00e9seinek elemz\u00e9se<br \/>\r\n\u2022 A k\u00f6rnyezetetika k\u00e9rd\u00e9seinek kritikus elemz\u00e9se<br \/>\r\n\u2022 A t\u00e1j\u00e9kozott beleegyez\u00e9s probl\u00e9m\u00e1inak vizsg\u00e1lata a seb\u00e9szetben <br \/>\r\n\u2022 \u00c9rvel\u00e9s amellett, hogy a \u201etiszteletbeli szerz\u0151s\u00e9g\u201d (aj\u00e1nd\u00e9kszerz\u0151s\u00e9g) a Bourdieau-i \u00e9rtelemben vett szimbolikus er\u0151szak egyik form\u00e1ja. E cikkem\u00e9rt a Semmelweis Egyetem Publik\u00e1ci\u00f3s D\u00edj\u00e1ban r\u00e9szes\u00fcltem 2020-ban. <br \/>\r\n\u2022 Az \u00e1ltudom\u00e1nyok etikai vonatkoz\u00e1sainak vizsg\u00e1lata <br \/>\r\n\u2022 Az elektrokonvulz\u00edv kezel\u00e9s pszichi\u00e1triai alkalmaz\u00e1s\u00e1nak etikai elemz\u00e9se<br \/>\r\n\u2022 A Big Data-val kapcsolatos etikai k\u00e9rd\u00e9sek elemz\u00e9se<br \/>\r\n\u2022 A Mesters\u00e9ges Intelligencia etikai k\u00e9rd\u00e9seinek elemz\u00e9se<br \/>\r\n\u2022 A COVID ell\u00e1t\u00e1s kapcs\u00e1n felmer\u00fcl\u0151 allok\u00e1ci\u00f3s k\u00e9rd\u00e9sek elemz\u00e9se<br \/>\r\n\u2022 A DCD don\u00e1ci\u00f3 hazai bevezethet\u0151s\u00e9g\u00e9vel kapcsolatos etikai probl\u00e9m\u00e1k elemz\u00e9se<br \/>\r\n<br \/>\r\n<br \/>\r\n<br \/>\r\n<br \/>\r\n<br \/>\r\nBudapest, 2025. 11.21.<br \/>\r\n<br \/>\r\ndr. Kov\u00e1cs J\u00f3zsef<br \/>\r\nProfessor Emeritus<br \/>\r\n<br \/>\r\n<\/p>","protected":false},"excerpt":{"rendered":"<p>Dr. Kov\u00e1cs J\u00f3zsef Jelenlegi munkahely, beoszt\u00e1s: Semmelweis Egyetem, \u00c1ltal\u00e1nos Orvostudom\u00e1nyi Kar, Magatart\u00e1studom\u00e1nyi Int\u00e9zet, Bioetika R\u00e9szleg. R\u00e9szlegvezet\u0151, Professor Emeritus. Klinikai f\u0151orvos. A Magatart\u00e1studom\u00e1nyi Int\u00e9zet \u00e1ltal\u00e1nos igazgat\u00f3helyettese. C\u00edm: 1089. Budapest, Nagyv\u00e1rad t\u00e9r 4. Postac\u00edm: 1428. Budapest Pf. &hellip;<\/p>\n","protected":false},"author":130,"featured_media":0,"parent":0,"menu_order":0,"comment_status":"closed","ping_status":"closed","template":"","meta":{"footnotes":""},"class_list":["post-49","page","type-page","status-publish","hentry"],"_links":{"self":[{"href":"https:\/\/scholar.semmelweis.hu\/kovacsjozsef\/wp-json\/wp\/v2\/pages\/49"}],"collection":[{"href":"https:\/\/scholar.semmelweis.hu\/kovacsjozsef\/wp-json\/wp\/v2\/pages"}],"about":[{"href":"https:\/\/scholar.semmelweis.hu\/kovacsjozsef\/wp-json\/wp\/v2\/types\/page"}],"author":[{"embeddable":true,"href":"https:\/\/scholar.semmelweis.hu\/kovacsjozsef\/wp-json\/wp\/v2\/users\/130"}],"replies":[{"embeddable":true,"href":"https:\/\/scholar.semmelweis.hu\/kovacsjozsef\/wp-json\/wp\/v2\/comments?post=49"}],"version-history":[{"count":5,"href":"https:\/\/scholar.semmelweis.hu\/kovacsjozsef\/wp-json\/wp\/v2\/pages\/49\/revisions"}],"predecessor-version":[{"id":161,"href":"https:\/\/scholar.semmelweis.hu\/kovacsjozsef\/wp-json\/wp\/v2\/pages\/49\/revisions\/161"}],"wp:attachment":[{"href":"https:\/\/scholar.semmelweis.hu\/kovacsjozsef\/wp-json\/wp\/v2\/media?parent=49"}],"curies":[{"name":"wp","href":"https:\/\/api.w.org\/{rel}","templated":true}]}}