{"id":19,"date":"2025-11-27T15:40:36","date_gmt":"2025-11-27T14:40:36","guid":{"rendered":"https:\/\/scholar.semmelweis.hu\/kovacsjozsef\/?page_id=19"},"modified":"2025-11-27T15:46:10","modified_gmt":"2025-11-27T14:46:10","slug":"publikacios-lista","status":"publish","type":"page","link":"https:\/\/scholar.semmelweis.hu\/kovacsjozsef\/hu\/publikacios-lista\/","title":{"rendered":"Publik\u00e1ci\u00f3s lista"},"content":{"rendered":"<p>Publik\u00e1ci\u00f3s lista.<br \/>\n(dr. Kov\u00e1cs J\u00f3zsef)<\/p>\n<p>MTMT publik\u00e1ci\u00f3s lista: https:\/\/m2.mtmt.hu\/gui2\/?type=authors&amp;mode=browse&amp;sel=10012238<br \/>\nTudom\u00e1nyos k\u00f6nyvek<\/p>\n<p>1. Dr. Kov\u00e1cs J\u00f3zsef: A modern orvosi etika alapjai. Bevezet\u00e9s a bioetik\u00e1ba. Budapest, 1997. Medicina k\u00f6nyvkiad\u00f3. (p. 629) (Szakk\u00f6nyv \u00e9s t\u00f6bb egyetemen haszn\u00e1lt tank\u00f6nyv)<\/p>\n<p>2. Dr. Kov\u00e1cs J\u00f3zsef: A modern orvosi etika alapjai. Bevezet\u00e9s a bioetik\u00e1ba. 2. \u00e1tdolgozott kiad\u00e1s. Budapest, 1999, 2006, E-k\u00f6nyv: 2019. Medicina k\u00f6nyvkiad\u00f3. (p. 641) (Szakk\u00f6nyv \u00e9s t\u00f6bb egyetemen haszn\u00e1lt tank\u00f6nyv)<\/p>\n<p>3. Dr. Kov\u00e1cs J\u00f3zsef: Bioetikai k\u00e9rd\u00e9sek a pszichi\u00e1tri\u00e1ban \u00e9s a pszichoter\u00e1pi\u00e1ban. <br \/>\nBudapest, 2007. Medicina k\u00f6nyvkiad\u00f3 (p. 677) (Szakk\u00f6nyv)<br \/>\nTeljes terjedelemben ingyenesen el\u00e9rhet\u0151 a k\u00f6vetkez\u0151 internet-c\u00edmen: <br \/>\nhttp:\/\/real-d.mtak.hu\/347\/<\/p>\n<p>4. Dr. Kov\u00e1cs J\u00f3zsef (2017) (szerk.): A biotechnol\u00f3gia etikai k\u00e9rd\u00e9sei. (E-book, Semmelweis Kiad\u00f3, www.semmelweiskiado.hu) (p. 287)<\/p>\n<p>5. Dr. Kov\u00e1cs J\u00f3zsef (2025): A modern orvosi etika alapjai. Bevezet\u00e9s a bioetik\u00e1ba. 3. \u00e1tdolgozott kiad\u00e1s. R\u00f6vid\u00edtett, tank\u00f6nyvi v\u00e1ltozat. Budapest: Medicina k\u00f6nyvkiad\u00f3. (p. 460.) (ISBN 978-963-226-927-6)<\/p>\n<p>6. Dr. Kov\u00e1cs J\u00f3zsef (2025): A modern orvosi etika alapjai. Bevezet\u00e9s a bioetik\u00e1ba. 3. \u00e1tdolgozott, b\u0151v\u00edtett, szakk\u00f6nyvi kiad\u00e1s. E-k\u00f6nyv. Budapest: Medicina k\u00f6nyvkiad\u00f3. (p. 1163.)<br \/>\n(ISBN 978-963-226-930-6) https:\/\/www.medicina-kiado.hu\/kiadvanyaink\/szak-es-tankonyvek\/&#8230;.e-book\/ <\/p>\n<p>7. Dr. Kov\u00e1cs J\u00f3zsef (2025): A modern orvosi etika alapjai. Bevezet\u00e9s a bioetik\u00e1ba. 3. \u00e1tdolgozott, b\u0151v\u00edtett, szakk\u00f6nyvi kiad\u00e1s. Nyomtatott v\u00e1ltozat. Budapest: Medicina k\u00f6nyvkiad\u00f3. (p. 1163.) (ISBN 978-963-226-983-2)<\/p>\n<p>\nK\u00f6nyvfejezetek<\/p>\n<p>1. Dr. Kov\u00e1cs J\u00f3zsef: Az orvosi paternalizmus. In: Szab\u00f3 A. Ferenc (szerk.) (1984): Tudom\u00e1nyos K\u00f6zlem\u00e9nyek 14. sz\u00e1m. (p. 3-288) Budapest: SOTE (pp.163-172)<\/p>\n<p>2. Dr. Kov\u00e1cs J\u00f3zsef: Eg\u00e9szs\u00e9g\u00fcgyi rendszerek erk\u00f6lcsi szempontb\u00f3l. In: Stuber Ervinn\u00e9 (szerk.) (1985): T\u00e1rsadalom-Tudom\u00e1ny-Eg\u00e9szs\u00e9g\u00fcgy 1. sz\u00e1m. Az orvostudom\u00e1nyi egyetemek \u00e9s az OTKI Eg\u00e9szs\u00e9g\u00fcgyi F\u0151iskolai Kar tudom\u00e1nyos k\u00f6zlem\u00e9nyei. (p. 3-456) Budapest: SOTE (pp.173-179)<\/p>\n<p>\n3. Dr. Kov\u00e1cs J\u00f3zsef: Az eg\u00e9szs\u00e9g \u00e9s a betegs\u00e9g fogalma. In: Stuber Ervinn\u00e9 (szerk.) (1987): T\u00e1rsadalom&#8211;Tudom\u00e1ny&#8211;Eg\u00e9szs\u00e9g\u00fcgy. 3. sz\u00e1m. Az orvostudom\u00e1nyi egyetemek \u00e9s az Orvostov\u00e1bbk\u00e9pz\u0151 Egyetem Eg\u00e9szs\u00e9g\u00fcgyi F\u0151iskolai Kar tudom\u00e1nyos k\u00f6zlem\u00e9nyei. (p. 3-424) Budapest: SOTE (pp. 315-322)<\/p>\n<p>4. Dr. Kov\u00e1cs J\u00f3zsef: Az eg\u00e9szs\u00e9g fogalma. Eg\u00e9szs\u00e9g-betegs\u00e9g. (Fejezet a dr. Neszner J\u00e1nos (szerk.): A n\u00e9peg\u00e9szs\u00e9gtan alapjai . Orvostov\u00e1bbk\u00e9pz\u0151 Egyetem, Budapest, 1992. c. jegyzetben.) (pp. 9-17)<\/p>\n<p>5. Dr. Kov\u00e1cs J\u00f3zsef: A m\u0171vi abortusz a bioetika szemsz\u00f6g\u00e9b\u0151l. In: Abortusz \u00e9s&#8230; (szerk): S\u00e1ndor Judit. Literatura Medica Kft. Budapest, 1992. (39-111)<\/p>\n<p>6. Dr. Kov\u00e1cs J\u00f3zsef: A rossz progn\u00f3zis\u00fa betegs\u00e9gekr\u0151l val\u00f3 t\u00e1j\u00e9koztat\u00e1s probl\u00e9m\u00e1ja. In: Heged\u0171s Katalin (szerk.) (1993): Orvosetikai dilemm\u00e1k. I.-II. (Kerekasztalbesz\u00e9lget\u00e9sek a Kossuth Klubban.) (El\u0151ad\u00e1s \u00edr\u00e1sos v\u00e1ltozata) Budapest: Condorcet k\u00f6r. (pp. 11-21)<\/p>\n<p>7. Dr. Kov\u00e1cs J\u00f3zsef: A t\u00e1j\u00e9kozott beleegyez\u00e9s elve. In: Heged\u0171s Katalin (szerk.) (1993) Orvosetikai dilemm\u00e1k. I.-II. (Kerekasztalbesz\u00e9lget\u00e9sek a Kossuth Klubban.) Budapest: Condorcet k\u00f6r. (pp. 33-39) (El\u0151ad\u00e1s \u00edr\u00e1sos v\u00e1ltozata)<\/p>\n<p>8. Dr. Kov\u00e1cs J\u00f3zsef: A gy\u00f3gy\u00edthatatlan beteg felvil\u00e1gos\u00edt\u00e1s\u00e1nak etikai probl\u00e9m\u00e1i. In: Heged\u0171s Katalin (szerk.) (1994): Hal\u00e1lk\u00f6zelben. A haldokl\u00f3 \u00e9s a hal\u00e1l m\u00e9lt\u00f3s\u00e1g\u00e1\u00e9rt. Budapest: Magyar Hospice Alap\u00edtv\u00e1ny. (pp. 69-86) (K\u00f6nyvr\u00e9szlet, el\u0151ad\u00e1s \u00edr\u00e1sos v\u00e1ltozata.)<br \/>\nISBN: 963-04-4321-X<\/p>\n<p>9. Jozsef Kovacs: The Idea of Brain-birth in Connection with the Moral Status of the Embryo and the Fetus. In: Donald Evans (ed.) (1996): Conceiving the Embryo. Ethics, Law and Practice in Human Embryology. The Hague-London-Boston: Martinus Nijhoff Publishers. (pp. 221-245.)<\/p>\n<p>10. Dr. Kov\u00e1cs J\u00f3zsef: A g\u00e9nek \u00e9s a t\u00e1rsadalom lott\u00f3ja. In: Ferenczi Andrea (szerk.) (1999): Genetika&#8211;G\u00e9netika. (Besz\u00e9lget\u00e9sek.) (Interj\u00fa \u00edr\u00e1sos v\u00e1ltozata) Budapest: Harmat kiad\u00f3. (pp. 113-120.)<\/p>\n<p>11. Dr. Kov\u00e1cs J\u00f3zsef: Orvosi etika\u2014bioetika. In: S\u00f3tonyi P\u00e9ter (szerk.) (2000): Jogi, etikai ismeretek. Semmelweis Egyetem, K\u00e9pz\u00e9skutat\u00f3, Oktat\u00e1si \u00e9s Dokument\u00e1ci\u00f3s K\u00f6zpont. (pp. 68-83) <\/p>\n<p>12. Dr. Kov\u00e1cs J\u00f3zsef: Genes: Society\u2019s Lottery. In: Andrea Ferenczi (ed.) (2001): Genetics\u2014Gene-Ethics. (Interviews with Hungarian Scientists.) Handsel\u2014Harmat\u2014Edingburgh-Budapest. (pp. 127-134)<\/p>\n<p>13. Dr. Kov\u00e1cs J\u00f3zsef: Bioetika, orvosi etika. In: Buda B\u00e9la\u2014Kopp M\u00e1ria\u2014Nagy Emese (szerk.) (2001): Magatart\u00e1studom\u00e1nyok. Budapest: Medicina k\u00f6nyvkiad\u00f3. (pp. 293\u2014311)<\/p>\n<p>14. Dr. Kov\u00e1cs J\u00f3zsef: Orvosi etika\u2014bioetika. In: Rezidensk\u00e9pz\u00e9s (2005): Jogi, etikai ismeretek. Semmelweis Kiad\u00f3. (pp. 121-131)<\/p>\n<p>15. Dr. Kov\u00e1cs J\u00f3zsef: Bioetika, orvosi etika. In: Fekete L\u00e1szl\u00f3 (2004) (szerk.): Kort\u00e1rs Etika. Budapest: Nemzeti Tank\u00f6nyvkiad\u00f3. (pp. 186-213.)<\/p>\n<p>16. Dr. Kov\u00e1cs J\u00f3zsef\u2014dr. R\u00e9thelyi J\u00e1nos (2004): A fogyat\u00e9koss\u00e1g jelens\u00e9ge a bioetik\u00e1ban. In: Z\u00e1szkaliczky P\u00e9ter\u2014Verdes Tam\u00e1s (szerk.) (2004): T\u00e1gabb \u00e9rtelemben vett gy\u00f3gypedag\u00f3gia. A fogyat\u00e9koss\u00e1g jelens\u00e9ge a gy\u00f3gypedag\u00f3gia hat\u00e1rtudom\u00e1nyaiban. Budapest: ELTE\u2014B\u00e1rczi Guszt\u00e1v Gy\u00f3gypedag\u00f3giai F\u0151iskolai Kar\u2014K\u00f6lcsey Ferenc Protest\u00e1ns Szakkoll\u00e9gium. (pp. 475-502.)<\/p>\n<p>17. Dr. Kov\u00e1cs J\u00f3zsef: A bioetika kih\u00edv\u00e1sai az \u00faj \u00e9vezredben. In: R\u00f3nai Zolt\u00e1n (szerk.) (2004: Kih\u00edv\u00e1sok \u00e9s lehet\u0151s\u00e9gek . A VIII. P\u00e9csi Tavaszi Asztma \u00e9s Allergia Nap el\u0151ad\u00e1sai alapj\u00e1n k\u00e9sz\u00fclt \u00f6ssze\u00e1ll\u00edt\u00e1s. Amega. (pp. 90-100) ( Foly\u00f3iratcikk)<\/p>\n<p>18. Dr. Kov\u00e1cs J\u00f3zsef: \u00c9letmin\u0151s\u00e9g a bioetika n\u00e9z\u0151pontj\u00e1b\u00f3l: elm\u00e9leti probl\u00e9m\u00e1k. In: Kopp M\u00e1ria\u2014Kov\u00e1cs M\u00f3nika Erika (szerk.) (2006): A magyar n\u00e9pess\u00e9g \u00e9letmin\u0151s\u00e9ge az ezredfordul\u00f3n. Budapest: Semmelweis Kiad\u00f3. (pp. 20-23)<\/p>\n<p>19. Dr. Kov\u00e1cs J\u00f3zsef: A pszichi\u00e1triai zavarok stigmatiz\u00e1l\u00f3 hat\u00e1sa \u00e9s az \u00e9letmin\u0151s\u00e9g. In: Kopp M\u00e1ria\u2014Kov\u00e1cs M\u00f3nika Erika (szerk.) (2006): A magyar n\u00e9pess\u00e9g \u00e9letmin\u0151s\u00e9ge az ezredfordul\u00f3n. Budapest: Semmelweis Kiad\u00f3. (pp. 430-443)<\/p>\n<p>20. Dr. Kov\u00e1cs J\u00f3zsef: A m\u0171vi medd\u0151v\u00e9t\u00e9tel bioetikai meg\u00edt\u00e9l\u00e9se. In: Arczt Ilona\u2014Antal\u00f3czy P\u00e9ter (szerk.) (2006): Az Orsz\u00e1ggy\u0171l\u00e9s Emberi jogi, kisebbs\u00e9gi, civil- \u00e9s vall\u00e1s\u00fcgyi bizotts\u00e1g\u00e1nak \u201eEszmecsere a m\u0171vi medd\u0151v\u00e9t\u00e9telr\u0151l\u201d c\u00edmmel megtartott szakmai tan\u00e1cskoz\u00e1sa 2006. j\u00falius 20. (pp. 26-30) (El\u0151ad\u00e1s \u00edr\u00e1sos v\u00e1ltozata) <\/p>\n<p>21. Dr. Kov\u00e1cs J\u00f3zsef: Pszichi\u00e1triai betegs\u00e9gek t\u00e1rsadalmi meg\u00edt\u00e9l\u00e9se: stigmatiz\u00e1ci\u00f3 bioetikai szempontb\u00f3l. In: G\u00e1thy Vera (szerk.) (2007): A k\u00f6rnyezet, a test \u00e9s a l\u00e9lek eg\u00e9szs\u00e9ge. Budapest: N\u00e1dasdy Alap\u00edtv\u00e1ny (p. 34-40)<br \/>\n(El\u0151ad\u00e1s \u00edr\u00e1sos v\u00e1ltozata)<\/p>\n<p>22. Dr. Kov\u00e1cs J\u00f3zsef (2008): A filoz\u00f3fiai tan\u00e1csad\u00e1s. In: Kopp M\u00e1ria (szerk.) (2008): Magyar lelki\u00e1llapot 2008. (Es\u00e9lyer\u0151s\u00edt\u00e9s \u00e9s \u00e9letmin\u0151s\u00e9g a mai magyar t\u00e1rsadalomban.) Budapest: Semmelweis Kiad\u00f3. (p. 88-104.) <\/p>\n<p>23. Dr. Kov\u00e1cs J\u00f3zsef (2009): Az emberen v\u00e9gzett kutat\u00e1s jogi-etikai k\u00e9rd\u00e9sei. In: Kov\u00e1csy Zsombor (2009) (szerk.): Az eg\u00e9szs\u00e9g\u00fcgyi jog nagy k\u00e9zik\u00f6nyve. Budapest: Komplex kiad\u00f3. (p. 515-652)<\/p>\n<p>24. Dr. Kov\u00e1cs J\u00f3zsef (2012): Az emberen v\u00e9gzett kutat\u00e1s etikai k\u00e9rd\u00e9sei. In: T\u00f6r\u0151 Kl\u00e1ra\u2014S\u00f3tonyi P\u00e9ter (szerk.) (2012): Az orvostudom\u00e1nyi kutat\u00e1sok etikai vonatkoz\u00e1sai.: BME oktat\u00e1si jegyzet az Eg\u00e9szs\u00e9g\u00fcgyi m\u00e9rn\u00f6k mesterk\u00e9pz\u00e9s hallgat\u00f3i sz\u00e1m\u00e1ra. Budapest: BME Printer Kft. (3-192) (p. 105-138) (egyetemi jegyzet)<br \/>\nISBN: 978-963-313-044-5; Azonos\u00edt\u00f3: VIEVM-300<\/p>\n<p>25. Dr. Kov\u00e1cs J\u00f3zsef (2012): A pszichoter\u00e1pia etikai \u00e9s jogi k\u00e9rd\u00e9sei. In: Unoka Zsolt\u2014Purebl Gy\u00f6rgy\u2014T\u00fary Ferenc\u2014Bitter Istv\u00e1n (szerk.) (2012): A pszichoter\u00e1pia alapjai. Budapest: Semmelweis Kiad\u00f3. (1-288) (p. 266-273) <br \/>\nISBN: 978-963-331-230-8<\/p>\n<p>26. Dr. Kov\u00e1cs J\u00f3zsef (2012): Az etika, a tudom\u00e1ny \u00e9s a technol\u00f3gia kapcsolata. In: L\u00e1z\u00e1r Imre\u2014Pik\u00f3 Bettina (2012) (szerk.): Orvosi antropol\u00f3gia .Budapest: Medicina k\u00f6nyvkiad\u00f3 (p. 582) (p. 536-547) (ISBN: 978 963 226 406 6)<\/p>\n<p>27. Dr. Kov\u00e1cs J\u00f3zsef (2012): A betegjogok helyzete a bioetika szemsz\u00f6g\u00e9b\u0151l. In: Borza Be\u00e1ta (szerk.) (2012): \u201eBeteg vagy eg\u00e9szs\u00e9g\u00fcgy\u201d. A betegjogok helyzete egy \u00e1talakul\u00f3 rendszerben, avagy kinek fontos a beteg? Az alapvet\u0151 jogok biztos\u00e1nak konferenciakiadv\u00e1nya. Budapest: Alapvet\u0151 Jogok Biztos\u00e1nak Hivatala (p. 202) (p. 69-94)<\/p>\n<p>28. Dr. Kov\u00e1cs J\u00f3zsef (2013) : A szem\u00e9ly fogalm\u00e1nak szerepe a bioetik\u00e1ban. In: K\u00f6m\u0171ves S\u00e1ndor\u2014R\u00f3zsa Erzs\u00e9bet (szerk.) (2013): A szem\u00e9ly bioetikai kontextusa. Meditor Bioetikai Sorozat 4. k\u00f6tet (p. 5-310) Debrecen: Debreceni Egyetemi Kiad\u00f3 (p. 75-98)<\/p>\n<p>29. Dr. Kov\u00e1cs J\u00f3zsef (2016): Etikai k\u00e9rd\u00e9sek a belgy\u00f3gy\u00e1szatban. In: Tulassay Zsolt (szerk.) (2016): A belgy\u00f3gy\u00e1szat alapjai. (\u00d6t\u00f6dik, \u00e1tdolgozott kiad\u00e1s) (p. 7-2274.) Budapest: Medicina k\u00f6nyvkiad\u00f3 Zrt. (p. 107-112.) <\/p>\n<p>30. Dr. Kov\u00e1cs J\u00f3zsef (2017): A tudom\u00e1ny, a technol\u00f3gia \u00e9s az etika. In: Dr. Kov\u00e1cs J\u00f3zsef (2017) (szerk.): A biotechnol\u00f3gia etikai k\u00e9rd\u00e9sei. (E-book, Semmelweis Kiad\u00f3, www.semmelweiskiado.hu) (p. 287) (p. 19-69)<\/p>\n<p>31. Dr. Kov\u00e1cs J\u00f3zsef (2017): K\u00f6rnyezetetika. In: Dr. Kov\u00e1cs J\u00f3zsef (2017) (szerk.): A biotechnol\u00f3gia etikai k\u00e9rd\u00e9sei. (E-book, Semmelweis Kiad\u00f3, www.semmelweiskiado.hu) (p. 287) (p. 71-118)<\/p>\n<p>32. Dr. Kov\u00e1cs J\u00f3zsef (2017): Az emberen v\u00e9gzett kutat\u00e1s etikai k\u00e9rd\u00e9sei. In: Dr. Kov\u00e1cs J\u00f3zsef (2017) (szerk.): A biotechnol\u00f3gia etikai k\u00e9rd\u00e9sei. (E-book, Semmelweis Kiad\u00f3, www.semmelweiskiado.hu) (p. 287) (p. 245-287.)<\/p>\n<p>33. J\u00f3zsef Kov\u00e1cs (2018): Ethical and legal issues in psychotherapy. In: Zsolt Unoka\u2014Gy\u00f6rgy Purebl\u2014Ferenc T\u00fary\u2014Istv\u00e1n Bitter (eds.) (2018): The basics of Psychotherapy. Budapest: Semmelweis Publishers (1-279) (p. 264-271)<br \/>\nISBN: 978-963-331-450-0<br \/>\n(English translation of Dr. Kov\u00e1cs J\u00f3zsef (2012): A pszichoter\u00e1pia etikai \u00e9s jogi k\u00e9rd\u00e9sei. In: Unoka Zsolt\u2014Purebl Gy\u00f6rgy\u2014T\u00fary Ferenc\u2014Bitter Istv\u00e1n (szerk.) (2012): A pszichoter\u00e1pia alapjai. Budapest: Semmelweis Kiad\u00f3. (1-288) (p. 266-273) <br \/>\nISBN: 978-963-331-230-8)<\/p>\n<p>Tudom\u00e1nyos cikkek<\/p>\n<p>1. Dr. Kov\u00e1cs J\u00f3zsef: A randomiz\u00e1lt kontrollcsoportos klinikai k\u00eds\u00e9rletek etikai k\u00e9rd\u00e9sei. Orvosi Hetilap, 1989. 18. sz\u00e1m. (1989. \u00e1prilis 30) (pp. 923-927)<\/p>\n<p>2. Jozsef Kovacs: Concepts of Health and Disease. The Journal of Medicine and Philosophy 1989. Vol. 14. No. 3. June 1989. (pp. 261-267) <\/p>\n<p>3. Jozsef Kovacs: Bribery and Medical Ethics in Hungary. Bulletin of Medical Ethics. 1991. No. 66. March, 1991. (pp. 13-18)<\/p>\n<p>4. Dr. Kov\u00e1cs J\u00f3zsef: Utijelent\u00e9s az Angliai \u00e9s az USA-beli bioetik\u00e1r\u00f3l. Lege Artis Medicinae. 1991. 1. \u00e9vf. 7. sz\u00e1m. (1991. \u00e1prilis 6.) (p. 458-461)<\/p>\n<p>5. Jozsef Kovacs: Terminating treatment in Hungary. Bulletin of Medical Ethics. 1991 October, No. 72. (pp. 13-19)<\/p>\n<p>6. Dr. Kov\u00e1cs J\u00f3zsef: Az egy\u00e9ni \u00e9s a t\u00e1rsadalmi eg\u00e9szs\u00e9g fogalm\u00e1r\u00f3l. I. r\u00e9sz. Lege Artis Medicinae . 1992. 2. \u00e9fv. 1. sz\u00e1m. (1992. janu\u00e1r 29.) (pp. 80-85)<\/p>\n<p>7. Dr. Kov\u00e1cs J\u00f3zsef: Az egy\u00e9ni \u00e9s a t\u00e1rsadalmi eg\u00e9szs\u00e9g fogalm\u00e1r\u00f3l. II. r\u00e9sz. Lege Artis Medicinae. 1992. 2. \u00e9vf. 3. sz\u00e1m. (1992. m\u00e1rcius 31.) (pp. 286-289)<\/p>\n<p>8. Dr. Kov\u00e1cs J\u00f3zsef: \u00c9rvek \u00e9s ellen\u00e9rvek az abortuszvit\u00e1ban. Vil\u00e1goss\u00e1g. 1992. XXXIII. \u00e9vfolyam, (1992. m\u00e1jus.) (pp. 393-400)<\/p>\n<p>9. Jozsef Kovacs: The Significance of Art in the Life of a Physician. The Journal of Medical Humanities. 1993. Vol. 14. No. 3. (pp. 113-122) ISSN: 1041-3545<\/p>\n<p>10. Dr. Kov\u00e1cs J\u00f3zsef: Az orvosi beavatkoz\u00e1sokba val\u00f3 t\u00e1j\u00e9kozott beleegyez\u00e9s elve a modern orvosi etik\u00e1ban. I. r\u00e9sz. Lege Artis Medicinae, 1993. jun. 30. 3. \u00e9vf. 6. sz\u00e1m. (pp. 590-597)<\/p>\n<p>11. Dr. Kov\u00e1cs J\u00f3zsef: Az orvosi beavatkoz\u00e1sokba val\u00f3 t\u00e9j\u00e9kozott beleegyez\u00e9s elve a modern orvosi etik\u00e1ban. II. r\u00e9sz. Lege Artis Medicinae, 1993. jul. 28. 3 \u00e9vf. 7. sz\u00e1m. (pp. 688-696)<\/p>\n<p>12. Dr. Kov\u00e1cs J\u00f3zsef: A m\u0171v\u00e9szetek jelent\u0151s\u00e9ge az orvos \u00e9let\u00e9ben. Az orvosi szem\u00e9lyis\u00e9g karbantart\u00e1sa mint mor\u00e1lis k\u00f6teless\u00e9g? Lege Artis Medicinae 3. \u00e9vf. 12. sz\u00e1m. 1993. december 29. (pp. 1194-1202)<\/p>\n<p>13. Jozsef Kovacs: Medical Ethics activities in Hungary. Bulletin of the ESPMH (European Philosophy of Medicine and Health Care.) 1994. Vol. 2:1 (pp. 11-16) (ISSN:0928-7493)<\/p>\n<p>14. Dr. Kov\u00e1cs J\u00f3zsef: Eutan\u00e1zia \u00e9s bioetika. Vil\u00e1goss\u00e1g, XXXVI. \u00e9vf. 1995. j\u00falius. (pp. 28-4O.)<\/p>\n<p>15. Jozsef Kovacs: Bioethics at the Semmelweis University of Medicine. Bulletin of the ESPMH (European Philosophy of Medicine and Health Care.) 1996. Vol. 4:1. (pp. 43-51)<\/p>\n<p>16. Dr. Kov\u00e1cs J\u00f3zsef: Az eutan\u00e1zia etikai dilemm\u00e1i. Magyar Tudom\u00e1ny. 1996. 7. sz\u00e1m. (p. 791-809)<\/p>\n<p>17. Dr. Kov\u00e1cs J\u00f3zsef: A sorol\u00e1s etikai elvei \u00e9s gyakorlata a mai eg\u00e9szs\u00e9g\u00fcgyi rendszerekben. Medicus Universalis. 1996. XXIX\/7-8. (p. 259-264)<\/p>\n<p>18. Dr. Kov\u00e1cs J\u00f3zsef: Emberi jogok az eg\u00e9szs\u00e9g\u00fcgyi t\u00f6rv\u00e9ny tervezet\u00e9ben. Megjegyz\u00e9sek a bioetika n\u00e9z\u0151pontj\u00e1b\u00f3l. Fundamentum. 1997\/1.sz\u00e1m. (1997. j\u00fanius) (pp. 101-112)<\/p>\n<p>19. Dr. Kov\u00e1cs J\u00f3zsef: Az eutan\u00e1zia \u00e9s az \u00e9letfenntart\u00f3 kezel\u00e9sek megsz\u00fcntet\u00e9s\u00e9nek etikai k\u00e9rd\u00e9sei. K\u00f3rh\u00e1z, 1997. IV. \u00e9vf. 5. sz\u00e1m. (p. 9-12<\/p>\n<p>20. Dr. Kov\u00e1cs J\u00f3zsef: A daganatos betegek t\u00e1j\u00e9koztat\u00e1s\u00e1val kapcsolatos etikai k\u00e9rd\u00e9sek. Lege Artis Medicinae, 7. \u00e9vf. 5. sz\u00e1m. (1997. m\u00e1jus) (pp. 360-363)<\/p>\n<p>21. Jozsef Kovacs: The Concept of Health and Disease. In: Medicine, Health Care and Philosophy. 1:31-39, 1998. (Vol 1. No. 1.)<\/p>\n<p>22. Dr. Kov\u00e1cs J\u00f3zsef: A cselekv\u0151k\u00e9pess\u00e9g meg\u00e1llap\u00edt\u00e1s\u00e1nak bioetikai elvei. Fundamentum, 2000\/2 (pp. 91-96)<\/p>\n<p>23. Dr. Kov\u00e1cs J\u00f3zsef: D\u00f6nt\u00e9st helyettes\u00edt\u0151 mechanizmusok a pszichi\u00e1tri\u00e1ban. Magyar Bioetikai Szemle. 2002\/4 (pp. 10 &#8211;18)<\/p>\n<p>24. Dr. Kov\u00e1cs J\u00f3zsef: D\u00f6nt\u00e9shozatal v\u00e1rand\u00f3s n\u0151k r\u00e1kbetegs\u00e9ge eset\u00e9n. (C. Schafer\u2014P. Stadler\u2014B. Dietl azonos c\u00edm\u0171 cikk\u00e9hez felk\u00e9r\u00e9sre \u00edrt komment\u00e1r). Orvostov\u00e1bbk\u00e9pz\u0151 Szemle. 2004. XI. \u00e9vf. 1. sz\u00e1m. (2004. janu\u00e1r.) (pp. 47-49.)<\/p>\n<p>25. Dr. Kov\u00e1cs J\u00f3zsef: Pszichi\u00e1tria \u00e9s medikaliz\u00e1ci\u00f3. A figyelemhi\u00e1nyos\/hiperaktivit\u00e1s zavar. Lege Artis Medicinae 2004. 14. \u00e9vf. 3. sz\u00e1m. (2004. m\u00e1rcius.) (p. 226-228)<\/p>\n<p>26. Dr. Kov\u00e1cs J\u00f3zsef: A pszichi\u00e1triai betegs\u00e9gfogalom filoz\u00f3fiai k\u00e9rd\u00e9sei. Val\u00f3s\u00e1g 2004\/4 (XLVII. \u00e9vf. 4. sz\u00e1m) 2004. \u00e1prilis. (p. 1-20.)<\/p>\n<p>27. Dr. Kov\u00e1cs J\u00f3zsef: A nem \u00f6nk\u00e9ntes pszichi\u00e1triai kezel\u00e9s \u00e9s a v\u00e9lem\u00e9nyszabads\u00e1g. Fundamentum VIII. \u00e9vf. 2004\/1. (pp. 23-43.)<\/p>\n<p>28. Dr. Kov\u00e1cs J\u00f3zsef: Pszichi\u00e1tria \u00e9s medikaliz\u00e1ci\u00f3. A pszichiatriz\u00e1l\u00e1s okai. LAM 2004; 14(7):520-524.<br \/>\n(Lege Artis Medicinae, 14. \u00e9vf. 7. sz\u00e1m. 2004. j\u00falius) (pp. 520-524.)<\/p>\n<p>29. Dr. Kov\u00e1cs J\u00f3zsef: Pszichi\u00e1tria \u00e9s medikaliz\u00e1ci\u00f3. A depresszi\u00f3. LAM 2004; 14(10):716-717.<br \/>\n(Lege Artis Medicinae, 14. \u00e9vf. 10. sz\u00e1m. 2004. okt\u00f3ber) (pp. 716-717.)<\/p>\n<p>30. Dr. Kov\u00e1cs J\u00f3zsef: A pszichi\u00e1triai kutat\u00e1s n\u00e9h\u00e1ny etikai k\u00e9rd\u00e9se. Psychiatria Hungarica XIX. \u00e9vf. 2004\/3 (pp. 200-214.)<\/p>\n<p>31. Dr. Kov\u00e1cs J\u00f3zsef: Az antipszichi\u00e1tria \u00e9s kritik\u00e1ja. Magyar Bioetikai Szemle 2004\/4. (pp. 42-54.)<\/p>\n<p>32. Dr. Kov\u00e1cs J\u00f3zsef: Etikai probl\u00e9m\u00e1k az emberen v\u00e9gzett kutat\u00e1s hazai jogi szab\u00e1lyoz\u00e1s\u00e1ban. Lege Artis Medicinae, 15. \u00e9vf. 5. sz\u00e1m. 2005. m\u00e1jus (pp. 408-410)<\/p>\n<p>33. Dr. Kov\u00e1cs J\u00f3zsef: A placebokontrollos kutat\u00e1s etikai k\u00e9rd\u00e9sei. Lege Artis Medicinae, 15. \u00e9vf. 7. sz\u00e1m, 2005. j\u00falius (pp. 569-575)<\/p>\n<p>34. Kris Naudts\u2014Caroline Ducatelle\u2014Jozsef Kovacs&#8211;Kristin Laurens\u2014Frederique Van den Eynde\u2014Cornelis Van Heeringen: Euthanasia: the role of the Psychiatrist. British Journal of Psychiatry, May (2006), 188, 405-409. <\/p>\n<p>35. Dr. Kov\u00e1cs J\u00f3zsef: A pszichi\u00e1triai betegjogi k\u00e9pvisel\u0151 szerepe. Egy modellk\u00eds\u00e9rlet tapasztalatai. Fundamentum, X. \u00e9fv. 1. sz\u00e1m. (2006\/1) (p. 151-162.) <\/p>\n<p>36. Dr. Kov\u00e1cs J\u00f3zsef: A seg\u00edt\u0151 kapcsolat etikai vonatkoz\u00e1sai. Embert\u00e1rs, <br \/>\nV. \u00e9vf. 1. sz\u00e1m 2007\/1 (p. 52-64)<\/p>\n<p>37. Dr. Kov\u00e1cs J\u00f3zsef: Az eg\u00e9szs\u00e9gbiztos\u00edt\u00e1s etikai vonatkoz\u00e1sai. In: Orvostov\u00e1bbk\u00e9pz\u0151 Szemle, 2007. j\u00fanius (XIV. \u00e9vf. 6. sz\u00e1m) (pp. 12-20)<\/p>\n<p>38. Dr. Kov\u00e1cs J\u00f3zsef: Etikai dilemm\u00e1k. \u201eT\u00f6preng\u0151\u201d rovat. Lege Artis Medicinae; 17(8-9): 519-521. (LAM 17. \u00e9vf. 8-9. sz\u00e1m, 2007. szeptember) (p. 519-521)<\/p>\n<p>39. Dr. Kov\u00e1cs J\u00f3zsef: A randomiz\u00e1lt, kontrollcsoportos klinikai vizsg\u00e1latok n\u00e9h\u00e1ny \u00fajabb etikai dilemm\u00e1ja. Orvosi Hetilap 149. \u00e9vf. 37. sz\u00e1m. 2008. szept. 14. (p. 1753-1760.) <\/p>\n<p>40. Dr. Kov\u00e1cs J\u00f3zsef: K\u00f6rnyezeti etika. Vil\u00e1goss\u00e1g XLIX. \u00e9vfolyam 2008\/9-10. (p. 75-107)<\/p>\n<p>41. Jozsef Kovacs: Whose Identity Is It Anyway? Open Peer Commentary. The American Journal of Bioethics 9(1):44-45., 2009. <\/p>\n<p>42. Dr. Kov\u00e1cs J\u00f3zsef: A vastag \u00e9s v\u00e9gb\u00e9lr\u00e1k sz\u0171r\u00e9s\u00e9vel kapcsolatos etikai k\u00e9rd\u00e9sekr\u0151l. European Journal of Gastroenterology &amp; Hepatology, Magyar kiad\u00e1s<br \/>\nXIII. \u00e9vf. 1. sz\u00e1m (2009. febru\u00e1r) (p. 30.)<\/p>\n<p>43. Dr. Kov\u00e1cs J\u00f3zsef: Kock\u00e1zat, bizonytalans\u00e1g \u00e9s el\u0151vigy\u00e1zatoss\u00e1gi elv a biotechnol\u00f3giai etik\u00e1ban. LAM 2009; 19(2):151-155.<\/p>\n<p>44. Dr. Kov\u00e1cs J\u00f3zsef: Etikai k\u00e9rd\u00e9sek a klinikai pszichol\u00f3gi\u00e1ban. Orvosk\u00e9pz\u00e9s 2009. LXXXIV. \u00e9vfolyam, 3. k\u00fcl\u00f6nsz\u00e1m (p. 182-184.)<\/p>\n<p>45. Dr. Kov\u00e1cs J\u00f3zsef: Etikai k\u00e9rd\u00e9sek a klinikai pszichol\u00f3gi\u00e1ban \u00e9s a pszichoter\u00e1pi\u00e1ban. Orvosk\u00e9pz\u00e9s 2010. LXXXV. \u00e9vfolyam, 4. k\u00fcl\u00f6nsz\u00e1m (p. 384-387.)<\/p>\n<p>46. J\u00f3zsef Kov\u00e1cs: The transformation of (bio)ethics expertise in a world of ethical pluralism. In: Journal of Medical Ethics, December, 2010. (p. 767-770) (J Med Ethics 2010;36:767-770. doi:10.1136\/jme.2010.036319. <\/p>\n<p>47. Dr. Kov\u00e1cs J\u00f3zsef: Sz\u00e1nd\u00e9kos morfint\u00faladagol\u00e1s Magyarorsz\u00e1gon\u2014Bioetikai elemz\u00e9s. (dr. M\u00e1rkus Attila azonos c\u00edm\u0171 cikk\u00e9hez \u00edrt komment\u00e1r) In: Lege Artis Medicinae 21. \u00e9vf. 4. sz\u00e1m, 2011. \u00e1prilis (p. 310-314.) (LAM 2011;21(4):306-320)<\/p>\n<p>48. Dr. Kov\u00e1cs J\u00f3zsef: Az emberen v\u00e9gzett kutat\u00e1s \u00e9s szab\u00e1lyoz\u00e1s\u00e1nak t\u00f6rt\u00e9nete etikai szemsz\u00f6gb\u0151l. Lege Artis Medicinae (LAM) 22. \u00e9vf. 3. sz\u00e1m. 2012. m\u00e1rcius (p. 226-231) (LAM 2012;22(3):226-231<\/p>\n<p>49. Dr. Kov\u00e1cs J\u00f3zsef: Etikai k\u00e9rd\u00e9sek a pszichoter\u00e1pi\u00e1ban I. r\u00e9sz. Lege Artis Medicinae (LAM) 22. \u00e9vf. 4. sz\u00e1m. 2012. \u00e1prilis (p. 310-315) (LAM 2012;22(4):310-315)<\/p>\n<p>50. Dr. Kov\u00e1cs J\u00f3zsef: Etikai k\u00e9rd\u00e9sek a pszichoter\u00e1pi\u00e1ban II. r\u00e9sz. Lege Artis Medicinae (LAM) 22. \u00e9vf. 5. sz\u00e1m. 2012. m\u00e1jus (p. 388-391) (LAM 2012;22(5):388-391)<\/p>\n<p>51. Jozsef Kovacs: Honorary authorship epidemic in scholarly publications? How the current use of citation-based evaluative metrics make (pseudo)honorary authors from honest contributors of every multi-author article? (Journal of Medical Ethics Online First published on August 3, 2012. as doi: 10.1136\/medethics-2012-100568)<br \/>\nJ Med Ethics 2013;39:509-512. doi. 10.1136\/medethics-2012-100568<\/p>\n<p>52. Jozsef Kovacs: Response to the commentaries of Melissa S Anderson and Murray J Dyck. (Journal of Medical Ethics Online First published on October 4, 2012. <br \/>\nas doi: 10.1136\/medethics-2012-101016)<br \/>\nJ Med Ethics, August 2013 Vol 39. No. 8. (p. 515-516)<\/p>\n<p>53. Dr. Kov\u00e1cs J\u00f3zsef: Etikai alapk\u00e9rd\u00e9sek a belgy\u00f3gy\u00e1szatban. Magyar Belorvosi Arch\u00edvum (Magy Belorv Arch) 2013;66:310-317.<\/p>\n<p>54. Dr. Kov\u00e1cs J\u00f3zsef: T\u00e1j\u00e9kozott beleegyez\u00e9s a seb\u00e9szetben. Magyar Seb\u00e9szet 2014;67(1)3-8. DOI:10.1556\/MaSeb.67.2014.1.1<\/p>\n<p>55. Dr. Kov\u00e1cs J\u00f3zsef: A pszichi\u00e1triai etika aktu\u00e1lis k\u00e9rd\u00e9sei. Psychiatria Hungarica 2015, 30 (1):27-34.<\/p>\n<p>56. Jozsef Kovacs: Honorary authorship and symbolic violence. Medicine, Health Care and Philosophy, 20(1), 51-59 (2017) Online First Published on August 13, 2016. doi : 10.1007\/s11019-016-9722-5. <\/p>\n<p>57. Dr. Kov\u00e1cs J\u00f3zsef: Az \u201e\u00e1ltudom\u00e1nyok\u201d etikai vonatkoz\u00e1sai. Magyar Tudom\u00e1ny, 177. \u00e9vfolyam, 2016\/8. sz\u00e1m. (p. 956-967) http:\/\/www.matud.iif.hu\/2016\/08\/11.htm <\/p>\n<p>58. Mih\u00e1ly S, Smudla A, Kov\u00e1cs J. (2016) Practices around communication of organ donation in Hungary. Transplantation Proceedings, 48, 2529-2533. (http:\/\/dx.doi.org\/10.1016\/j.transproceed.2016.07.006 )<\/p>\n<p>59. Dr. Kov\u00e1cs J\u00f3zsef: Az eg\u00e9szs\u00e9g\u00fcgyi ell\u00e1t\u00e1s sor\u00e1n elk\u00f6vetett hib\u00e1k kezel\u00e9s\u00e9nek \u00e1ltal\u00e1nos k\u00e9rd\u00e9sei \u00e9s bioetikai vonatkoz\u00e1sai. Lege Artis Medicinae (LAM) 28. \u00e9vf. 10. sz\u00e1m, 2018. november (p. 477-496) (LAM 2018;28 (10):477-496) <\/p>\n<p>60. Gazdag G\u00e1bor\u2014Asztalos M\u00e1rton&#8211;Kov\u00e1cs J\u00f3zsef: Az elektrokonvulz\u00edv kezel\u00e9s klinikai alkalmaz\u00e1s\u00e1nak \u00e9s kutat\u00e1s\u00e1nak etikai k\u00e9rd\u00e9sei. (Ethical questions in the clinical use and research of electroconvulsive therapy.) <br \/>\nPsychiatria Hungarica: A Magyar Pszichiatriai T\u00e1rsasag tudom\u00e1nyos foly\u00f3irata 12\/2021; 36(4):536-45.<\/p>\n<p>61. Fogarasi, Istv\u00e1n Andr\u00e1s; Kov\u00e1cs, J\u00f3zsef ; Belicza, \u00c9va A hum\u00e1n papillomav\u00edrus elleni v\u00e9d\u0151olt\u00e1st megel\u0151z\u0151 betegt\u00e1j\u00e9koztat\u00e1s egyes k\u00fcl\u00f6nleges szempontjai: Lehet n\u00e9ha indokolt, ami nem sz\u00fcks\u00e9ges, \u00e9s m\u00e1ssal helyettes\u00edthet\u0151, ami sz\u00fcks\u00e9ges? ORVOSI HETILAP 164 : 45 pp. 1795-1802. , 8 p. (2023) <\/p>\n<p>62. Kov\u00e1cs J\u00f3zsef: Az ECMO-kezel\u00e9s megsz\u00fcntet\u00e9s\u00e9nek etikai k\u00e9rd\u00e9sei. Orvosi Hetilap, 2024; 165(4): 132\u2013137. <\/p>\n<p>63. Bernadett Babusa-Katalin Bai-Nagy-J\u00f3zsef Kov\u00e1cs-\u00c1gnes D\u00f3sa-Gy\u00f6ngyv\u00e9r Salavecz-Ferenc T\u00fary\u2014Gy\u00f6rgy Purebl: From guided sef-help to comprehensive ED treatment. August 2024. European Psychiatry 67(S1):S308-S308 DOI: 10.1192\/j.eurpsy.2024.640<\/p>\n<p>\n64. Dr. Kov\u00e1cs J\u00f3zsef: Az \u00e9letv\u00e9gi d\u00f6nt\u00e9sek k\u00e9rd\u00e9se a bioetika szemsz\u00f6g\u00e9b\u0151l. Fundamentum, XXVIII. \u00e9vfolyam, 2024.2-3. sz\u00e1m.(p. 36-49.) (http:\/\/www.fundamentum.hu) ISSN 1588-0508 (online) <\/p>\n<p>65. Szil\u00e1rd D\u00e1vid Kov\u00e1cs&#8211;Anggi Septia Irawan&#8211;Szilvia Z\u00f6rg\u0151&#8211;J\u00f3zsef Kov\u00e1cs: The conflict between oral health and patient autonomy in dentistry: a scoping review. BMC Med Ethics 25, 150 (2024). https:\/\/doi.org\/10.1186\/s12910-024-01156-3<\/p>\n<p>Recenzi\u00f3k, komment\u00e1rok, jelent\u00e9sek, tudom\u00e1nyos interj\u00fak<\/p>\n<p>1. Dr. Kov\u00e1cs J\u00f3zsef: A K\u00f3rh\u00e1zi Etikai Bizotts\u00e1gok. (N. Fost, R. E. Cranford: Hospital Ethics Committees. JAMA, 1985, 253, 2687.) In: Orvosi Hetilap, 1985. 51. sz\u00e1m.<\/p>\n<p>2. Dr. Kov\u00e1cs J\u00f3zsef: A K\u00f3rh\u00e1zi Orvosetikai Bizotts\u00e1gok fejl\u0151d\u00e9s\u00e9nek \u00e1ttekint\u00e9se. (F. Rosner: A Survey of the Development of Hospital Ethics Committees. JAMA, 1985, 253, 2693.) In: Orvosi Hetilap, 1985. 51. sz\u00e1m.<\/p>\n<p>3. Dr. Kov\u00e1cs J\u00f3zsef: Ir\u00e1nyelvek az eg\u00e9szs\u00e9g\u00fcgyi int\u00e9zm\u00e9nyekben m\u0171k\u00f6d\u0151 Etikai Bizotts\u00e1gok r\u00e9sz\u00e9re.(Directives for the Ethical Committees in Health Care Institutions. JAMA, 1985, 253, 2698.) In: Orvosi Hetilap, 1985. 51. sz\u00e1m.<\/p>\n<p>4. Dr. Kov\u00e1cs J\u00f3zsef: Pelle J\u00e1nos: \u00c9sz \u00e9s szenved\u00e9ly. Bp. 1983. c m\u0171v\u00e9nek recenzi\u00f3ja In: Magyar Filoz\u00f3fiai Szemle 1987\/1.<\/p>\n<p>5. Dr. Kov\u00e1cs J\u00f3zsef: Az orvosetika oktat\u00e1sa Nagy-Brittanni\u00e1ban (The Teaching of Medical Ethics in Great Britain. Journal of Medical Ethics. 1987. Vol. 13. No 3.) In: Orvosi Hetilap. 1988. 25. sz\u00e1m.<\/p>\n<p>6. Dr. Kov\u00e1cs J\u00f3zsef: Az eg\u00e9szs\u00e9g\u00fcgyi ell\u00e1t\u00e1ssal kapcsolatos panaszok jogi \u00e9s egy\u00e9b utakon t\u00f6rt\u00e9n\u0151 orvosl\u00e1sa: c\u00e9lok, hat\u00e9konys\u00e1g, alternat\u00edv\u00e1k (G. J. Whelan: Litigation and Complaints procedures: objectives, effectiveness and alternatives. Journal of Medical Ethics. 1988, 14. 7O-76.) In: Orvosi Hetilap, 1989. 19. sz\u00e1m.<\/p>\n<p>7. Dr. Kov\u00e1cs J\u00f3zsef: A pszichi\u00e1tria \u00e9s a hal\u00e1lb\u00fcntet\u00e9s. (M. Kastrup: Psychiatry and the Death Penalty. Journal of Medical Ethics. 1988. 14, 179-183.) In: Orvosi Hetilap, 1989. aug. 13.<\/p>\n<p>8. Dr. Kov\u00e1cs J\u00f3zsef: Az \u00e9letfenntart\u00f3 kezel\u00e9s megsz\u00fcntet\u00e9se: leg\u00fajabb fejlem\u00e9nyek az USA-ban (R. D. Mackay: Terminating Life-Sustaining Treatment&#8211;Recent US Developments. Journal of Medical Ethics, 1988, 14, 135-139.) In: Orvosi Hetilap, 13O \u00e9vf.53. sz\u00e1m. 1989. dec. 31.)<\/p>\n<p>9. Dr. Kov\u00e1cs J\u00f3zsef: A holland eutan\u00e1zia-gyakorlat ellen. (R. Fenigsen: A Case against Dutch Euthanasia. Hastings Center Report, 1989. No. 1.) In: Orvosi Hetilap, 131. \u00e9vf. 1O. sz\u00e1m. 199O. m\u00e1rc. 11.<\/p>\n<p>1O. Dr. Kov\u00e1cs J\u00f3zsef: Az appletoni konszenzus: az orvosi kezel\u00e9s megsz\u00fcntet\u00e9s\u00e9vel kapcsolatos d\u00f6nt\u00e9sekre javasolt nemzetk\u00f6zi etikai ir\u00e1nyelvek. (John M. Stanley et al.: The Appleton Consensus: Suggested International Guidelines for Decisions to Forego Medical Treatment. Journal of Medical Ethics. 1989. 15. 129-136.) In: Orvosi Hetilap, 131. \u00e9vf. 1O. sz\u00e1m. 199O. m\u00e1rc. 11.<\/p>\n<p>11. Dr. Kov\u00e1cs J\u00f3zsef: Korunk mor\u00e1lis dilemm\u00e1ja, az eutan\u00e1zia. (W. Reichel&#8211;A. J. Dyck: Euthanasia: A Contemporary Moral Quandary. Lancet, Dec. 2, 1989.) In: Orvosi Hetilap, 131. \u00e9vf. 49. sz\u00e1m. 199O. dec. 9.<\/p>\n<p>12. Dr. Kov\u00e1cs J\u00f3zsef: K\u00eds\u00e9rletez\u00e9s az embri\u00f3n: a standard \u00e9rvek. (Institute of Medical Ethics: Embryo Research: The Standard Arguments. Briefings in Medical Ethics. 199O. 5, 1-3. Journal of Medical Ethics, March 199O, Vol. 16. No. 1.) In: Orvosi Hetilap, 131. \u00e9vf. 49. sz\u00e1m. 199O. dec. 9.<\/p>\n<p>13. Dr. Kov\u00e1cs J\u00f3zsef: Eutan\u00e1zia&#8211;Kritika. (P. A. Singer&#8211;M. Siegler: Euthanasia&#8211;A Critique. N. Engl. J. Med. 199O; 322. 1881-83.) In: Orvosi Hetilap, 132. \u00e9vf. 4. sz\u00e1m. 1991. jan 27.<\/p>\n<p>14. Dr. Kov\u00e1cs J\u00f3zsef: I Az \u00e9letfenntart\u00f3 kezel\u00e9s megsz\u00fcntet\u00e9se persistens vegetat\u00edv \u00e1llapotban lev\u0151 betegekn\u00e9l.(Institute of Medical Ethics Working Party On the Ethics of Prolonging Life and Assisting Death: Withdrawal of Life-Support from Patients in a Persistent Vegetative State. The Lancet, Vol. 337. Jan. 12, 1991. 96-98.) In: Orvosi Hetilap, 132. \u00e9vf. 36. sz\u00e1m. 1991. szeptember 8.<\/p>\n<p>15. Dr. Kov\u00e1cs J\u00f3zsef: Ir\u00e1nyelvek az \u00e9letfenntart\u00f3 kezel\u00e9sek megsz\u00fcntet\u00e9se \u00e9s a haldokl\u00f3k gondoz\u00e1sa ter\u00e9n. Kivonat a Hastings Center munkacsoportja \u00e1ltal kidolgozott ir\u00e1nyelvekb\u0151l. I. r\u00e9sz. (Susan M. Wolf et. al (1987): Guidelines on the Termination of Life-Sustaining Treatment and the Care of the Dying. (A Report by the Hastings Center.)<br \/>\nIn: Lege Artis Medicinae 8. \u00e9vf. 11. sz\u00e1m. 1998 november (LAM 1998; 8(11):804-809.<\/p>\n<p>16. Dr. Kov\u00e1cs J\u00f3zsef: Ir\u00e1nyelvek az \u00e9letfenntart\u00f3 kezel\u00e9sek megsz\u00fcntet\u00e9se \u00e9s a haldokl\u00f3k gondoz\u00e1sa ter\u00e9n. Kivonat a Hastings Center munkacsoportja \u00e1ltal kidolgozott ir\u00e1nyelvekb\u0151l. II. r\u00e9sz. (Susan M. Wolf et. al (1987): Guidelines on the Termination of Life-Sustaining Treatment and the Care of the Dying. A Report by the Hastings Center.)<br \/>\nIn: Lege Artis Medicinae 8. \u00e9vf. 12. sz\u00e1m. 1998 december (LAM 1998; 8(12):896-903<\/p>\n<p>17. Jozsef Kovacs: Nordenfelt, L. (1997): Talking About Health. A Philosophical Dialogue. Short review. (In: Medicine, Health Care and Philosophy. A European Journal. 1999. Vol. 2. No. 2 (p.213-214)<\/p>\n<p>18. Jozsef Kovacs: Fleischauer K.\u2014Hermer\u00e9n, G. (2006): Goal of Medicine in the Course of History and Today: A Study in the History and Philosophy of Medicine. (Short Literature Notice. In: Medicine, Health Care and Philosophy (2\u20142008) <\/p>\n<p>19.a. Dr. Kov\u00e1cs J\u00f3zsef: Megjegyz\u00e9sek Peth\u0151 Bertalan: A pszichi\u00e1tria mai kr\u00edzise a modern \u00e9s posztmodern tudom\u00e1ny kontextus\u00e1ban c. cikk\u00e9hez. In: Psychiatria Hungarica 2009, 24(6):439-442<\/p>\n<p>19. b. Dr. Kov\u00e1cs J\u00f3zsef: V\u00e1lasz Peth\u0151 Bertalannak. Psychiatria Hungarica 2009, 24(6):455-458<\/p>\n<p>20. Dr. Kov\u00e1cs J\u00f3zsef: K\u00f6sz\u00f6nt\u00e9s a Meditor c. foly\u00f3irat els\u0151 sz\u00e1m\u00e1hoz. In: Meditor 2011\/1. (ISSN: 2062-4727) (p. 4-5.) <\/p>\n<p>21. Dr. Kov\u00e1cs J\u00f3zsef: A termin\u00e1lis \u00e1llapot\u00fa betegek szenved\u00e9scsillap\u00edt\u00e1s\u00e1nak hazai szakmai, etikai \u00e9s jogi probl\u00e9m\u00e1i. (p. 1-17) (K\u00e9zirat) (Jelent\u00e9s a dr. R\u00e9thelyi Mikl\u00f3s miniszter, a Nemzeti Er\u0151forr\u00e1s Miniszt\u00e9rium vezet\u0151je felk\u00e9r\u00e9s\u00e9re l\u00e9trej\u00f6tt ad hoc bizotts\u00e1g tagjak\u00e9nt a termin\u00e1lis \u00e1llapot\u00fa betegek hazai ell\u00e1t\u00e1s\u00e1nak probl\u00e9m\u00e1ir\u00f3l.) (2011. december 15.) <\/p>\n<p>22. Dr. Kov\u00e1cs J\u00f3zsef: K\u00f6nyvrecenzi\u00f3 Oberlander B\u00e1ruch (szerk.) (2014): Zsid\u00f3 ismeretek t\u00e1ra XXVII. k\u00f6tet (H\u00e1bor\u00fa \u00e9s b\u00e9ke\u2013Zsid\u00f3k \u00e9s a katonas\u00e1g.) c. k\u00f6nyv\u00e9r\u0151l Ch\u00e1b\u00e1d Lubavics Zsid\u00f3 Nevel\u00e9si \u00e9s Oktat\u00e1si Alap\u00edtv\u00e1ny, Budapest. <br \/>\nMagyar Bioetikai Szemle 2014\/3 (ISSN: 1218-3911)<\/p>\n<p>23. Dr. Kov\u00e1cs J\u00f3zsef: A tudom\u00e1nyos \u00e9let egyetlen \u201evalut\u00e1ja\u201d. Kakuk P\u00e9ter interj\u00faja Kov\u00e1cs J\u00f3zsef bioetikus professzorral. (Interj\u00fa. K\u00e9sz\u00edtette: Kakuk P\u00e9ter) In: Magyar Tudom\u00e1ny, 2015\/8. (2015. augusztus) (p. 943-949.) (http:\/\/www.matud.iif.hu\/2015\/08\/05.htm) <\/p>\n<p>24. Dr. Kov\u00e1cs J\u00f3zsef: A kr\u00f3nikus s\u00falyos betegek kezel\u00e9s\u00e9nek etikai k\u00e9rd\u00e9sei. Magyar Bioetikai Szemle 2015\/1 (12-13.) (A Magyar Bioetikai T\u00e1rsas\u00e1g \u00e9s a Semmelweis Egyetem Magatart\u00e1studom\u00e1nyi Int\u00e9zete K\u00f6z\u00f6s tudom\u00e1nyos \u00fcl\u00e9s\u00e9n tartott el\u0151ad\u00e1s di\u00e1inak \u00edr\u00e1sos v\u00e1ltozata. Helysz\u00edn: P\u00e1zm\u00e1ny P\u00e9ter Katolikus Egyetem II. J\u00e1nos P\u00e1l d\u00edszterem. (1088. Budapest, Szentkir\u00e1lyi u. 28. II. emelet) Felk\u00e9rt el\u0151ad\u00f3k\u00e9nt. (2015. V. 28.) Szervez\u0151: dr. Roykovich Bernadett<\/p>\n<p>25. Dr. Kov\u00e1cs J\u00f3zsef: Purebl Gy\u00f6rgy: Alacsony intenzit\u00e1s\u00fa pszichol\u00f3giai intervenci\u00f3k a mindennapi orvosi gyakorlatban. K\u00f6nyvrecenzi\u00f3. In: Ment\u00e1lhigi\u00e9n\u00e9 \u00e9s Pszichoszomatika. Volume 19, Issue 4, December 2018 (Print ISSN 1419-8126 Online ISSN 1786-3759) (19(4), pp. 385\u2013387) https:\/\/doi.org\/10.1556\/0406.19.2018.018 <\/p>\n<p>26. Dr. Kov\u00e1cs J\u00f3zsef: El\u0151sz\u00f3 a magyar kiad\u00e1shoz. El\u0151sz\u00f3 Peter Singer (2019): Az \u00e1llatok felszabad\u00edt\u00e1sa. (Budapest: Oriold \u00e9s T\u00e1rsa) c. k\u00f6nyv\u00e9nek magyar kiad\u00e1s\u00e1hoz. (p. ix.\u2014xviii.) <\/p>\n<p>27. Dr. Ber\u00e9nyi Tam\u00e1s, Dr. B\u00e9k\u00e9si S\u00e1ndor, Dr. Kov\u00e1cs J\u00f3zsef, Dr. Kov\u00e1csy Zsombor, Dr. Mina Andr\u00e1s, Dr. Varga Imre Fr. Kapisztr\u00e1n OFM, Dr. B\u00f6sz\u00f6rm\u00e9nyi Nagy G\u00e9za, Dr. M\u00e1t\u00e9-Horv\u00e1th N\u00f3ra, Dr. Lovas Andr\u00e1s, Dr. Szijj\u00e1rt\u00f3 L\u00e1szl\u00f3, Kissn\u00e9 Dr. Kapocsi Erzs\u00e9bet, Szilasi Veronika,Tari Gergely R\u00f3bert, Dr. Varga Tam\u00e1s, Betegszervezetek Magyarorsz\u00e1gi Sz\u00f6vets\u00e9ge,Eg\u00e9szs\u00e9g H\u00eddja \u00d6sszefog\u00e1s a Mellr\u00e1k Ellen,1001 Orvosi Szakford\u00edt\u00f3i Csoport,MOK Etikai Koll\u00e9giuma: (Dr. Heged\u0171s Zsolt, Dr. Martin Denes, Dr. Arus Tibor,Dr. Beck Maria, Dr. Csernus Zoltan, Dr. Faludi Peter, Dr. Indries Krisztian,Dr. Laposi Szilard, Dr. Mike Gyorgy, Dr. Nemeth Erzsebet, Dr. Pocs David, Dr. Posta Edit,Dr. Reti Sarolta, Dr. Rozsa Gyorgy, Dr. Selmeczi Kamill, Dr. Szoboszlay Istvan,Dr. Turi-Horvath Lilla, Dr. Varga Peter MOK Eln\u00f6ks\u00e9ge: Dr. Kincses Gyula, Dr. Almos Peter, Dr. Lenard Rita, Dr. Nagy Akos,Dr. Karasz Aniko, Dr. Nagy Marcell, Dr. Meglecz Katalin, Dr. Sved Tamas, Dr. Toth Ildiko Koordinalta Dr. Heged\u0171s Zsolt (2020): Etikai megfontol\u00e1sok az orvosi er\u0151forr\u00e1sok eloszt\u00e1s\u00e1hoz COVID-19 pand\u00e9mia idej\u00e9n Magyarorsz\u00e1gon. https:\/\/mok.hu\/koronavirus\/tajekoztatok\/etikai-megfontolasok-az-orvosi-eroforrasok-elosztasahoz-covid-19-pandemia-idejen-magyarorszagon <\/p>\n<p>28. Dr. Kov\u00e1cs J\u00f3zsef: Terapeuta keres\u00e9se szakmai Facebook csoportban. Esetelemz\u00e9s. In: Tiringer Istv\u00e1n (szerk.) (2022): A pszichoter\u00e1pi\u00e1s gyakorlat etikai k\u00e9rd\u00e9sei. Budapest: Ment\u00e1lPort Kiad\u00f3. (p. 207-209.)(ISBN: 978-615-01-6850-0) (Eredetileg megjelent a Pszichoter\u00e1pia c. foly\u00f3irat 25\/2-es sz\u00e1m\u00e1ban. ) <\/p>\n<p>\nLevelek a szerkeszt\u0151h\u00f6z<\/p>\n<p>1. Dr. Kov\u00e1cs J\u00f3zsef: V\u00e1lasz dr. Kaz\u00e1r Gy\u00f6rgynek. In: Orvosi Hetilap, 1989. szept. 10.<\/p>\n<p>2. Dr. Kov\u00e1cs J\u00f3zsef: Az eutan\u00e1zia k\u00e9rd\u00e9s\u00e9hez. In: Orvosi Hetilap, 131. \u00e9vf. 51. sz\u00e1m. 1990. dec. 23. <\/p>\n<p>3. V\u00e1lasz dr. Sal Istv\u00e1nnak. V\u00e9geken, 1995\/1. (pp. 3O-31.)<\/p>\n<p>4. Dr. Kov\u00e1cs J\u00f3zsef: Az orvosi etika \u00e9s a mor\u00e1lis sz\u00ednvonal. N\u00e9pszabads\u00e1g, 2003. okt\u00f3ber. 24. p\u00e9ntek. (F\u00f3rum rovat) (p. 16.)<\/p>\n<p>5. Jozsef Kovacs: An Unseemly Display of Mortality. Science Vol. 302 No. 5653. (19 December, 2003. (p. 2070) <\/p>\n<p>6. Jozsef Kovacs: Authorship problems and the distortion of research performance indicators. European Science Editing, February 2013;39(1) (p. 26-27.)<\/p>\n<p>\nEgyetemi tank\u00f6nyvek, egyetemi jegyzetek (a fentiekben m\u00e1r szerepl\u0151 k\u00f6nyvek, k\u00f6nyvfejezetek k\u00fcl\u00f6n kigy\u0171jt\u00e9se)<\/p>\n<p>1. Dr. Kov\u00e1cs J\u00f3zsef: A modern orvosi etika alapjai. Bevezet\u00e9s a bioetik\u00e1ba. Budapest, 1997. Medicina k\u00f6nyvkiad\u00f3. (p. 629)<\/p>\n<p>2. Dr. Kov\u00e1cs J\u00f3zsef: A modern orvosi etika alapjai. Bevezet\u00e9s a bioetik\u00e1ba. 2. \u00e1tdolgozott kiad\u00e1s. Budapest, 1999. Medicina k\u00f6nyvkiad\u00f3. (p. 641)<\/p>\n<p>\n3. Dr. Kov\u00e1cs J\u00f3zsef: Az eg\u00e9szs\u00e9g fogalma. Eg\u00e9szs\u00e9g-betegs\u00e9g. (Fejezet a dr. Neszner J\u00e1nos (szerk.): A n\u00e9peg\u00e9szs\u00e9gtan alapjai . Orvostov\u00e1bbk\u00e9pz\u0151 Egyetem, Budapest, 1992. c. jegyzetben.) (pp. 9-17)<\/p>\n<p>4. Dr. Kov\u00e1cs J\u00f3zsef: Orvosi etika\u2014bioetika. In: S\u00f3tonyi P\u00e9ter (szerk.) (2000): Jogi, etikai ismeretek. Semmelweis Egyetem, K\u00e9pz\u00e9skutat\u00f3, Oktat\u00e1si \u00e9s Dokument\u00e1ci\u00f3s K\u00f6zpont. (pp. 68-83) <\/p>\n<p>5. Dr. Kov\u00e1cs J\u00f3zsef: Bioetika, orvosi etika. In: Buda B\u00e9la\u2014Kopp M\u00e1ria\u2014Nagy Emese (szerk.) (2001): Magatart\u00e1studom\u00e1nyok. Budapest: Medicina k\u00f6nyvkiad\u00f3. (pp. 293\u2014311)<\/p>\n<p>6. Dr. Kov\u00e1cs J\u00f3zsef: Orvosi etika\u2014bioetika. In: Rezidensk\u00e9pz\u00e9s (2005): Jogi, etikai ismeretek. Semmelweis Kiad\u00f3. (pp. 121-131)<\/p>\n<p>N\u00e9pszer\u0171s\u00edt\u0151 cikkek<\/p>\n<p>1. Dr. Kov\u00e1cs J\u00f3zsef: Az \u00e9let\u00fcnket a kez\u00fcnkbe! N\u00e9pszabads\u00e1g (F\u00f3rum rovat) 2005. m\u00e1jus 4. szerda <br \/>\n( LXIII., 103\/2 sz\u00e1m) (p. 15.) <\/p>\n<p>El\u0151ad\u00e1sok<\/p>\n<p>Nemzetk\u00f6zi Kongresszusok:<\/p>\n<p>1. Jozsef Kovacs: The Concept of Health and Disease. El\u0151ad\u00e1s a European Conference on Philosophy of Medicine and Health Care VI. Kongresszus\u00e1n. (Budapest, 1992. augusztus 12-14.) Absztrakt el\u00e9rhet\u0151.<\/p>\n<p>2. Jozsef Kovacs: Some Problems of the Teaching and the Research of Bioethics in Hungary. El\u0151ad\u00e1s az Eur\u00f3pa Tan\u00e1cs \u00e9gisze alatt az International Association of Law, Ethics and Science \u00e1ltal szervezett \u201eBioethics and Culture Colloquy\u201d c. kongresszuson. (1992. december 11-12, Budapest, Francia Int\u00e9zet.) (felk\u00e9rt el\u0151ad\u00f3k\u00e9nt)<\/p>\n<p>3. Jozsef Kovacs: Some Theoretical Problems of the Used Criteria for the Allocation of Scarce, Life-Saving Medical Resources. (El\u0151ad\u00e1s a European Conference on Philosophy of Medicine and Health Care VII. Kongresszus\u00e1n. (Oslo, 1993. Augusztus 19-22.) (felk\u00e9rt el\u0151ad\u00f3k\u00e9nt)<\/p>\n<p>4. Jozsef Kovacs: Bioethics, Medical and Biological Ethics. El\u0151ad\u00e1s az Eur\u00f3pa Tan\u00e1cs \u00e9s a pozsonyi Institute of Medical Ethics and Bioethics \u00e1ltal szervezett \u201eTeaching of Bioethics\u201d c. kongresszuson. (Bratislava, 1993. november 23-25.)<br \/>\n(felk\u00e9rt el\u0151ad\u00f3k\u00e9nt)<\/p>\n<p>5. Jozsef Kovacs: Pluralism in Ethics. El\u0151ad\u00e1s az Eur\u00f3pa Tan\u00e1cs \u00e9s a pozsonyi Institute of Medical Ethics and Bioethics \u00e1ltal szervezett \u201eTeaching of Bioethics\u201d c. kongresszuson. (Bratislava, 1993. november 23-25.) (felk\u00e9rt el\u0151ad\u00f3k\u00e9nt)<\/p>\n<p>\n6. Jozsef Kovacs: The Idea of Brain-Birth in Connection with Arteficial Abortion. El\u0151ad\u00e1s a European Commission \u201eFertility, Infertility and the Human Embryo\u201d c. projectj\u00e9nek nizzai kongresszus\u00e1n. (Hotel La Malmaison, Nizza, 1994. m\u00e1rcius 26-28.) (felk\u00e9rt el\u0151ad\u00f3k\u00e9nt)<\/p>\n<p>7. Jozsef Kovacs: The Moral Status of the Embryo. El\u0151ad\u00e1s a European Commission \u201eFertility, Infertility and the Human Embryo\u201d c. projectj\u00e9nek barcelonai kongresszus\u00e1n. (Hotel Ambassador, Barcelona, 1994. okt\u00f3ber 21-24.) (felk\u00e9rt el\u0151ad\u00f3k\u00e9nt)<\/p>\n<p>8. Jozsef Kovacs: To Treat or not to Treat? Allocation of Scarce Medical Resources. El\u0151ad\u00e1s az Eur\u00f3pa Tan\u00e1cs \u201eTeaching of Bioethics\u201d c\u00edmmel Vars\u00f3ban rendezett kongresszus\u00e1n. (Vars\u00f3, 1994. november 3-5.) (felk\u00e9rt el\u0151ad\u00f3k\u00e9nt)<\/p>\n<p>9. Jozsef Kovacs: \u201eThe Norwegian sole child case.\u201d \u201eThe French widow case.\u201d \u201eThe Naples paternity case.\u201d \u201eThe Korean egg case.\u201d Ir\u00e1sban beny\u00fajtott, s a kongressuson megvitatott bieotikai esetle\u00edr\u00e1sok a European Commission Research Project \u201eFertility, Infertility and the Human Embryo lisszaboni kongresszus\u00e1n. (Lisszabon, Hotel Sofitel, 1995. szeptember 14-17.) (felk\u00e9rt el\u0151ad\u00f3k\u00e9nt)<\/p>\n<p>10. Jozsef Kovacs: Ethical questions of withdrawing life-sustaining treatment in Hungary. El\u0151ad\u00e1s a Hastings Center (New York) \u00e9s a pr\u00e1gai K\u00e1roly Egyetem \u00e1ltal szervezett 6. Orvosetikai Szimp\u00f3ziumon Pr\u00e1g\u00e1ban. (1996. okt\u00f3ber 11.) (felk\u00e9rt el\u0151ad\u00f3k\u00e9nt)<\/p>\n<p>11. J\u00f3zsef Kov\u00e1cs&#8211;Ferenc Alf\u00f6ldy: Bioethics in Transplantation. El\u0151ad\u00e1s a Transplant Procurement Management. Advanced International Training Course on Transplant Coordination. (Recognized by the Transplant Committee of the Council of Europe) c. tov\u00e1bbk\u00e9pz\u0151 konferenci\u00e1n. 1997. augusztus 26. Budapest (Petneh\u00e1zy Club Hotel) (felk\u00e9rt el\u0151ad\u00f3k\u00e9nt)<\/p>\n<p>12. Jozsef Kovacs: Bioethical Problems of New Genetic Technology. El\u0151ad\u00e1s a \u201eMolecular Genetics and Gene Diagnostics in Medicine\u201d (Semmelweis Symposium) c. konferenci\u00e1n. (Szervez\u0151k: Falus Andr\u00e1s \u00e9s Kopper L\u00e1szl\u00f3) (Budapest, Nagyv\u00e1rad t\u00e9ri elm\u00e9leti t\u00f6mb, 1997. November 6-7.) (felk\u00e9rt el\u0151ad\u00f3k\u00e9nt)<\/p>\n<p>13. Jozsef Kovacs: Ethical Problems of Physical Restraint in Hungary. El\u0151ad\u00e1s a \u201dThe Uses and Abuses of Restraints\u201d c. konferenci\u00e1n. (Szervez\u0151: Massachusetts Office on Disability)<br \/>\nBoston, Massachusetts Archives. 1999. okt\u00f3ber 25. (Felk\u00e9rt el\u0151ad\u00f3k\u00e9nt) <\/p>\n<p>14. Jozsef Kovacs: Bioethics Teaching in Hungary. El\u0151ad\u00e1s a \u201eRegional ethics teaching meeting\u201d (Budapest, 21-22 October 2004) konferenci\u00e1n. (Szervez\u0151: UNESCO, Division of Ethics of Science and Technology. ) 2004. X. 21.-\u00e9n (Felk\u00e9rt el\u0151ad\u00f3k\u00e9nt)<\/p>\n<p>15. Jozsef Kovacs: Ethical Questions of Mental Health. The EU and the psycho-business. El\u0151ad\u00e1s a XIII. International Semmelweis Symposiumon. (2004. XI. 5.-\u00e9n) (Szervez\u0151: dr. Rajna P\u00e9ter, IV. sz. Doktori Iskola vezet\u0151je) (Felk\u00e9rt el\u0151ad\u00f3k\u00e9nt)<\/p>\n<p>16. Jozsef Kov\u00e1cs: The paradox of bioethical expertise. El\u0151ad\u00e1s a \u201eBioethics in the Real World\u201d c. konferenci\u00e1n. 21st Annual Conference of European Association of Centers of Medical Ethics (EACME), Z\u00fcrich, Switzerland, 2007. szeptember 13-15. (2007. szeptember 15.-\u00e9n) <\/p>\n<p>\n17. Kov\u00e1cs J\u00f3zsef: A gyermekkori v\u00e9d\u0151olt\u00e1sok etikai k\u00e9rd\u00e9sei. El\u0151ad\u00e1s \u201eAz alapell\u00e1t\u00e1st v\u00e9gz\u0151 gyermekorvosok Eur\u00f3pai Szervezet\u00e9nek (ESAD) XVIII. \u00e9s a H\u00e1zi Gyermekorvosok Egyes\u00fclet\u00e9nek XIII. Konferenci\u00e1j\u00e1n. (Absztrakt el\u00e9rhet\u0151) Budapest, 2007. X. 26. (Felk\u00e9rt el\u0151ad\u00f3k\u00e9nt) <\/p>\n<p>18. Jozsef Kovacs: Ethical Questions of Human Research. El\u0151ad\u00e1s. (5th European Course on Biotechnology Ethics, Budapest, Hungary, June 22-29, 2008.) (Spin\u00f3za H\u00e1z, Budapest. VII. Dob u. 15.) (2008. VI. 28.-\u00e1n) (Felk\u00e9rt el\u0151ad\u00f3k\u00e9nt)<\/p>\n<p>19. Jozsef Kovacs: Relevance of the UNESCO Declarations in teaching bioethics and medical law. Partcipant of the round-table discussion as resource person. In: Workshop on the UNESCO-CELAB Joint Project: Local, Regional or International? Laws, Standards and Codes for Biotechnology. 2008. november 7-8. Budapest, Central European University, Budapest, N\u00e1dor u. 9. (Felk\u00e9rt el\u0151ad\u00f3k\u00e9nt)<\/p>\n<p>20. Kov\u00e1cs J\u00f3zsef: Eutan\u00e1zia-e a cardiopulmon\u00e1lis resuscit\u00e1ci\u00f3 mell\u0151z\u00e9se? El\u0151ad\u00e1s \u201eAz emberhez m\u00e9lt\u00f3 hal\u00e1l\u201d c\u00edm\u0171 nemzetk\u00f6zi konferenci\u00e1n. (Felk\u00e9rt el\u0151ad\u00f3k\u00e9nt) (V\u00e9dn\u00f6k: Dr. Baka Andr\u00e1s, a Magyar K\u00f6zt\u00e1rsas\u00e1g Legfels\u0151bb B\u00edr\u00f3s\u00e1g\u00e1nak eln\u00f6ke). Levezet\u0151 eln\u00f6k: Dr. Fil\u00f3 Mih\u00e1ly. (ELTE \u00c1JK Kari Tan\u00e1csterem, Bp. V. Egyetem t\u00e9r 1-3) (2010. janu\u00e1r 22-23) (2010. janu\u00e1r 22.-\u00e9n) (Felk\u00e9rt el\u0151ad\u00f3k\u00e9nt)<\/p>\n<p>\n21. Jozsef Kovacs: How synthetic biology (Synbio) techniques may change the concepts of health, disease, therapy and suffering? El\u0151ad\u00e1s Bilbaoban , (Spanyolorsz\u00e1g) 2010. november 2. \u2013\u00e1n, az \u201eEthics &amp; Clinical Applications of Synthetic Biology: An Interdisciplinary Dialogue) c. kongresszuson. (Szervez\u0151k: The University of Zurich, The University of Deusto, The Rathenau Institute, The Knowledge Foundation and the Centre of Ethics ni Medicine, University of Bristol. (Within the EU 7 project of the European Commission \u201eSynthetic biology for human health: Ethical and Legal Aspects\u201d) (Felk\u00e9rt el\u0151ad\u00f3k\u00e9nt)<\/p>\n<p>22. Jozsef Kovacs: Ethical questions of human stem cell research. El\u0151ad\u00e1s a \u201eGerman-Hungarian Dialogue on Bioethical Issues\u201d c. konferenci\u00e1n Debrecenben, 2011. XI. 5.-\u00e9n. (Szervezte: Bioethics Research Group of the Research University of Debrecen, prof. Erzs\u00e9bet R\u00f3zsa) (Helysz\u00edn: Debrecen, The Regional Centre of Hungarian Academy of Sciences. 49 Thomas Mann , Debrecen, Hungary.) (Felk\u00e9rt el\u0151ad\u00f3k\u00e9nt) <\/p>\n<p>23. Jozsef Kovacs: Topical Questions of Clinical Research in Central and Eastern European Countries. El\u0151ad\u00e1s az \u201e5th Annual CEE &amp; CIS Clinical Trials Forum-on. (Felk\u00e9rt, megh\u00edvott el\u0151ad\u00f3k\u00e9nt.) (18-19 April, 2012. Hilton Hotel Vienna, Vienna, Austria) Szervez\u0151: Fleming Europe. <\/p>\n<p>24. Jozsef Kovacs: (Bio)ethical and (bio)political questions of measuring scholarly performance. Plen\u00e1ris el\u0151ad\u00e1s a 28th European Conference on Philosophy of Medicine and Health Care \u201eBioethics and biopolitics\u201d c. kongresszuson. (27-30 August 2014, Debrecen, Hungary) Organized by The European Society for Philosophy of Medicine and Health Care (ESPMH) and the Department of Behavioural Sciences, Faculty of Public Health, University of Debrecen (el\u0151ad\u00e1s megtartva augusztus 30.-\u00e1n) (Felk\u00e9rt el\u0151ad\u00f3k\u00e9nt) Absztrakt el\u00e9rhet\u0151 a k\u00f6vetkez\u0151 absztraktf\u00fczetben: Bert Gordijn\u2014P\u00e9ter Kakuk\u2014Attila B\u00e1nfalvi (eds.): Proceedings of the 28th European Conference on Philosophy of Medicine and Health Care \u201eBioethics and biopolitics) Debrecen: Department of Behavioural Sciences, Faculty of Public Health (p. 7-8.) (ISBN: 978-963-473-728-5) <\/p>\n<p>25. Kov\u00e1cs J\u00f3zsef: Bioetika oktat\u00e1s a Semmelweis Egyetemen. El\u0151ad\u00e1s a Magyar Bioetikai T\u00e1rsas\u00e1g 24. Nemzetk\u00f6zi Konferenci\u00e1j\u00e1n. (2014. szeptember 26.-27.)<br \/>\nHelysz\u00edn: P\u00e1zm\u00e1ny P\u00e9ter Katolikus Egyetem (1088. Budapest, Szentkir\u00e1lyi u. 28. )<br \/>\n(2014. szeptember 26.-\u00e1n) (Felk\u00e9rt el\u0151ad\u00f3k\u00e9nt)<\/p>\n<p>\n26. Jozsef Kovacs: The ethics of eHealth. Does ethics prevent the development of technology? El\u0151ad\u00e1s az \u201eeHealth\u2014advantages, possibilities and challanges of using ICT and mobile technology in healthcare\u201d c. konferenci\u00e1n. (Felk\u00e9rt el\u0151ad\u00f3k\u00e9nt)<br \/>\n(Szervez\u0151: Embassy of Finland, Budapest, Finnagora) (2014. okt\u00f3ber 10.-\u00e9n)<br \/>\nHelysz\u00edn: Embassy of Finland, Budapest, Kelenhegyi \u00fat 16\/a. <\/p>\n<p>27. Jozsef Kovacs: Some ethical questions of performance assessment in research: authorship and scientometrics. Plen\u00e1ris el\u0151ad\u00e1s a 10th ORPHEUS (Organization of PhD Education in Biomedicine and Health Sciences in the European System) Conference (Challanges in evaluation of research outcomes in PhD education) c. konferenci\u00e1n. (Megh\u00edvott, felk\u00e9rt el\u0151ad\u00f3k\u00e9nt) (16-18 April, 2015, Belgrade, Serbia) <br \/>\n( 2015. \u00e1prilis 17.-\u00e9n) (Local Organizer: Faculty of Medicine, University of Belgrade) <\/p>\n<p>28. Jozsef Kovacs\u2014Brigitta Baran: Some ethical problems in forensic psychiatry. El\u0151ad\u00e1s a \u201eThe Ghent Group: Network of European Forensic Psychiatrists. 12th Annual Meeting c. konferenci\u00e1n. (Felk\u00e9rt el\u0151ad\u00f3k\u00e9nt) (2015. Szeptember 17-19, Budapest, MEDOSZ Hotel, 1066. Bp. J\u00f3kai t\u00e9r 9.) (2015. szeptember 18.-\u00e1n) <\/p>\n<p>29. Kov\u00e1cs J\u00f3zsef: Az eugenikai mozgalom bioetikai tanuls\u00e1gai. (Magyarul tartott el\u0151ad\u00e1s szinkrontolm\u00e1csol\u00e1ssal) El\u0151ad\u00e1s a \u201eGy\u00f3gy\u00edt\u00e1st\u00f3l a gyilkol\u00e1sig. A tudom\u00e1nyosan megalapozott n\u00e9pirt\u00e1s t\u00f6rt\u00e9nete\u201d c. nemzetk\u00f6zi konferenci\u00e1n. (Felk\u00e9rt el\u0151ad\u00f3k\u00e9nt) Helysz\u00edn: Holokauszt Eml\u00e9kk\u00f6zpont, 1094. Budapest, P\u00e1va u. 39.<br \/>\nId\u0151pont: 2016. \u00e1prilis 25.; (Szervez\u0151k: Holokauszt Eml\u00e9kk\u00f6zpont, Budapest; Holocaust Museum Houston; Medicine After the Holocaust\u2014CMATH;) <\/p>\n<p>30. Kov\u00e1cs J\u00f3zsef: A betegek bevon\u00e1sa \u00e9letv\u00e9gi d\u00f6nt\u00e9sekbe Magyarorsz\u00e1gon. Egy javaslat. (Magyarul tartott el\u0151ad\u00e1s szinkrontolm\u00e1csol\u00e1ssal) El\u0151ad\u00e1s \u201eAz eutan\u00e1zia jogi, orvosi \u00e9s etikai aspektusai\u201d c. nemzetk\u00f6zi konferenci\u00e1n.) (Szervez\u0151: Holland Kir\u00e1lys\u00e1g magyarorsz\u00e1gi nagyk\u00f6vete, \u00d6exc. Gajus Scheltema \u00e9s Prof. dr. Kov\u00e1cs J\u00f3zsef, Semmelweis Egyetem\u2014Magatart\u00e1studom\u00e1nyi Int\u00e9zet) Helysz\u00edn: Holland Kir\u00e1lys\u00e1g nagyk\u00f6veti rezidencia, 1125. Budapest, M\u00e1ty\u00e1s kir\u00e1ly \u00fat 32.; Id\u0151pont: 2016. november 23. (Felk\u00e9rt el\u0151ad\u00f3k\u00e9nt)<\/p>\n<p>31. Jozsef Kovacs: Environmental ethics in the medical curriculum. El\u0151ad\u00e1s a Cambridge Consortium for Bioethics Education \u201eBest Practices, Innovations, Insights\u201d c\u00edm\u0171 Working Groups Meeting-en. (Venue: University of Debrecen, Ken\u00e9zy Life Sciences Library, 3 floor) (Date: 1 December, 2016.) (Working groups: https:\/\/www.cambrdige.org\/core\/journals\/cambridge-quarterly-of-healthcare-ethics\/cambridge-bioethics-education-working-groups ) (Felk\u00e9rt el\u0151ad\u00f3k\u00e9nt)<\/p>\n<p>\n32. Jozsef Kovacs: Ethical questions of human research. Lecture held at Semmelweis Researchers\u2019 Salon after Prof. Dr. Dietrich v. Engelhardt farewell lecture: \u201eArs longa, vita brevis\u2014The meaning of time in the medicine.\u201d<br \/>\n(November 7, 2017; Venue: Semmelweis Szalon, 1085. Budapest, \u00dcll\u0151i \u00fat. 26. I. em.) (As an invited speaker) <\/p>\n<p>33. Jozsef Kovacs: Authorship, performance assessment and publication ethics. Keynote presentation at the 2nd International Conference on Bioethics in the New Age of Science (BNAS-2018) (10 May, 2018) Venue: Secretariat of the Regional Committee of the Hungarian Academy of Sciences (MTA SZAB Titk\u00e1rs\u00e1g) 6720. Szeged, Somogyi u. 7. (10-11 May, 2018.) (As an invited speaker) <\/p>\n<p>34. Jozsef Kovacs: Mindfulness\u2014Bioethical Questions. El\u0151ad\u00e1s a \u201eThe relationship between Mindfulness and Ethics\u201d kerekasztal keret\u00e9ben a Magyar Mindfulness \u00e9s Kontemplat\u00edv Egyes\u00fclet I. Nemzetk\u00f6zi Konferenci\u00e1j\u00e1n (Mindfulness\u2014Compassion\u2014Ethics) (2018. augusztus 24-26.) Helysz\u00edn: ELTE L\u00e1gym\u00e1nyosi Campus, Budapest, XI. P\u00e1zm\u00e1ny P\u00e9ter s\u00e9t\u00e1ny 1\/a (2018. VIII. 26-\u00e1n). (Megh\u00edvott el\u0151ad\u00f3k\u00e9nt \u00e9s egyik szervez\u0151k\u00e9nt) <\/p>\n<p>35. Jozsef Kovacs: Ethical questions of human research. El\u0151ad\u00e1s a Semmelweis Universitat Asklepios Campus Hamburg-ban. (Asklepios Medical School Gmbh, Hamburg, Lohm\u00fchlestrasse 5, Haus P) 2019. november 21-\u00e9n. (Megh\u00edvott el\u0151ad\u00f3k\u00e9nt)<\/p>\n<p>36. Jozsef Kovacs &#8211;Judit Sandor: Dialogue. Conversation of the history of bioethics and medical law in Hungary. Participant of the above conversation on the Budapest workshop : Taming the European Leviathan: The legacy of post-war medicine and the common good. Historical contexts of an ethical and legal analysis of Biomedicine. (Venue: CEU, Budapest, N\u00e1dor u 15. Quantum room) Date: 19 November, 2021.) (Due to the COVID pandemic the workshop was finally carried out via Zoom meeting.) (As an invited participant of the conversation.)<\/p>\n<p>37. Jozsef Kovacs: Ethical problems of biomedical Big data. Participant in the round table discussion on ethical and legal aspects of biomedical big data at the 3rd DATAETHICS Multiplier Event symposium. (Organized by the DATAETHICS Consortium. (17 August, 2023.) Venue: Semmelweis Salon, Semmelweis University. 1085. Budapest, \u00dcll\u0151i \u00fat 26.) (Organizers: Mikl\u00f3s Kellermayer, member of the Eurolife Steering Committee, Semmelweis University and Csaba B\u00f6d\u00f6r, member of the Eurolife Education Alliance , Semmelweis University)<\/p>\n<p>38. Jozsef Kovacs: The Development of Bioethics in Hungary. Lecture held at the \u201eHuman Rights, Bioethics and Biopolitics\u201d Conference. (As an invited speaker)<br \/>\nDate: 12 December, 2023. Venue: Central European University\u2014Budapest site, Budapest, N\u00e1dor u 15. (N15 Quantum (101) room.<\/p>\n<p>\nHazai kongresszusok<\/p>\n<p>1. Dr. Moln\u00e1r Attila\u2014dr. Kov\u00e1cs J\u00f3zsef: A betegek el\u00e9gedetts\u00e9g\u00e9nek vizsg\u00e1lata ell\u00e1t\u00e1si szintenk\u00e9nt. (MOTESZ Eg\u00e9szs\u00e9g\u00fcgyi Szervez\u0151k Tudom\u00e1nyos Egyes\u00fclete VI. kongresszus\u00e1n elhangzott el\u0151ad\u00e1s, 1982.)<\/p>\n<p>2. Dr. Kelemen G\u00e1bor\u2014dr. Kov\u00e1cs J\u00f3zsef: Paternalizmus a pszichi\u00e1tri\u00e1ban. A Magyar Pszichi\u00e1triai T\u00e1rsas\u00e1g II. Kongresszus\u00e1n elhangzott el\u0151ad\u00e1s. (Budapest, 1986. nov. 14-16) In: A pszichi\u00e1tria jelene \u00e9s j\u00f6v\u0151je haz\u00e1nkban. I. k\u00f6t. (pp.165-167. old)<\/p>\n<p>3. Dr. Kov\u00e1cs J\u00f3zsef: Az eg\u00e9szs\u00e9g \u00e9s a betegs\u00e9g fogalma. El\u0151ad\u00e1s a \u201eMagyar Medikus Munkak\u00f6z\u00f6ss\u00e9g\u201d (az Internationale Mediziner Arbeitsgemeinschaft, I.M.A. magyar tagozata) II. kongresszsus\u00e1n. (Tahi, 1991. \u00e1prilis) (felk\u00e9rt el\u0151ad\u00f3k\u00e9nt)<\/p>\n<p>4. Dr. Kov\u00e1cs J\u00f3zsef: A kezel\u00e9s visszautas\u00edt\u00e1s\u00e1nak joga. El\u0151ad\u00e1s a Medjuris \u00e9s a Jehova Tanui Felekezet \u00e1ltal rendezett kongresszuson. (H\u00e9v\u00edz, 1991. okt\u00f3ber 3O-31.) (felk\u00e9rt el\u0151ad\u00f3k\u00e9nt)<\/p>\n<p>5. Dr. Kov\u00e1cs J\u00f3zsef: Etikai probl\u00e9m\u00e1k termin\u00e1lis \u00e1llapot\u00fa betegek ell\u00e1t\u00e1s\u00e1n\u00e1l. El\u0151ad\u00e1s a Medjuris konferenci\u00e1n. (Jahn Ferenc D\u00e9l-Pesti K\u00f3rh\u00e1z, 1991. november 29.) (felk\u00e9rt el\u0151ad\u00f3k\u00e9nt)<\/p>\n<p>\n6. Dr. Kov\u00e1cs J\u00f3zsef: Az abortusz etikai k\u00e9rd\u00e9sei. El\u0151ad\u00e1s \u201eA kisebbs\u00e9gi \u00e9s emberi jogok helyzete Magyarorsz\u00e1gon\u201d c., a F\u0151v\u00e1rosi \u00dajv\u00e1rosh\u00e1z\u00e1n 1992. m\u00e1rcius 7-8.-\u00e1n tartott kongresszuson. (Besz\u00e1mol\u00f3 az el\u0151ad\u00e1sr\u00f3l a Pesti H\u00edrlap 1992. m\u00e1rcius 1O., keddi sz\u00e1m\u00e1ban, \u00e9s a Kur\u00edr 1992. m\u00e1rcius 1O.-i sz\u00e1m\u00e1ban.) (felk\u00e9rt el\u0151ad\u00f3k\u00e9nt)<\/p>\n<p>7. Dr. Kov\u00e1cs J\u00f3zsef: A diagn\u00f3zis k\u00f6zl\u00e9s\u00e9nek etikai dilemm\u00e1i. El\u0151ad\u00e1s a Magyar Onkol\u00f3gusok T\u00e1rsas\u00e1ga Pszichoonkol\u00f3giai Szekci\u00f3ja \u00e1ltal rendezett, \u201eA diagn\u00f3zis k\u00f6zl\u00e9s\u00e9nek dilemm\u00e1i\u201d c. kongresszuson. (Szombathely, 1992. m\u00e1rcius 2O-22.) (felk\u00e9rt el\u0151ad\u00f3k\u00e9nt)<\/p>\n<p>\n8. Dr. Kov\u00e1cs J\u00f3zsef: A misztika fogalma. El\u0151ad\u00e1s a \u201eMagyar Medikus Munkak\u00f6z\u00f6ss\u00e9g\u201d (az Internationale Mediziner Arbeitsgemeinschaft, I.M.A. magyar tagozata) III. kongresszus\u00e1n. (Tahi, 1992. m\u00e1jus 1.) (felk\u00e9rt el\u0151ad\u00f3k\u00e9nt)<\/p>\n<p>\n9. Dr. Kov\u00e1cs J\u00f3zsef: Az abortusz n\u0151i perspekt\u00edv\u00e1b\u00f3l. Az \u00e9lethez val\u00f3 jog \u00e9s az \u00f6nrendelkez\u00e9s joga. El\u0151ad\u00e1s \u201eA civil t\u00e1rsadalom \u00e9s az abortusz\u201d c\u00edm\u0171, a European Association of Gynaecologists and Obstetricians (EAGO) magyarorsz\u00e1gi tagozat\u00e1nak III. tudom\u00e1nyos \u00fcl\u00e9s\u00e9n. (Esztergom, 1992. j\u00fanius 1.) Az el\u0151ad\u00e1sr\u00f3l r\u00f6vid iinterj\u00fat adtam a Kossuth R\u00e1di\u00f3 \u201eReggeli Kr\u00f3nika\u201d c. m\u0171sora sz\u00e1m\u00e1ra. (1992. j\u00fanius 2. Kossuth, 7. 32.) Az el\u0151ad\u00e1s r\u00f6vid \u00edr\u00e1sos kivonata: Magyar N\u0151orvosok Lapja. 1992. 55. \u00e9vf. Supplementum. (1992. augusztus. ) (p. 24) (El\u0151ad\u00e1s \u00edr\u00e1sos v\u00e1ltozata) (felk\u00e9rt el\u0151ad\u00f3k\u00e9nt) <\/p>\n<p>10. Dr. Kov\u00e1cs J\u00f3zsef: Az akt\u00edv \u00e9s a passz\u00edv eutan\u00e1zia. El\u0151ad\u00e1s a \u201eJogorvosl\u00e1s\u201d c. konferenci\u00e1n. (Szeged, 1993. \u00e1prilis 24.-25.) (Az el\u0151ad\u00e1s r\u00f6vid kivonata a Magyar H\u00edrlap 1993. \u00e1prilis 27.-i sz\u00e1m\u00e1ban, ill. az el\u0151ad\u00e1sr\u00f3l r\u00f6vid interj\u00fa az Esti Egyenlegben. Magyar Telev\u00edzi\u00f3, 2. csatorna. 1993. \u00e1prilis 24.) (felk\u00e9rt el\u0151ad\u00f3k\u00e9nt)<\/p>\n<p>11. Dr. Kov\u00e1cs J\u00f3zsef: A beteg jogai, az orvos lehet\u0151s\u00e9gei a t\u00e1j\u00e9koztat\u00e1s folyamat\u00e1ban. El\u0151ad\u00e1s \u201eAz orbvos-beteg kapcsolat speci\u00e1lis vonatkoz\u00e1sai az onkol\u00f3gi\u00e1ban; A hospice szellem\u0171 ell\u00e1t\u00e1s. c. tov\u00e1bbk\u00e9pz\u0151 konferenci\u00e1n. (Esztergom, 1993. m\u00e1jus 14.) Szervezte: A Magyar Onkol\u00f3gusok T\u00e1rsas\u00e1ga Pszichoonkol\u00f3giai szekci\u00f3ja, a R\u00e1kbetegek Eg\u00e9szs\u00e9g\u00e9\u00e9rt Alap\u00edtv\u00e1ny \u00e9s Esztergom v\u00e1ros Vaszary Kolos K\u00f3rh\u00e1za. (felk\u00e9rt el\u0151ad\u00f3k\u00e9nt)<\/p>\n<p>12. Dr. Kov\u00e1cs J\u00f3zsef: Betegjogok a bioetika szemsz\u00f6g\u00e9b\u0151l. El\u0151ad\u00e1s a \u201eKonferencia a betegek jogai\u00e9rt\u201d c. konferenci\u00e1n. (Rendezte: L\u00c1NC Eg\u00e9szs\u00e9gk\u00e1rosodott Emberek Szervezeteinek Sz\u00f6vets\u00e9ge. Budapest, 1993. m\u00e1jus 28.) (felk\u00e9rt el\u0151ad\u00f3k\u00e9nt)<\/p>\n<p>\n13. Dr. Kov\u00e1cs J\u00f3zsef: Betegjogok a bioetika szemsz\u00f6g\u00e9b\u0151l. El\u0151ad\u00e1s a R\u00e1kbetegek Orsz\u00e1gos Sz\u00f6vets\u00e9g\u00e9nek Konferenci\u00e1j\u00e1n 1993. okt\u00f3ber 7.-\u00e9n (Budapest, SOTE, NET.) (Az el\u0151ad\u00e1s r\u00f6vid tartalmi ismertet\u00e9se a N\u00e9pszabads\u00e1g, 1993. okt\u00f3ber 8.-i sz\u00e1m\u00e1ban.) (felk\u00e9rt el\u0151ad\u00f3k\u00e9nt)<\/p>\n<p>\n14. Dr. Kov\u00e1cs J\u00f3zsef:A betegt\u00e1j\u00e9koztat\u00e1s lehet\u0151s\u00e9gei, k\u00f6telezetts\u00e9ge \u00e9s buktat\u00f3i rossz progn\u00f3zis\u00fa betegekn\u00e9l. El\u0151ad\u00e1s Gy\u00f6ngy\u00f6starj\u00e1nban, a Borhi Kast\u00e9lyban rendezett \u201eA megel\u0151z\u00e9s \u00e9s kieg\u00e9sz\u00edt\u0151 ter\u00e1pi\u00e1k lehet\u0151s\u00e9ge \u00e9s s\u00falya a r\u00e1kgy\u00f3gy\u00edt\u00e1sban.\u201d c. konferenci\u00e1n, a \u201eR\u00e1k ellen, az Ember\u00e9rt, a Holnap\u00e9rt\u201d T\u00e1rsadalmi Alap\u00edtv\u00e1ny szervez\u00e9s\u00e9ben 1993. november 1O.-\u00e9n. (felk\u00e9rt el\u0151ad\u00f3k\u00e9nt)<\/p>\n<p>\n15. Dr. Kov\u00e1cs J\u00f3zsef: A magatart\u00e1studom\u00e1ny integrat\u00edv szeml\u00e9let\u0171 oktat\u00e1sa az orvosk\u00e9pz\u00e9sben a bioetika szemsz\u00f6g\u00e9b\u0151l. Korrefer\u00e1tum a Magyar Pszichi\u00e1triai T\u00e1rsas\u00e1g III. Kongresszus\u00e1n, 1994. febru\u00e1r 26.-\u00e1n. (felk\u00e9rt el\u0151ad\u00f3k\u00e9nt)<\/p>\n<p>\n16. Dr. Kov\u00e1cs J\u00f3zsef: A kr\u00f3nikus betegek jogai erk\u00f6lcsi szempontb\u00f3l. El\u0151ad\u00e1s az \u201eEg\u00e9szs\u00e9gk\u00e1rosodott a csal\u00e1dban, a t\u00e1rsadalomban\u201d c. konferenci\u00e1n. (L\u00e1nc Eg\u00e9szs\u00e9gk\u00e1rosodott Emberek Szervezeteinek Sz\u00f6vets\u00e9ge.) 1994. november 2O.-\u00e1n, Budapesten. (Vill\u00e1nyi \u00fati konferencia-k\u00f6zpont.) (felk\u00e9rt el\u0151ad\u00f3k\u00e9nt)<\/p>\n<p>17. Dr. Kov\u00e1cs J\u00f3zsef: Az orvosi hivat\u00e1s n\u00e9h\u00e1ny etikai k\u00e9rd\u00e9se napjainkban. El\u0151ad\u00e1s \u201eAz orvosi hivat\u00e1s&#8211;napjainkban.\u201d c. konferenci\u00e1n 1995. janu\u00e1r 11.-\u00e9n. (Ferencv\u00e1rosi M\u0171vel\u0151d\u00e9si H\u00e1z. Szervezte: Orsz\u00e1gos Kardiol\u00f3giai Int\u00e9zet.) (felk\u00e9rt el\u0151ad\u00f3k\u00e9nt)<\/p>\n<p>18. Dr. Kov\u00e1cs J\u00f3zsef: A makroallok\u00e1ci\u00f3 etikai k\u00e9rd\u00e9sei. El\u0151ad\u00e1s a Magyar T\u00e1rsadalomorvostudom\u00e1nyi T\u00e1rsas\u00e1g tudom\u00e1nyos \u00fcl\u00e9s\u00e9n. (1995. janu\u00e1r 25. Haynal Imre Eg\u00e9szs\u00e9gtudom\u00e1nyi Egyetem.) (felk\u00e9rt el\u0151ad\u00f3k\u00e9nt)<\/p>\n<p>\n19. Dr. Kov\u00e1cs J\u00f3zsef: A laikusok szerepe a betegjogok megfogalmaz\u00e1s\u00e1ban. El\u0151ad\u00e1s az \u201e\u0150szint\u00e9n a r\u00e1kbetegek jogair\u00f3l\u201d c. \u00fcnnepi tudom\u00e1nyos \u00fcl\u00e9sen. (1995. m\u00e1rcius 18.-\u00e1n, Orsz\u00e1gos Eg\u00e9szs\u00e9gbiztos\u00edt\u00e1si P\u00e9nzt\u00e1r sz\u00e9kh\u00e1za.) (felk\u00e9rt el\u0151ad\u00f3k\u00e9nt)<\/p>\n<p>20. Dr. Kov\u00e1cs J\u00f3zsef: Az eutan\u00e1zia a bioetika szemsz\u00f6g\u00e9b\u0151l. El\u0151ad\u00e1s a T\u00e1rsadalomtudom\u00e1nyi T\u00e1rsas\u00e1g \u00e9s a Magyar Humanista Egyes\u00fclet vitaestj\u00e9n. (Budapesti K\u00f6zgazdas\u00e1gtudom\u00e1nyi Egyetem, 1995. m\u00e1rcius 3O.) (felk\u00e9rt el\u0151ad\u00f3k\u00e9nt)<\/p>\n<p>\n21. Dr. Kov\u00e1cs J\u00f3zsef: A betegjogok a bioetikus szemsz\u00f6g\u00e9b\u0151l. El\u0151ad\u00e1s a Medjuris betegjogi konferenci\u00e1n 1995. m\u00e1jus 12.-\u00e9n. (Szeged, Forr\u00e1s Sz\u00e1ll\u00f3) (felk\u00e9rt el\u0151ad\u00f3k\u00e9nt)<\/p>\n<p>\n22. Dr. Kov\u00e1cs J\u00f3zsef: A daganatos betegek t\u00e1j\u00e9koztat\u00e1s\u00e1val kapcsolatos k\u00e9rd\u00e9sek. El\u0151ad\u00e1s az Orsz\u00e1gos Onkol\u00f3giai Int\u00e9zetben a csal\u00e1dorvosok, onkol\u00f3giai gondoz\u00f3k, \u00e9s ker\u00fcleti tisztif\u0151orvosok sz\u00e1m\u00e1ra rendezett konferenci\u00e1n 1995. IX. 23.-\u00e1n. (felk\u00e9rt el\u0151ad\u00f3k\u00e9nt)<\/p>\n<p>23. Dr. Kov\u00e1cs J\u00f3zsef: Hozz\u00e1j\u00e1rul\u00e1s az eg\u00e9szs\u00e9g\u00fcgyi beavatkoz\u00e1sokhoz. El\u0151ad\u00e1s a \u201eM\u00e9gis kinek az (\u00edt)\u00e9lete?\u201d c. orsz\u00e1gos konferenci\u00e1n a betegeket megillet\u0151 t\u00e1j\u00e9koztat\u00e1si \u00e9s beleegyez\u00e9si jogr\u00f3l. (Konferencia helye: Budapest, XI. Vill\u00e1nyi \u00fat 11-13. El\u0151ad\u00e1s ideje: 1995. szeptember 28.) (felk\u00e9rt el\u0151ad\u00f3k\u00e9nt)<\/p>\n<p>24. Dr. Kov\u00e1cs J\u00f3zsef: Hogyan \u00e9rv\u00e9nyes\u00edthet\u0151k a betegjogok a gyakorlatban? El\u0151ad\u00e1s a \u201eM\u00e9gis kinek az (\u00edt)\u00e9lete?\u201d c. orsz\u00e1gos konferenci\u00e1n a betegeket megillet\u0151 t\u00e1j\u00e9koztat\u00e1si \u00e9s beleegyez\u00e9si jogr\u00f3l. (Konferencia helye: Budapest, XI. Vill\u00e1nyi \u00fat 11-13. El\u0151ad\u00e1s ideje: 1995. szeptember 29.) (felk\u00e9rt el\u0151ad\u00f3k\u00e9nt)<\/p>\n<p>\n25. Dr. Kov\u00e1cs J\u00f3zsef: Min\u0151s\u00e9gbiztos\u00edt\u00e1s a bioetika szempontj\u00e1b\u00f3l. El\u0151ad\u00e1s a \u201eK\u00f3rh\u00e1zi min\u0151s\u00e9gfejleszt\u00e9si konferencia\u201d c\u00edm\u0171 konszenszus-konferenci\u00e1n Hajduszoboszl\u00f3n. (1995. november 22-23.) (felk\u00e9rt el\u0151ad\u00f3k\u00e9nt)<\/p>\n<p>\n26. Dr. Kov\u00e1cs J\u00f3zsef: Igazs\u00e1goss\u00e1g az eg\u00e9szs\u00e9g\u00fcgyben. Az eg\u00e9szs\u00e9g\u00fcgyi makroallok\u00e1ci\u00f3 orvosetikai k\u00e9rd\u00e9sei. El\u0151ad\u00e1s a Magyar Orvosi Kamara szervez\u00e9s\u00e9ben rendezett \u201eGazdas\u00e1gi Megszor\u00edt\u00f3 Int\u00e9zked\u00e9sek orvosetikai vonatkoz\u00e1sai\u201d c\u00edm\u0171 szimp\u00f3ziumon. (Budapest Sportcsarnok, 1996. febru\u00e1r 8.) (felk\u00e9rt el\u0151ad\u00f3k\u00e9nt)<\/p>\n<p>27. Dr. Kov\u00e1cs J\u00f3zsef: Hogyan k\u00f6z\u00f6lj\u00fck a rosszindulat\u00fa betegs\u00e9g fenn\u00e1llt\u00e1t? El\u0151ad\u00e1s a klinikai onkol\u00f3gusok \u201eBetegjogi k\u00e9rd\u00e9sek\u201d c\u00edm\u0171 konferenci\u00e1j\u00e1n. (Nagykov\u00e1csi kast\u00e9ly, 1996. febru\u00e1r 17.) (felk\u00e9rt el\u0151ad\u00f3k\u00e9nt)<\/p>\n<p>\n28. Dr. Kov\u00e1cs J\u00f3zsef: A gyermekjogok \u00e9rv\u00e9nyes\u00fcl\u00e9se az eg\u00e9szs\u00e9g\u00fcgyben. El\u0151ad\u00e1s a Magyar Gyermekorvosok T\u00e1rsas\u00e1ga \u00e1ltal szervezett \u201eA gyermekek\u00e9rt, a 21. sz\u00e1zad\u00e9rt.\u201d c. interszektori\u00e1lis konferenci\u00e1n. Visegr\u00e1d, Hotel Silv\u00e1nus. 1996. m\u00e1rcius 23. (felk\u00e9rt el\u0151ad\u00f3k\u00e9nt)<\/p>\n<p>\n29. Dr. Kov\u00e1cs J\u00f3zsef: A t\u00e1j\u00e9kozott beleegyez\u00e9s. El\u0151ad\u00e1s. (Nemzeti R\u00e1kellenes Napok 1996.) (Szervez\u0151k: SOTE Magatart\u00e1studom\u00e1nyi Int\u00e9zet, Magyar Bioetikai T\u00e1rsas\u00e1g, Magyar Hospice Alap\u00edtv\u00e1ny, Magyar R\u00e1kellenes Liga, Magyar Sz\u00edv Egyes\u00fclet, R\u00e1kbetegek Orsz\u00e1gos Sz\u00f6vets\u00e9ge.) (SOTE, NET) 1996. \u00e1prilis 27.<br \/>\n(felk\u00e9rt el\u0151ad\u00f3k\u00e9nt)<\/p>\n<p>\n30. Dr. Kov\u00e1cs J\u00f3zsef: A QALY \u00e9s az Oregoni priorit\u00e1si rendszer. El\u0151ad\u00e1s \u201eAz egyes eg\u00e9szs\u00e9g\u00fcgyi ell\u00e1t\u00e1sok, szolg\u00e1ltat\u00e1sok fontoss\u00e1gi sorrendj\u00e9nek meghat\u00e1roz\u00e1sa\u201d c. konferenci\u00e1n . (Szervez\u0151k.: Project Hope Central and Eastern Europe \u00e9s a L.A.M. ) (Budapest, MSD-Center) 1996. december 2.-\u00e1n. (felk\u00e9rt el\u0151ad\u00f3k\u00e9nt)<\/p>\n<p>31. Dr. Kov\u00e1cs J\u00f3zsef: Az eutan\u00e1zia k\u00e9rd\u00e9sei a heamatol\u00f3giai betegekn\u00e9l. El\u0151ad\u00e1s a heamol\u00f3gusok 1997. janu\u00e1r 18.-\u00e1n, B\u00fck\u00f6n szervezett kongresszus\u00e1n. (Szervez\u0151: dr. Istv\u00e1n Lajos) (felk\u00e9rt el\u0151ad\u00f3k\u00e9nt)<\/p>\n<p>32. Dr. Kov\u00e1cs J\u00f3zsef: A betegjogok deklar\u00e1l\u00e1s\u00e1nak fontoss\u00e1ga a magyar eg\u00e9szs\u00e9g\u00fcgyben. El\u0151ad\u00e1sa \u201eAz egy\u00e9n jogai az eg\u00e9szs\u00e9g\u00fcgyben (betegjogok).\u201d c. konferenci\u00e1n. (Szervez\u0151je: Project Hope Central and Eastern Europe, \u00e9s a LAM.) 1997. febru\u00e1r 3. (Budapest, MSD-Center) (felk\u00e9rt el\u0151ad\u00f3k\u00e9nt)<\/p>\n<p>\n33. Dr. Kov\u00e1cs J\u00f3zsef: Betegjogok. El\u0151ad\u00e1s a \u201eBetegek \u00e9s Orvosok v\u00e9delme\u201d c. konferenci\u00e1n. (Szervezte: Szent-Gy\u00f6rgyi Albert Orvostudom\u00e1nyi Egyetem N\u00e9peg\u00e9szs\u00e9gtani Int\u00e9zete, a H\u00e1l\u00f3zat a Demokr\u00e1ci\u00e1\u00e9rt Program \/USAID-VWI) t\u00e1mogat\u00e1s\u00e1val. 1997. m\u00e1rcius 8.-\u00e1n. (Az el\u0151ad\u00e1s \u00edr\u00e1sos v\u00e1ltozata el\u00e9rhet\u0151.)<br \/>\n(felk\u00e9rt el\u0151ad\u00f3k\u00e9nt)<\/p>\n<p>\n34. Dr. Kov\u00e1cs J\u00f3zsef: Betegjogok \u00e9s Eur\u00f3pa. El\u0151ad\u00e1s a N\u00e9peg\u00e9szs\u00e9g\u00fcgyi Tudom\u00e1nyos T\u00e1rsas\u00e1g (NETT) Hatodik nagygy\u0171l\u00e9s\u00e9n. (H\u00e9v\u00edz, 1997. \u00e1prilis 24.) (Felk\u00e9rt el\u0151ad\u00f3k\u00e9nt)<\/p>\n<p>35. Dr. Kov\u00e1cs J\u00f3zsef: Szupport\u00edv ter\u00e1pia \u00e9s eutan\u00e1zia&#8211;etikai dilemma? El\u0151ad\u00e1s az I. Orsz\u00e1gos Hospice-palliat\u00edv tudom\u00e1nyos kongresszuson. (Szervez\u0151: Magyar Hospice Egyes\u00fclet, Az Erzs\u00e9bet Hospice Alap\u00edtv\u00e1ny, \u00e9s a Miskolci Akad\u00e9miai Bizotts\u00e1g) Miskolc, 1997. \u00e1prilis 26. (Felk\u00e9rt el\u0151ad\u00f3k\u00e9nt)<\/p>\n<p>\n36. Dr. Kov\u00e1cs J\u00f3zsef: Az emberi jogok \u00e9s a bioetika. El\u0151ad\u00e1s \u201eAz emberi jogok v\u00e9delme az eg\u00e9szs\u00e9g\u00fcgyben \u201e c. konferenci\u00e1n. (Szervezte: A N\u00e9pj\u00f3l\u00e9ti Miniszt\u00e9rium Eg\u00e9szs\u00e9g\u00fcgyi Tudom\u00e1nyos Tan\u00e1cs Tudom\u00e1nyos \u00e9s Kutat\u00e1setikai Bizotts\u00e1ga \u00e9s az Emberi Jogok Magyar K\u00f6zpontja K\u00f6zalap\u00edtv\u00e1ny. (Benczur Sz\u00e1lloda konferenciaterme) (Budapest, 1997. m\u00e1jus 21.) (Felk\u00e9rt el\u0151ad\u00f3k\u00e9nt)<\/p>\n<p>37. Dr. Kov\u00e1cs J\u00f3zsef: Az \u00faj eg\u00e9szs\u00e9g\u00fcgyi t\u00f6rv\u00e9ny \u00e9rt\u00e9kel\u00e9se etikai szempontb\u00f3l. El\u0151ad\u00e1s \u201eAz emberi jogok \u00e9rv\u00e9nyes\u00edt\u00e9se a hazai eg\u00e9szs\u00e9g\u00fcgyben c. konferenci\u00e1n. (Szervezte: Sz\u00f3sz\u00f3l\u00f3 Alap\u00edtv\u00e1ny a Betegek Jogai\u00e9rt.) (Monor, 1997. szept. 26-28. Hotel Hegyessy Nyerges.) (\u00cdr\u00e1sban: In: Az emberi jogok \u00e9rv\u00e9nyes\u00edt\u00e9se a hazai eg\u00e9szs\u00e9g\u00fcgyben. Bp. Sz\u00f3sz\u00f3l\u00f3 Alap\u00edtv\u00e1ny a Betegek Jogai\u00e9rt. 1997. november. (pp. 41-46) (Interj\u00fa az el\u0151ad\u00e1sr\u00f3l angolul: Egyenrang\u00fa partner\u00fcnk az orvos? Riporter S\u00e1rk\u00e1ny Vera, Magyar R\u00e1di\u00f3, K\u00fclf\u00f6ldi ad\u00e1sok szerkeszt\u0151s\u00e9ge) Besz\u00e1mol\u00f3 az el\u0151ad\u00e1sr\u00f3l: N\u00e9pszabads\u00e1g, Itthon mell\u00e9klet, 1997. november 20, cs\u00fct\u00f6rt\u00f6k)<br \/>\n(felk\u00e9rt el\u0151ad\u00f3k\u00e9nt.)<\/p>\n<p>38. Dr. Kov\u00e1cs J\u00f3zsef: A r\u00e1kbetegek t\u00e1j\u00e9koztat\u00e1s\u00e1nak k\u00e9rd\u00e9se. (Felk\u00e9rt el\u0151ad\u00f3k\u00e9nt) El\u0151ad\u00e1s a Magyar Onkol\u00f3gusok T\u00e1rsas\u00e1ga XXII. Nemzeti Kongresszus\u00e1nak Pszichoonkol\u00f3giai Szimp\u00f3zium\u00e1n. (\u00dcl\u00e9seln\u00f6k: dr. Muszbek Katalin) (1997. november 10. Liget Kongresszusi K\u00f6zpont, Bp. D\u00f3zsa G\u00f6rgy \u00fat 84.) (felk\u00e9rt el\u0151ad\u00f3k\u00e9nt)<\/p>\n<p>39. Dr. Kov\u00e1cs J\u00f3zsef: \u00c1llati \u00e9s n\u00f6v\u00e9nyi szervezetek genetikai modifik\u00e1ci\u00f3j\u00e1val kapcsolatos etikai k\u00e9rd\u00e9sek. El\u0151ad\u00e1s a \u201eVita a g\u00e9ntechnol\u00f3gi\u00e1r\u00f3l\u201d c. konferenci\u00e1n. (Szervezte: \u00d6kot\u00e1rs Alap\u00edtv\u00e1ny) 1997. november 18. Parlament Caf\u00e9. (felk\u00e9rt el\u0151ad\u00f3k\u00e9nt)<\/p>\n<p>\n40. Dr. Kov\u00e1cs J\u00f3zsef: Az \u00faj eg\u00e9szs\u00e9g\u00fcgyi t\u00f6rv\u00e9ny pszichi\u00e1triai fejezete a bioetika szemsz\u00f6g\u00e9b\u0151l. El\u0151ad\u00e1s a Magyar Pszichi\u00e1triai T\u00e1rsas\u00e1g IV. Nemzeti Kongresszus\u00e1n a \u201eBetegjogok a pszichi\u00e1triai gy\u00f3gykezel\u00e9sben\u201d c. kerekasztal keret\u00e9ben. (Absztrakt el\u00e9rhet\u0151) (1998. jan. 28-31. (1998. janu\u00e1r 30) (felk\u00e9rt el\u0151ad\u00f3k\u00e9nt)<\/p>\n<p>41. Dr. Kov\u00e1cs J\u00f3zsef: Hal\u00e1l, haldokl\u00e1s, gy\u00e1sz a bioetika szemsz\u00f6g\u00e9b\u0151l. El\u0151ad\u00e1s a Magyar Pszichi\u00e1triai T\u00e1rsas\u00e1g IV. Nemzeti Kongresszus\u00e1n a \u201eHaldokl\u00e1s, hal\u00e1l, gy\u00e1sz\u201d c. kerekasztal keret\u00e9ben. (Bp. 1998. janu\u00e1r 28-30) (1998. janu\u00e1r 30.) (felk\u00e9rt el\u0151ad\u00f3k\u00e9nt)<\/p>\n<p>\n42. Dr. Kov\u00e1cs J\u00f3zsef: Az \u00faj eg\u00e9szs\u00e9g\u00fcgyi t\u00f6rv\u00e9nyr\u0151l. Kerekasztalbesz\u00e9lget\u00e9s r\u00e9sztvev\u0151jek\u00e9nt a \u201eF\u00f3rum az \u00faj eg\u00e9szs\u00e9g\u00fcgyi t\u00f6rv\u00e9nyr\u0151l\u201d c. konferenci\u00e1n. (A Magyar Orvosi Kamara Szimp\u00f3ziuma. A kerekasztalbesz\u00e9lget\u00e9s vezet\u0151je: dr. Doktorits B\u00e9la) (1998. febru\u00e1r 18. Budapest Sportcsarnok) (felk\u00e9rt el\u0151ad\u00f3k\u00e9nt)<\/p>\n<p>\n43. Dr. Kov\u00e1cs J\u00f3zsef: A transzg\u00e9nikus \u00e1llatk\u00eds\u00e9rletek etikai probl\u00e9m\u00e1i. El\u0151ad\u00e1s a Nemzeti Biotechnol\u00f3giai Biztons\u00e1gi Kerekasztal c. rendezv\u00e9nyen. (Mez\u0151gazdas\u00e1gi Biotechnol\u00f3giai K\u00f6zpont, G\u00f6d\u00f6ll\u0151. (1998. m\u00e1rcius 19.) (felk\u00e9rt el\u0151ad\u00f3k\u00e9nt)<\/p>\n<p>44. Dr. Kov\u00e1cs J\u00f3zsef: A t\u00e1j\u00e9kozott beleegyez\u00e9s sz\u00fcl\u00e9szeti vonatkoz\u00e1sai. (Felk\u00e9rt el\u0151ad\u00f3k\u00e9nt.) El\u0151ad\u00e1s a Sz\u00fcl\u00e9szeti \u00e9s Perinatol\u00f3giai Aneszteziol\u00f3giai T\u00e1rsas\u00e1g IV. Szimp\u00f3zium\u00e1n. (1998. m\u00e1rcius 27. Budapest, Therm\u00e1l Hotel, H\u00e9lia.) (felk\u00e9rt el\u0151ad\u00f3k\u00e9nt)<\/p>\n<p>\n45. Dr. Kov\u00e1cs J\u00f3zsef: A betegjogok biztos\u00edt\u00e1s\u00e1nak etikai \u00e9s min\u0151s\u00e9gbiztos\u00edt\u00e1si vonatkoz\u00e1sai. El\u0151ad\u00e1s a Magyar \u00c1pol\u00e1si Igazgat\u00f3k Egyes\u00fclet\u00e9nek K\u00f6zgy\u0171l\u00e9s\u00e9n. Gyula, P\u00e1ndy K\u00e1lm\u00e1n k\u00f3rh\u00e1z, 1998. \u00e1prilis 23. (felk\u00e9rt el\u0151ad\u00f3k\u00e9nt.)<\/p>\n<p>46. Dr. Kov\u00e1cs J\u00f3zsef: A betegt\u00e1j\u00e9koztat\u00e1sr\u00f3l \u00e9s a t\u00e1j\u00e9kozott beleegyez\u00e9sr\u0151l. Kerekasztalbesz\u00e9lget\u00e9s r\u00e9sztvev\u0151jek\u00e9nt a \u201eM\u00e9gis kinek az (\u00edt)\u00e9lete?\u201d c. III. Orsz\u00e1gos Konferenci\u00e1n . (1998. \u00e1prilis 24. Pest Megyei \u00d6nkorm\u00e1nyzat D\u00edszterme. Bp. V\u00e1rsoh\u00e1z u. 7.) (felk\u00e9rt el\u0151ad\u00f3k\u00e9nt.)<\/p>\n<p>\n47. Dr. Kov\u00e1cs J\u00f3zsef: A hal\u00e1lprobl\u00e9ma vitatott k\u00e9rd\u00e9sei. Kerekasztalbesz\u00e9lget\u00e9s r\u00e9sztvev\u0151jek\u00e9nt a \u201eKhar\u00f3n ladikj\u00e1n.\u201d c. thanatol\u00f3giai konferenci\u00e1n. (Moder\u00e1tor: dr. Szil\u00e1rd J\u00e1nos, r\u00e9sztvev\u0151k: dr. Julesz J\u00e1nos, SZOTE, dr. Varga Tibor, SZOTE, dr. V\u00e9csei L\u00e1szl\u00f3 SZOTE, dr. Kov\u00e1cs J\u00f3zsef, SOTE (Szervez\u0151k: SZAB Pszichi\u00e1triai \u00e9s Pedag\u00f3giai Ment\u00e1lhigi\u00e9n\u00e9s Munkacsoportja \u00e9s a Magyar Szuicidium Prevenci\u00f3s T\u00e1rsas\u00e1g.) (Szeged, 1998. m\u00e1jus 29-30.) (felk\u00e9rt el\u0151ad\u00f3k\u00e9nt.)<\/p>\n<p>48. Dr. Kov\u00e1cs J\u00f3zsef: A bioetika oktat\u00e1s\u00e1nak tapasztalatai a SOTE-n. El\u0151ad\u00e1s a \u201eBioetika m\u00faltja \u00e9s j\u00f6v\u0151je\u201d c. kongresszuson. (Magyar Bioetikai T\u00e1rsas\u00e1g 8. Nemzetk\u00f6zi Jubileumi Konferenci\u00e1ja. 1998. j\u00fanius 22.-24. Albert Schweitzer Otthon, Bp. XIV. Hermina \u00fat 51.) (felk\u00e9rt el\u0151ad\u00f3k\u00e9nt.)<\/p>\n<p>49. Dr. Kov\u00e1cs J\u00f3zsef: A beteg \u00e9s a betegell\u00e1t\u00f3k jogainak v\u00e1ltoz\u00e1sai. (Felk\u00e9rt el\u0151ad\u00f3k\u00e9nt.) (El\u0151ad\u00e1s a Kardiol\u00f3giai Szakdolgoz\u00f3k V. Orsz\u00e1gos Konferenci\u00e1j\u00e1n. (1998. szeptember 18.) (Hotel Platanus, Bp. VIII. K\u00f6nyves K\u00e1lm\u00e1n krt. 44.) (felk\u00e9rt el\u0151ad\u00f3k\u00e9nt.)<\/p>\n<p>\n50. Dr. Kov\u00e1cs J\u00f3zsef: A beteg jogai \u00e9s az orvos lehet\u0151s\u00e9gei az \u00faj eg\u00e9szs\u00e9g\u00fcgyi t\u00f6rv\u00e9ny t\u00fckr\u00e9ben. El\u0151ad\u00e1s \u201eAz orvos \u00e9s a r\u00e1kban szenved\u0151 beteg kapcsolata\u201d c. konferenci\u00e1n 1998. XI. 14.-\u00e9n. (\u00d3budai T\u00e1rsask\u00f6r, Budapest III. Kiskorona u. 7. Szervez\u0151: dr. Sz\u00e1nt\u00f3 J\u00e1nos f\u0151orvos) (felk\u00e9rt el\u0151ad\u00f3k\u00e9nt.)<\/p>\n<p>\n51. Dr. Kov\u00e1cs J\u00f3zsef: A betegt\u00e1j\u00e9koztat\u00e1s \u00e9s a t\u00e1j\u00e9kozott beleegyez\u00e9s bioetikai k\u00e9rd\u00e9sei az onkol\u00f3gi\u00e1ban. El\u0151ad\u00e1s a \u201ePszichoonkol\u00f3gia\u201d c. tov\u00e1bbk\u00e9pz\u0151 konferenci\u00e1n az onkol\u00f3giai betegell\u00e1t\u00e1sban dolgoz\u00f3k r\u00e9sz\u00e9re. (Szervez\u0151: dr. Muszbek Katalin&#8211;Smithkline Beecham Pharmaceuticals) (Hotel Platanus, 1999 III. 6) (felk\u00e9rt el\u0151ad\u00f3k\u00e9nt.)<\/p>\n<p>\n52. Dr. Kov\u00e1cs J\u00f3zsef: A bioetika feladatai a j\u00f6v\u0151ben. El\u0151ad\u00e1s a Magyar Bioetikai T\u00e1rsas\u00e1g 9. Nemzetk\u00f6zi Jubileumi Konferenci\u00e1j\u00e1n. (Albert Schweitzer Otthon, Tan\u00e1csterem, Budapest, XIV. Hermina \u00fat 51.) 1999. VI. 21. (felk\u00e9rt el\u0151ad\u00f3k\u00e9nt.)<\/p>\n<p>\n53. Dr. Matk\u00f3 Ida\u2014Dr. Kov\u00e1cs J\u00f3zsef\u2014Dr. S\u00e1ndor Judit: Betegjogok\u2014betegt\u00e1j\u00e9koztat\u00e1s. El\u0151ad\u00e1s a Magyar K\u00f3rh\u00e1zsz\u00f6vets\u00e9g XI. Kongresszus\u00e1n Tihanyban. (1999. III. 3-5) Az el\u0151ad\u00e1s \u00edr\u00e1sban: Dr. Ajkay Zolt\u00e1n (szerk.): A XI. Kongresszus el\u0151ad\u00e1sanyagai. Magyar K\u00f3rh\u00e1zsz\u00f6vets\u00e9g 1999. (pp. 87-89)<\/p>\n<p>\n54. Dr. Kov\u00e1cs J\u00f3zsef: A ment\u00e1lis eg\u00e9szs\u00e9g \u00e9s betegs\u00e9g etikai k\u00e9rd\u00e9sei a bioetik\u00e1ban. El\u0151ad\u00e1s a \u201eA bioetika v\u00e1lasz\u00fatjai az ezredfordul\u00f3n\u201d c. konferenci\u00e1n. (Rendezte: Magyar Bioetikai T\u00e1rsas\u00e1g) 2000. IX. 18. (Bp. Hermina \u00fat 51.) (felk\u00e9rt el\u0151ad\u00f3k\u00e9nt.)<\/p>\n<p>55. Dr. Kov\u00e1cs J\u00f3zsef: Etikai norm\u00e1k \u00e9s\/vagy k\u00f6lts\u00e9gkeretek\u2014dilemm\u00e1k a beteg\u00e1gy mellett. El\u0151ad\u00e1s a \u201eSzakmai \u00e9s gazdas\u00e1gi szempontok egy\u00fcttes kezel\u00e9se a napi gy\u00f3gy\u00edt\u00f3 gyakorlatban\u201d c. konferenci\u00e1n. (Szervez\u0151: Eg\u00e9szs\u00e9g\u00fcgyi Menedzserk\u00e9pz\u0151 Int\u00e9zet) 2000. IX. 27. (felk\u00e9rt el\u0151ad\u00f3k\u00e9nt.)<\/p>\n<p>56. Dr. Kov\u00e1cs J\u00f3zsef: A XXI. sz\u00e1zad els\u0151 \u00e9vtizedeinek etikai probl\u00e9m\u00e1i Magyarorsz\u00e1gon. El\u0151ad\u00e1s a Magyar Orvosi Kamara I. Orsz\u00e1gos Etikai Konferenci\u00e1j\u00e1n. (Felk\u00e9rt el\u0151ad\u00f3k\u00e9nt, absztrakt el\u00e9rhet\u0151) 2000. X. 19. (Hungexpo ter\u00fclet\u00e9n) (felk\u00e9rt el\u0151ad\u00f3k\u00e9nt.)<\/p>\n<p>57. Dr. Kov\u00e1cs J\u00f3zsef: A pszichi\u00e1triai betegs\u00e9gfogalom filoz\u00f3fiai k\u00e9rd\u00e9sei. El\u0151ad\u00e1s a \u201eSzabads\u00e1g n\u00e9s felel\u0151ss\u00e9g a pszichi\u00e1tri\u00e1ban\u201d c. rendezv\u00e9nyen. (Lillaf\u00fcredi Pszichi\u00e1triai Napok) 2000 XI. 17. (felk\u00e9rt el\u0151ad\u00f3k\u00e9nt.)<\/p>\n<p>58. Dr. Kov\u00e1cs J\u00f3zsef: A hatalmi helyzet asszimetri\u00e1ja a betegell\u00e1t\u00e1sban. El\u0151ad\u00e1s \u201eAz orvos, a beteg \u00e9s a s\u00falyos betegs\u00e9g\u201d c. rendezv\u00e9nyen. (Szervez\u0151: dr. Muszbek Katalin) Lillaf\u00fcredi Pszichi\u00e1triai Napok, 2000. XI. 18. (felk\u00e9rt el\u0151ad\u00f3k\u00e9nt.)<\/p>\n<p>59. Dr. Kov\u00e1cs J\u00f3zsef: A DNR (Nem reszuszcit\u00e1land\u00f3)-utas\u00edt\u00e1s szakmai, etikai, jogi, erk\u00f6lcsi k\u00e9rd\u00e9sei. El\u0151ad\u00e1s a Magyar Aneszteziol\u00f3giai \u00e9s Intenz\u00edv Ter\u00e1pi\u00e1s T\u00e1rsas\u00e1g K\u00f6z\u00e9p-Magyarorsz\u00e1gi szekci\u00f3ja \u00e1ltal szervezett tov\u00e1bbk\u00e9pz\u0151 tudom\u00e1nyos \u00fcl\u00e9sen. (Szervez\u0151: dr. Ber\u00e9nyi Tam\u00e1s) (2001. III. 10.-\u00e9n) (F\u0151v\u00e1rosi Szent J\u00e1nos K\u00f3rh\u00e1z) (felk\u00e9rt el\u0151ad\u00f3k\u00e9nt.)<\/p>\n<p>60. Dr. Kov\u00e1cs J\u00f3zsef: Az \u00e9l\u0151l\u00e9ny m\u00e9lt\u00f3s\u00e1ga avagy ki rendelkezhet \u00e9letr\u0151l \u00e9s hal\u00e1lr\u00f3l? Etikai \u00e9s jogi dilemm\u00e1k Peter Singer gondolatainak aprop\u00f3j\u00e1n. (Kerekasztalbesz\u00e9lget\u00e9s vezet\u0151jek\u00e9nt \u00e9s r\u00e9sztvev\u0151jek\u00e9nt. 2001. IV. 26.-\u00e1n. (Nagyv\u00e1radt\u00e9ri Elm\u00e9leti T\u00f6mb) (Szervezte a Fundamentum-estek sorozatban az INDOK Emberi Jogi Inform\u00e1ci\u00f3s \u00e9s Dokument\u00e1ci\u00f3s K\u00f6zpont) (felk\u00e9rt el\u0151ad\u00f3k\u00e9nt.)<\/p>\n<p>61. Dr. Kov\u00e1cs J\u00f3zsef: Bioetikai szempontok a pszichi\u00e1tri\u00e1ban: a cselekv\u0151k\u00e9pess\u00e9g etikai k\u00e9rd\u00e9sei. El\u0151ad\u00e1s a \u201eMagatart\u00e1s\u2014K\u00f6rnyezet\u2014Ment\u00e1lhigi\u00e9n\u00e9\u2014a csal\u00e1d\u00e9rt.\u201d c. konferenci\u00e1n. (szervezte: Magyar Bioetikai T\u00e1rsas\u00e1g) 2001. szeptember 17. (Helysz\u00edn: Bp. Hermina \u00fat 51.) (felk\u00e9rt el\u0151ad\u00f3k\u00e9nt.)<\/p>\n<p>62. Dr. Kov\u00e1cs J\u00f3zsef: Bioetikai szempontok a beteg gyermekek ell\u00e1t\u00e1s\u00e1ban. El\u0151ad\u00e1s a \u201eGyermek\u00e1pol\u00e1s ma\u2014a III. \u00e9vezred t\u00fckr\u00e9ben.\u201d c. kongresszuson. (Szervez\u0151: Magyar \u00c1pol\u00e1si Egyes\u00fclet\u2014Heim P\u00e1l Gyermekk\u00f3rh\u00e1z) 2001. X. 12. (Semmelweis Egyetem, NET.) (felk\u00e9rt el\u0151ad\u00f3k\u00e9nt.)<\/p>\n<p>63. Dr. Kov\u00e1cs J\u00f3zsef: Eutan\u00e1zia \u00e9s szenved\u00e9s. El\u0151ad\u00e1s a \u201ePszichol\u00f3gusok \u00e9s Teol\u00f3gusok a szenved\u00e9sr\u0151l.\u201d c. konferenci\u00e1n. (Szervez\u0151: Faludi Ferenc Akad\u00e9mia) 2001. XI. 25. Dobog\u00f3k\u0151, Hotel Manr\u00e9za. (felk\u00e9rt el\u0151ad\u00f3k\u00e9nt.)<\/p>\n<p>\n64. Dr. Kov\u00e1cs J\u00f3zsef: Placebo, beleegyez\u00e9s \u00f6nk\u00e9ntess\u00e9ge, kutat\u00e1si rizik\u00f3. Kerekasztalbesz\u00e9lget\u00e9s r\u00e9sztvev\u0151jek\u00e9nt r\u00f6vid el\u0151ad\u00e1s a \u201eIII.-IV. f\u00e1zis\u00fa gy\u00f3gyszervizsg\u00e1latok \u00e9s nem- gy\u00f3gyszeres kutat\u00e1sok etikai k\u00e9rd\u00e9sei\u201d c. kerekasztalon. (Moder\u00e1tor: dr. S\u00f3tonyi P\u00e9ter) Magyar Pszichi\u00e1triai T\u00e1rsas\u00e1g V. Nemzeti Kongresszusa. 2002. III. 22. (felk\u00e9rt el\u0151ad\u00f3k\u00e9nt.)<\/p>\n<p>65. Dr. Kov\u00e1cs J\u00f3zsef: A csal\u00e1dter\u00e1pia etikai k\u00e9rd\u00e9sei. El\u0151ad\u00e1s a Magyar Bioetikai T\u00e1rsas\u00e1g 12. Nemzetk\u00f6zi konferenci\u00e1j\u00e1n. (\u201eCsal\u00e1d \u00e9s szoci\u00e1letika.\u201d) 2002. IX. 17.-\u00e9n. (felk\u00e9rt el\u0151ad\u00f3k\u00e9nt.)<\/p>\n<p>66. Dr. Kov\u00e1cs J\u00f3zsef: A placebo-kontroll\u00e1lt pszichi\u00e1triai kutat\u00e1sok etikai k\u00e9rd\u00e9sei. El\u0151ad\u00e1s az \u201eEtikai k\u00e9rd\u00e9sek a neuropszichofarmakol\u00f3gi\u00e1ban\u201d c\u00edm\u0171 kerekasztal-konferencia r\u00e9sztvev\u0151jek\u00e9nt. (Moder\u00e1tor: dr. Borvend\u00e9g J\u00e1nos) (2002. IX. 26.) (V. Neuropszichofarmakol\u00f3giai kongresszus, 2002. IX.26-28. Tihany, Club Tihany.) Szervez\u0151: A Magyar Pszichofarmakol\u00f3gusok T\u00e1rsas\u00e1ga.<br \/>\n(felk\u00e9rt el\u0151ad\u00f3k\u00e9nt.)<\/p>\n<p>\n67. Dr. Kov\u00e1cs J\u00f3zsef: Vit\u00e1s k\u00e9rd\u00e9sek a bioetik\u00e1ban. (Kl\u00f3noz\u00e1s, abortusz, eutan\u00e1zia.) El\u0151ad\u00e1s a Nemzeti Pedag\u00f3gus M\u0171hely \u201eSzabadd\u00e1 az igazs\u00e1g tesz\u201d c\u00edm\u0171 nemzetk\u00f6zi konferenci\u00e1j\u00e1n. (2003. II. 14.) (felk\u00e9rt el\u0151ad\u00f3k\u00e9nt.)<\/p>\n<p>68. dr. Kov\u00e1cs J\u00f3zsef\u2014dr. R\u00e9thelyi J\u00e1nos: A fogyat\u00e9koss\u00e1g k\u00e9rd\u00e9se a bioetika n\u00e9z\u0151pontj\u00e1b\u00f3l. El\u0151ad\u00e1s \u201eA fogyat\u00e9koss\u00e1g jelens\u00e9ge a gy\u00f3gypedag\u00f3gia hat\u00e1rtudom\u00e1nyaiban.\u201d c. konferenci\u00e1n (Szervez\u0151: ELTE B\u00e1rczi Guszt\u00e1v Gy\u00f3gypedag\u00f3giai F\u0151iksolai Kara, Z\u00e1szkaliczky P\u00e9ter) 2003. XI. 26. (felk\u00e9rt el\u0151ad\u00f3k\u00e9nt.)<\/p>\n<p>69. Dr. Kov\u00e1cs J\u00f3zsef: Az \u00e9l\u0151b\u0151l val\u00f3 szervtranszplant\u00e1ci\u00f3 etikai k\u00e9rd\u00e9sei. Kerekasztalbesz\u00e9lget\u00e9s r\u00e9sztvev\u0151jek\u00e9nt. Magyar Transzplant\u00e1ci\u00f3s Kongresszus. (Szervez\u0151: Magyar Transzplant\u00e1ci\u00f3s T\u00e1rsas\u00e1g) 2003. XI. 27. Visegr\u00e1d. (Hotel Sylvanus) (felk\u00e9rt el\u0151ad\u00f3k\u00e9nt.)<\/p>\n<p>\n70. Dr. Kov\u00e1cs J\u00f3zsef: A bioetika kih\u00edv\u00e1sai az \u00faj \u00e9vezredben. El\u0151ad\u00e1s a VIII. P\u00e9csi Tavaszi Asztma \u00e9s Allergia Napon. (Szervez\u0151: dr. R\u00f3nai Zolt\u00e1n) 2004. III. 20. (felk\u00e9rt el\u0151ad\u00f3k\u00e9nt.)<\/p>\n<p>\n71. Dr. Kov\u00e1cs J\u00f3zsef: A s\u00e9r\u00fclt\/fogyat\u00e9koss\u00e1ggal \u00e9l\u0151 emberek jogainak \u00e9s v\u00e9delm\u00fcknek t\u00f6rt\u00e9nete a bioetika szemsz\u00f6g\u00e9b\u0151l. El\u0151ad\u00e1s a \u201eJogok \u00e9s jogos\u00edtv\u00e1nyok a fogyat\u00e9koss\u00e1ggal \u00e9l\u0151\/s\u00e9r\u00fclt emberek \u00e9let\u00e9ben\u201d c. konferenci\u00e1n. (Szervez\u0151: Csat\u00f3 Zuzsa) (Nemzeti Csal\u00e1d- \u00e9s Szoci\u00e1lpolitikai Int\u00e9zet, NCSSZI) 2004. IV. 30. (felk\u00e9rt el\u0151ad\u00f3k\u00e9nt.)<\/p>\n<p>72. Dr. Kov\u00e1cs J\u00f3zsef: A beteg \u00e9s az orvos k\u00f6z\u00f6tti bizalom er\u0151s\u00edt\u00e9se. El\u0151ad\u00e1s az OKK-OKBI XI. Primer Prevenci\u00f3s F\u00f3rumon. 2004. V. 20.-\u00e1n. (A konferencia c\u00edme: A kock\u00e1zatkommunik\u00e1ci\u00f3 szerepe a prevenci\u00f3ban. Hely: Fodor J\u00f3zsef Orsz\u00e1gos K\u00f6zeg\u00e9szs\u00e9g\u00fcgyi K\u00f6zpont. (Bp. IX. Nagyv\u00e1rad t\u00e9r 2.) (Az el\u0151ad\u00e1s kivonata olvashat\u00f3 a konferencia-kiadv\u00e1nyban.) (felk\u00e9rt el\u0151ad\u00f3k\u00e9nt.)<\/p>\n<p>\n73. Dr. Kov\u00e1cs J\u00f3zsef: A depresszi\u00f3 \u00e9s a gy\u00f3gyszeres kezel\u00e9s etikai vonatkoz\u00e1sai. El\u0151ad\u00f3-r\u00e9sztvev\u0151k\u00e9nt a VIII. Neuropszichofarmakol\u00f3giai kongresszus kerekasztal szimp\u00f3zium\u00e1n. (Tihany, Hotel Club) 2005. X. 6.<br \/>\n(felk\u00e9rt el\u0151ad\u00f3k\u00e9nt.)<\/p>\n<p>74. Dr. Kov\u00e1cs J\u00f3zsef: A pszichi\u00e1triai betegek stigmatiz\u00e1ci\u00f3ja a bioetika szempontj\u00e1b\u00f3l. El\u0151ad\u00e1s a Pszichi\u00e1triai betegs\u00e9gek t\u00e1rsadalmi meg\u00edt\u00e9l\u00e9se c. szimp\u00f3ziumon. (Szervez\u0151: N\u00e1dasdy Alap\u00edtv\u00e1ny \u00e9s a Magyar Kognit\u00edv Neurol\u00f3giai T\u00e1rsas\u00e1g. 2006. II. 11 (Az el\u0151ad\u00e1sr\u00f3l besz\u00e1m\u00f3l\u00f3: N\u00e9pszabads\u00e1g, 2006. II. 13. (p. 6) (A b\u00fcntetett el\u0151\u00e9let is kev\u00e9sb\u00e9 s\u00falyos stigma. Kun J. Vikt\u00f3ria ) <br \/>\n(felk\u00e9rt el\u0151ad\u00f3k\u00e9nt.)<\/p>\n<p>75. Dr. Kov\u00e1cs J\u00f3zsef: A pszichi\u00e1triai betegs\u00e9gfogalom filoz\u00f3fiai k\u00e9rd\u00e9sei. El\u0151ad\u00e1s a \u201eMagatart\u00e1studom\u00e1nyi M\u0171helybesz\u00e9lget\u00e9sek\u201d sorozat keret\u00e9ben. (Szervez\u0151: Debreceni Egyetem, Magatart\u00e1studom\u00e1nyi Int\u00e9zet) (Debrecen, DE OEC, Immunol\u00f3giai El\u0151ad\u00f3terem) 2006. V. 10. (felk\u00e9rt el\u0151ad\u00f3k\u00e9nt.)<\/p>\n<p>\n76. Dr. Kov\u00e1cs J\u00f3zsef: A m\u0171vi medd\u0151v\u00e9t\u00e9tel bioetikai meg\u00edt\u00e9l\u00e9se. El\u0151ad\u00e1s az Orsz\u00e1ggy\u0171l\u00e9s Emberi jogi, kisebbs\u00e9gi, civil- \u00e9s vall\u00e1s\u00fcgyi bizotts\u00e1ga \u00e1ltal szervezett \u201eEszmecsere a m\u0171vi medd\u0151v\u00e9t\u00e9telr\u0151l\u201d c. szakmai tan\u00e1cskoz\u00e1son. (Parlament, Deleg\u00e1ci\u00f3s Terem) 2006. j\u00falius. 20. (Az el\u0151ad\u00e1sr\u00f3l besz\u00e1mol\u00f3 jelent meg: Kun J. Vikt\u00f3ria: \u0150szre lesz az \u00faj m\u0171vi medd\u0151v\u00e9t\u00e9tel szab\u00e1lyoz\u00e1sa: N\u00e9pszabads\u00e1g, 2006. j\u00falius 21. (p\u00e9ntek) (p. 4.) (felk\u00e9rt el\u0151ad\u00f3k\u00e9nt.)<\/p>\n<p>77. Dr. Kov\u00e1cs J\u00f3zsef: A magatart\u00e1studom\u00e1nyi kutat\u00e1sok t\u00e1rsadalmi k\u00fcldet\u00e9se: mikor, mi\u00e9rt \u00e9s hogyan sz\u00f3laljanak meg a tudom\u00e1nyos kutat\u00f3k? Kerekasztalbesz\u00e9lget\u00e9s r\u00e9sztvev\u0151jek\u00e9nt \u201eAz evol\u00faci\u00f3s siker \u00e1ra: az agytudom\u00e1nyt\u00f3l a magatart\u00e1studom\u00e1nyig\u201d c\u00edm\u0171 konferenci\u00e1n. (Szervez\u0151: Semmelweis Egyetem, Magatart\u00e1studom\u00e1nyi Int\u00e9zet \u00e9s a Tud\u00e1st\u00e1rsadalom Alap\u00edtv\u00e1ny). A Magyar Tudom\u00e1ny \u00dcnnepe 2006 program keret\u00e9ben. (2006. november 8.) (Helysz\u00edn: Magyar Tudom\u00e1nyos Akad\u00e9mia, Kisterem) <br \/>\n(felk\u00e9rt el\u0151ad\u00f3k\u00e9nt.)<\/p>\n<p>78. Dr. Kov\u00e1cs J\u00f3zsef: A ment\u00e1lis eg\u00e9szs\u00e9g-betegs\u00e9gfogalom meghat\u00e1roz\u00e1s\u00e1nak elm\u00e9leti probl\u00e9m\u00e1i. El\u0151ad\u00e1s a MAKOG XV. Kongresszus\u00e1n (Modell \u00e9s val\u00f3s\u00e1g) Eger, 2007. I. 19-21 (2007. I. 20.-\u00e1n) (Absztrakt el\u00e9rhet\u0151) (Szervez\u0151k: Magyar Kognit\u00edv Tudom\u00e1nyi Alap\u00edtv\u00e1ny \u00e9s az MTA Pszichol\u00f3giai Kutat\u00f3int\u00e9zete)<\/p>\n<p>79. Dr. Kov\u00e1cs J\u00f3zsef: Az eg\u00e9szs\u00e9gbizos\u00edt\u00e1s etikai vonatkoz\u00e1sai. El\u0151ad\u00e1s \u201eA t\u00e1rsadalom felel\u0151ss\u00e9ge a gy\u00f3gy\u00edt\u00e1si lehet\u0151s\u00e9gek \u00e9s a gy\u00f3gyul\u00e1si es\u00e9lyek jav\u00edt\u00e1s\u00e1ban\u201d c. tudom\u00e1nyos \u00fcl\u00e9sen. (Felk\u00e9rt el\u0151ad\u00f3k\u00e9nt) (Szervez\u0151: Magyar Klinikai Onkol\u00f3giai T\u00e1rsas\u00e1g) (MTA, Nagyterem, 2007. III. 27.) (Az el\u0151ad\u00e1sr\u00f3l \u00edr\u00e1sos besz\u00e1mol\u00f3: Kun J. Vikt\u00f3ria: A tisztess\u00e9ges minimum. Az orvostudom\u00e1ny \u00e9s a r\u00e1kbetegek hozz\u00e1f\u00e9r\u00e9se a legkorszer\u0171bb ter\u00e1pi\u00e1khoz. (N\u00e9pszabads\u00e1g, 2007. m\u00e1rcius 31. szombat) H\u00e9tv\u00e9ge rovat (p. 2) (Az el\u0151ad\u00e1s \u00edr\u00e1sos kivonata: Dr. Kov\u00e1cs J\u00f3zsef: Az eg\u00e9szs\u00e9gbiztos\u00edt\u00e1s etikai k\u00e9rd\u00e9sei. In: Bodoky Gy\u00f6rgy (szerk.) (2007): A t\u00e1rsadalom felel\u0151ss\u00e9ge a gy\u00f3gy\u00edt\u00e1si lehet\u0151s\u00e9gek \u00e9s a gy\u00f3gyul\u00e1si es\u00e9lyek jav\u00edt\u00e1s\u00e1ban. (A Magyar Klinikai Onkol\u00f3giai T\u00e1rsas\u00e1g kiadv\u00e1nya) (\u00d6ssze\u00e1ll\u00edtotta: Kun J. Vikt\u00f3ria) <\/p>\n<p>80. Dr. Kov\u00e1cs J\u00f3zsef: A k\u00f6telez\u0151 pszichi\u00e1triai gy\u00f3gykezel\u00e9s bioetikai aspektusai. El\u0151ad\u00e1s a \u201eHogyan tov\u00e1bb nem-\u00f6nk\u00e9ntes gy\u00f3gykezel\u00e9s?\u201d c. konferenci\u00e1n. (Felk\u00e9rt el\u0151ad\u00f3k\u00e9nt) Rendezte az MDAC (K\u00f6zpont a Ment\u00e1lis S\u00e9r\u00fcltek Jogai\u00e9rt Alap\u00edtv\u00e1ny) 2007. XII. 11. <\/p>\n<p>81. Dr. Kov\u00e1cs J\u00f3zsef: Bioetika oktat\u00e1s a Semmelweis Egyetemen. El\u0151ad\u00e1s a Szegedi Magatart\u00e1studom\u00e1nyi Napok (2008. VI. 5-6) c. konferenci\u00e1n (2008. VI. 5.-\u00e9n) <\/p>\n<p>82. Dr. Kov\u00e1cs J\u00f3zsef: Bioetikai k\u00e9rd\u00e9sek a pszichi\u00e1tri\u00e1ban. El\u0151ad\u00e1s a Magyar Bioetikai T\u00e1rsas\u00e1g tudom\u00e1nyos \u00fcl\u00e9s\u00e9n 2008. XII. 3.-\u00e1n. (Felk\u00e9rt el\u0151ad\u00f3k\u00e9nt) (\u00dcl\u00e9seln\u00f6k: Dr. Somosi Gy\u00f6rgy) (Helysz\u00edn: P\u00e1rm\u00e1ny P\u00e9ter Katolikus Egyetem, 1088. Bp. Szentkir\u00e1lyi u. 28-30. ) (Felk\u00e9rt el\u0151ad\u00f3k\u00e9nt)<\/p>\n<p>83. Dr. Kov\u00e1cs J\u00f3zsef: Bioetikai k\u00e9rd\u00e9sek a t\u00fcd\u0151tumorok c\u00e9lzott ter\u00e1pi\u00e1j\u00e1val kapcsolatban. El\u0151ad\u00e1s a Magyar T\u00fcd\u0151gy\u00f3gy\u00e1sz T\u00e1rsas\u00e1g Onkopszichol\u00f3giai Szekci\u00f3ja Konferenci\u00e1j\u00e1n (T\u00fcd\u0151r\u00e1k 2009) (Szekci\u00f3eln\u00f6k: dr. Moldvay Judit) (Felk\u00e9rt el\u0151ad\u00f3k\u00e9nt) (2009. december 3-5) (Tapolca, Hotel Pelion) (2009. XII. 4.-\u00e9n) (Felk\u00e9rt el\u0151ad\u00f3k\u00e9nt)<\/p>\n<p>84. Dr. Kov\u00e1cs J\u00f3zsef: Az \u00e9letment\u0151 \u00e9s \u00e9letfenntart\u00f3 kezel\u00e9sek visszautas\u00edt\u00e1s\u00e1nak gyakorlati tapasztalatai. El\u0151ad\u00e1s a Magyar Hospice-Palliat\u00edv Egyes\u00fclet IX. Orsz\u00e1gos kongresszus\u00e1n. (Felk\u00e9rt el\u0151ad\u00f3k\u00e9nt.) (2010. m\u00e1jus 22. Ny\u00edregyh\u00e1za)<\/p>\n<p>85. Dr. Kov\u00e1cs J\u00f3zsef: A szem\u00e9ly fogalm\u00e1nak szerepe a bioetik\u00e1ban. El\u0151ad\u00e1s \u201eA szem\u00e9ly bioetikai kontextusai\u201d c. konferenci\u00e1n. (Debrecen, 2010. november 22. ) (Felk\u00e9rt el\u0151ad\u00f3k\u00e9nt) (Debreceni Akad\u00e9miai Bizotts\u00e1g Sz\u00e9kh\u00e1za, Debrecen, Thomas Mann u. 49.) (Felk\u00e9rt el\u0151ad\u00f3k\u00e9nt)<br \/>\nSzervez\u0151: Debreceni Akad\u00e9miai Bizotts\u00e1g B\u00f6lcseleti, M\u0171v\u00e9szet- \u00e9s \u00d3kortudom\u00e1nyi Szakbizotts\u00e1g Filoz\u00f3fiai Munkabizotts\u00e1ga, a DE Kutat\u00f3egyetem Bioetikai kutat\u00f3csoportja) a \u201eMagyar Tudom\u00e1ny \u00dcnnepe\u201d rendezv\u00e9nysorozat keret\u00e9ben. <\/p>\n<p>86. Dr. Kov\u00e1cs J\u00f3zsef: A publik\u00e1ci\u00f3s etika n\u00e9h\u00e1ny k\u00e9rd\u00e9se. El\u0151ad\u00e1s \u201eA stresszt\u0151l a boldogs\u00e1gig\u201d c\u00edm\u0171 XI. Magatart\u00e1studom\u00e1nyi Napok kongresszuson. (G\u00f6d\u00f6ll\u0151, 2011. j\u00fanius 28-29.) (2011. j\u00fanius 28.-\u00e1n) (Helysz\u00edn: G\u00f6d\u00f6ll\u0151, Mater Salvatoris lelkigyakorlatosh\u00e1z \u00e9s konferenciak\u00f6zpont, 2100. G\u00f6d\u00f6ll\u0151-M\u00e1riabesny\u0151, Kapucinusok tere 3.) (Szervez\u0151: Semmelweis Egyetem, Magatart\u00e1studom\u00e1nyi Int\u00e9zete)<\/p>\n<p>87. Dr. Kov\u00e1cs J\u00f3zsef: Az \u00f6ngyilkoss\u00e1g a bioetika n\u00e9z\u0151pontj\u00e1b\u00f3l. El\u0151ad\u00e1s \u201eAz \u00f6ngyilkoss\u00e1g \u00e9s jogtudom\u00e1ny\u201d c. tudom\u00e1nyos konferenci\u00e1n (Rendez\u0151: dr. Fil\u00f3 Mih\u00e1ly) (Helysz\u00edn: ELTE \u00c1JK Tan\u00e1csterem, 1053. Bp. Egyetem t\u00e9r 1-3.) (2011. XI. 18.-\u00e1n) (felk\u00e9rt el\u0151ad\u00f3k\u00e9nt) Videofelv\u00e9tel \u00e9s interj\u00fa az el\u0151ad\u00e1sr\u00f3l: <br \/>\nhttp:\/\/www.elitmed.hu\/ilam\/interjuk\/az_ongyilkossag_cselekves_vagy_tortenes_8746\/ <\/p>\n<p>88. Dr. Kov\u00e1cs J\u00f3zsef: A betegjogok magyarorsz\u00e1gi helyzete a bioetika szemsz\u00f6g\u00e9b\u0151l. El\u0151ad\u00e1s a \u201eBeteg vagy Eg\u00e9szs\u00e9g\u00fcgy\u201d\u2014Betegjogok helyzete egy \u00e1talakul\u00f3 rendszerben\u2014avagy kinek fontos a beteg.\u201d c. konferenci\u00e1n. (2012. \u00e1prilis 26.) Helysz\u00edn: Alapvet\u0151 Jogok Biztosa Hivatala, D\u00edszterem. (Felk\u00e9rt el\u0151ad\u00f3k\u00e9nt.) <\/p>\n<p>89. Dr. Kov\u00e1cs J\u00f3zsef: A szintetikus biol\u00f3gia etikai k\u00e9rd\u00e9sei. El\u0151ad\u00e1s a Semmelweis Genomikai H\u00e1l\u00f3zat el\u0151ad\u00e1ssorozat keret\u00e9ben. (12. \u00e9vfolyam\/107. el\u0151ad\u00e1s) (Szervez\u0151: Falus Andr\u00e1s) Felk\u00e9rt el\u0151ad\u00f3k\u00e9nt (2012. V. 9.) (Helysz\u00edn: Semmelweis Egyetem, Nagyv\u00e1rad t\u00e9ri Elm\u00e9leti T\u00f6mb, Koch S\u00e1ndor terem)<\/p>\n<p>90. Dr. Kov\u00e1cs J\u00f3zsef: A neuroetika n\u00e9h\u00e1ny aktu\u00e1lis k\u00e9rd\u00e9se. El\u0151ad\u00e1s a Magyar Pszichi\u00e1triai T\u00e1rsas\u00e1g XVIII. V\u00e1ndorgy\u0171l\u00e9se (Gy\u0151r, 2013. Janu\u00e1r 23-26) (A hat\u00e1rtalan elme korl\u00e1tai) TEVA Szimp\u00f3zium\u00e1n (Placebo\u2014(Pszicho)Ter\u00e1pia-Neuroetika (2013. janu\u00e1r 25.-\u00e9n). Helysz\u00edn: Sz\u00e9chenyi Istv\u00e1n Egyetem (9026 Gy\u0151r, Egyetem t\u00e9r 1.) (Felk\u00e9rt el\u0151ad\u00f3k\u00e9nt)<\/p>\n<p>91. Dr. Kov\u00e1cs J\u00f3zsef: A betegfelvil\u00e1gos\u00edt\u00e1s etikai k\u00e9rd\u00e9sei. El\u0151ad\u00e1s a Magyar Seb\u00e9sz T\u00e1rsas\u00e1g Fiatal Seb\u00e9szek Szekci\u00f3j\u00e1nak I. Kongresszus\u00e1n (Balatonalm\u00e1di. Ramada Hotel, 2013. \u00e1prilis 12-14. ) (2013. \u00e1prilis 13.-\u00e1n) (Felk\u00e9rt el\u0151ad\u00f3k\u00e9nt)<\/p>\n<p>92. Dr. Kov\u00e1cs J\u00f3zsef: A neuroetika aktu\u00e1lis k\u00e9rd\u00e9sei. El\u0151ad\u00e1s a XIV. Szkizofr\u00e9nia Akad\u00e9mi\u00e1n. (Szervez\u0151: Semmelweis Egyetem, \u00c1OK, Pszichi\u00e1triai \u00e9s Pszichoter\u00e1pi\u00e1s Klinika)<br \/>\nHelysz\u00edn: Budapest, Hotel Margitsziget. Id\u0151pont: 2013. \u00e1prilis 18-19. (2013. \u00e1prilis 19.-\u00e9n) (Felk\u00e9rt el\u0151ad\u00f3k\u00e9nt) <\/p>\n<p>93. Dr. Kov\u00e1cs J\u00f3zsef: A kummunik\u00e1ci\u00f3 mint h\u00edd: kommunik\u00e1ci\u00f3 \u00e9s bioetika. El\u0151ad\u00e1s a Magyar Pszichi\u00e1triai T\u00e1rsas\u00e1g VIII. Nemzeti Kongresszus\u00e1n \u201eAz orvosi kommunik\u00e1ci\u00f3 mint h\u00edd\u201d szimp\u00f3zium keret\u00e9ben. (Felk\u00e9rt el\u0151ad\u00f3k\u00e9nt) (Eln\u00f6k: Pilling J\u00e1nos\u2014Purebl Gy\u00f6rgy) (2014. janu\u00e1r 23.) Kongresszus ideje: 2014. janu\u00e1r 22-25.<br \/>\nKongresszus helye: Budapest Kongresszusi K\u00f6zpont, 1123. Bp. Jagell\u00f3 \u00fat 1-3. <\/p>\n<p>94. Dr. Kov\u00e1cs J\u00f3zsef: Pszichi\u00e1tria \u00e9s emberi jogok a bioetika szemsz\u00f6g\u00e9b\u0151l. El\u0151ad\u00e1s a Magyar Pszichi\u00e1triai T\u00e1rsas\u00e1g VIII. Nemzeti Kongresszus\u00e1n a World Association of Psychiatric Rehabilitation (WAPR) szimp\u00f3zium keret\u00e9ben. (Felk\u00e9rt el\u0151ad\u00f3k\u00e9nt) (Eln\u00f6k: Kosza Ida\u2014Veres Albert) (2014. janu\u00e1r 24.) Kongresszus ideje: 2014. janu\u00e1r 22-25. Kongresszus helye: Budapest Kongresszusi K\u00f6zpont, 1123. Bp. Jagell\u00f3 \u00fat 1-3.<\/p>\n<p>95. Dr. Kov\u00e1cs J\u00f3zsef: Az orvosi hib\u00e1k \u00e9s t\u00e9ved\u00e9sek kezel\u00e9s\u00e9nek bioetikai vonatkoz\u00e1sai. . El\u0151ad\u00e1s az \u201eI. Betegbiztons\u00e1gi Konferencia a Magyar Betegbiztons\u00e1gi T\u00e1rsas\u00e1g \u00e9s a Semmelweis Egyetem I. sz. Seb\u00e9szeti Klinika szervez\u00e9s\u00e9ben\u201d c. konferenci\u00e1n. (Konferencia ideje: 2015. m\u00e1rcius 19-21. Konferencia helye: Budapest, Danubius Hotel Flamenco, 1113. Budapest, Tas Vez\u00e9r utca 3-7.) (Felk\u00e9rt el\u0151ad\u00f3k\u00e9nt \u00e9s \u00fcl\u00e9seln\u00f6kk\u00e9nt 2015. m\u00e1rcius 20.-\u00e1n)<\/p>\n<p>96. Dr. Kov\u00e1cs J\u00f3zsef: T\u00e1j\u00e9kozott beleegyez\u00e9s az eg\u00e9szs\u00e9g\u00fcgyi ell\u00e1t\u00e1s sor\u00e1n. El\u0151ad\u00e1s \u201eAz eg\u00e9szs\u00e9g\u00fcgyi ell\u00e1t\u00e1s aktu\u00e1lis jogi \u00e9s etikai k\u00e9rd\u00e9sei. IV. Betegjogi szakmai nap \u00e9s konferencia\u201d rendezv\u00e9nyen. (A Semmelweis Egyetem Eg\u00e9szs\u00e9gtudom\u00e1nyi Kar 40. jubileuma tisztelet\u00e9re szervezett orsz\u00e1gos konferencia. ) Plen\u00e1ris el\u0151ad\u00e1s, felk\u00e9rt el\u0151ad\u00f3k\u00e9nt). (Id\u0151pont: 2015. okt\u00f3ber 9. 9.15-9.45) Helysz\u00edn: Semmelweis Egyetem Eg\u00e9szs\u00e9gtudom\u00e1nyi Kar , 1088. Budapest, Vas u. 17. (Az el\u0151ad\u00e1s absztraktja (Informed Consent in Health Care) : In: New Medicine (Special edition) vol. XIX. p. 9. (e-ISSN: 1731-2507) (p-ISSN: 1427-0994)<br \/>\n(IV. Patients\u2019 Rights Professional Day. The Current Legal and Ethical Issues of Health Care. Conference on the occasion of the 40th anniversary of Semmelweis University Faculty of Health Sciences)<\/p>\n<p>97. Feith Helga Judit \u2013Gradvohl Edina\u2014Kov\u00e1cs J\u00f3zsef\u2014N\u00e1dor Csaba: Perinatalis centrumokban dolgoz\u00f3k szakmai feladataihoz k\u00f6t\u0151d\u0151 etika, jogi, orvosi k\u00e9rd\u00e9sek vizsg\u00e1lata az \u00e9let elej\u00e9hez \u00e9s v\u00e9g\u00e9hez kapcsol\u00f3d\u00f3 dilemm\u00e1k \u00e9rt\u00e9kel\u00e9se szempontj\u00e1b\u00f3l. (Workshop vezet\u00e9se) A workshop absztraktja (Examining ethical, legal and medical issues connecting to professional tasks of workers in the practice of perinatal intensive care relating to the beginning and the end of life):In: New Medicine (Special edition) vol. XIX. p. 20. (e-ISSN: 1731-2507) (p-ISSN: 1427-0994)<br \/>\n(IV. Patients\u2019 Rights Professional Day. The Current Legal and Ethical Issues of Health Care. Conference on the occasion of the 40th anniversary of Semmelweis University Faculty of Health Sciences)<\/p>\n<p>98. Mih\u00e1ly S\u00e1ndor\u2014Smudla Anik\u00f3\u2013Deme Orsolya\u2013Holtzinger Emese\u2013Alf\u00f6ldy Ferenc\u2013S\u00e9lley D\u00f3ra\u2013Kov\u00e1cs J\u00f3zsef: A szervdon\u00e1ci\u00f3s t\u00e1j\u00e9koztat\u00e1s attit\u0171dj\u00e9nek k\u00e9rd\u0151\u00edve. El\u0151ad\u00e1s. A Magyar Transzplant\u00e1ci\u00f3s T\u00e1rsas\u00e1g XVII. kongresszusa. Balatonf\u00fcred, 2015. november 19-21. (2015. november 19. 10.10-10.20.) <\/p>\n<p>99. Mih\u00e1ly S\u00e1ndor\u2013Smudla Anik\u00f3\u2013Kov\u00e1cs J\u00f3zsef: A szervadom\u00e1nyoz\u00e1ssal kapcsolatos kommunik\u00e1ci\u00f3s gyakorlat saj\u00e1toss\u00e1gai Magyarorsz\u00e1gon. El\u0151ad\u00e1s. A Magyar Transzplant\u00e1ci\u00f3s T\u00e1rsas\u00e1g XVII. kongresszusa. Balatonf\u00fcred, 2015. november 19-21. (2015. november 19. 10.20-10.30.) <\/p>\n<p>100. Dr. Kov\u00e1cs J\u00f3zsef: A kezel\u00e9skorl\u00e1toz\u00e1s \u00e9s az orvosi etika. El\u0151ad\u00e1s (felk\u00e9rt el\u0151ad\u00f3k\u00e9nt) \u201eAz \u00e9letv\u00e9gi d\u00f6nt\u00e9sek jogi szab\u00e1lyoz\u00e1sa Magyarorsz\u00e1gon\u201d c. konferenci\u00e1n. (Helysz\u00edn: MTA, TK Jogtudom\u00e1nyi Int\u00e9zet; Id\u0151pont: 2015. november 24. ) <\/p>\n<p>101. Dr. Kov\u00e1cs J\u00f3zsef: Az \u00e1ltudom\u00e1nyok etikai k\u00e9rd\u00e9sei. El\u0151ad\u00e1s. (Felk\u00e9rt el\u0151ad\u00f3k\u00e9nt) az \u201e\u00c1ltudom\u00e1nyok \u00e9s bizony\u00edt\u00e9kokon alapul\u00f3 orvosl\u00e1s\u201d c. tudom\u00e1nyos rendezv\u00e9nyen. (Szervez\u0151: A Magyar Tudom\u00e1nyos Akad\u00e9mia K\u00f6rnyezet \u00e9s Eg\u00e9szs\u00e9g Oszt\u00e1lyk\u00f6zi \u00c1lland\u00f3 Bizotts\u00e1ga \u00e9s a P\u00e9csi Akad\u00e9miai Bizotts\u00e1g)<br \/>\nLevezet\u0151 eln\u00f6k: Kosztol\u00e1nyi Gy\u00f6rgy, az MTA rendes tagja, \u00e9s Po\u00f3r Gyula, az MTA doktora) Helysz\u00edn: MTA Sz\u00e9kh\u00e1z, Nagyterem (1051. Budapest, Sz\u00e9chenyi t\u00e9r 9. II. emelet) (Id\u0151pont: 2015. december 3. 14.00-17.00)<\/p>\n<p>102. Dr. Kov\u00e1cs J\u00f3zsef: Az eg\u00e9szs\u00e9g\u00fcgyi ell\u00e1t\u00e1s sor\u00e1n elk\u00f6vetett hib\u00e1k \u00e9s a t\u00e1j\u00e9kozott beleegyez\u00e9s. El\u0151ad\u00e1s a II. Betegbiztons\u00e1gi Konferenci\u00e1n (felk\u00e9rt el\u0151ad\u00f3k\u00e9nt.) (Szervez\u0151k: A Magyar Betegbiztons\u00e1gi T\u00e1rsas\u00e1g \u00e9s a Semmelweis <br \/>\nEgyetem I. sz. Seb\u00e9szeti Klinik\u00e1ja. (Id\u0151pont: 2016. m\u00e1rcius 31.-\u00e1prilis 2.) (Helysz\u00edn: <br \/>\nBudapest, Danubius Health Spa Resort H\u00e9lia, 1133. Bp. K\u00e1rp\u00e1t u. 62-64.) (2016. IV. 2.-\u00e1n) <\/p>\n<p>103. Dr. Kov\u00e1cs J\u00f3zsef\u2014Dr. Baran Brigitta: A forenzikus pszichi\u00e1tria etik\u00e1ja. El\u0151ad\u00e1s az SE Forenzikus Pszichi\u00e1triai Munkacsoport kerekasztala keret\u00e9ben a Magyar Pszichi\u00e1triai T\u00e1rsas\u00e1g XX. V\u00e1ndorgy\u0171l\u00e9s\u00e9n. (A pszichi\u00e1tria j\u00f6v\u0151je. Utaz\u00e1s t\u00e9rben \u00e9s id\u0151ben.) (Budapest, 2016. m\u00e1jus 25-28.) (A kerekasztal id\u0151pontja: 2016. m\u00e1jus 28. 10.30-12.15) (Felk\u00e9rt el\u0151ad\u00f3k\u00e9nt) <\/p>\n<p>\n104. Dr. Kov\u00e1cs J\u00f3zsef: A szintetikus biol\u00f3gia etikai k\u00e9rd\u00e9sei. El\u0151ad\u00e1s a Magyar Bioetikai T\u00e1rsas\u00e1g 2016. \u00e9vi (26.) konferenci\u00e1j\u00e1n 2016. okt\u00f3ber 8.-\u00e1n. (Felk\u00e9rt el\u0151ad\u00f3k\u00e9nt) (Helysz\u00edn: P\u00e1zm\u00e1ny P\u00e9ter Katolikus Egyetem II. J\u00e1nos P\u00e1l d\u00edszterem. (1088. Bp. Szentkir\u00e1lyi u. 28. II. emelet) <\/p>\n<p>105. Dr. Kov\u00e1cs J\u00f3zsef: Ell\u00e1t\u00e1si hib\u00e1k kommunik\u00e1ci\u00f3ja. El\u0151ad\u00e1s a Magyar Orvosi Kamara Etikai Konferenci\u00e1j\u00e1n, 2016. X. 21.-\u00e9n. (Megh\u00edvott el\u0151ad\u00f3k\u00e9nt.) Helysz\u00edn: Hotel Silvanus, Visegr\u00e1d. <\/p>\n<p>\n106. Dr. Kov\u00e1cs J\u00f3zsef: Etikai k\u00e9rd\u00e9sek a gyermekpszichi\u00e1triai klinikai \u00e9s betegell\u00e1t\u00f3 munk\u00e1nk sor\u00e1n. Kerekasztal besz\u00e9lget\u00e9s r\u00e9sztvev\u0151jek\u00e9nt \u00e9s egyik vezet\u0151jek\u00e9nt a MAGYIPETT 41. kongresszus\u00e1n (M\u0171v\u00e9szet a ter\u00e1pi\u00e1ban\u2014a ter\u00e1pia m\u0171v\u00e9szete, P\u00e9cs, 2017. m\u00e1jus 25-27.) ) (Id\u0151pont: 2017. m\u00e1jus 26; Helysz\u00edn: P\u00e9cs, Hotel Palatinus City Center, 762.1 P\u00e9cs, Kir\u00e1ly u. 5.) (Szervez\u0151: dr. Bal\u00e1zs Judit, ELTE Pszichol\u00f3giai Int\u00e9zet, Vadaskert Gyermekpszichi\u00e1triai K\u00f3rh\u00e1z) <\/p>\n<p>107. Dr. Kov\u00e1cs J\u00f3zsef: A magyar bioetika kialakul\u00e1sa \u00e9s fejl\u0151d\u00e9se. El\u0151ad\u00e1s \u201eA magyar filoz\u00f3fia az ezredfordul\u00f3n\u201d c\u00edm\u0171 konferenci\u00e1n 2017. szeptember 13-\u00e1n. (Megh\u00edvott, felk\u00e9rt el\u0151ad\u00f3k\u00e9nt). (Szervez\u0151: Nagy P\u00e9ter Tibor) <br \/>\n(Konferencia ideje: 2017. szeptember 13-14.; Konferencia helye: Welsey J\u00e1nos Lelk\u00e9szk\u00e9pz\u0151 F\u0151iskola, Budapest, VIII. Dank\u00f3 u. 11. WJLF, Kline terem)<br \/>\nAz el\u0151ad\u00e1sr\u00f3l \u00e9s az azt k\u00f6vet\u0151 vit\u00e1r\u00f3l vide\u00f3 felv\u00e9tel k\u00e9sz\u00fclt, melyek a k\u00f6vetkez\u0151 linken tekinthet\u0151k meg: <\/p>\n<p>https:\/\/www.youtube.com\/watch?v=5LLTolxqH_8<br \/>\nhttps:\/\/www.youtube.com\/watch?v=CiZzUIjP9tU<\/p>\n<p>108. Dr. Kov\u00e1cs J\u00f3zsef: A v\u00e9g\u00e1llapot\u00fa betegek ell\u00e1t\u00e1s\u00e1nak orvosetikai k\u00e9rd\u00e9sei. El\u0151ad\u00e1s a Magyar Angiol\u00f3giai \u00e9s \u00c9rseb\u00e9szeti T\u00e1rsas\u00e1g Vaszkul\u00e1ris F\u00f3rum\u00e1n. (Felk\u00e9rt el\u0151ad\u00f3k\u00e9nt) (Id\u0151pont: 2018. febru\u00e1r 23.; Helysz\u00edn: V\u00e1rosmajori Sz\u00edv-\u00e9s \u00c9rgy\u00f3gy\u00e1szati Klinika el\u0151ad\u00f3terem, 1122.Budapest, V\u00e1rosmajor u. 68. ) (Megh\u00edv\u00f3: Dr. S\u00f3tonyi P\u00e9ter, egyetemi tan\u00e1r, igazgat\u00f3) <\/p>\n<p>\n109. Dr. Kov\u00e1cs J\u00f3zsef: Az eg\u00e9szs\u00e9g\u00fcgyi ell\u00e1t\u00f3rendszer mint eg\u00e9sz etikai dilemm\u00e1i. El\u0151ad\u00e1s (felk\u00e9rt el\u0151ad\u00f3k\u00e9nt) az MTA eg\u00e9szs\u00e9g\u00fcgyi strat\u00e9giai programj\u00e1nak keret\u00e9ben az \u201eEll\u00e1t\u00f3rendszer szerepl\u0151inek felel\u0151ss\u00e9ge\u201d c. tudom\u00e1nyos rendezv\u00e9nyen. (Szervez\u0151: A Magyar Tudom\u00e1nyos Akad\u00e9mia Eln\u00f6ki Bizotts\u00e1g az Eg\u00e9szs\u00e9g\u00e9rt \u00e9s az Orvosi Tudom\u00e1nyok Oszt\u00e1lya)<br \/>\nLevezet\u0151 eln\u00f6k: Kosztol\u00e1nyi Gy\u00f6rgy, az MTA rendes tagja, \u00e9s \u00c1d\u00e1m Veronika, az MTA rendes tagja, eln\u00f6khelyettes. Helysz\u00edn: MTA Sz\u00e9kh\u00e1z, Nagyterem (1051. Budapest, Sz\u00e9chenyi t\u00e9r 9. II. emelet) (Id\u0151pont: 2018. \u00e1prilis 18. 14.00-17.00)<\/p>\n<p>Az el\u0151ad\u00e1sr\u00f3l r\u00e9szletes tartalmi besz\u00e1mol\u00f3 a k\u00f6vetkez\u0151 cikkben: S\u00e1ndor Judit: A beteg \u00e9rdele a legf\u0151bb t\u00f6rv\u00e9ny? In: Orvosok lapja (2018\/3) (p. 38-39)<\/p>\n<p>110. Dr. Kov\u00e1cs J\u00f3zsef: Pszichi\u00e1triai betegek t\u00e1rsadalmi elfogadotts\u00e1g\u00e1nak etikai vonatkoz\u00e1sai. El\u0151ad\u00e1s az \u201e\u00c9rt\u00e9ktelens\u00e9gb\u0151l a t\u00e1rsadalmi hasznoss\u00e1g fel\u00e9. A pszichi\u00e1triai betegek munkav\u00e1llal\u00e1sa, mint a pszichi\u00e1triai rehabilit\u00e1ci\u00f3 eleme\u201d c\u00edm\u0171 akkredit\u00e1lt Pszichi\u00e1triai \u00e9s Szoci\u00e1lis Konferenci\u00e1n. (Felk\u00e9rt el\u0151ad\u00f3k\u00e9nt) 2018. szeptember 21-\u00e9n. (Helysz\u00edn: 1123. Budapest, Janssen Akad\u00e9mia, Nagyenyed u. 8.) <br \/>\n(Szervez\u0151k: L\u00e9lekben Otthon K\u00f6zhaszn\u00fa Alap\u00edtv\u00e1ny \u00e9s Janssen Cilag Kft.) <\/p>\n<p>111. Dr. Kov\u00e1cs J\u00f3zsef: A betegt\u00e1j\u00e9koztat\u00e1s s\u00e9r\u00fcl\u00e9kenys\u00e9ge. El\u0151ad\u00e1s a Magyar Bioetikai T\u00e1rsas\u00e1g 2018. \u00e9vi (28.) konferenci\u00e1j\u00e1n. (A f\u00e9l \u00e9vsz\u00e1zados Humanae Vitae enciklika \u00e9s a h\u00fasz esztend\u0151s Ovied\u00f3i Egyezm\u00e9ny) (Felk\u00e9rt el\u0151ad\u00f3k\u00e9nt)<br \/>\nHelysz\u00edn: P\u00e1zm\u00e1ny P\u00e9ter Katolikus Egyetem Szent II. J\u00e1nos P\u00e1l d\u00edszterem (1088. Budapest, Szentkir\u00e1lyi u. 28. II. emelet) Id\u0151pont: 2018. november 16. (Szervez\u0151: Magyar Bioetikai T\u00e1rsas\u00e1g) <\/p>\n<p>112. Dr. Kov\u00e1cs J\u00f3zsef: A kr\u00edzisek etikai vonatkoz\u00e1sai. El\u0151ad\u00e1s a VIKOTE (Magyar Viselked\u00e9s-, Kognit\u00edv \u00e9s S\u00e9mater\u00e1pi\u00e1s Egyes\u00fclet) 2018. \u00e9vi kongresszus\u00e1n (Felk\u00e9rt el\u0151ad\u00f3k\u00e9nt.) (Helysz\u00edn: Aquaworld Resort Budapest. Id\u0151pont: 2018. november 22-24. ) 2018. november 24-\u00e9n. <\/p>\n<p>113. Dr. Kov\u00e1cs J\u00f3zsef: Az \u00f6kol\u00f3giai kr\u00edzis erk\u00f6lcsi vonatkoz\u00e1sai. El\u0151ad\u00e1s az \u201e\u00c9ghajlatv\u00e1ltoz\u00e1s \u00e9s az eg\u00e9szs\u00e9g v\u00e9delme\u201d c\u00edm\u0171 konferenci\u00e1n. (Szervez\u0151: Semmelweis Egyetem N\u00e9peg\u00e9szs\u00e9gtani Int\u00e9zete). (Felk\u00e9rt el\u0151ad\u00f3k\u00e9nt). Id\u0151pont: 2019. \u00e1prilis 4. <br \/>\nHelysz\u00edn: Semmelweis Egyetem, Nagyv\u00e1rad t\u00e9ri Elm\u00e9leti T\u00f6mb, 21. emelet, Johan B\u00e9la terem) (1089. Budapest, Nagyv\u00e1rad t\u00e9r 4.)<\/p>\n<p>114. Dr. Kov\u00e1cs J\u00f3zsef: A fizikai korl\u00e1toz\u00e1s etik\u00e1ja a szoci\u00e1lis \u00e9s eg\u00e9szs\u00e9g\u00fcgyi ell\u00e1t\u00e1sban. El\u0151ad\u00e1s a XXIII. K\u00f6z\u00f6ss\u00e9gi Pszichi\u00e1triai, Addiktol\u00f3giai \u00e9s Ment\u00e1lhigi\u00e9n\u00e9s Konferenci\u00e1n. (Fejl\u0151d\u00e9s \u00e9s fel\u00e9p\u00fcl\u00e9s a val\u00f3s \u00e9s a virtu\u00e1lis k\u00f6z\u00f6ss\u00e9gek h\u00e1l\u00f3zat\u00e1ban.) (Szervez\u0151k: \u00c9bred\u00e9sek Alap\u00edtv\u00e1ny , ELTE T\u00c1TK Szoci\u00e1lis munka Tansz\u00e9k, \u00e9s a Forr\u00e1sh\u00e1z) (Felk\u00e9rt el\u0151ad\u00f3k\u00e9nt): Id\u0151pont: 2019. m\u00e1jus 27-\u00e9n.<br \/>\nHelysz\u00edn: ELTE T\u00e1rsadalomtudom\u00e1nyi Kar, 1117. Budapest, XI. P\u00e1zm\u00e1ny P\u00e9ter s\u00e9t\u00e1ny 1\/A)<\/p>\n<p>115. Dr. Kov\u00e1cs J\u00f3zsef: Teljes\u00edtm\u00e9ny\u00e9rt\u00e9kel\u00e9s a SE Magatart\u00e1studom\u00e1nyi Int\u00e9zet\u00e9ben. El\u0151ad\u00e1s a XVI. Magatart\u00e1studom\u00e1nyi Napok c\u00edm\u0171 konferenci\u00e1n. (2019. m\u00e1jus 30-31.) (Felk\u00e9rt el\u0151ad\u00f3k\u00e9nt)<br \/>\nHely: Szeged, MTA Szegedi Akad\u00e9miai Bizotts\u00e1g Sz\u00e9kh\u00e1za. (6720. Szeged, Somogyi u. 7.) Id\u0151pont: 2019. m\u00e1jus 30. <\/p>\n<p>116. Dr. Kov\u00e1cs J\u00f3zsef: ECMO (Extracorpor\u00e1lis membr\u00e1noxigeniz\u00e1ci\u00f3) : Hozz\u00e1f\u00e9rhet\u0151s\u00e9g\u2014finansz\u00edroz\u00e1s. Etikai \u00e9s jogi k\u00e9rd\u00e9sek. Kerekasztal-besz\u00e9lget\u00e9s r\u00e9sztvev\u0151jek\u00e9nt a Semmelweis ECMO konferenci\u00e1n. (Helysz\u00edn: Novotel Centrum, 1088. Budapest, R\u00e1k\u00f3czi \u00fat 43-45. Id\u0151pont. 2019. okt\u00f3ber 18-18.) (A kurzus tudom\u00e1nyos szervez\u0151je: Dr. Habil. Harty\u00e1nszky Istv\u00e1n, PhD) 2019. okt\u00f3ber 19-\u00e9n. (Megh\u00edvott r\u00e9sztvev\u0151k\u00e9nt) <\/p>\n<p>117. Dr. Kov\u00e1cs J\u00f3zsef: ECMO (Extracorpor\u00e1lis membr\u00e1noxigeniz\u00e1ci\u00f3) : Hozz\u00e1f\u00e9rhet\u0151s\u00e9g\u2014finansz\u00edroz\u00e1s. Etikai \u00e9s jogi k\u00e9rd\u00e9sek. Kerekasztal-besz\u00e9lget\u00e9s r\u00e9sztvev\u0151jek\u00e9nt a Semmelweis ECMO konferenci\u00e1n. (Helysz\u00edn: Mercure Budapest Castle Hill, 1013. Budapest, Krisztina krt. 41-43. Id\u0151pont. 2021. szeptember 17-18.) (A kurzus tudom\u00e1nyos szervez\u0151je: Dr. Habil. Harty\u00e1nszky Istv\u00e1n, PhD) 2021. szeptember 18-\u00e1n. (Megh\u00edvott kerekasztal-r\u00e9sztvev\u0151k\u00e9nt)<\/p>\n<p>118. Dr. Kov\u00e1cs J\u00f3zsef: ECMO (Extracorpor\u00e1lis membr\u00e1noxigeniz\u00e1ci\u00f3)\u2014Network kerekasztal : Etikai k\u00e9rd\u00e9sek. Kerekasztal-besz\u00e9lget\u00e9s r\u00e9sztvev\u0151jek\u00e9nt a Semmelweis ECMO_ECLS szimp\u00f3ziumon. (Helysz\u00edn: Mercure Budapest Castle Hill, 1013. Budapest, Krisztina krt. 41-43. Id\u0151pont. 2022. okt\u00f3ber 14-15.) (A kurzus tudom\u00e1nyos szervez\u0151je: Dr. Habil. Harty\u00e1nszky Istv\u00e1n, PhD) 2022. okt\u00f3ber 15-\u00e9n. (Megh\u00edvott kerekasztal-r\u00e9sztvev\u0151k\u00e9nt)<\/p>\n<p>119. Dr. Kov\u00e1cs J\u00f3zsef: Etikai k\u00e9rd\u00e9sek a visszautas\u00edtott kezel\u00e9sekkel kapcsolatban. El\u0151ad\u00e1s a Magyar Seb\u00e9szt\u00e1rsas\u00e1g 66. kongresszus\u00e1n. (Felk\u00e9rt el\u0151ad\u00f3k\u00e9nt.) 2023. okt\u00f3bet 5-\u00e9n. (Helysz\u00edn: Si\u00f3fok, Hotel Az\u00far)<\/p>\n<p>120. Dr. Kov\u00e1cs J\u00f3zsef: ECMO (Extracorpor\u00e1lis membr\u00e1noxigeniz\u00e1ci\u00f3)\u2014Network kerekasztal : Etikai k\u00e9rd\u00e9sek. Kerekasztal-besz\u00e9lget\u00e9s r\u00e9sztvev\u0151jek\u00e9nt a Semmelweis ECMO_ECLS szimp\u00f3ziumon. (Helysz\u00edn: Mercure Budapest Castle Hill, 1013. Budapest, Krisztina krt. 41-43. Id\u0151pont. 2023. okt\u00f3ber 13-14.) (A kurzus tudom\u00e1nyos szervez\u0151je: Dr. Habil. Harty\u00e1nszky Istv\u00e1n, PhD) 2023. okt\u00f3ber 14-\u00e9n. (Megh\u00edvott kerekasztal-r\u00e9sztvev\u0151k\u00e9nt)<\/p>\n<p>121. Dr. Kov\u00e1cs J\u00f3zsef: Az \u00e9letv\u00e9gi d\u00f6nt\u00e9sek filoz\u00f3fiai, bioetikai, pszichol\u00f3giai k\u00e9rd\u00e9sei. Kerekasztal besz\u00e9lget\u00e9s r\u00e9sztvev\u0151jek\u00e9nt \u201eAz \u00e9letv\u00e9gi d\u00f6nt\u00e9sek filoz\u00f3fiai \u00e9s jogelm\u00e9leti k\u00e9rd\u00e9sei\u201d c. workshopon, melyet dr. Karsai D\u00e1nielnek az Emberi Jogok Eur\u00f3pai B\u00edr\u00f3s\u00e1g\u00e1hoz beny\u00fajtott beadv\u00e1nya kapcs\u00e1n szerveztek. A workshop szervez\u0151je: Lend\u00fclet \u00c9rt\u00e9kek \u00e9s Tudom\u00e1ny Kutat\u00f3csoport. Helysz\u00edn: B\u00f6lcs\u00e9szettudom\u00e1nyi Kutat\u00f3k\u00f6zpont.( 1097. Budapest, T\u00f3th K\u00e1lm\u00e1n u. 4. V. emeleti terem) Id\u0151pont: 2023. november 17. <\/p>\n<p>122. Dr. Kov\u00e1cs J\u00f3zsef: \u201eAz akt\u00edv eutan\u00e1zia etikai k\u00e9rd\u00e9sei.\u201d Kerekasztalbesz\u00e9lget\u00e9s r\u00e9sztvev\u0151jek\u00e9nt a \u201eKonferencia a szabad \u00e9letv\u00e9gi d\u00f6nt\u00e9s dilemm\u00e1j\u00e1r\u00f3l\u201d rendezv\u00e9nyen. (Post Mortem konferencia) Szervez\u0151: \u201eMomentum\u201d p\u00e1rt. Helysz\u00edn: Marczib\u00e1nyi T\u00e9ri M\u0171vel\u0151d\u00e9si K\u00f6zpont Kamaraterme. (1022. Bp. Marczib\u00e1nyi t\u00e9r 5\/A) Id\u0151pont: 2024. febru\u00e1r 8. <br \/>\nA kerekasztalbesz\u00e9lget\u00e9s moder\u00e1tora: Bombera Krisztina. <br \/>\nA kerekasztalbesz\u00e9lget\u00e9s r\u00e9szvev\u0151i: Dr. Kov\u00e1cs J\u00f3zsef orvos-bioetikus, Iv\u00e1nyi G\u00e1bor metodista lelk\u00e9sz, Cseh Katalin EP k\u00e9pvisel\u0151, orvos, eg\u00e9szs\u00e9g\u00fcgyi k\u00f6zgazd\u00e1sz; Pog\u00e1ny Judit, a Nemzet Sz\u00edn\u00e9sze, az \u00d6rk\u00e9ny Sz\u00ednh\u00e1z \u201eIsten\u201d c\u00edm\u0171 darabj\u00e1nak f\u0151szerepl\u0151je. <br \/>\nA konferencia \u00e9l\u0151ben k\u00f6zvet\u00edt\u00e9sre ker\u00fclt a Momentum mozgalom Facebook oldal\u00e1n.<br \/>\nA teljes besz\u00e9lget\u00e9s megtekinthet\u0151 a You Tube-on: \u201ePost Mortem &#8211; Konferencia a szabad \u00e9letv\u00e9gi d\u00f6nt\u00e9s dilemm\u00e1j\u00e1r\u00f3l &#8211; 2. r\u00e9sz\u201d <br \/>\nhttps:\/\/www.youtube.com\/watch?v=9EkBphPzL0g <\/p>\n<p>\n123. Dr. Kov\u00e1cs J\u00f3zsef: ECMO\/ECLS \/\u00e9letv\u00e9gi d\u00f6nt\u00e9sek etikai k\u00e9rd\u00e9sei (Extracorpor\u00e1lis membr\u00e1noxigeniz\u00e1ci\u00f3)\u2014El\u0151ad\u00e1s a Semmelweis ECMO_ECLS szimp\u00f3ziumon. (Helysz\u00edn: Margitsziget, Ensana Hotel. Id\u0151pont. 2024. szeptember 30-okt\u00f3ber 1. ) (A kurzus tudom\u00e1nyos szervez\u0151je: Dr. Habil. Harty\u00e1nszky Istv\u00e1n, PhD) 2024. szeptember 30-\u00e1n. (Megh\u00edvott el\u0151ad\u00f3k\u00e9nt)<\/p>\n<p>124. Dr. Kov\u00e1cs J\u00f3zsef: A pszichi\u00e1triai eutan\u00e1zia. El\u0151ad\u00e1s a \u201ePszichi\u00e1tria-T\u00e1rsadalom-Etika c. konferenci\u00e1n. (Az MTA Lend\u00fclet \u00c9t\u00e9kek \u00e9s Tudom\u00e1ny Kutat\u00f3csoport konferenci\u00e1ja.) Helysz\u00edn: HUN-REN B\u00f6lcs\u00e9szettudom\u00e1nyi Kutat\u00f3k\u00f6zpont, Filoz\u00f3fiai Int\u00e9zet, 1097. Budapest, T\u00f3th K\u00e1lm\u00e1n u. 4. Trap\u00e9z terem (VII. emelet) Id\u0151pont: 2024. okt\u00f3ber 3-4. (2024. okt\u00f3ber 4-\u00e9n, felk\u00e9rt el\u0151ad\u00f3k\u00e9nt)<br \/>\nAz el\u0151ad\u00e1sr\u00f3l vide\u00f3felv\u00e9tel k\u00e9sz\u00fclt, mely megtekinthet\u0151 a You Tube-on a k\u00f6vetkez\u0151 c\u00edmen: https:\/\/www.youtube.com\/watch?v=CY_3l8tm7gA <\/p>\n<p>\n125. Dr. Kov\u00e1cs J\u00f3zsef: A pszichi\u00e1triai etika ingov\u00e1nyos ter\u00fcletei. Plen\u00e1ris el\u0151ad\u00e1s a Magyar Pszichi\u00e1triai T\u00e1rsas\u00e1g XXVIII. V\u00e1ndorgy\u0171l\u00e9s\u00e9n (Pszichi\u00e1tria Magyarorsz\u00e1gon 2025. Tudom\u00e1ny, Egy\u00fcttm\u0171k\u00f6d\u00e9s, Felel\u0151ss\u00e9g. ) Felk\u00e9rt el\u0151ad\u00f3k\u00e9nt. (Helysz\u00edn: Si\u00f3fok, Az\u00far Hotel. Id\u0151pont: 2025. janu\u00e1r 29.-febru\u00e1r 1.) (Az el\u0151ad\u00e1s 2025, janu\u00e1r 31-\u00e9n hangzott el.) Absztrakt el\u00e9rhet\u0151. <\/p>\n<p>\nEgy\u00e9b hazai el\u0151ad\u00e1sok<\/p>\n<p>1. Dr. Kov\u00e1cs J\u00f3zsef: Szociobiol\u00f3gia I. (A kult\u00fara, vall\u00e1s, nyelv \u00e9s az evol\u00faci\u00f3 kapcsolata. El\u0151ad\u00e1s 1992. febru\u00e1r 26.-\u00e1n a Magyar Medikus Munkak\u00f6z\u00f6ss\u00e9g (Internationale Mediziner Arbeitsgemeinschaft, I.M.A. magyar tagozata) sz\u00e1m\u00e1ra. (felk\u00e9rt el\u0151ad\u00f3k\u00e9nt)<\/p>\n<p>2. Dr. Kov\u00e1cs J\u00f3zsef: Szociobiol\u00f3gia II. (A kult\u00fara, vall\u00e1s, nyelv \u00e9s az evol\u00faci\u00f3 kapcsolata. El\u0151ad\u00e1s 1992. m\u00e1rcius 4.-\u00e9n a Magyar Medikus Munkak\u00f6z\u00f6ss\u00e9g (Internationale Mediziner Arbeitsgemeinschaft, I.M.A. magyar tagozata) sz\u00e1m\u00e1ra. (felk\u00e9rt el\u0151ad\u00f3k\u00e9nt)<\/p>\n<p>3. Dr. Kov\u00e1cs J\u00f3zsef: A betegs\u00e9g: ember \u00e9s t\u00e1rsadalom viszonya. El\u0151ad\u00e1s 1992. m\u00e1rcius 11.-\u00e9n a Magyar Medikus Munkak\u00f6z\u00f6ss\u00e9g (Internationale Mediziner Arbeitsgemeinschaft, I.M.A. magyar tagozata) sz\u00e1m\u00e1ra. (felk\u00e9rt el\u0151ad\u00f3k\u00e9nt)<\/p>\n<p>4. Dr. Kov\u00e1cs J\u00f3zsef: A t\u00e1j\u00e9kozott beleegyez\u00e9s. El\u0151ad\u00e1s a J\u00e1hn Ferenc D\u00e9l-Pesti K\u00f3rh\u00e1zban 1992. \u00e1prilis 14.-\u00e9n. (felk\u00e9rt el\u0151ad\u00f3k\u00e9nt)<\/p>\n<p>5. Dr. Kov\u00e1cs J\u00f3zsef: Rossz progn\u00f3zis\u00fa betegs\u00e9gben szenved\u0151 betegek t\u00e1j\u00e9koztat\u00e1s\u00e1nak etikai k\u00e9rd\u00e9sei. El\u0151ad\u00e1s a Magyar Humanista Egyes\u00fclet \u00e9s a Budapesti Condorcet K\u00f6r \u00e1ltal 1992. \u00e1prilis 17.-\u00e9n a Kossuth Klubban \u201eAz \u00e9let joga&#8211;a hal\u00e1l joga. K\u00e9rd\u0151jelek a haldokl\u00e1s k\u00f6r\u00fcl.\u201d c\u00edmmel rendezett kerekasztalbesz\u00e9lget\u00e9sen. \u00cdr\u00e1sban: Orvosetikai dilemm\u00e1k. I.-II. Kerekasztalbesz\u00e9lget\u00e9sek a Kossuth klubban. Condorcet-k\u00f6r, Budapest, 1993. (p.11-22) (felk\u00e9rt el\u0151ad\u00f3k\u00e9nt)<\/p>\n<p>6. Dr. Kov\u00e1cs J\u00f3zsef: Az orvosi beavatkoz\u00e1sokba val\u00f3 beleegyez\u00e9s etikai elvei. El\u0151ad\u00e1s az Orsz\u00e1gos Onkol\u00f3giai Int\u00e9zetben 1992. \u00e1prilis 29.-\u00e9n. (felk\u00e9rt el\u0151ad\u00f3k\u00e9nt)<\/p>\n<p>7. Dr. Kov\u00e1cs J\u00f3zsef: A m\u0171vi abortusz erk\u00f6lcsi k\u00e9rd\u00e9sei. Vita r\u00e9sztvev\u0151jek\u00e9nt a budapesti Jogi Egyetemen 1992. m\u00e1jus 7.-\u00e9n. (Besz\u00e1mol\u00f3 az el\u0151ad\u00e1sr\u00f3l a Magyar Nemzet 1992. m\u00e1jus 8.-i sz\u00e1m\u00e1ban.) (felk\u00e9rt el\u0151ad\u00f3k\u00e9nt)<\/p>\n<p>8. Dr. Kov\u00e1cs J\u00f3zsef: Kerekasztalbesz\u00e9lget\u00e9s az abortuszr\u00f3l. A Lege Artis Medicinae Klub rendez\u00e9s\u00e9ben 1992. m\u00e1jus 22.-\u00e9n rendezett vita el\u0151ad\u00f3 r\u00e9sztvev\u0151jek\u00e9nt. (Hotel Agro) (felk\u00e9rt el\u0151ad\u00f3k\u00e9nt)<\/p>\n<p>9. Dr. Kov\u00e1cs J\u00f3zsef: Az abortuszr\u00f3l. Az SZDSZ Region\u00e1lis Irod\u00e1ja \u00e1ltal rendezett vitaest el\u0151ad\u00f3 r\u00e9sztvev\u0151jek\u00e9nt Tatab\u00e1ny\u00e1n, 1992. szeptember 16.-\u00e1n. (felk\u00e9rt el\u0151ad\u00f3k\u00e9nt)<\/p>\n<p>10. Dr. Kov\u00e1cs J\u00f3zsef: Az orvos joga&#8211;a beteg joga. Felvil\u00e1gos\u00edt\u00e1s, t\u00e1j\u00e9koztat\u00e1s, hozz\u00e1j\u00e1rul\u00e1s az orvos-beteg viszonyban. A Budapesti Condorcet K\u00f6r \u00e1ltal rendezett vitaest el\u0151ad\u00f3 r\u00e9sztvev\u0151jek\u00e9nt a Kossuth Klubban, 1992. okt\u00f3ber 16.-\u00e1n. \u00cdr\u00e1sban: Orvosetikai dilemm\u00e1k. I.-II. Kerekasztalbesz\u00e9lget\u00e9sek a Kossuth-Klubban. Condorcet-K\u00f6r, Budapest, 1993. (p. 33-4O) (felk\u00e9rt el\u0151ad\u00f3k\u00e9nt)<\/p>\n<p>11. Dr. Kov\u00e1cs J\u00f3zsef: Etika az orvostudom\u00e1nyban. El\u0151ad\u00e1s a Szakkoll\u00e9giumok Ny\u00e1ri Tal\u00e1lkoz\u00f3ja t\u00e1borban, Fadd-Domboriban, 1993. szeptember 3.-\u00e1n. (felk\u00e9rt el\u0151ad\u00f3k\u00e9nt)<\/p>\n<p>12. Dr. Kov\u00e1cs J\u00f3zsef: Min\u0151s\u00e9gbiztos\u00edt\u00e1s: Betegjogok az eg\u00e9szs\u00e9g\u00fcgyben. El\u0151ad\u00e1s az Orvostob\u00e1bbk\u00e9pz\u0151 Egyetem Eg\u00e9szs\u00e9g\u00fcgyi F\u0151iskolai Kar\u00e1nak Menedzsmentk\u00e9pz\u0151 tanfolyam\u00e1n \u00e1pol\u00e1si igazgat\u00f3k sz\u00e1m\u00e1ra 1993. szeptember 13.-\u00e1n. (felk\u00e9rt el\u0151ad\u00f3k\u00e9nt)<\/p>\n<p>13. Dr. Kov\u00e1cs J\u00f3zsef: A diagn\u00f3zis k\u00f6zl\u00e9s\u00e9nek dilemm\u00e1i. El\u0151ad\u00e1s a F\u0151v\u00e1rosi \u00d6nkorm\u00e1nyzat Bajcsy-Zsillinszky K\u00f3rh\u00e1z-Rendel\u0151int\u00e9zet f\u0151orvosi \u00e9rtekezlet\u00e9n, 1993. szeptember 16.-\u00e1n. (felk\u00e9rt el\u0151ad\u00f3k\u00e9nt)<\/p>\n<p>14. Dr. Kov\u00e1cs J\u00f3zsef: \u00c9rdekegyeztet\u00e9s az eg\u00e9szs\u00e9g\u00fcgyben. Kerekasztalbesz\u00e9lget\u00e9s r\u00e9sztvev\u0151jek\u00e9nt a Lege Artis Medicinae Klubj\u00e1ban 1993. okt\u00f3ber 15.-\u00e9n. (Az el\u0151ad\u00e1s r\u00f6vid kivonata \u201eAz \u00e9rdekegyeztet\u00e9s eszk\u00f6zei az eg\u00e9szs\u00e9g\u00fcgyben\u201d c\u00edmmel a Lege Artis Medicinae 3. \u00e9vf. 12. sz. 1993. december 29.-i sz\u00e1m\u00e1nak 178-79. oldal\u00e1n tal\u00e1lhat\u00f3.) (felk\u00e9rt el\u0151ad\u00f3k\u00e9nt)<\/p>\n<p>15. Dr. Kov\u00e1cs J\u00f3zsef: Az eutan\u00e1zia erk\u00f6lcsi \u00e9s jogi k\u00e9rd\u00e9sei. El\u0151ad\u00e1s a Jog\u00e1szhallgat\u00f3k B\u00edb\u00f3 Istv\u00e1n Szakkoll\u00e9gium\u00e1ban 1993. okt. 2O.-\u00e1n. (felk\u00e9rt el\u0151ad\u00f3k\u00e9nt)<\/p>\n<p>16. Dr. Kov\u00e1cs J\u00f3zsef: Az emberk\u00eds\u00e9rletek etikai k\u00e9rd\u00e9sei. El\u0151ad\u00e1s a Condorcet k\u00f6r szervez\u00e9s\u00e9ben a Kossuth klubban, 1993. okt\u00f3ber 29.-\u00e9n. (felk\u00e9rt el\u0151ad\u00f3k\u00e9nt)<\/p>\n<p>17. Dr. Kov\u00e1cs J\u00f3zsef:A betegek jogai. El\u0151ad\u00e1s Tatab\u00e1ny\u00e1n a tatab\u00e1nyai k\u00f3rh\u00e1zban rendezett orvosf\u00f3rumon 1993. november 1.-\u00e9n. (\u00cdr\u00e1sos besz\u00e1mol\u00f3: Magyar H\u00edrlap, Heti Patika, 1993. november 23. Kedd.) (felk\u00e9rt el\u0151ad\u00f3k\u00e9nt)<\/p>\n<p>18. Dr. Kov\u00e1cs J\u00f3zsef:A vesetranszplant\u00e1ci\u00f3 etikai dilemm\u00e1i. El\u0151ad\u00e1s a Vesebetegek Egyes\u00fclet\u00e9nek Orsz\u00e1gos sz\u00f6vets\u00e9ge K\u00fcld\u00f6ttgy\u0171l\u00e9s\u00e9n, Budapesten, 1993. november 21.-\u00e9n. (felk\u00e9rt el\u0151ad\u00f3k\u00e9nt)<\/p>\n<p>19. Dr. Kov\u00e1cs J\u00f3zsef: A betegt\u00e1j\u00e9koztat\u00e1s aktu\u00e1lis orvosetikai k\u00e9rd\u00e9sei. El\u0151ad\u00e1s a Haynal Imre Eg\u00e9szs\u00e9gtudom\u00e1nyi Egyetem \u00e1ltal szervezett \u201eAz eg\u00e9szs\u00e9g\u00fcgyi rendszerv\u00e1lt\u00e1s strat\u00e9giai k\u00e9rd\u00e9sei.\u201d c. el\u0151ad\u00e1ssorozat keret\u00e9ben, 1994. janu\u00e1r 26.-\u00e1n. (felk\u00e9rt el\u0151ad\u00f3k\u00e9nt)<\/p>\n<p>20. Dr. Kov\u00e1cs J\u00f3zsef: A gy\u00f3gy\u00edthatatlan betegek felvil\u00e1gos\u00edt\u00e1s\u00e1nak etikai dilemm\u00e1i. El\u0151ad\u00e1s a \u201ehaldokl\u00f3 \u00e9s a haldokl\u00e1s m\u00e9lt\u00f3s\u00e1ga. A termin\u00e1lis st\u00e1dium pszichol\u00f3giai \u00e9s etikai probl\u00e9m\u00e1i.\u201d c. sorozat keret\u00e9ben a Kossuth Klubban, 1994. febru\u00e1r 8.-\u00e1n. (Szervezte: Budapesti Ismeretterjeszt\u0151 T\u00e1rsulat.) (\u00cdr\u00e1sban: In: Heged\u0171s Katalin (szerk.) (1994): Hal\u00e1lk\u00f6zelben. A haldokl\u00f3 \u00e9s a hal\u00e1l m\u00e9lt\u00f3s\u00e1g\u00e1\u00e9rt. Magyar Hospice Alap\u00edtv\u00e1ny. (pp. 69-89) (felk\u00e9rt el\u0151ad\u00f3k\u00e9nt)<\/p>\n<p>21. Dr. Kov\u00e1cs J\u00f3zsef: A min\u0151s\u00e9gbiztos\u00edt\u00e1s etikai vonatkoz\u00e1sai. El\u0151ad\u00e1s a Haynal Imre Eg\u00e9szs\u00e9gtudom\u00e1nyi Egyetem \u201eMin\u0151s\u00e9gbiztos\u00edt\u00e1s az eg\u00e9szs\u00e9g\u00fcgyben\u201d c. el\u0151ad\u00e1ssorozat\u00e1n, 1994. febru\u00e1r 21.-\u00e9n. (felk\u00e9rt el\u0151ad\u00f3k\u00e9nt)<\/p>\n<p>22. Dr. Kov\u00e1cs J\u00f3zsef: A betegek felvil\u00e1gos\u00edt\u00e1s\u00e1nak etikai k\u00e9rd\u00e9sei. El\u0151ad\u00e1s a Bethesda Gyermekk\u00f3rh\u00e1zban 1994. m\u00e1rcius 1.-\u00e9n. (felk\u00e9rt el\u0151ad\u00f3k\u00e9nt)<\/p>\n<p>23. Dr. Kov\u00e1cs J\u00f3zsef: A t\u00e1j\u00e9kozott beleegyez\u00e9s probl\u00e9m\u00e1i napjainkban. El\u0151ad\u00e1s a SOTE \u00c9r- \u00e9s Sz\u00edvseb\u00e9szeti Klinik\u00e1j\u00e1n, 1994. \u00e1prilis 29.-\u00e9n. (felk\u00e9rt el\u0151ad\u00f3k\u00e9nt)<\/p>\n<p>24. Dr. Kov\u00e1cs J\u00f3zsef: A seg\u00edt\u0151 foglalkoz\u00e1sok etikai k\u00e9rd\u00e9sei. El\u0151ad\u00e1s a Pszichi\u00e1triai \u00e9s Pszichoter\u00e1pi\u00e1s Klinika szervezte tanfolyamon, 1994. m\u00e1jus 27.-\u00e9n. (felk\u00e9rt el\u0151ad\u00f3k\u00e9nt)<\/p>\n<p>25. Dr. Kov\u00e1cs J\u00f3zsef: T\u00e1j\u00e9kozott beleegyez\u00e9s az orvosi beavatkoz\u00e1sokba. El\u0151ad\u00e1s a Liber\u00e1lis Orvosklubban 1994 szeptember 13.-\u00e1n. (Friedrich Naumann Alap\u00edtv\u00e1ny klubbhelyis\u00e9ge. ) In: Magyar Nemzet, 4&#215;4, 1994. szeptember 17. Szombat) (felk\u00e9rt el\u0151ad\u00f3k\u00e9nt)<\/p>\n<p>26. Dr. Kov\u00e1cs J\u00f3zsef: A betegt\u00e1j\u00e9koztat\u00e1s helyzete rosszindulat\u00fa daganatos betegekn\u00e9l. El\u0151ad\u00e1s a \u201eMegel\u0151z\u00e9s \u00e9s kieg\u00e9sz\u00edt\u0151 ter\u00e1pi\u00e1k lehet\u0151s\u00e9ge \u00e9s s\u00falya a r\u00e1kgy\u00f3gy\u00edt\u00e1sban.\u201d c. tanfolyamon. 1994. nov. 8.-\u00e1n Gy\u00f6ngy\u00f6starj\u00e1nban. (Borhi kast\u00e9ly) (felk\u00e9rt el\u0151ad\u00f3k\u00e9nt)<\/p>\n<p>27. Dr. Kov\u00e1cs J\u00f3zsef: Allok\u00e1ci\u00f3&#8211;anyagi ell\u00e1totts\u00e1g. El\u0151ad\u00e1s a \u201eBioetikai ismeretek orvosok sz\u00e1m\u00e1ra\u201d c. tanfolyamon a Haynal Imre Eg\u00e9szs\u00e9gtudom\u00e1nyi Egyetemen, 1994. november 14.-\u00e9n. (felk\u00e9rt el\u0151ad\u00f3k\u00e9nt)<\/p>\n<p>28. Dr. Kov\u00e1cs J\u00f3zsef: Az \u00e9let kezdet\u00e9nek meghat\u00e1roz\u00e1sa. El\u0151ad\u00e1s a \u201eBioetikai ismeretek orvosok sz\u00e1m\u00e1ra\u201d c. tanfolyamon a Haynal Imre Eg\u00e9szs\u00e9gtudom\u00e1nyi Egyetemen, 1994. november 15.-\u00e9n. (felk\u00e9rt el\u0151ad\u00f3k\u00e9nt)<\/p>\n<p>29. Dr. Kov\u00e1cs J\u00f3zsef: A hal\u00e1l k\u00e9sleltet\u00e9se heroikus beavatkoz\u00e1sokkal. El\u0151ad\u00e1s a \u201eBioetikai ismeretek orvosok sz\u00e1m\u00e1ra\u201d c. tanfolyamon a Haynal Imre Eg\u00e9szs\u00e9gtudom\u00e1nyi Egyetemen, 1994. november 15.-\u00e9n. (felk\u00e9rt el\u0151ad\u00f3k\u00e9nt)<\/p>\n<p>30. Dr. Kov\u00e1cs J\u00f3zsef: A t\u00e1j\u00e9kozott beleegyez\u00e9s a gyermekgy\u00f3gy\u00e1szati gyakorlatban. El\u0151ad\u00e1s a Budai Honv\u00e9dk\u00f3rh\u00e1z Gyermekgy\u00f3gy\u00e1szati Oszt\u00e1ly\u00e1n 1995. febru\u00e1r 16.-\u00e1n. (F\u0151orvos: dr. Mak\u00f3i Zita) (felk\u00e9rt el\u0151ad\u00f3k\u00e9nt)<\/p>\n<p>31. Dr. Kov\u00e1cs J\u00f3zsef: A betegek jogai. El\u0151ad\u00e1s a Liber\u00e1lis Orvosklubban 1995. febru\u00e1r 16.-\u00e1n. (Hotel D\u00e9lib\u00e1b) (Az el\u0151ad\u00e1sr\u00f3l \u00edr\u00e1sos besz\u00e1mol\u00f3: \u201eM\u00e9lt\u00f3s\u00e1g, mell\u00e9rendelt viszony \u00e9s igazs\u00e1goss\u00e1g .\u201d Magyar Nemzet, 1995. febru\u00e1r 2O. H\u00e9tf\u0151. \u00cdrta: \u00c9l\u0151 Anita.) (felk\u00e9rt el\u0151ad\u00f3k\u00e9nt)<\/p>\n<p>32. Dr. Kov\u00e1cs J\u00f3zsef: A min\u0151s\u00e9gbiztos\u00edt\u00e1s etikai vonatkoz\u00e1sai. El\u0151ad\u00e1s a Haynal Imre Eg\u00e9szs\u00e9gtudom\u00e1nyi Egyetem \u201eMin\u0151s\u00e9gbiztos\u00edt\u00e1s az eg\u00e9szs\u00e9g\u00fcgyi int\u00e9zm\u00e9nyekben.\u201d c. tanfolyam\u00e1n 1995. febru\u00e1r 2O.-\u00e1n. (felk\u00e9rt el\u0151ad\u00f3k\u00e9nt)<\/p>\n<p>33. Dr. Kov\u00e1cs J\u00f3zsef: Allok\u00e1ci\u00f3&#8211;anyagi ell\u00e1totts\u00e1g. El\u0151ad\u00e1s a \u201eBioetikai ismeretek orvosok sz\u00e1m\u00e1ra\u201d c. tanfolyamon a Haynal Imre Eg\u00e9szs\u00e9gtudom\u00e1nyi Egyetem Bioetikai Oktat\u00e1si Munkacsoportja szervez\u00e9s\u00e9ben 1995. m\u00e1jus 5.-\u00e9n. (felk\u00e9rt el\u0151ad\u00f3k\u00e9nt)<\/p>\n<p>34. Dr. Kov\u00e1cs J\u00f3zsef: Pszichoszomatika, pszichoonkol\u00f3gia, bioetika. dr. Muszbek Katalinnal tartott k\u00f6z\u00f6s el\u0151ad\u00e1s a Haynal Imre Eg\u00e9szs\u00e9gtudom\u00e1nyi Egyetem Pszichi\u00e1tria Tansz\u00e9ke \u00e1ltal szervezett \u201eKorszer\u0171 szakmai \u00e9s vezet\u00e9si ismeretek a pszichi\u00e1tri\u00e1ban\u201d c. tanfolyamon, 1995. m\u00e1jus 1O.-\u00e9n. (Bp, II. Ny\u00e9ki \u00fat 1O-12.) (felk\u00e9rt el\u0151ad\u00f3k\u00e9nt)<\/p>\n<p>35. Dr. Kov\u00e1cs J\u00f3zsef: A betegt\u00e1j\u00e9koztat\u00e1s jelenlegi helyzete, etikai k\u00e9rd\u00e9sei. El\u0151ad\u00e1s a \u201eKieg\u00e9sz\u00edt\u0151 ter\u00e1pi\u00e1k lehet\u0151s\u00e9ge \u00e9s s\u00falya a r\u00e1kgy\u00f3gy\u00edt\u00e1sban.\u201d c. m\u0171hely keret\u00e9ben, 1995. m\u00e1jus 15.-\u00e9n. (Gy\u00f6ngy\u00f6starj\u00e1n, Borhi Kast\u00e9ly.) (felk\u00e9rt el\u0151ad\u00f3k\u00e9nt)<\/p>\n<p>36. Dr. Kov\u00e1cs J\u00f3zsef: A betegek jogair\u00f3l. El\u0151ad\u00e1s Oroszl\u00e1nyban, a region\u00e1lis SZDSZ iroda szervez\u00e9s\u00e9ben, 1995. V. 19.-\u00e9n. (felk\u00e9rt el\u0151ad\u00f3k\u00e9nt)<\/p>\n<p>37. Dr. Kov\u00e1cs J\u00f3zsef: Az \u00e9let kezdet\u00e9nek meghat\u00e1roz\u00e1sa. El\u0151ad\u00e1s a \u201eBioetikai alapismeretek\u201d c. tanfolyamon. (Haynal Imre Eg\u00e9szs\u00e9gtudom\u00e1nyi Egyetem Bioetikai Oktat\u00e1si Munkacsoportja szervez\u00e9s\u00e9ben, 1995. okt\u00f3ber 26.-\u00e1n) (felk\u00e9rt el\u0151ad\u00f3k\u00e9nt)<\/p>\n<p>38. Dr. Kov\u00e1cs J\u00f3zsef: A hal\u00e1l k\u00e9sleltet\u00e9se heroikus beavatkoz\u00e1sokkal \u00e9s az \u00e9letmin\u0151s\u00e9g elve. El\u0151ad\u00e1s a \u201eBioetikai alapismeretek\u201d c. tanfolyamon. (A Haynal Imre Eg\u00e9szs\u00e9gtudom\u00e1nyi Egyetem Bioetikai Oktat\u00e1si Munkacsoportja szervez\u00e9s\u00e9ben, 1995. okt\u00f3ber 26.-\u00e1n) (felk\u00e9rt el\u0151ad\u00f3k\u00e9nt)<\/p>\n<p>39. Dr. Kov\u00e1cs J\u00f3zsef: Allok\u00e1ci\u00f3, anyagi ell\u00e1totts\u00e1g. El\u0151ad\u00e1s a \u201eBioetikai alapismeretek\u201d c. tanfolyamon. ( (A Haynal Imre Eg\u00e9szs\u00e9gtudom\u00e1nyi Egyetem Bioetikai Oktat\u00e1si Munkacsoportja szervez\u00e9s\u00e9ben, 1995. okt\u00f3ber 27.-\u00e9n) (felk\u00e9rt el\u0151ad\u00f3k\u00e9nt)<\/p>\n<p>40. Dr. Kov\u00e1cs J\u00f3zsef: Az emberi \u00e9let kezdete meghat\u00e1roz\u00e1s\u00e1nak mai probl\u00e9m\u00e1i.El\u0151ad\u00e1s a \u201eBioetikai probl\u00e9m\u00e1k az emberi \u00e9let kezdet\u00e9n.\u201d c. a Haynal Imre Eg\u00e9szs\u00e9gtudom\u00e1nyi Egyetem Bioetikai Oktat\u00e1si Munkacsoportja \u00e1ltal szervezett tanfolyamon 1995. november 14.-\u00e9n. (felk\u00e9rt el\u0151ad\u00f3k\u00e9nt)<\/p>\n<p>41. Dr. Kov\u00e1cs J\u00f3zsef: A bioetika fogalma, t\u00e1rgya, probl\u00e9m\u00e1i. El\u0151ad\u00e1s a Pest Megyei Fl\u00f3r Ferenc K\u00f3rh\u00e1z \u201eBioetika&#8211;Betegfelvil\u00e1gos\u00edt\u00e1s&#8211;Betegjog\u201d c\u00edm\u0171 tudom\u00e1nyos \u0171l\u00e9s\u00e9n. (Fl\u00f3r Ferenc K\u00f3rh\u00e1z, 1996. janu\u00e1r 18.) (felk\u00e9rt el\u0151ad\u00f3k\u00e9nt)<\/p>\n<p>42. Dr. Kov\u00e1cs J\u00f3zsef: Az orvos beteg kapcsolat: a betegek jogai. El\u0151ad\u00e1s az Esztergomi Liber\u00e1lis Klubban. (Esztergom, V\u00e1rosi K\u00f6nyvt\u00e1r, 1996. janu\u00e1r 19.) (felk\u00e9rt el\u0151ad\u00f3k\u00e9nt)<\/p>\n<p>43. Dr. Kov\u00e1cs J\u00f3zsef: A betegek jogai. El\u0151ad\u00e1s a tatab\u00e1nyai k\u00f3rh\u00e1zban. (Tatab\u00e1nya, 1996. febru\u00e1r 22.) (felk\u00e9rt el\u0151ad\u00f3k\u00e9nt)<\/p>\n<p>44. Dr. Kov\u00e1cs J\u00f3zsef: A min\u0151s\u00e9gbiztos\u00edt\u00e1s etikai vonatkoz\u00e1sai. El\u0151ad\u00e1s a Haynal Imre Eg\u00e9szs\u00e9gtudom\u00e1nyi Egyetem Orvostov\u00e1bbk\u00e9pz\u0151 Kar\u00e1n az Orvosi N\u00e9peg\u00e9szs\u00e9g\u00fcgyi Int\u00e9zet \u00e1ltal szervezett \u201eMin\u0151s\u00e9gbiztos\u00edt\u00e1s az eg\u00e9szs\u00e9g\u00fcgyi int\u00e9zm\u00e9nyekben.\u201d c\u00edm\u0171 tanfolyamon 1996. febru\u00e1r 27.-\u00e9n. (felk\u00e9rt el\u0151ad\u00f3k\u00e9nt)<\/p>\n<p>45. Dr. Kov\u00e1cs J\u00f3zsef: A hal\u00e1l k\u00e9sleltet\u00e9se heroikus beavatkoz\u00e1sokkal. \u00c9letmin\u0151s\u00e9g. El\u0151ad\u00e1s a \u201eBioetikai probl\u00e9m\u00e1k az \u00e9let v\u00e9g\u00e9n.\u201d c. tanfolyamon a HIETE Bioetikai Oktat\u00e1si Munkacsoportja szervez\u00e9s\u00e9ben 1996. m\u00e1rcius 19.-\u00e9n. (felk\u00e9rt el\u0151ad\u00f3k\u00e9nt)<\/p>\n<p>46. Dr. Kov\u00e1cs J\u00f3zsef: Allok\u00e1ci\u00f3&#8211;anyagi ell\u00e1totts\u00e1g.El\u0151ad\u00e1s a \u201eBioetikai probl\u00e9m\u00e1k az \u00e9let v\u00e9g\u00e9n.\u201d c. tanfolyamon a HIETE Bioetikai Oktat\u00e1si Munkacsoportja szervez\u00e9s\u00e9ben 1996. m\u00e1rcius 2O.-\u00e1n. (felk\u00e9rt el\u0151ad\u00f3k\u00e9nt)<\/p>\n<p>47. Dr. Kov\u00e1cs J\u00f3zsef: A g\u00e9nseb\u00e9szet etikai k\u00e9rd\u00e9seir\u0151l. El\u0151ad\u00e1s a Szentimrev\u00e1rosi Egyes\u00fclet Szabadegyetem\u00e9n. (Szent Imre H\u00e1z, XI. Himfy u. 9.) 1996. \u00e1prilis 12. (felk\u00e9rt el\u0151ad\u00f3k\u00e9nt)<\/p>\n<p>48. Dr. Kov\u00e1cs J\u00f3zsef: A betegt\u00e1j\u00e9koztat\u00e1s etikai k\u00e9rd\u00e9sei. El\u0151ad\u00e1s a \u201eMegel\u0151z\u00e9s \u00e9s kieg\u00e9sz\u00edt\u0151 ter\u00e1pi\u00e1k lehet\u0151s\u00e9ge \u00e9s s\u00falya a r\u00e1kgy\u00f3gy\u00edt\u00e1sban.\u201d c\u00edm\u0171 m\u0171helyen. (Szervezte: \u201eA r\u00e1k ellen, az ember\u00e9rt, a holnap\u00e9rt\u201d T\u00e1rsadalmi Alap\u00edtv\u00e1ny.) (Gy\u00f6ngy\u00f6starj\u00e1n, Borhi kast\u00e9ly.) 1996. \u00e1prilis 14. (felk\u00e9rt el\u0151ad\u00f3k\u00e9nt)<\/p>\n<p>49. Dr. Kov\u00e1cs J\u00f3zsef: A t\u00e1j\u00e9kozott beleegyez\u00e9s kialakul\u00e1sa.A living will. El\u0151ad\u00e1s a \u201eBetegt\u00e1j\u00e9koztat\u00e1s etikai vonatkoz\u00e1sai.\u201d c\u00edm\u0171 tanfolyamon. (Szervezte: HIETE, Bioetikai Oktat\u00e1si Munkacsoport) 1996. \u00e1prilis 19. (felk\u00e9rt el\u0151ad\u00f3k\u00e9nt)<\/p>\n<p>50. Dr. Kov\u00e1cs J\u00f3zsef: Az eutan\u00e1zi\u00e1r\u00f3l. El\u0151ad\u00e1s. Magyar H\u00edrlap Szabadegyeteme. \u201eDi\u00e1ksziget\u201d. 1996. augusztus 20. (\u00d3budai sziget) (felk\u00e9rt el\u0151ad\u00f3k\u00e9nt)<\/p>\n<p>51. Dr. Kov\u00e1cs J\u00f3zsef: A szervtranszplant\u00e1ci\u00f3k etikai k\u00e9rd\u00e9sei. El\u0151ad\u00e1s a kardiol\u00f3giai szakdolgoz\u00f3k Tudom\u00e1nyos Munkacsoportj\u00e1nak \u00fcl\u00e9s\u00e9n. (Orsz\u00e1gos Kardiol\u00f3giai Int\u00e9zet) 1996. XI. 20. (felk\u00e9rt el\u0151ad\u00f3k\u00e9nt)<\/p>\n<p>52. Dr. Kov\u00e1cs J\u00f3zsef: Eutan\u00e1zia \u00e9s az \u00e9letfenntart\u00f3 kezel\u00e9sek megsz\u00fcntet\u00e9s\u00e9nek etikai dilemm\u00e1i. El\u0151ad\u00e1s \u201eA daganatos beteg szupport\u00edv kezel\u00e9se \u00e9s pszichoszomatikus t\u00e1mogat\u00e1sa\u201d c\u00edm\u0171 szakmai tov\u00e1bbk\u00e9pz\u0151 rendezv\u00e9nyen. (SOTE, I. sz\u00e1m\u00fa Sz\u00fcl\u00e9szeti \u00e9s N\u0151gy\u00f3gy\u00e1szati Klinika rendezv\u00e9nye. \u201eBaross utcai Sz\u00fcl\u00e9szeti est\u00e9k\u201d 22. 1996. december 12. (felk\u00e9rt el\u0151ad\u00f3k\u00e9nt)<\/p>\n<p>53. Dr. Kov\u00e1cs J\u00f3zsef: A hippokrat\u00e9szi esk\u00fc \u00e9s a mai orvosi etika. El\u0151ad\u00e1s az ELTE Radn\u00f3ti Mikl\u00f3s Gyakorl\u00f3iskol\u00e1j\u00e1ban 1997. III. 7.-\u00e9n. (felk\u00e9rt el\u0151ad\u00f3k\u00e9nt)<\/p>\n<p>54. Dr. Kov\u00e1cs J\u00f3zsef: A makro-\u00e9s mikroallok\u00e1ci\u00f3 etikai k\u00e9rd\u00e9seir\u0151l. El\u0151ad\u00e1s a HIETE Bioetikai Munkacsoportja \u00e1ltal szervezett tanfolyamon 1997. m\u00e1rcius 10.-\u00e9n. (felk\u00e9rt el\u0151ad\u00f3k\u00e9nt)<\/p>\n<p>55. Dr. Kov\u00e1cs J\u00f3zsef: A t\u00e1j\u00e9kozott beleegyez\u00e9s etikai k\u00e9rd\u00e9sei. El\u0151ad\u00e1s a III. sz\u00e1m\u00fa Belgy\u00f3gy\u00e1szati Klinik\u00e1n. 1997. III. 18.-\u00e1n. (felk\u00e9rt el\u0151ad\u00f3k\u00e9nt)<\/p>\n<p>56. Dr. Kov\u00e1cs J\u00f3zsef: A betegjogok etikai k\u00e9rd\u00e9seir\u0151l. El\u0151ad\u00e1s a Szentimrev\u00e1rosi Egyes\u00fclet Szabadegyetem\u00e9n. (Szent Imre H\u00e1z, XI. Himfy u. 9) 1997. m\u00e1rcius 21.-\u00e9n. (felk\u00e9rt el\u0151ad\u00f3k\u00e9nt)<\/p>\n<p>57. Dr. Kov\u00e1cs J\u00f3zsef: Betegjogok. El\u0151ad\u00e1s a kecskem\u00e9ti k\u00f3rh\u00e1z menedzsment tanfolyam\u00e1n. 1997. \u00e1prilis 18.-\u00e1n. (felk\u00e9rt el\u0151ad\u00f3k\u00e9nt)<\/p>\n<p>58. Dr. Kov\u00e1cs J\u00f3zsef: A t\u00e1j\u00e9kozott beleegyez\u00e9s kialakul\u00e1sa. Living will.El\u0151ad\u00e1s a HIETE Bioetikai Oktat\u00e1si Munkacsoportja \u00e1ltal szervezett \u201eA betegt\u00e1j\u00e9koztat\u00e1s etikai vonatkoz\u00e1sai\u201d c. tov\u00e1bbk\u00e9pz\u0151 tanfolyamon. (1997. IV. 29) (felk\u00e9rt el\u0151ad\u00f3k\u00e9nt)<\/p>\n<p>59. Dr. Kov\u00e1cs J\u00f3zsef: A t\u00e1j\u00e9kozott beleegyez\u00e9s. El\u0151ad\u00e1s a II. sz. Belgy\u00f3gy\u00e1szati Klinika orvosai sz\u00e1m\u00e1ra 1997. m\u00e1jus 8.-\u00e1n. (Moder\u00e1tor: dr. Str\u00e9ter L\u00eddia) (felk\u00e9rt el\u0151ad\u00f3k\u00e9nt)<\/p>\n<p>60. Dr. Kov\u00e1cs J\u00f3zsef: A pszichi\u00e1triai betegek jogai az \u00faj eg\u00e9szs\u00e9g\u00fcgyi t\u00f6rv\u00e9ny tervezet\u00e9ben. (Felk\u00e9rt hozz\u00e1sz\u00f3l\u00f3k\u00e9nt.) \u201eBalassa utcai est\u00e9k\u201d. A Pszichi\u00e1triai \u00e9s Pszichoter\u00e1pi\u00e1s Klinika tudom\u00e1nyos \u00fcl\u00e9se 1997. okt\u00f3ber 16.-\u00e1n. (felk\u00e9rt el\u0151ad\u00f3k\u00e9nt)<\/p>\n<p>61. Dr. Kov\u00e1cs J\u00f3zsef: Betegjogok az \u00faj eg\u00e9szs\u00e9g\u00fcgyi t\u00f6rv\u00e9ny tervezet\u00e9ben.Az \u00e9letfenntart\u00f3 kezel\u00e9sek visszautas\u00edt\u00e1sa. (Felk\u00e9rt el\u0151ad\u00f3k\u00e9nt.) El\u0151ad\u00e1s a Kossuth klubban a \u201eHal\u00e1lk\u00f6zelben\u201d sorozat keret\u00e9ben. (Szervezte: Budapesti Ismeretterjeszt\u0151 T\u00e1rsulat J\u00f3zsef Attila Szabadegyetem) (1997. november 26.) (felk\u00e9rt el\u0151ad\u00f3k\u00e9nt)<\/p>\n<p>62. Dr. Kov\u00e1cs J\u00f3zsef: Van-e szezonja az emberi jogoknak? Kerekasztalbesz\u00e9lget\u00e9s r\u00e9sztvev\u0151jek\u00e9nt. (R\u00e9sztvev\u0151k: Ludassy M\u00e1ria filoz\u00f3fus, Szikinger Istv\u00e1n alkotm\u00e1nyjog\u00e1sz, Majt\u00e9nyi L\u00e1szl\u00f3, adatv\u00e9delmi biztos, Halmai G\u00e1bor alkotm\u00e1nyjog\u00e1sz, Kov\u00e1cs J\u00f3zsef bioetikus.) Vitavezet\u0151: Seres L\u00e1szl\u00f3. 1997. november 28. Helikon K\u00f6nyvesh\u00e1z, Bp. Bajcsy Zs. u. 37) (felk\u00e9rt el\u0151ad\u00f3k\u00e9nt)<\/p>\n<p>63. Dr. Kov\u00e1cs J\u00f3zsef: A bioetika aktu\u00e1lis k\u00e9rd\u00e9sei. El\u0151ad\u00e1s a Debreceni Reform\u00e1tus Hittudom\u00e1nyi Egyetemen. (1998. febru\u00e1r 3.) (felk\u00e9rt el\u0151ad\u00f3k\u00e9nt)<\/p>\n<p>64. Dr. Kov\u00e1cs J\u00f3zsef: A min\u0151s\u00e9gbiztos\u00edt\u00e1s etikai vonatkoz\u00e1sai. El\u0151ad\u00e1s a HIETE N\u00e9peg\u00e9szs\u00e9gtani Tansz\u00e9ke \u00e1ltal szervezett \u201emin\u0151s\u00e9gbiztos\u00edt\u00e1s az eg\u00e9szs\u00e9g\u00fcgyi int\u00e9zm\u00e9nyekben\u201d c. tanfolyamon 1998. m\u00e1rcius 6.-\u00e1n. (felk\u00e9rt el\u0151ad\u00f3k\u00e9nt)<\/p>\n<p>65. Dr. Kov\u00e1cs J\u00f3zsef: Az emberk\u00eds\u00e9rletek etikai k\u00e9rd\u00e9sei. El\u0151ad\u00e1s a Szentimrev\u00e1rosi Egyes\u00fclet Szabadegyetem\u00e9n. (Szent Imre H\u00e1z, Bp. Himfy u. 9) (1998. m\u00e1rcius 27.) (felk\u00e9rt el\u0151ad\u00f3k\u00e9nt)<\/p>\n<p>66. Dr. Kov\u00e1cs J\u00f3zsef: Kommunik\u00e1ci\u00f3 az eg\u00e9szs\u00e9g\u00fcgyben. Orvos-beteg, orvos-eg\u00e9szs\u00e9g\u00fcgy, beteg-csal\u00e1d kapcsolat. (El\u0151ad\u00e1s a \u201ePrevenci\u00f3 gyakorlati jelent\u0151s\u00e9ge\u201d c. tanfolyamon. Szervez\u0151: \u201eA r\u00e1k ellen, az ember\u00e9rt, a holnap\u00e9rt\u201d T\u00e1rsadalmi Alap\u00edtv\u00e1ny. (1998. \u00e1prilis 17. International Business School, Bp. II. T\u00e1rogat\u00f3 \u00fat 2-4.) (felk\u00e9rt el\u0151ad\u00f3k\u00e9nt.)<\/p>\n<p>67. Dr. Kov\u00e1cs J\u00f3zsef: Az \u00e1llatokkal val\u00f3 b\u00e1n\u00e1sm\u00f3d etikai k\u00e9rd\u00e9sei. El\u0151ad\u00e1s a Budapesti \u00c1llatorvostudom\u00e1nyi Egyetem Seb\u00e9szeti Tansz\u00e9k\u00e9n. (Vitavezet\u0151: dr. Luk\u00e1cs Zolt\u00e1n) (1998. \u00e1prilis 29.)<br \/>\n(felk\u00e9rt el\u0151ad\u00f3k\u00e9nt)<\/p>\n<p>68. Dr. Kov\u00e1cs J\u00f3zsef: A t\u00e1j\u00e9kozott beleegyez\u00e9s fogalma \u00e9s az \u00faj eg\u00e9szs\u00e9g\u00fcgyi t\u00f6rv\u00e9ny. El\u0151ad\u00e1s a gy\u0151ri Petz Alad\u00e1r k\u00f3rh\u00e1z f\u0151orvosi \u00e9rtekezlet\u00e9n. (1998. m\u00e1jus 8.) (felk\u00e9rt el\u0151ad\u00f3k\u00e9nt)<\/p>\n<p>69. Dr. Kov\u00e1cs J\u00f3zsef: A t\u00e1j\u00e9kozott beleegyez\u00e9s. El\u0151ad\u00e1s az ORFI tudom\u00e1nyos \u00fcl\u00e9s\u00e9n. (Bp. Frankel Le\u00f3 u. 25.-27) (1998. m\u00e1jus 11.) (felk\u00e9rt el\u0151ad\u00f3k\u00e9nt)<\/p>\n<p>70. Dr. Kov\u00e1cs J\u00f3zsef: A t\u00e1j\u00e9kozott beleegyez\u00e9s k\u00e9rd\u00e9sei a gyermekgy\u00f3gy\u00e1szatban. El\u0151ad\u00e1s a Budai Gyermekk\u00f3rh\u00e1zban a k\u00f3rh\u00e1zi ill. a vonz\u00e1sk\u00f6rzet\u00e9hez tartoz\u00f3 h\u00e1zi gyermekorvosok r\u00e9sz\u00e9re. (Vitavezet\u0151: dr. Blatniczky L\u00e1szl\u00f3, f\u0151igazgat\u00f3) (1998. m\u00e1jus 20.) (felk\u00e9rt el\u0151ad\u00f3k\u00e9nt)<\/p>\n<p>71. Dr. Kov\u00e1cs J\u00f3zsef: A seg\u00edt\u0151 foglalkoz\u00e1sok etikai k\u00e9rd\u00e9sei. El\u0151ad\u00e1s a Pszichi\u00e1triai \u00e9s Pszichoter\u00e1pi\u00e1s Klinika szervezte tanfolyamon. (Szervez\u0151:dr. Ratk\u00f3czy \u00c9va) (1998. m\u00e1jus 27.) (felk\u00e9rt el\u0151ad\u00f3k\u00e9nt)<\/p>\n<p>72. Dr. Kov\u00e1cs J\u00f3zsef: A modern genetika bioetikai probl\u00e9m\u00e1i. (El\u0151ad\u00e1s a \u201eGenetika \u00e9s G\u00e9n-etika\u201d c. tudom\u00e1nyos \u00fcl\u00e9sen. (Szervez\u0151: SOTE Genetikai, Sejt- \u00e9s Immunbiol\u00f3giai Int\u00e9zet)(SOTE Nagyv\u00e1rad t\u00e9ri Elm\u00e9leti T\u00f6mb, 1998. okt\u00f3ber 8.) (felk\u00e9rt el\u0151ad\u00f3k\u00e9nt.)<\/p>\n<p>73. Dr. Kov\u00e1cs J\u00f3zsef: Eg\u00e9szs\u00e9g\u00fcgyi allok\u00e1ci\u00f3, igazs\u00e1goss\u00e1g. El\u0151ad\u00e1s a HIETE bioetikai tanfolyam\u00e1n. (Szervez\u0151: dr. Ferencz Antal, a Magyar Bioetikai T\u00e1rsas\u00e1g eln\u00f6ke.) 1998 X. 15. (felk\u00e9rt el\u0151ad\u00f3k\u00e9nt.)<\/p>\n<p>74. Dr. Kov\u00e1cs J\u00f3zsef: Betegt\u00e1j\u00e9koztat\u00e1s, betegjogok. El\u0151ad\u00e1s \u201eA r\u00e1k ellen, az ember\u00e9rt, a holnap\u00e9rt\u201d T\u00e1rsadalmi Alap\u00edtv\u00e1ny \u201eV\u00e9d\u0151n\u0151i Prevenci\u00f3s K\u00e9pz\u00e9s\u201d c. tanfolyam\u00e1n. (F\u0151v\u00e1rosi \u00c1NTSZ, V\u00e1ci \u00fat 174.) 1998. XI. 12. (felk\u00e9rt el\u0151ad\u00f3k\u00e9nt.)<\/p>\n<p>75. Dr. Kov\u00e1cs J\u00f3zsef: A pszichi\u00e1triai kutat\u00e1s \u00e9s etika.&#8211;A placebokontroll etikai vonatkoz\u00e1sai. El\u0151ad\u00e1s a SOTE Pszichi\u00e1triai \u00e9s Pszichoter\u00e1pi\u00e1s Klinika \u201eNapestek\u201d c. rendezv\u00e9ny\u00e9n. 1998. XI. 19. (felk\u00e9rt el\u0151ad\u00f3k\u00e9nt.)<\/p>\n<p>76. Dr. Kov\u00e1cs J\u00f3zsef: A genetikailag m\u00f3dos\u00edtott szervezetek orvosetikai k\u00e9rd\u00e9sei. El\u0151ad\u00e1s a Magyar Term\u00e9szetv\u00e9d\u0151k Sz\u00f6vets\u00e9ge \u00e1ltal szervezett \u201eG\u00e9ntechnol\u00f3gia \u00e9s ismeretterjeszt\u00e9s\u201d c. programon. 1998. XII. 2. (1112. Budapest, Zsombolyai u. 6.) (felk\u00e9rt el\u0151ad\u00f3k\u00e9nt.)<\/p>\n<p>77. Dr. Kov\u00e1cs J\u00f3zsef: Bioetika \u00e9s pszichi\u00e1tria. El\u0151ad\u00e1s a HIETE Pszichi\u00e1triai, Addiktol\u00f3giai \u00e9s Gyermekpszichi\u00e1triai Tansz\u00e9k\u00e9n az Orsz\u00e1gos Pszichi\u00e1triai \u00e9s Neurol\u00f3giai Int\u00e9zetben atz int\u00e9zet \u00e1ltal szervezett pszichi\u00e1triai rezidensk\u00e9pz\u00e9s keret\u00e9ben. 1999. III. 11. (1021. Budapest, Ny\u00e9ki \u00fat 10\/12.) (felk\u00e9rt el\u0151ad\u00f3k\u00e9nt.)<\/p>\n<p>78. Dr. Kov\u00e1cs J\u00f3zsef: A pszichi\u00e1tria etikai k\u00e9rd\u00e9sei. Tov\u00e1bbk\u00e9pz\u0151 el\u0151ad\u00e1s a HIETE Pszichi\u00e1triai, Addiktol\u00f3giai \u00e9s Gyermekpszichi\u00e1triai Tansz\u00e9k\u00e9n az Orsz\u00e1gos Pszichi\u00e1triai \u00e9s Neurol\u00f3giai Int\u00e9zetben. 1999. IV. 21. (1021. Budapest, Ny\u00e9ki \u00fat 10\/12.) (felk\u00e9rt el\u0151ad\u00f3k\u00e9nt.)<\/p>\n<p>79. Dr. Kov\u00e1cs J\u00f3zsef: Betegt\u00e1j\u00e9koztat\u00e1s, betegjogok a pszichi\u00e1tri\u00e1ban. El\u0151ad\u00e1s \u201eA tudom\u00e1nyos orvosl\u00e1s (evidence based medicine) szeml\u00e9lete a magatart\u00e1sorvosl\u00e1sban\u201d c. k\u00f6telez\u0151en v\u00e1laszthat\u00f3 fakult\u00e1ci\u00f3n. (Kurzusfelel\u0151s: dr. Mucsi Istv\u00e1n) (1999. IX. 29) (felk\u00e9rt el\u0151ad\u00f3k\u00e9nt.)<\/p>\n<p>80. Dr. Kov\u00e1cs J\u00f3zsef: Etikai k\u00e9rd\u00e9sek az onkol\u00f3giai betegell\u00e1t\u00e1sban. El\u0151ad\u00e1s dr. Muszbek Katalin onkol\u00f3gusoknak, pszichol\u00f3gusoknak, pszichi\u00e1tereknek szervezett el\u0151ad\u00e1s\u00e1n. (Ny\u00e9ki \u00fat), 2000. IV. 5.-\u00e9n. (felk\u00e9rt el\u0151ad\u00f3k\u00e9nt.)<\/p>\n<p>81. Dr. Kov\u00e1cs J\u00f3zsef: Agyi metastasisok s\u00fcrg\u0151ss\u00e9gi ell\u00e1t\u00e1s\u00e1nak etikai k\u00e9rd\u00e9sei.El\u0151ad\u00e1s az Orsz\u00e1gos Kor\u00e1nyi TBC \u00e9s Pulmonol\u00f3giai Int\u00e9zetben. (Szervez\u0151: dr. Kov\u00e1cs G\u00e1bor, f\u0151orvos.) 2001. XII. 5.-\u00e9n. (felk\u00e9rt el\u0151ad\u00f3k\u00e9nt.)<\/p>\n<p>82. Dr. Kov\u00e1cs J\u00f3zsef: \u201eGy\u00f3gyszerkipr\u00f3b\u00e1l\u00e1s.\u201d A Pszichi\u00e1triai \u00c9rdekv\u00e9delmi F\u00f3rum \u00e1ltal szervezett \u201eTabud\u00e9lut\u00e1n\u201d kerekasztalbesz\u00e9lget\u00e9s r\u00e9sztvev\u0151jek\u00e9nt. 2002. II. 11. (Szervez\u0151: Rad\u00f3 Iv\u00e1n) (felk\u00e9rt el\u0151ad\u00f3k\u00e9nt.)<\/p>\n<p>83. Dr. Kov\u00e1cs J\u00f3zsef: Etikai k\u00e9rd\u00e9sek a kutat\u00e1sban \u00e9s a betegell\u00e1t\u00e1sban. Kerekasztalbesz\u00e9lget\u00e9s r\u00e9sztvev\u0151jek\u00e9nt. (Szervezte: dr. Fr\u00e1ter R\u00f3zsa. R\u00e9sztvev\u0151k: dr. Szab\u00f3 P\u00e9ter, dr. Bartk\u00f3 Gy\u00f6rgy) 2002. II. 18. (Helysz\u00edn: Ny\u00e9ki \u00fat 10. Kupolaterem. ) (felk\u00e9rt el\u0151ad\u00f3k\u00e9nt.)<\/p>\n<p>84. Dr. Kov\u00e1cs J\u00f3zsef: A haematol\u00f3giai betegek gondoz\u00e1s\u00e1nak etikai k\u00e9rd\u00e9sei. El\u0151ad\u00e1s \u201eA haematol\u00f3gia aktu\u00e1lis k\u00e9rd\u00e9sei 2002\u201d c\u00edm\u0171 tanfolyamon. (Szervez\u0151: I. sz. Belgy\u00f3gy\u00e1szati Klinika) (2002. X. 30.) (felk\u00e9rt el\u0151ad\u00f3k\u00e9nt.)<\/p>\n<p>85. Dr. Kov\u00e1cs J\u00f3zsef: Az elfogadhat\u00f3 \u00e9s az elfogadhatatlan eutan\u00e1zia. El\u0151ad\u00e1s a \u201eBaross utcai Sz\u00fcl\u00e9szeti est\u00e9k (46) c. konferenci\u00e1n (A konferencia c\u00edme: Palliat\u00edv kezel\u00e9s a sz\u00fcl\u00e9szet-n\u0151gy\u00f3gy\u00e1szatban.) (2002. XII. 12.) (felk\u00e9rt el\u0151ad\u00f3k\u00e9nt.)<\/p>\n<p>86. Dr. Kov\u00e1cs J\u00f3zsef: A seg\u00edt\u00e9s etik\u00e1ja. El\u0151ad\u00e1s gyermekv\u00e9delmi koordin\u00e1torok sz\u00e1m\u00e1ra. (Szervez\u0151: Er\u0151ss L\u00e1szl\u00f3n\u00e9) F\u0151v\u00e1rosi Pedag\u00f3giai Int\u00e9zet. 2003. II. 19. (felk\u00e9rt el\u0151ad\u00f3k\u00e9nt.)<\/p>\n<p>87. Dr. Kov\u00e1cs J\u00f3zsef: A bioetika aktu\u00e1lis k\u00e9rd\u00e9sei a gyermekpulmonol\u00f3gi\u00e1ban. El\u0151ad\u00e1s gyermekpulmonol\u00f3gusok sz\u00e1m\u00e1ra. (Szervez\u0151: dr. Sz\u00e1nt\u00f3 Andr\u00e1s) Soroks\u00e1ri M\u0171\u00f3vel\u0151d\u00e9si H\u00e1z 2003 III. 1. (felk\u00e9rt el\u0151ad\u00f3k\u00e9nt.)<\/p>\n<p>88. Dr. Kov\u00e1cs J\u00f3zsef: Ki d\u00f6nts\u00f6n az \u00e9let v\u00e9g\u00e9n? El\u0151ad\u00e1s \u201eAz \u00e9let v\u00e9ge: Egy mindennapi k\u00e9rd\u00e9s az intenz\u00edv oszt\u00e1lyon, amir\u0151l keveset besz\u00e9lnek c. tanfolyamon. (Szervez\u0151: Euromentor Alap\u00edtv\u00e1ny. Dr. Fut\u00f3 Judit.) 2003. V. 23. (felk\u00e9rt el\u0151ad\u00f3k\u00e9nt.) <\/p>\n<p>89. Dr. Kov\u00e1cs J\u00f3zsef: Kl\u00f3noz\u00e1s, \u0151ssejtkutat\u00e1s, g\u00e9nmanipul\u00e1ci\u00f3. El\u0151ad\u00e1s a Zugl\u00f3i Katolikus K\u00f6z\u00f6ss\u00e9g rendezv\u00e9ny\u00e9n. (Kassai t\u00e9ri Katolikus K\u00f6z\u00f6ss\u00e9gi H\u00e1z) 2004. III. 13. (felk\u00e9rt el\u0151ad\u00f3k\u00e9nt.)<\/p>\n<p>90. Dr. Kov\u00e1cs J\u00f3zsef: A betegek jogai \u00e9s v\u00e9delm\u00fck. El\u0151ad\u00e1s a Nemzeti Eg\u00e9szs\u00e9g\u00fcgyi Tan\u00e1cs Emberi, Betegjogi Munkacsoportja sz\u00e1m\u00e1ra. (Szervez\u0151: Csat\u00f3 Zsuzsa) 2004. III. 23. (felk\u00e9rt el\u0151ad\u00f3k\u00e9nt.)<\/p>\n<p>91. Dr. Kov\u00e1cs J\u00f3zsef: Az Orvosi Hivat\u00e1s Kart\u00e1ja. El\u0151ad\u00e1s az Astra Zeneca Studium keret\u00e9ben szervezett Gyermekt\u00fcd\u0151gy\u00f3gy\u00e1sz Tov\u00e1bbk\u00e9pz\u00e9s\u20142004. konferenci\u00e1n. (Szervez\u0151: dr. Sz\u00e1nt\u00f3 Andr\u00e1s) Soroks\u00e1ri T\u00e1ncsics Mih\u00e1ly M\u0171vel\u0151d\u00e9si H\u00e1z. 2004. IV. 3. (felk\u00e9rt el\u0151ad\u00f3k\u00e9nt.)<\/p>\n<p>92. Dr. Kov\u00e1cs J\u00f3zsef: Kort\u00e1rs etika. Kerekasztal-besz\u00e9lget\u00e9s r\u00e9sztvev\u0151jek\u00e9nt. (Vezette: Endreffy Zolt\u00e1n.) Spinoza-H\u00e1z (VII. Dob u. 15. ) 2004. XI. 12. (felk\u00e9rt el\u0151ad\u00f3k\u00e9nt.)<\/p>\n<p>93. Dr. Kov\u00e1cs J\u00f3zsef: A bioetika alapjai. El\u0151ad\u00e1s a \u201eT\u00fcd\u0151gy\u00f3gy\u00e1sz Tov\u00e1bbk\u00e9pz\u00e9s\u201d (2005) Astra-Zeneca St\u00fadium keret\u00e9ben. Soroks\u00e1ri M\u0171vel\u0151d\u00e9si H\u00e1z, 2005. III. 2. (felk\u00e9rt el\u0151ad\u00f3k\u00e9nt.)<\/p>\n<p>94. Dr. Kov\u00e1cs J\u00f3zsef: Az etika fogalma, a szaketik\u00e1k jelent\u0151s\u00e9ge. El\u0151ad\u00e1s a Fazekas Mih\u00e1ly F\u0151v\u00e1rosi Gyakorl\u00f3 \u00c1ltal\u00e1nos Iskola \u00e9s Gimn\u00e1ziumban. (Megh\u00edv\u00f3 tan\u00e1r: Kiss Anna) 2005. IV. 19. (felk\u00e9rt el\u0151ad\u00f3k\u00e9nt.)<\/p>\n<p>95. Dr. Kov\u00e1cs J\u00f3zsef: Eutan\u00e1zia, abortusz, \u0151ssejtkutat\u00e1s. El\u0151ad\u00e1s a B\u00f3lyai J\u00e1nos Szakkoll\u00e9giumban biol\u00f3gushallgat\u00f3k sz\u00e1m\u00e1ra. Megh\u00edv\u00f3: B\u00e1rdos Gy\u00f6rgy. (Helysz\u00edn: Bp. XI. N\u00e1ndorfej\u00e9rv\u00e1ri \u00fat 13.) 2005. IV. 20. (felk\u00e9rt el\u0151ad\u00f3k\u00e9nt.)<\/p>\n<p>96. Dr. Kov\u00e1cs J\u00f3zsef: Bioetika oktat\u00e1s a Semmelweis Egyetemen. El\u0151ad\u00e1s a Magyar Unesco Bizotts\u00e1g COMEST Nemzeti Albizotts\u00e1g\u00e1nak tudom\u00e1nyos \u00fcl\u00e9s\u00e9n. (MTA aleln\u00f6ki t\u00e1rgyal\u00f3) 2005. IV. 29. (felk\u00e9rt el\u0151ad\u00f3k\u00e9nt.)<\/p>\n<p>97. Dr. Kov\u00e1cs J\u00f3zsef: Megjegyz\u00e9sek Solymosi Tam\u00e1s eg\u00e9szs\u00e9g\u00fcgyi reformtervezet\u00e9vel kapcsolatban. Kerekasztalbesz\u00e9lget\u00e9s r\u00e9sztvev\u0151jek\u00e9nt tartott korrefer\u00e1tum. (Megh\u00edv\u00f3: Schiffer Andr\u00e1s, a V\u00e9degylet Egyes\u00fclet titk\u00e1ra) V\u00e9degylet Egyes\u00fclet vit\u00e1ja. (Bp. N\u00e1dor u. 32) 2005. VI. 16. (felk\u00e9rt el\u0151ad\u00f3k\u00e9nt.)<\/p>\n<p>98. Dr. Kov\u00e1cs J\u00f3zsef: A profit-orient\u00e1lt kutat\u00e1s etikai k\u00e9rd\u00e9sei. El\u0151ad\u00e1s a Magyar Bioetikai T\u00e1rsas\u00e1gban. (2005. X. 5) (felk\u00e9rt el\u0151ad\u00f3k\u00e9nt.)<\/p>\n<p>\n99. Dr. Kov\u00e1cs J\u00f3zsef: A filoz\u00f3fia jelent\u0151s\u00e9ge. El\u0151ad\u00e1s a F\u0151v\u00e1rosi Fazekas Mih\u00e1ly Gimn\u00e1ziumban. (Megh\u00edv\u00f3 tan\u00e1r: Kiss Anna) (2007. II. 6.) (felk\u00e9rt el\u0151ad\u00f3k\u00e9nt) <\/p>\n<p>100. A seg\u00edt\u00e9s etik\u00e1ja I. El\u0151ad\u00e1s A Semmelweis Egyetem Ment\u00e1lhigi\u00e9n\u00e9s Int\u00e9zete \u00e1ltal szervezett ment\u00e1lhigi\u00e9n\u00e9s szakir\u00e1ny\u00fa tov\u00e1bbk\u00e9pz\u00e9sen. 2006. XI. 17. <\/p>\n<p>101. A seg\u00edt\u00e9s etik\u00e1ja II. El\u0151ad\u00e1s A Semmelweis Egyetem Ment\u00e1lhigi\u00e9n\u00e9s Int\u00e9zete \u00e1ltal szervezett ment\u00e1lhigi\u00e9n\u00e9s szakir\u00e1ny\u00fa tov\u00e1bbk\u00e9pz\u00e9sen. 2007. I. 5. <\/p>\n<p>\n102. Dr. Kov\u00e1cs J\u00f3zsef: Topical questions of Bioethics in Hungary. El\u0151ad\u00e1s USA-vend\u00e9gdi\u00e1kok r\u00e9sz\u00e9re. 2007. II. 8. (felk\u00e9rt el\u0151ad\u00f3k\u00e9nt)<\/p>\n<p>103. Dr. Kov\u00e1cs J\u00f3zsef: Az emberen v\u00e9gzett kutat\u00e1s etikai k\u00e9rd\u00e9sei. El\u0151ad\u00e1s a Quintiles Hungary Ltd. gy\u00f3gyszerv\u00e1llalatn\u00e1l. (Megh\u00edv\u00f3: dr. Filakovszky J\u00e1nos \u00e9s dr. Bar\u00f3tfi Szabolcs) (2007. II. 9) (felk\u00e9rt el\u0151ad\u00f3k\u00e9nt) <\/p>\n<p>104. Dr. Kov\u00e1cs J\u00f3zsef: Az eg\u00e9szs\u00e9g\u00fcgyi finansz\u00edroz\u00e1s etikai k\u00e9rd\u00e9sei. El\u0151ad\u00e1s az MTA K\u00f6zgazdas\u00e1gtudom\u00e1nyi Int\u00e9zet\u00e9ben. (Megh\u00edv\u00f3: R\u00e9ti Tam\u00e1s) 2007. V. 3. (1112. Buda\u0151rsi \u00fat 45.)<\/p>\n<p>105. Dr. Kov\u00e1cs J\u00f3zsef: A pszichoter\u00e1pia etikai k\u00e9rd\u00e9sei. Ela\u0151d\u00e1s a Semmelweis Egyetem \u00c1OK Klinikai Pzsichol\u00f3giai Tansz\u00e9ke (vezet\u0151: dr. Perczel Forintos D\u00f3ra) \u00e1ltal szervezett Klinikai \u00e9s Ment\u00e1lhigi\u00e9niai Szakpszichol\u00f3gus szakk\u00e9pz\u00e9s c. tanfolyamon 2007. IX. 26.-\u00e1n (OPNI) (IV. \u00e9vfolyam) <\/p>\n<p>106. Dr. Kov\u00e1cs J\u00f3zsef: A pszichoter\u00e1pia etikai k\u00e9rd\u00e9sei. Ela\u0151d\u00e1s a Semmelweis Egyetem \u00c1OK Klinikai Pzsichol\u00f3giai Tansz\u00e9ke (vezet\u0151: dr. Perczel Forintos D\u00f3ra) \u00e1ltal szervezett Klinikai \u00e9s Ment\u00e1lhigi\u00e9niai Szakpszichol\u00f3gus szakk\u00e9pz\u00e9s c. tanfolyamon 2007. X. 16.-\u00e1n (OPNI) (III. \u00e9vfolyam)<\/p>\n<p>107. Dr. Kov\u00e1cs J\u00f3zsef: Az eg\u00e9szs\u00e9gbiztos\u00edt\u00e1s etikai k\u00e9rd\u00e9sei. El\u0151ad\u00e1s a Semmelweis Egyetem Transzplant\u00e1ci\u00f3s \u00e9s Seb\u00e9szeti Klinik\u00e1j\u00e1n. (Megh\u00edv\u00f3: Dr. Langer R\u00f3bert) 2007. XI. 15.-\u00e9n.<\/p>\n<p>108. Dr. Kov\u00e1cs J\u00f3zsef: A n\u00e1ci h\u00e1bor\u00fas b\u0171n\u00f6kb\u0151l levonhat\u00f3 mai tanuls\u00e1gok a bioetika szemsz\u00f6g\u00e9b\u0151l. El\u0151ad\u00e1s a \u201eN\u00e1ci fajbiol\u00f3gia: elm\u00e9let \u00e9s gyakorlat\u2014mai k\u00f6vetkeztet\u00e9sek c. konferenci\u00e1n. Szervez\u0151: Holokauszt Eml\u00e9kk\u00f6zpont\u2014Budapest (2008. m\u00e1rcius. 1.-\u00e9n) <\/p>\n<p>109. Dr. Kov\u00e1cs J\u00f3zsef: A filoz\u00f3fiai tan\u00e1csad\u00e1s. El\u0151ad\u00e1s a Semmelweis Egyetem Ment\u00e1lis Eg\u00e9szs\u00e9gtudom\u00e1nyi Doktori Iskola PhD kurzus\u00e1n. (2008. III. 19.-\u00e9n)<\/p>\n<p>110. Dr. Kov\u00e1cs J\u00f3zsef: A pszichi\u00e1triai diagn\u00f3zis stigmatiz\u00e1l\u00f3 hat\u00e1sa. Kerekasztal-besz\u00e9lget\u00e9s r\u00e9sztvev\u0151jek\u00e9nt (dr. Haraszti L\u00e1szl\u00f3val) Megh\u00edv\u00f3: Sot\u00e9ria Alap\u00edtv\u00e1ny (Heged\u0171s Judit) (2008. IV. 16.-\u00e1n, G\u00f6d\u00f6r-Klub)<\/p>\n<p>111. Dr. Kov\u00e1cs J\u00f3zsef: A klinikai vizsg\u00e1latok etikai k\u00e9rd\u00e9sei. Felk\u00e9rt el\u0151ad\u00f3k\u00e9nt a Magyar Klinikai Vizsg\u00e1l\u00f3k \u00fcl\u00e9s\u00e9n. (Budapest, Hung\u00e1ria krt. 162-166.) (Felk\u00e9r\u0151: dr. Antal J\u00e1nos) (2008. V. 21.-\u00e9n) <\/p>\n<p>112. Dr. Kov\u00e1cs J\u00f3zsef: A betegjogok megval\u00f3sul\u00e1sa: agg\u00e1lyok, lehet\u0151s\u00e9gek, rem\u00e9nyek. El\u0151ad\u00e1s a Daganatos Betegek Egyes\u00fcleteinek Konferenci\u00e1j\u00e1n. Szervez\u0151: R\u00e1kbetegek Orsz\u00e1gos Sz\u00f6vets\u00e9ge. (2008. okt\u00f3ber. 10., Grand Hotel, Hung\u00e1ria, Bp. R\u00e1k\u00f3czi \u00fat 90.) <\/p>\n<p>113. Dr. Kov\u00e1cs J\u00f3zsef: A seg\u00edt\u0151 kapcsolat etikai vonatkoz\u00e1sai I. El\u0151ad\u00e1s A Semmelweis Egyetem Ment\u00e1lhigi\u00e9n\u00e9s Int\u00e9zete \u00e1ltal szervezett ment\u00e1lhigi\u00e9n\u00e9s szakir\u00e1ny\u00fa tov\u00e1bbk\u00e9pz\u00e9sen. 2008. XI. 14.<\/p>\n<p>114. Dr. Kov\u00e1cs J\u00f3zsef: A seg\u00edt\u0151 kapcsolat etikai vonatkoz\u00e1sai II. El\u0151ad\u00e1s A Semmelweis Egyetem Ment\u00e1lhigi\u00e9n\u00e9s Int\u00e9zete \u00e1ltal szervezett ment\u00e1lhigi\u00e9n\u00e9s szakir\u00e1ny\u00fa tov\u00e1bbk\u00e9pz\u00e9sen. 2008. XII. 12.<\/p>\n<p>115. Dr. Kov\u00e1cs J\u00f3zsef:A pszichol\u00f3giai etika n\u00e9h\u00e1ny k\u00e9rd\u00e9se. El\u0151ad\u00e1s a Semmelweis Egyetem Magatart\u00e1studom\u00e1nyi Int\u00e9zete \u201eA nagatart\u00e1sorvosl\u00e1s alapjai IV\u201d c. PhD kurzus\u00e1n. (2009. III. 4.-\u00e9n) (Int\u00e9zeti k\u00f6nyvt\u00e1r)<\/p>\n<p>\n116. Dr. Kov\u00e1cs J\u00f3zsef: A fogyat\u00e9koss\u00e1ggal kapcsolatos etikai k\u00e9rd\u00e9sek. El\u0151ad\u00e1s a Semmelweis Egyetem Magatart\u00e1studom\u00e1nyi Int\u00e9zete Tudom\u00e1nyos F\u00f3rum\u00e1n (\u201eReggeli agytorna\u201d) 2009. III. 18.-\u00e1n. (Int\u00e9zeti k\u00f6nyvt\u00e1r)<\/p>\n<p>\n117. Dr. Kov\u00e1cs J\u00f3zsef: Az agressz\u00edv betegekkel val\u00f3 kapcsolat bioetikai vonatkoz\u00e1sai. El\u0151ad\u00e1s \u201eAz agresszi\u00f3 megel\u0151z\u00e9s\u00e9nek \u00e9s kezel\u00e9s\u00e9nek lehet\u0151s\u00e9gei a klinikai gyakrolatban\u201d c\u00edm\u0171 posztgradu\u00e1lis akkredit\u00e1lt tov\u00e1bbk\u00e9pz\u0151 tanfolyamon (CME 20 pont) (Szervez\u0151: dr. Pilling J\u00e1nos) 2009. III. 21. (Helysz\u00edn: Semmelweis Egyetem Magatart\u00e1studom\u00e1nyi Int\u00e9zet K\u00f6nyvt\u00e1ra)<\/p>\n<p>118. Dr. Kov\u00e1cs J\u00f3zsef: Etikai k\u00e9rd\u00e9sek a klinikai pszichol\u00f3gi\u00e1ban. El\u0151ad\u00e1s a Semmelweis Egyetem Klinikai Pszichol\u00f3giai Tansz\u00e9ke \u00e1ltal szervezett \u201eKlinikai pszichol\u00f3giai K\u00f6telez\u0151 Szinten Tart\u00f3 Tov\u00e1bbk\u00e9pz\u0151 Tanfolyamon (Helysz\u00edn: Mercure Budapest, Buda 1013. Bp. Krisztina krt. 41-43. ) 2009. IV. 22.-\u00e9n<\/p>\n<p>119. Dr. Kov\u00e1cs J\u00f3zsef: A kr\u00f3nikus veseel\u00e9gtelens\u00e9g kezel\u00e9s\u00e9nek jogi, etikai k\u00e9rd\u00e9sei. El\u0151ad\u00e1s a dr. Rosivall L\u00e1szl\u00f3 (Semmelweis Egyetem, K\u00f3r\u00e9lettani Int\u00e9zet) \u00e1ltal meghirdetett \u201eNephrol\u00f3gia\u201d c. k\u00f6telez\u0151en v\u00e1laszthat\u00f3 3 kreditpontos kurzuson. (2009. m\u00e1jus. 6.-\u00e1n) <\/p>\n<p>120. Dr. Kov\u00e1cs J\u00f3zsef: A pszichoter\u00e1pia etikai k\u00e9rd\u00e9sei. El\u0151ad\u00e1s III. \u00e9ves klinikai szakpszichol\u00f3gus jel\u00f6ltek r\u00e9sz\u00e9re a Semmelweis Egyetem Klinikai Pszichol\u00f3gia Tansz\u00e9ke szervez\u00e9s\u00e9ben. (2009. IX. 24.-\u00e9n) (Bp. VIII. T\u00f6m\u0151 u. 25-29.)<\/p>\n<p>121. Dr. Kov\u00e1cs J\u00f3zsef: Etikai k\u00e9rd\u00e9sek az eg\u00e9szs\u00e9gbiztos\u00edt\u00e1sban. El\u0151ad\u00e1s az \u201eEg\u00e9szs\u00e9gbiztos\u00edt\u00e1si szakorvosk\u00e9pz\u00e9s\u201d c. els\u0151 kurzuson. (Szervez\u0151: dr. Keller \u00c9va, Igazs\u00e1g\u00fcgyi \u00e9s Biztos\u00edt\u00e1s-orvostani Int\u00e9zet) (2009. IX. 25.) (Globe Irodah\u00e1z, Bp. XIII. Teve u. 1\/a-c)<\/p>\n<p>122. Dr. Kov\u00e1cs J\u00f3zsef: A pszichol\u00f3giai etika n\u00e9h\u00e1ny k\u00e9rd\u00e9se II. El\u0151ad\u00e1s az \u201eEg\u00e9szs\u00e9gtudom\u00e1nyok m\u00f3dszertana\u201d c\u00edm\u0171 PhD kurzuson (Semmelweis Egyetem, Magatart\u00e1studom\u00e1nyi Int\u00e9zet) 2009. X. 7.-\u00e9n. <\/p>\n<p>123. Dr. Kov\u00e1cs J\u00f3zsef: Bioetikai k\u00e9rd\u00e9sek a XXI. sz\u00e1zadban. El\u0151ad\u00e1s a Magyar Filoz\u00f3fiai T\u00e1rsas\u00e1g k\u00f6z\u00e9piskolai tan\u00e1ri szekci\u00f3j\u00e1ban 2009. XI. 7.-\u00e9n. (ELTE, Filoz\u00f3fiai Tansz\u00e9k, Bencze Gy\u00f6rgy terem, Bp. VIII. M\u00fazeum krt. 5-7)<\/p>\n<p>124. Dr. Kov\u00e1cs J\u00f3zsef: A hal\u00e1l fogalm\u00e1nak \u00e9s meg\u00e1llap\u00edt\u00e1s\u00e1nak bioetikai k\u00e9rd\u00e9sei. El\u0151ad\u00e1s \u201eA szervtranszplant\u00e1ci\u00f3 elvi \u00e9s gyakorlati k\u00e9rd\u00e9sei\u201d c. tudom\u00e1nyos \u00fcl\u00e9sen. (Szervez\u0151: F\u0151v\u00e1rosi \u00d6nkorm\u00e1nyzat Szent J\u00e1nos K\u00f3rh\u00e1za Tudom\u00e1nyos Bizotts\u00e1ga \u00e9s IKEB. (Szent J\u00e1nos K\u00f3rh\u00e1z, Audit\u00f3rium) (2009. XII. 10.) <\/p>\n<p>125. Dr. Kov\u00e1cs J\u00f3zsef: Hogyan \u00e9rv\u00e9nyes\u00fclnek a betegjogok Magyarorsz\u00e1gon? El\u0151ad\u00e1s a LAM-klubban. (Szervez\u0151: Kap\u00f3cs G\u00e1bor) (Magyar V\u00f6r\u00f6skereszt Sz\u00e9kh\u00e1z, Bp. Arany J\u00e1nos u. 31.) (2009. XII. 10.) <\/p>\n<p>126. Dr. Kov\u00e1cs J\u00f3zsef: Az agressz\u00edv betegekkel val\u00f3 kapcsolat bioetikai vonatkoz\u00e1sai. El\u0151ad\u00e1s \u201eAz agresszi\u00f3 megel\u0151z\u00e9s\u00e9nek \u00e9s kezel\u00e9s\u00e9nek lehet\u0151s\u00e9gei a klinikai gyakorlatban c. k\u00f6telez\u0151en v\u00e1laszthat\u00f3 CME kurzuson. (szervez\u0151: dr. Pilling J\u00e1nos) ) (Nagyv\u00e1rad-t\u00e9ri Elm\u00e9leti T\u00f6mb, Z\u00f6ld el\u0151ad\u00f3 terem) (2010. III. 27. )<\/p>\n<p>127. Dr. Kov\u00e1cs J\u00f3zsef: Etikai k\u00e9rd\u00e9sek a klinikai pszichol\u00f3gi\u00e1ban \u00e9s a pszichoter\u00e1pi\u00e1ban. El\u0151ad\u00e1s a \u201eKlinikai pszichol\u00f3giai k\u00f6telez\u0151 Szinten Tart\u00f3 Tov\u00e1bbk\u00e9pz\u0151 Tanfolyamon\u201d. Szervez\u0151: Dr. Perczel Forintos D\u00f3ra. (Internationol Business School, Budapest, T\u00e1rogat\u00f3 \u00fat 2-4) (2010. IV. 21. )<\/p>\n<p>128. Dr. Kov\u00e1cs J\u00f3zsef:A tudom\u00e1ny \u00e9s az \u00fczlet \u00f6sszekapcsol\u00f3d\u00e1s\u00e1nak vesz\u00e9lyeir\u0151l. El\u0151ad\u00e1s a Semmelweis Egyetem K\u00f6zeg\u00e9szs\u00e9gtani Int\u00e9zet\u00e9ben 2010. m\u00e1jus 7.-\u00e9n. (Felk\u00e9rt el\u0151ad\u00f3k\u00e9nt) (Helysz\u00edn: Bp. VIII. Nagyv\u00e1rad t\u00e9r 4. XXI. emelet, Johan B\u00e9la konferenciaterem) <\/p>\n<p>129. Dr. Kov\u00e1cs J\u00f3zsef:A pszichoter\u00e1pia etikai k\u00e9rd\u00e9sei. El\u0151ad\u00e1s a SE Klinikai Pszichol\u00f3giai Tansz\u00e9k Klinikai szakpszichol\u00f3gus k\u00e9pz\u00e9se keret\u00e9ben 2010. X. 7.-\u00e9n. (1083. Bp. T\u00f6m\u0151 u. 25-29.)<\/p>\n<p>130. Dr. Kov\u00e1cs J\u00f3zsef:Orvosi etika\u2014Bioetika. El\u0151ad\u00e1s az \u00d3budai San Marco Szabadegyetem keret\u00e9ben. (Szervez\u0151: San Marco Alap\u00edtv\u00e1ny) Helysz\u00edn: \u00d3budai Kultur\u00e1lis K\u00f6zpont (1032. Bp. San Marco u. 81.) (2010. november 15.-\u00e9n) (Az el\u0151ad\u00e1sr\u00f3l k\u00e9sz\u00fclt video megtekinthet\u0151 a www.cseppek.hu \u00e9s a www.szentmargitrendel\u0151.hu honlapokon.) <\/p>\n<p>\n131. Dr. Kov\u00e1cs J\u00f3zsef:A t\u00e1j\u00e9kozott beleegyez\u00e9s etikai alapelvei. El\u0151ad\u00e1s a \u201eT\u00e1j\u00e9koztat\u00e1s \u00e9s beleegyez\u00e9s a mindennapi betegell\u00e1t\u00e1sban\u2014etikai \u00e9s jogi szempontok\u201dc. k\u00f6telez\u0151en v\u00e1laszthat\u00f3 orvos-tov\u00e1bbk\u00e9pz\u0151 tanfolyamon 2011. II. 4.-\u00e9n. (Helysz\u00edn: Magyar Hospice Palliat\u00edv Egyes\u00fclet tanterme, Budapest, VIII. Orczy \u00fat. 6)<\/p>\n<p>132. Dr. Kov\u00e1cs J\u00f3zsef:A bel\u00e1t\u00e1si k\u00e9pess\u00e9g\/cselekv\u0151k\u00e9pess\u00e9g etikai k\u00e9rd\u00e9sei. El\u0151ad\u00e1s a \u201eT\u00e1j\u00e9koztat\u00e1s \u00e9s beleegyez\u00e9s a mindennapi betegell\u00e1t\u00e1sban\u2014etikai \u00e9s jogi szempontok\u201dc. k\u00f6telez\u0151en v\u00e1laszthat\u00f3 orvos-tov\u00e1bbk\u00e9pz\u0151 tanfolyamon 2011. II. 5.-\u00e9n. (Helysz\u00edn: Magyar Hospice Palliat\u00edv Egyes\u00fclet tanterme, Budapest, VIII. Orczy \u00fat. 6)<\/p>\n<p>133. Dr. Kov\u00e1cs J\u00f3zsef:Fogorvosi etika. El\u0151ad\u00e1s \u201eA fogorvostudom\u00e1ny aktu\u00e1lis k\u00e9rd\u00e9sei\u201d c\u00edm\u0171 k\u00f6telez\u0151 tov\u00e1bbk\u00e9pz\u0151 tanfolyamon 2011. II. 11.-\u00e9n (Nagyv\u00e1rad-t\u00e9ri Elm\u00e9leti T\u00f6mb, D\u00edszterem)<\/p>\n<p>134. Dr. Kov\u00e1cs J\u00f3zsef:Pszichoter\u00e1pi\u00e1s etika. El\u0151ad\u00e1s a T\u00fcnd\u00e9rhegyi pszichoter\u00e1pi\u00e1s posztgradu\u00e1lis k\u00e9pz\u00e9s tanfolyam\u00e1n 2011. II. 25.-\u00e9n. (Megh\u00edv\u00f3: dr. Harmatta J\u00e1nos) (1021. Bp. H\u0171v\u00f6sv\u00f6lgyi \u00fat 75\/a)<\/p>\n<p>135. Dr. Kov\u00e1cs J\u00f3zsef: Az agressz\u00edv betegekkel val\u00f3 kapcsolat bioetikai vonatkoz\u00e1sai. El\u0151ad\u00e1s \u201eAz agresszi\u00f3 megel\u0151z\u00e9s\u00e9nek \u00e9s kezel\u00e9s\u00e9nek lehet\u0151s\u00e9gei a klinikai gyakorlatban c. k\u00f6telez\u0151en v\u00e1laszthat\u00f3 CME kurzuson. (szervez\u0151: dr. Pilling J\u00e1nos) ) (Nagyv\u00e1rad-t\u00e9ri Elm\u00e9leti T\u00f6mb, Magatart\u00e1studom\u00e1nyi Int\u00e9zet, K\u00f6nyvt\u00e1r) (2011. III. 5.)<\/p>\n<p>136. Dr. Kov\u00e1cs J\u00f3zsef: Az emberen v\u00e9gzett kutat\u00e1s etikai k\u00e9rd\u00e9sei. El\u0151ad\u00e1s a Semmelweis Egyetem Igazs\u00e1g\u00fcgyi \u00e9s Biztos\u00edt\u00e1s-orvostani Int\u00e9zet\u00e9ben az \u201eEg\u00e9szs\u00e9g\u00fcgyi szakm\u00e9rn\u0151k-k\u00e9pz\u00e9s\u201d keret\u00e9ben (2011. III. 18.) Megh\u00edv\u00f3: dr. T\u0151r\u0151 Kl\u00e1ra<\/p>\n<p>137. Dr. Kov\u00e1cs J\u00f3zsef: A pszichoter\u00e1pia etikai k\u00e9rd\u00e9sei. El\u0151ad\u00e1s az ELTE Pszichol\u00f3giai Int\u00e9zet\u00e9ben pszichol\u00f3gus hallgat\u00f3k sz\u00e1m\u00e1ra. (Bp. VI. Izabella u. 46) (2011. III. 22.-\u00e9n.) (Megh\u00edv\u00f3: Demetrovics Zsolt)<\/p>\n<p>138. Dr. Kov\u00e1cs J\u00f3zsef:Az orvosi hivat\u00e1s felel\u0151ss\u00e9ge. El\u0151ad\u00e1s a Pulmonol\u00f3gusok, \u00e9s gyermekpulmonol\u00f3gusok sz\u00e1m\u00e1ra meghirdetett CME k\u00e9pz\u00e9sen. (Szervez\u0151: dr. Sz\u00e1nth\u00f3 Andr\u00e1s) (2011. III. 26.-\u00e1n) (T\u00e1ncsics Mih\u00e1ly M\u0171vel\u0151d\u00e9si H\u00e1z, 1238. Bp. Grassalkovich u. 122.124.) <\/p>\n<p>139. Dr. Kov\u00e1cs J\u00f3zsef: Ment\u00e1lis betegs\u00e9g, stigmatiz\u00e1ci\u00f3, t\u00e1rsadalom. El\u0151ad\u00e1s a Semmelweis Egyetem Magatart\u00e1studom\u00e1nyi Int\u00e9zete PhD tanfolyam\u00e1n 2011. IV. 6.-\u00e1n (Hely: Int\u00e9zeti k\u00f6nyvt\u00e1r) <\/p>\n<p>140. Dr. Kov\u00e1cs J\u00f3zsef: Publik\u00e1ci\u00f3s etika. El\u0151ad\u00e1s a Semmelweis Egyetem K\u00f6zponti K\u00f6nyvt\u00e1r\u00e1ban orvosi k\u00f6nyvt\u00e1rosok sz\u00e1m\u00e1ra. (Hely: SE K\u00f6zponti K\u00f6nyvt\u00e1r, Szent\u00e1gothai terem) 2011. V. 5.-\u00e9n. (Megh\u00edv\u00f3: dr. Vasas L\u00edvia, igazgat\u00f3).<\/p>\n<p>141. Dr. Kov\u00e1cs J\u00f3zsef:Az anorexia nervosa kezel\u00e9s\u00e9nek n\u00e9h\u00e1ny etikai k\u00e9rd\u00e9se. El\u0151ad\u00e1s az \u201eEv\u00e9szavar munkacsoport\u201d tudom\u00e1nyos \u00fcl\u00e9s\u00e9n. (Felk\u00e9rt el\u0151ad\u00f3k\u00e9nt) (Helysz\u00edn: I. sz. Gyermekgy\u00f3gy\u00e1szati Klinika., Bp. VIII. B\u00f3kay J\u00e1nos u. 53.-54. ) (2011. VI. 2.-\u00e1n) (Megh\u00edv\u00f3: dr. P\u00e1szthy Bea)<\/p>\n<p>142. Dr. Kov\u00e1cs J\u00f3zsef: Dr. Kov\u00e1cs J\u00f3zsef:A t\u00e1j\u00e9kozott beleegyez\u00e9s etikai \u00e9s jogi alapelvei. El\u0151ad\u00e1s a \u201eT\u00e1j\u00e9koztat\u00e1s \u00e9s beleegyez\u00e9s a mindennapi betegell\u00e1t\u00e1sban\u2014etikai \u00e9s jogi szempontok\u201dc. k\u00f6telez\u0151en v\u00e1laszthat\u00f3 orvos-tov\u00e1bbk\u00e9pz\u0151 tanfolyamon 2011. IX. 9.-\u00e9n. (Helysz\u00edn: Magyar Hospice Palliat\u00edv Egyes\u00fclet tanterme, Budapest, VIII. Orczy \u00fat. 6)<\/p>\n<p>\n143. Dr. Kov\u00e1cs J\u00f3zsef: A bel\u00e1t\u00e1si k\u00e9pess\u00e9g\/cselekv\u0151k\u00e9pess\u00e9g etikai k\u00e9rd\u00e9sei. El\u0151ad\u00e1s a \u201eT\u00e1j\u00e9koztat\u00e1s \u00e9s beleegyez\u00e9s a mindennapi betegell\u00e1t\u00e1sban\u2014etikai \u00e9s jogi szempontok\u201dc. k\u00f6telez\u0151en v\u00e1laszthat\u00f3 orvos-tov\u00e1bbk\u00e9pz\u0151 tanfolyamon 2011. IX. 10.-\u00e9n. (Helysz\u00edn: Magyar Hospice Palliat\u00edv Egyes\u00fclet tanterme, Budapest, VIII. Orczy \u00fat. 6)<\/p>\n<p>\n144. Dr. Kov\u00e1cs J\u00f3zsef: A fogorvosi etika oktat\u00e1sa a Semmelweis Egyetemen. Besz\u00e1mol\u00f3 a FOK Kari Tan\u00e1csa \u00fcl\u00e9s\u00e9n 2011. IX. 30.-\u00e1n. <\/p>\n<p>145. Dr. Kov\u00e1cs J\u00f3zsef: A pszichoter\u00e1pia etikai k\u00e9rd\u00e9sei. El\u0151ad\u00e1s III. \u00e9ves klinikai szakpszichol\u00f3gus jel\u00f6ltek r\u00e9sz\u00e9re a Semmelweis Egyetem Klinikai Pszichol\u00f3gia Tansz\u00e9ke szervez\u00e9s\u00e9ben. (2011. X. 4.-\u00e9n) (Bp. VIII. T\u00f6m\u0151 u. 25-29.)<\/p>\n<p>\n146. Dr. Kov\u00e1cs J\u00f3zsef: Bevezet\u00e9s a bioetik\u00e1ba. El\u0151ad\u00e1s a Magyar Bioetikai Egyes\u00fclet szervez\u00e9s\u00e9ben (megh\u00edv\u00f3: Sz\u00e1nt\u00f3 Vera). (Helysz\u00edn: ELTE BTK Filoz\u00f3fiai Tansz\u00e9k, Bp. VIII. Puskin u. 3. II. em. 208.) 2011. X. 5.-\u00e9n.<\/p>\n<p>147. Dr. Kov\u00e1cs J\u00f3zsef: Az agressz\u00edv betegekkel val\u00f3 kapcsolat bioetikai vonatkoz\u00e1sai. El\u0151ad\u00e1s \u201eAz agresszi\u00f3 megel\u0151z\u00e9s\u00e9nek \u00e9s kezel\u00e9s\u00e9nek lehet\u0151s\u00e9gei a klinikai gyakorlatban c. k\u00f6telez\u0151en v\u00e1laszthat\u00f3 CME kurzus Ny\u00edr\u0151 Gyula K\u00f3rh\u00e1zban tartott v\u00e1ltozat\u00e1n. (szervez\u0151: dr. Pilling J\u00e1nos) ) (Helysz\u00edn: Ny\u00edr\u0151 Gyula K\u00f3rh\u00e1z, Bp. XIII. Lehel \u00fat 59. (2011. X.6.-\u00e1n)<\/p>\n<p>\n148. Dr. Kov\u00e1cs J\u00f3zsef: Etikai k\u00e9rd\u00e9sek az eg\u00e9szs\u00e9gbiztos\u00edt\u00e1sban. El\u0151ad\u00e1s az \u201eEg\u00e9szs\u00e9gbiztos\u00edt\u00e1si szakorvosk\u00e9pz\u00e9s\u201d c. I. kurzuson. (Szervez\u0151: dr. Keller \u00c9va, Igazs\u00e1g\u00fcgyi \u00e9s Biztos\u00edt\u00e1s-orvostani Int\u00e9zet) (2011. X. 7.-\u00e9n) (Globe Irodah\u00e1z, Bp. XIII. Teve u. 1\/a-c)<\/p>\n<p>\n149. Dr. Kov\u00e1cs J\u00f3zsef: Dr. Kov\u00e1cs J\u00f3zsef: Etikai k\u00e9rd\u00e9sek az eg\u00e9szs\u00e9gbiztos\u00edt\u00e1sban. El\u0151ad\u00e1s az \u201eEg\u00e9szs\u00e9gbiztos\u00edt\u00e1si szakorvosk\u00e9pz\u00e9s\u201d c. II. kurzuson. (Szervez\u0151: dr. Keller \u00c9va, Igazs\u00e1g\u00fcgyi \u00e9s Biztos\u00edt\u00e1s-orvostani Int\u00e9zet) (2011. X. 14.-\u00e9n) (Globe Irodah\u00e1z, Bp. XIII. Teve u. 1\/a-c)<\/p>\n<p>150. Dr. Kov\u00e1cs J\u00f3zsef: Bevezet\u0151 gondolatok a HGPM sz\u00fclet\u00e9s\u00e9vel kapcsolatban. El\u0151ad\u00e1s a Hungarian Group for Philosophy, Medicine and Mental Health c. konferenci\u00e1n 2011. X. 14.-\u00e9n. (Helysz\u00edn: Vadaskert k\u00f3rh\u00e1z el\u0151ad\u00f3terme. 1021. Lip\u00f3tmezei \u00fat 5. )<\/p>\n<p>151. Dr. Kov\u00e1cs J\u00f3zsef: T\u00e1rsadalmi \u00e9rt\u00e9kek etikai megk\u00f6zel\u00edt\u00e9se I. El\u0151ad\u00e1s a Semmelweis Egyetem Ment\u00e1lhigi\u00e9n\u00e9s Int\u00e9zete \u00e1ltal szervezett \u201eMent\u00e1lhigi\u00e9n\u00e9s \u00e9s Szervezetfejleszt\u0151 Szakir\u00e1ny\u00fa Tov\u00e1bbk\u00e9pz\u00e9si Szakon. (Helysz\u00edn: 1089. Bp. Nagyv\u00e1rad t\u00e9r 4. Barna el\u0151ad\u00f3.) (2011. okt\u00f3ber 28.-\u00e1n)<\/p>\n<p>152. Dr. Kov\u00e1cs J\u00f3zsef: Az \u00f6ngyilkoss\u00e1g bioetikai k\u00e9rd\u00e9sei. El\u0151ad\u00e1s a Magyar Fenomenol\u00f3giai Egyes\u00fclet tudom\u00e1nyos \u00fcl\u00e9s\u00e9n. (Megh\u00edv\u00f3: Pint\u00e9r Judit) Helysz\u00edn: ELTE BTK MUK 4\/i. 2. em. Bence terem (2011. XI. 17.-\u00e9n) <\/p>\n<p>153. Dr. Kov\u00e1cs J\u00f3zsef: T\u00e1rsadalmi \u00e9rt\u00e9kek etikai megk\u00f6zel\u00edt\u00e9se II. El\u0151ad\u00e1s a Semmelweis Egyetem Ment\u00e1lhigi\u00e9n\u00e9s Int\u00e9zete \u00e1ltal szervezett \u201eMent\u00e1lhigi\u00e9n\u00e9s \u00e9s Szervezetfejleszt\u0151 Szakir\u00e1ny\u00fa Tov\u00e1bbk\u00e9pz\u00e9si Szakon. (Helysz\u00edn: 1089. Bp. Nagyv\u00e1rad t\u00e9r 4. Barna el\u0151ad\u00f3.) (2011. november . 25-\u00e9n)<\/p>\n<p>154. Etikai k\u00e9rd\u00e9sek a pszichoter\u00e1pi\u00e1ban. El\u0151ad\u00e1s az SE \u00c1OK Klinikai Pszichol\u00f3giai Tansz\u00e9k klinikai szakpszichol\u00f3gus szakk\u00e9pz\u00e9se keret\u00e9ben II. \u00e9ves szakpszichol\u00f3gus jel\u00f6ltek r\u00e9sz\u00e9re (2011\/12-es tan\u00e9v II. f\u00e9l\u00e9v.) 2012. febru\u00e1r 13.-\u00e1n. (Helysz\u00edn: 1083. T\u00f6m\u0151 u. 25.-29.)<\/p>\n<p>155. Dr. Kov\u00e1cs J\u00f3zsef:A t\u00e1j\u00e9kozott beleegyez\u00e9s etikai \u00e9s jogi alapelvei. El\u0151ad\u00e1s a \u201eT\u00e1j\u00e9koztat\u00e1s \u00e9s beleegyez\u00e9s a mindennapi betegell\u00e1t\u00e1sban\u2014etikai \u00e9s jogi szempontok\u201dc. k\u00f6telez\u0151en v\u00e1laszthat\u00f3 orvos-tov\u00e1bbk\u00e9pz\u0151 tanfolyamon 2012. II.17.-\u00e9n. (Helysz\u00edn: Magyar Hospice Palliat\u00edv Egyes\u00fclet tanterme, Budapest, VIII. Orczy \u00fat. 6)<\/p>\n<p>\n156. Dr. Kov\u00e1cs J\u00f3zsef: A bel\u00e1t\u00e1si k\u00e9pess\u00e9g\/cselekv\u0151k\u00e9pess\u00e9g etikai k\u00e9rd\u00e9sei. El\u0151ad\u00e1s a \u201eT\u00e1j\u00e9koztat\u00e1s \u00e9s beleegyez\u00e9s a mindennapi betegell\u00e1t\u00e1sban\u2014etikai \u00e9s jogi szempontok\u201dc. k\u00f6telez\u0151en v\u00e1laszthat\u00f3 orvos-tov\u00e1bbk\u00e9pz\u0151 tanfolyamon 2012. II.18.-\u00e1n (Helysz\u00edn: Magyar Hospice Palliat\u00edv Egyes\u00fclet tanterme, Budapest, VIII. Orczy \u00fat. 6)<\/p>\n<p>\n157. Dr. Kov\u00e1cs J\u00f3zsef: Kell-e \u00faj vil\u00e1gerk\u00f6lcs az \u00f6kol\u00f3giai kr\u00edzis megold\u00e1s\u00e1hoz? El\u0151ad\u00e1s a dr. Kopp M\u00e1ria 70. sz\u00fclet\u00e9snapja alkalm\u00e1b\u00f3l tartott tudom\u00e1nyos \u00fcl\u00e9sen. 2012. II. 24.-\u00e9n. (Helysz\u00edn: Semmelweis Szalon, 1085. Budapest, \u00dcll\u0151i \u00fat. 26.)<\/p>\n<p>158. Dr. Kov\u00e1cs J\u00f3zsef: Alkalmazott etika I. El\u0151ad\u00e1s a P\u00e1zm\u00e1ny P\u00e9ter Katolikus Egyetem Filoz\u00f3fiai Praxis c. MSc k\u00e9pz\u00e9s keret\u00e9ben. (2012. II. 25.) Helysz\u00edn: Piliscsaba, Anselmianum. <\/p>\n<p>\n159. Dr. Kov\u00e1cs J\u00f3zsef: Az orvosi t\u00e9ved\u00e9sek kezel\u00e9s\u00e9nek etikai vonatkoz\u00e1sai. El\u0151ad\u00e1s a Semmelweis Egyetem Magatart\u00e1studom\u00e1nyi Int\u00e9zete \u00e9s a Medicontext Orvosi kommunik\u00e1ci\u00f3s Kft. \u201eHib\u00e1k \u00e9s t\u00e9ved\u00e9sek az orvosi gyakorlatban\u201d c. tov\u00e1bbk\u00e9pz\u00e9s\u00e9n orvosok \u00e9s klinikai pszichol\u00f3gusok sz\u00e1m\u00e1ra . (2012. III. 3.-\u00e1n.) Helysz\u00edn: Magatart\u00e1studom\u00e1nyi Int\u00e9zet, K\u00f6nyvt\u00e1r (1089. Budapest, Nagyv\u00e1rad t\u00e9r 4.) <\/p>\n<p>\n160. Dr. Kov\u00e1cs J\u00f3zsef: Alkalmazott etika II. El\u0151ad\u00e1s a P\u00e1zm\u00e1ny P\u00e9ter Katolikus Egyetem Filoz\u00f3fiai Praxis c. MSc k\u00e9pz\u00e9s keret\u00e9ben. (2012. III. 10.) Helysz\u00edn: Piliscsaba, Anselmianum. <\/p>\n<p>\n161. Dr. Kov\u00e1cs J\u00f3zsef: Alkalmazott etika III. El\u0151ad\u00e1s a P\u00e1zm\u00e1ny P\u00e9ter Katolikus Egyetem Filoz\u00f3fiai Praxis c. MSc k\u00e9pz\u00e9s keret\u00e9ben. (2012. IV. 14.) Helysz\u00edn: Piliscsaba, Anselmianum. <\/p>\n<p>162. Dr. Kov\u00e1cs J\u00f3zsef: Az emberen v\u00e9gzett kutat\u00e1s etikai k\u00e9rd\u00e9sei. El\u0151ad\u00e1s a Semmelweis Egyetem Igazs\u00e1g\u00fcgyi \u00e9s Biztos\u00edt\u00e1s-orvostani Int\u00e9zet\u00e9ben az \u201eEg\u00e9szs\u00e9g\u00fcgyi szakm\u00e9rn\u00f6k-k\u00e9pz\u00e9s\u201d keret\u00e9ben. (2012. IV. 27.) Szervez\u0151: Dr. T\u00f6r\u0151 Kl\u00e1ra <\/p>\n<p>163. Dr. Kov\u00e1cs J\u00f3zsef: \u00c9rtelemk\u00f6zpont\u00fa szem\u00e9lyis\u00e9gfejleszt\u00e9s I. El\u0151ad\u00e1s a P\u00e1zm\u00e1ny P\u00e9ter Katolikus Egyetem Filoz\u00f3fiai Praxis c. MSc k\u00e9pz\u00e9s keret\u00e9ben. (2012. IX. 28.) Helysz\u00edn: Piliscsaba, Catharineum<\/p>\n<p>164. Dr. Kov\u00e1cs J\u00f3zsef: \u00c9rtelemk\u00f6zpont\u00fa szem\u00e9lyis\u00e9gfejleszt\u00e9s II. El\u0151ad\u00e1s a P\u00e1zm\u00e1ny P\u00e9ter Katolikus Egyetem Filoz\u00f3fiai Praxis c. MSc k\u00e9pz\u00e9s keret\u00e9ben. (2012. IX. 29.) Helysz\u00edn: Piliscsaba, Catharineum<\/p>\n<p>165. Dr. Kov\u00e1cs J\u00f3zsef: A pszichi\u00e1triai etika kurrens k\u00e9rd\u00e9sei. El\u0151ad\u00e1s a Semmelweis Egyetem Pszichi\u00e1triai \u00e9s Pszichoter\u00e1pi\u00e1s Klinika k\u00f6telez\u0151 szintentart\u00f3 tanfolyam\u00e1n 2012. november 16.-\u00e1n. (Felk\u00e9rt el\u0151ad\u00f3k\u00e9nt)<br \/>\nHelysz\u00edn: Lurdy H\u00e1z Budapest, IX. ker. K\u00f6nyves K\u00e1lm\u00e1n krt. 12-14. I. em. <\/p>\n<p>\n166. Dr. Kov\u00e1cs J\u00f3zsef: \u00c9rtelemk\u00f6zpont\u00fa szem\u00e9lyis\u00e9gfejleszt\u00e9s III. El\u0151ad\u00e1s a P\u00e1zm\u00e1ny P\u00e9ter Katolikus Egyetem Filoz\u00f3fiai Praxis c. MSc k\u00e9pz\u00e9s keret\u00e9ben. (2012. XI. 17.) Helysz\u00edn: Piliscsaba, Catharineum<\/p>\n<p>167. Dr. Kov\u00e1cs J\u00f3zsef:Etikai k\u00e9rd\u00e9sek a pszichoter\u00e1pi\u00e1ban. El\u0151ad\u00e1s az SE \u00c1OK Klinikai Pszichol\u00f3giai Tansz\u00e9k klinikai szakpszichol\u00f3gus szakk\u00e9pz\u00e9se keret\u00e9ben II. \u00e9ves szakpszichol\u00f3gus hallgat\u00f3k r\u00e9sz\u00e9re (2012\/13es tan\u00e9v II. f\u00e9l\u00e9v.) 2013. febru\u00e1r <br \/>\n11.-\u00e9n. (Helysz\u00edn: 1083. T\u00f6m\u0151 u. 25.-29.)<\/p>\n<p>168. A t\u00e1j\u00e9kozott beleegyez\u00e9s etikai alapelvei. El\u0151ad\u00e1s a \u201eT\u00e1j\u00e9koztat\u00e1s \u00e9s beleegyez\u00e9s a mindennapi betegell\u00e1t\u00e1sban\u2014etikai \u00e9s jogi szempontok\u201dc. k\u00f6telez\u0151en v\u00e1laszthat\u00f3 orvos-tov\u00e1bbk\u00e9pz\u0151 tanfolyamon 2013. II.15.-\u00e9n. (Szervez\u0151: Semmelweis Egyetem \u00e9s a Magyar Hospice-Palliat\u00edv Egyes\u00fclet (Helysz\u00edn: I. Seb\u00e9szeti Klinika Tanterme)<\/p>\n<p>169. Dr. Kov\u00e1cs J\u00f3zsef: A bel\u00e1t\u00e1si k\u00e9pess\u00e9g etikai k\u00e9rd\u00e9sei. El\u0151ad\u00e1s a \u201eT\u00e1j\u00e9koztat\u00e1s \u00e9s beleegyez\u00e9s a mindennapi betegell\u00e1t\u00e1sban\u2014etikai \u00e9s jogi szempontok\u201dc. k\u00f6telez\u0151en v\u00e1laszthat\u00f3 orvos-tov\u00e1bbk\u00e9pz\u0151 tanfolyamon 2013. II.16.-\u00e1n. (Szervez\u0151: Semmelweis Egyetem \u00e9s a Magyar Hospice-Palliat\u00edv Egyes\u00fclet (Helysz\u00edn: I. Seb\u00e9szeti Klinika Tanterme)<\/p>\n<p>170. Dr. Kov\u00e1cs J\u00f3zsef: Pszichol\u00f3gus etika \u00e9s a pszichoter\u00e1pia etikai k\u00e9rd\u00e9sei. El\u0151ad\u00e1s a Pszichol\u00f3giai Int\u00e9zet Klinikai \u00e9s eg\u00e9szs\u00e9gpszichol\u00f3giai szakir\u00e1ny etika kurzus\u00e1n. (Felk\u00e9r\u0151: Berczik Krisztina) 2013. m\u00e1rcius 22.-\u00e9n . (Helysz\u00edn: Pszichol\u00f3giai Int\u00e9zet, Budapest, VI. Izabella u. 46.)<\/p>\n<p>171. Dr. Kov\u00e1cs J\u00f3zsef: A betegek jogai a bioetika szemsz\u00f6g\u00e9b\u0151l. El\u0151ad\u00e1s a SE Eg\u00e9szs\u00e9gtudom\u00e1nyi Kara \u00e9s az EDUVITAL Nonprofit Eg\u00e9szs\u00e9gnevel\u00e9si T\u00e1rsas\u00e1g el\u0151ad\u00e1ssorozata keret\u00e9ben 2013. \u00e1prilis 26.-\u00e1n. (Bp. Vas u. 17.) (Felk\u00e9rt el\u0151ad\u00f3k\u00e9nt) (Szervez\u0151: dr. Falus Andr\u00e1s)<\/p>\n<p>172. Dr. Kov\u00e1cs J\u00f3zsef: A bioetika oktat\u00e1s jelene. El\u0151ad\u00e1s a Bioetikai Oktat\u00e1s Magyarorsz\u00e1gi Munkacsoportja (BOMM) els\u0151 m\u0171helykonferenci\u00e1j\u00e1n. 2013. j\u00fanius 4.-\u00e9n. (Helysz\u00edn: Debreceni Egyetem Orvos- \u00e9s Eg\u00e9szs\u00e9gtudom\u00e1nyi Centrum, IVDI terem. (Felk\u00e9rt el\u0151ad\u00f3k\u00e9nt) (Szervez\u0151: dr. Kakuk P\u00e9ter) <\/p>\n<p>173. Dr. Kov\u00e1cs J\u00f3zsef: A pszichoter\u00e1pia etikai k\u00e9rd\u00e9sei. El\u0151ad\u00e1s az \u201e\u00daj, evidenci\u00e1kon alapul\u00f3 ismeretek a pszichoter\u00e1pi\u00e1s gyakorlat \u00e9s kutat\u00e1s ter\u00fclet\u00e9n\u201d c. Pszichoter\u00e1pi\u00e1s k\u00f6telez\u0151, szinten tart\u00f3 tanfolyamon 2013. XI. 22.-\u00e9n (14.00-15.00) <br \/>\nHelysz\u00edn: Lurdy H\u00e1z, 1097. Bp. K\u00f6nyves K\u00e1lm\u00e1n krt. 12-14. I em. 4-es terem. (Felk\u00e9rt el\u0151ad\u00f3k\u00e9nt) <\/p>\n<p>174. Dr. Kov\u00e1cs J\u00f3zsef: A seg\u00edt\u0151 kapcsolat etikai vonatkoz\u00e1sai. El\u0151ad\u00e1s a SE Eg\u00e9szs\u00e9g\u00fcgyi K\u00f6zszolg\u00e1lati Kar Ment\u00e1lhigi\u00e9n\u00e9s Int\u00e9zete \u00e1ltal szervezett Ment\u00e1lhigi\u00e9n\u00e9s \u00e9s Szervezetfejleszt\u0151 Szakir\u00e1ny\u00fa Tov\u00e1bbk\u00e9pz\u00e9s szakon. (2013. XI. 29.-\u00e9n) (Id\u0151: 9.30-13.30. Helyszin: Bp. VIII. Nagyv\u00e1rad t\u00e9r 4. ) <\/p>\n<p>175. Dr. Kov\u00e1cs J\u00f3zsef: A bioetika alapk\u00e9rd\u00e9sei. El\u0151ad\u00e1s a P\u00e1zm\u00e1ny P\u00e9ter Katolikus Egyetem Hittudom\u00e1nyi Kar\u00e1n 2013. XII. 14.-\u00e9n. (Helysz\u00edn: Bp. V. Papn\u00f6velde u. 7.) (Szervez\u0151: Falus Andr\u00e1s akad\u00e9mikus) El\u0151ad\u00e1s az EDUVITAL Nonprofit Eg\u00e9szs\u00e9gnevel\u00e9si T\u00e1rsas\u00e1g el\u0151ad\u00e1ssorozata keret\u00e9ben, felk\u00e9rt el\u0151ad\u00f3k\u00e9nt. <\/p>\n<p>176. Dr. Kov\u00e1cs J\u00f3zsef:Etikai k\u00e9rd\u00e9sek a pszichoter\u00e1pi\u00e1ban. El\u0151ad\u00e1s az SE \u00c1OK Klinikai Pszichol\u00f3giai Tansz\u00e9k klinikai szakpszichol\u00f3gus szakk\u00e9pz\u00e9se keret\u00e9ben II. \u00e9ves szakpszichol\u00f3gus hallgat\u00f3k r\u00e9sz\u00e9re (2013\/14es tan\u00e9v II. f\u00e9l\u00e9v.) 2014. febru\u00e1r 10.-\u00e9n. (Helysz\u00edn: 1083. T\u00f6m\u0151 u. 25.-29.)<\/p>\n<p>177. Dr. Kov\u00e1cs J\u00f3zsef: A pszichoter\u00e1pia etikai k\u00e9rd\u00e9sei. El\u0151ad\u00e1s a CBT-konzult\u00e1ci\u00f3s k\u00e9pz\u00e9s keret\u00e9ben. (Szervez\u0151: VIKOTE) 2014. m\u00e1rcius 10.-\u00e9n. (Helysz\u00edn: Semmelweis Egyetem, \u00c1OK, Pszichi\u00e1triai \u00e9s Pszichoter\u00e1pi\u00e1s Klinika, Pszichoter\u00e1pi\u00e1s Ambulanci\u00e1ja. Budapest, IX. \u00dcll\u0151i \u00fat 105.)<\/p>\n<p>178. Dr. Kov\u00e1cs J\u00f3zsef: A csoportvezet\u00e9s etikai szempontjai. El\u0151ad\u00e1s a CSAKIT (Csoport Analitikus Kik\u00e9pz\u0151 T\u00e1rsas\u00e1g) csoportvezet\u0151i k\u00e9pz\u00e9s\u00e9n. (Megh\u00edv\u00f3: dr. Terenyi Zolt\u00e1n) 2014. m\u00e1rcius 21. (Helysz\u00edn: 1081. Bp. II. J\u00e1nos P\u00e1l p\u00e1pa t\u00e9r 6. II. em. 1. ) <\/p>\n<p>179. Dr. Kov\u00e1cs J\u00f3zsef: Az etikai bizotts\u00e1gok tipikus probl\u00e9m\u00e1inak megold\u00e1sa. I. <br \/>\ndr. Bal\u00e1zs Judit, az ELTE Pszichol\u00f3giai Int\u00e9zete Int\u00e9zm\u00e9nyi Etikai Bizotts\u00e1ga vezet\u0151je felk\u00e9r\u00e9s\u00e9re tartott el\u0151ad\u00e1s (2014. m\u00e1rcius 28.) Helysz\u00edn: ELTE, Pszichol\u00f3giai Int\u00e9zete (Budapest, Izabella u. 46.) <\/p>\n<p>180. Dr. Kov\u00e1cs J\u00f3zsef: Evidenci\u00e1k \u00e9s etikai k\u00e9rd\u00e9sek a klinikai pszichol\u00f3gi\u00e1ban. El\u0151ad\u00e1s a klinikai pszichol\u00f3gusok sz\u00e1m\u00e1ra tartott k\u00f6telez\u0151 szinten tart\u00f3 tov\u00e1bbk\u00e9pz\u00e9sen. (Felk\u00e9r\u0151: dr. Perczel-Forintos D\u00f3ra) 2014. \u00e1prilis 23. (Helysz\u00edn: IBS Nemzetk\u00f6zi \u00dczleti F\u0151iskola. 1021. Budapest, T\u00e1rogat\u00f3 \u00fat 2-4. <\/p>\n<p>181. Dr. Kov\u00e1cs J\u00f3zsef: Auton\u00f3mia \u00e9s neuroetika. El\u0151ad\u00e1s a Szegedi Tudom\u00e1nyegyetem Pszichi\u00e1triai Klinika posztgradu\u00e1lis tudom\u00e1nyos tov\u00e1bbk\u00e9pz\u0151 programja(Szakorvosok Folyamatos Tov\u00e1bbk\u00e9pz\u00e9se, CME) \u201eElme Mater\u201d keret\u00e9ben. (2014\/ I. f\u00e9l\u00e9v) 2014. m\u00e1jus 14.-\u00e9n. (Megh\u00edvott el\u0151ad\u00f3k\u00e9nt) (Megh\u00edv\u00f3: dr. Janka Zolt\u00e1n tansz\u00e9kvezet\u0151 egyetemi tan\u00e1r) (Helysz\u00edn: Szegedi Tudom\u00e1nyegyetem, \u00c1ltal\u00e1nos Orvostudom\u00e1nyi Kar \u00daj Klinikai T\u00f6mb (Szeged, Semmelweis u. 6.) f\u00f6ldszinti el\u0151ad\u00f3terem) (Szervez\u0151: dr. Szendi Istv\u00e1n, egyetemi docens)<br \/>\n(Az el\u0151ad\u00e1sr\u00f3l k\u00e9sz\u00fclt videofelv\u00e9tel megtekinthet\u0151 a http:\/\/www.diagnozis.eu\/adas\/2014.-junius-4-i-adas.html <br \/>\nhonlapon)<\/p>\n<p>182. Dr. Kov\u00e1cs J\u00f3zsef: Az etikai bizotts\u00e1gok tipikus probl\u00e9m\u00e1inak megold\u00e1sa. II. <br \/>\ndr. Bal\u00e1zs Judit, az ELTE Pszichol\u00f3giai Int\u00e9zete Int\u00e9zm\u00e9nyi Etikai Bizotts\u00e1ga vezet\u0151je felk\u00e9r\u00e9s\u00e9re tartott el\u0151ad\u00e1s (2014. m\u00e1jus 30.) Helysz\u00edn: ELTE, Pszichol\u00f3giai Int\u00e9zete (Budapest, Izabella u. 46.) <\/p>\n<p>183. Dr. Kov\u00e1cs J\u00f3zsef: Pszichol\u00f3gus etika \u00e9s a pszichoter\u00e1pia etikai k\u00e9rd\u00e9sei. El\u0151ad\u00e1s a Pszichol\u00f3giai Int\u00e9zet Klinikai \u00e9s eg\u00e9szs\u00e9gpszichol\u00f3giai szakir\u00e1ny etika kurzus\u00e1n. (Felk\u00e9r\u0151: Berczik Krisztina) 2014. szeptember 12.-\u00e9n . (Helysz\u00edn: Pszichol\u00f3giai Int\u00e9zet, Budapest, VI. Izabella u. 46.)<\/p>\n<p>184. Az eutan\u00e1zia etikai k\u00e9rd\u00e9sei Magyarorsz\u00e1gon. El\u0151ad\u00e1s a budapesti Rotary Klubban. (felk\u00e9rt el\u0151ad\u00f3k\u00e9nt.) Felk\u00e9r\u0151: dr. Mayer \u00c1rp\u00e1d. <br \/>\n2014. szeptember 23.-\u00e1n.<\/p>\n<p>185. A t\u00e1j\u00e9kozott beleegyez\u00e9s etikai alapelvei. El\u0151ad\u00e1s a \u201eT\u00e1j\u00e9koztat\u00e1s \u00e9s beleegyez\u00e9s a mindennapi betegell\u00e1t\u00e1sban\u2014etikai \u00e9s jogi szempontok\u201dc. k\u00f6telez\u0151en v\u00e1laszthat\u00f3 orvos-tov\u00e1bbk\u00e9pz\u0151 tanfolyamon 2014. IX.26.-\u00e1n. (Szervez\u0151: Semmelweis Egyetem \u00e9s a Magyar Hospice-Palliat\u00edv Egyes\u00fclet (Helysz\u00edn: I. Seb\u00e9szeti Klinika Tanterme)<\/p>\n<p>186. Dr. Kov\u00e1cs J\u00f3zsef: A bel\u00e1t\u00e1si k\u00e9pess\u00e9g etikai k\u00e9rd\u00e9sei. El\u0151ad\u00e1s a \u201eT\u00e1j\u00e9koztat\u00e1s \u00e9s beleegyez\u00e9s a mindennapi betegell\u00e1t\u00e1sban\u2014etikai \u00e9s jogi szempontok\u201dc. k\u00f6telez\u0151en v\u00e1laszthat\u00f3 orvos-tov\u00e1bbk\u00e9pz\u0151 tanfolyamon 2014. IX.27.-\u00e9n. (Szervez\u0151: Semmelweis Egyetem \u00e9s a Magyar Hospice-Palliat\u00edv Egyes\u00fclet (Helysz\u00edn: I. Seb\u00e9szeti Klinika Tanterme)<\/p>\n<p>187. Dr. Kov\u00e1cs J\u00f3zsef: A pszichi\u00e1triai etika n\u00e9h\u00e1ny aktu\u00e1lis k\u00e9rd\u00e9se. El\u0151ad\u00e1s a Semmelweis Egyetem Pszichi\u00e1triai \u00e9s Pszichoter\u00e1pi\u00e1s Klinika k\u00f6telez\u0151 szintentart\u00f3 tanfolyam\u00e1n 2014.okt\u00f3ber 4.-\u00e9n. (Felk\u00e9rt el\u0151ad\u00f3k\u00e9nt)<br \/>\nHelysz\u00edn: Lurdy H\u00e1z Budapest, IX. ker. K\u00f6nyves K\u00e1lm\u00e1n krt. 12-14. I. em. <\/p>\n<p>188. Dr. Kov\u00e1cs J\u00f3zsef: Nem \u00f6nk\u00e9ntes kezel\u00e9s \u00e9s diszkrimin\u00e1ci\u00f3 a pszichi\u00e1tri\u00e1ban. <br \/>\nEl\u0151ad\u00e1s az \u201eEvidenci\u00e1k \u00e9s dilemm\u00e1k a forenzikus pszichi\u00e1tri\u00e1ban 2014-ben c\u00edm\u0171, az Igazs\u00e1g\u00fcgyi pszichi\u00e1tria szakvizsg\u00e1hoz szervezett k\u00f6telez\u0151 tanfolyamon.) (Szervez\u0151: Semmelweis Egyetem Pszichi\u00e1triai \u00e9s Pszichoter\u00e1pi\u00e1s Klinika, dr. Baran Brigitta.) (Akkredit\u00e1ci\u00f3s k\u00f3dsz\u00e1m: SE-TK\/2014.II.\/00296) Tanfolyam id\u0151pontja: 2014. november 24-28. Helysz\u00edn: SE Pszichi\u00e1triai \u00e9s Pszichoter\u00e1pi\u00e1s Klinika Tan\u00e1csterme. El\u0151ad\u00e1s ideje: 2014. november 25. (Felk\u00e9rt el\u0151ad\u00f3k\u00e9nt) <\/p>\n<p>189. Dr. Kov\u00e1cs J\u00f3zsef:Etikai k\u00e9rd\u00e9sek a pszichoter\u00e1pi\u00e1ban. El\u0151ad\u00e1s az SE \u00c1OK Klinikai Pszichol\u00f3giai Tansz\u00e9k klinikai szakpszichol\u00f3gus szakk\u00e9pz\u00e9se keret\u00e9ben II. \u00e9ves szakpszichol\u00f3gus hallgat\u00f3k r\u00e9sz\u00e9re (2014\/15es tan\u00e9v II. f\u00e9l\u00e9v.) 2015. febru\u00e1r 9.-\u00e9n. (Helysz\u00edn: 1083. T\u00f6m\u0151 u. 25.-29.)<\/p>\n<p>190. A t\u00e1j\u00e9kozott beleegyez\u00e9s etikai alapelvei. El\u0151ad\u00e1s a \u201eT\u00e1j\u00e9koztat\u00e1s \u00e9s beleegyez\u00e9s a mindennapi betegell\u00e1t\u00e1sban\u2014etikai \u00e9s jogi szempontok\u201dc. k\u00f6telez\u0151en v\u00e1laszthat\u00f3 orvos-tov\u00e1bbk\u00e9pz\u0151 tanfolyamon 2015. II.20.-\u00e1n. (Szervez\u0151: Semmelweis Egyetem \u00e9s a Magyar Hospice-Palliat\u00edv Egyes\u00fclet (Helysz\u00edn: I. Seb\u00e9szeti Klinika Tanterme)<\/p>\n<p>191. Dr. Kov\u00e1cs J\u00f3zsef: A bel\u00e1t\u00e1si k\u00e9pess\u00e9g etikai k\u00e9rd\u00e9sei. El\u0151ad\u00e1s a \u201eT\u00e1j\u00e9koztat\u00e1s \u00e9s beleegyez\u00e9s a mindennapi betegell\u00e1t\u00e1sban\u2014etikai \u00e9s jogi szempontok\u201dc. k\u00f6telez\u0151en v\u00e1laszthat\u00f3 orvos-tov\u00e1bbk\u00e9pz\u0151 tanfolyamon 2015. II. 21.-\u00e9n. (Szervez\u0151: Semmelweis Egyetem \u00e9s a Magyar Hospice-Palliat\u00edv Egyes\u00fclet (Helysz\u00edn: I. Seb\u00e9szeti Klinika Tanterme)<\/p>\n<p>192. Dr. Kov\u00e1cs J\u00f3zsef: Pszichoter\u00e1pi\u00e1s etika. El\u0151ad\u00e1s a T\u00fcnd\u00e9rhegyi pszichoter\u00e1pi\u00e1s posztgradu\u00e1lis k\u00e9pz\u00e9s tanfolyam\u00e1n 2015. II. 27.-\u00e9n. (Megh\u00edv\u00f3: dr. Harmatta J\u00e1nos) (1021. Bp. Versec sor 5.)<\/p>\n<p>193. Dr. Kov\u00e1cs J\u00f3zsef: Az orvosi t\u00e9ved\u00e9sek kezel\u00e9s\u00e9nek etikai vonatkoz\u00e1sai. El\u0151ad\u00e1s a Semmelweis Egyetem Magatart\u00e1studom\u00e1nyi Int\u00e9zete \u00e9s a Medicontext Orvosi kommunik\u00e1ci\u00f3s Kft. \u201eHib\u00e1k \u00e9s t\u00e9ved\u00e9sek az orvosi gyakorlatban\u201d c. tov\u00e1bbk\u00e9pz\u00e9s\u00e9n orvosok \u00e9s klinikai pszichol\u00f3gusok sz\u00e1m\u00e1ra . (2015. II. 28.-\u00e1n.) Helysz\u00edn: Semmelweis Egyetem, Johann B\u00e9la el\u0151ad\u00f3terem (1089. Budapest, Nagyv\u00e1rad t\u00e9r 4.) <\/p>\n<p>194. Dr. Kov\u00e1cs J\u00f3zsef: Etikai probl\u00e9m\u00e1k a pszichi\u00e1tri\u00e1ban \u00e9s a pszichoter\u00e1pi\u00e1ban. El\u0151ad\u00e1s a \u201eSz\u00e9ps\u00e9g, etika, jog a pszichi\u00e1tri\u00e1ban \u00e9s a pszichoter\u00e1pi\u00e1ban\u201d c. konferenci\u00e1n. (Felk\u00e9rt el\u0151ad\u00f3k\u00e9nt) (Szervez\u0151: Oriold K\u00e1roly; Helysz\u00edn: L\u00e9lekben Otthon Konzult\u00e1ci\u00f3s K\u00f6zpont, 1132. Budapest, Visegr\u00e1di u. 17. III. em.) (2015. m\u00e1rcius 7.-\u00e9n) <\/p>\n<p>195. Dr. Kov\u00e1cs J\u00f3zsef: Evidenci\u00e1k \u00e9s etikai k\u00e9rd\u00e9sek a klinikai pszichol\u00f3gi\u00e1ban. El\u0151ad\u00e1s a klinikai pszichol\u00f3gusok sz\u00e1m\u00e1ra tartott k\u00f6telez\u0151 szinten tart\u00f3 tov\u00e1bbk\u00e9pz\u00e9sen. (Felk\u00e9r\u0151: dr. Perczel-Forintos D\u00f3ra) 2015. m\u00e1rcius 13. (Helysz\u00edn: IBS Nemzetk\u00f6zi \u00dczleti F\u0151iskola. 1021. Budapest, T\u00e1rogat\u00f3 \u00fat 2-4.)<\/p>\n<p>\n196. Dr. Kov\u00e1cs J\u00f3zsef: Az emberen v\u00e9gzett kutat\u00e1s etikai k\u00e9rd\u00e9sei. El\u0151ad\u00e1s a Semmelweis Egyetem Igazs\u00e1g\u00fcgyi \u00e9s Biztos\u00edt\u00e1s-orvostani Int\u00e9zet\u00e9ben az \u201eEg\u00e9szs\u00e9g\u00fcgyi szakm\u00e9rn\u00f6k-k\u00e9pz\u00e9s\u201d keret\u00e9ben. (2015. IV. 24.) Szervez\u0151: Dr. T\u00f6r\u0151 Kl\u00e1ra<\/p>\n<p>197. Dr. Kov\u00e1cs J\u00f3zsef: A s\u00falyos, kr\u00f3nikus betegek kezel\u00e9s\u00e9nek etik\u00e1ja. El\u0151ad\u00e1s <br \/>\na Magyar Bioetikai T\u00e1rsas\u00e1g \u00e9s a Semmelweis Egyetem Magatart\u00e1studom\u00e1nyi Int\u00e9zete K\u00f6z\u00f6s tudom\u00e1nyos \u00fcl\u00e9s\u00e9n. (Kr\u00f3nikus s\u00falyos betegek kezel\u00e9s\u00e9nek szakmai \u00e9s bioetikai k\u00e9rd\u00e9sei.) Helysz\u00edn: P\u00e1zm\u00e1ny P\u00e9ter Katolikus Egyetem II. J\u00e1nos P\u00e1l d\u00edszterem. (1088. Budapest, Szentkir\u00e1lyi u. 28. II. emelet) Felk\u00e9rt el\u0151ad\u00f3k\u00e9nt. (2015. V. 28.) Szervez\u0151: dr. Roykovich Bernadett<\/p>\n<p>198. Dr. Kov\u00e1cs J\u00f3zsef: A bel\u00e1t\u00e1si k\u00e9pess\u00e9g\/cselekv\u0151k\u00e9pess\u00e9g etikai k\u00e9rd\u00e9sei. El\u0151ad\u00e1s a \u201eT\u00e1j\u00e9koztat\u00e1s \u00e9s beleegyez\u00e9s a mindennapi betegell\u00e1t\u00e1sban\u2014etikai \u00e9s jogi szempontok\u201dc. k\u00f6telez\u0151en v\u00e1laszthat\u00f3 orvos-tov\u00e1bbk\u00e9pz\u0151 tanfolyamon 2015. IX.25.-\u00e9n (Helysz\u00edn: Magyar Hospice Palliat\u00edv Egyes\u00fclet tanterme, Budapest, VIII. Orczy \u00fat. 6)<\/p>\n<p>199. Dr. Kov\u00e1cs J\u00f3zsef: A t\u00e1j\u00e9kozott beleegyez\u00e9s etikai \u00e9s jogi alapelvei. El\u0151ad\u00e1s a \u201eT\u00e1j\u00e9koztat\u00e1s \u00e9s beleegyez\u00e9s a mindennapi betegell\u00e1t\u00e1sban\u2014etikai \u00e9s jogi szempontok\u201dc. k\u00f6telez\u0151en v\u00e1laszthat\u00f3 orvos-tov\u00e1bbk\u00e9pz\u0151 tanfolyamon 2015. IX.26.-\u00e1n. (Helysz\u00edn: Magyar Hospice Palliat\u00edv Egyes\u00fclet tanterme, Budapest, VIII. Orczy \u00fat. 6)<\/p>\n<p>200. Dr. Kov\u00e1cs J\u00f3zsef: T\u00e1j\u00e9kozott beleegyez\u00e9s az aneszteziol\u00f3gi\u00e1ban \u00e9s az intenz\u00edv ter\u00e1pi\u00e1ban. El\u0151ad\u00e1s a Magyar Aneszteziol\u00f3giai \u00e9s Intenz\u00edv Ter\u00e1pi\u00e1s T\u00e1rsas\u00e1g K\u00f6z\u00e9p-Magyarorsz\u00e1gi Szekci\u00f3 tov\u00e1bbk\u00e9pz\u0151 programj\u00e1n. (\u201eKommunik\u00e1ci\u00f3s kih\u00edv\u00e1sok mindennapi munk\u00e1nk sor\u00e1n) (Felk\u00e9rt el\u0151ad\u00f3k\u00e9nt)<br \/>\nHelysz\u00edn.- K\u00fatv\u00f6lgyi Klinikai T\u00f6mb, f\u00f6ldszinti el\u0151ad\u00f3terem <br \/>\nId\u0151pont: 2015. okt\u00f3ber 10. 10.00-12.00. <\/p>\n<p>201. Dr. Kov\u00e1cs J\u00f3zsef: Pszichoter\u00e1pi\u00e1s etika \u00e9s jog. El\u0151ad\u00e1s a Semmelweis Egyetem Pszichi\u00e1triai \u00e9s Pszichoter\u00e1pi\u00e1s Klinika \u00e9s a VIKOTE (Viselked\u00e9studom\u00e1nyi \u00e9s Kognit\u00edv Ter\u00e1pi\u00e1s Egyes\u00fclet) tov\u00e1bbk\u00e9pz\u00e9si programj\u00e1n pszichi\u00e1ter rezidenseknek \u00e9s pszichoterapeuta szakvizsga-el\u0151k\u00e9sz\u00edt\u0151 tanfolyamra j\u00e1r\u00f3knak. (Szervez\u0151: Nemecz \u00c1gnes) (Felk\u00e9rt el\u0151ad\u00f3k\u00e9nt) <br \/>\nHelysz\u00edn: Art Brut Gal\u00e9ria, Budapest, \u00dcll\u0151i \u00fat 60.-62.<br \/>\nId\u0151pont: 2015. november 6. 10.00-11.30.<\/p>\n<p>202. Dr. Kov\u00e1cs J\u00f3zsef: Publik\u00e1ci\u00f3s etika \u00e9s szcientometria. El\u0151ad\u00e1s az MTA Term\u00e9szettudom\u00e1nyi Kutat\u00f3k\u00f6zpont (1117. Budapest, Magyar Tud\u00f3sok K\u00f6r\u00fatja 2. ) \u201eTT K\u00e1v\u00e9\u201d rendezv\u00e9ny\u00e9n. (Megh\u00edvott el\u0151ad\u00f3k\u00e9nt) (Megh\u00edv\u00f3: dr. Szak\u00e1csGergely)<br \/>\n(2015. november 27.-\u00e9n) <\/p>\n<p>203. Dr. Kov\u00e1cs J\u00f3zsef: A bioetika alapk\u00e9rd\u00e9sei. El\u0151ad\u00e1s a \u201eJ\u00f3zsefv\u00e1rosi Szabadegyetem\u201d keret\u00e9ben. (Megh\u00edv\u00f3: Sipos Orsolya, m\u0171vel\u0151d\u00e9s-szervez\u0151)<br \/>\n(Helysz\u00edn: J\u00f3zsefv\u00e1rosi Gal\u00e9ria \u00e9s Rendezv\u00e9nyk\u00f6zpont. Budapest, J\u00f3zsef k\u0151r\u00fat 70; Id\u0151pont: 2015. december 2. 19.00-21.00) <\/p>\n<p>204. Dr. Kov\u00e1cs J\u00f3zsef: Bioetikai k\u00e9rd\u00e9sek az intenz\u00edv ter\u00e1pi\u00e1ban, a belgy\u00f3gy\u00e1szatban \u00e9s a pszichi\u00e1tri\u00e1ban. El\u0151ad\u00e1s (megh\u00edvott, felk\u00e9rt el\u0151ad\u00f3k\u00e9nt) az Orsz\u00e1gos Pszichi\u00e1triai \u00e9s Addiktol\u00f3giai Int\u00e9zetben (OPAI) (Budapest, XIII. lehel u. 59.) 2106. janu\u00e1r 27.-\u00e9n (Megh\u00edv\u00f3: dr. N\u00e9meth Attila) <\/p>\n<p>205. Dr. Kov\u00e1cs J\u00f3zsef: A pszichoanalitikus pszichoter\u00e1pia etikai k\u00e9rd\u00e9sei. El\u0151ad\u00e1s (felk\u00e9rt el\u0151ad\u00f3k\u00e9nt) a Magyar Pszichoanalitikus Egyes\u00fcletben (Budapest, VIII. II. J\u00e1nos P\u00e1l p\u00e1pa t\u00e9r 6.) 2016. I. 28.-\u00e1n. (Megh\u00edv\u00f3: dr. Pet\u0151 Katalin) <\/p>\n<p>206. Dr. Kov\u00e1cs J\u00f3zsef:Etikai k\u00e9rd\u00e9sek a pszichoter\u00e1pi\u00e1ban. El\u0151ad\u00e1s az SE \u00c1OK Klinikai Pszichol\u00f3giai Tansz\u00e9k klinikai szakpszichol\u00f3gus szakk\u00e9pz\u00e9se keret\u00e9ben II. \u00e9ves szakpszichol\u00f3gus hallgat\u00f3k r\u00e9sz\u00e9re (2015\/16 -os tan\u00e9v II. f\u00e9l\u00e9v.) 2016. febru\u00e1r 8.-\u00e1n. (Helysz\u00edn: 1083. T\u00f6m\u0151 u. 25.-29.)<\/p>\n<p>207. Dr. Kov\u00e1cs J\u00f3zsef: A seg\u00edt\u0151 kapcsolat etikai vonatkoz\u00e1sai. El\u0151ad\u00e1s a SE Eg\u00e9szs\u00e9g\u00fcgyi K\u00f6zszolg\u00e1lati Kar Ment\u00e1lhigi\u00e9n\u00e9s Int\u00e9zete \u00e1ltal szervezett Ment\u00e1lhigi\u00e9n\u00e9s \u00e9s Szervezetfejleszt\u0151 Szakir\u00e1ny\u00fa Tov\u00e1bbk\u00e9pz\u00e9s szakon. (2016. II. 19.-\u00e9n) (Id\u0151: 9.30-13.30. Helysz\u00edn: Bp. VIII. Nagyv\u00e1rad t\u00e9r 4. ) <\/p>\n<p>208. Dr. Kov\u00e1cs J\u00f3zsef: Betegjogi minimumfelt\u00e9telek az alap- \u00e9s k\u00f3rh\u00e1zi ell\u00e1t\u00e1sban. El\u0151ad\u00e1s a Semmelweis Egyetem, \u00c1ltal\u00e1nos Orvostudom\u00e1nyi Kar N\u00e9peg\u00e9szs\u00e9gtani Int\u00e9zet\u00e9ben. (Megh\u00edvott el\u0151ad\u00f3k\u00e9nt) Id\u0151pont: 2016. m\u00e1jus 6. Helysz\u00edn: Bp. VIII. Nagyv\u00e1rad t\u00e9r 4., XIII., N\u00e9peg\u00e9szs\u00e9gtani Int\u00e9zet konferenciaterem.<\/p>\n<p>209. Dr. Kov\u00e1cs J\u00f3zsef: Az emberen v\u00e9gzett kutat\u00e1s etikai k\u00e9rd\u00e9sei. El\u0151ad\u00e1s a Semmelweis Egyetem Igazs\u00e1g\u00fcgyi \u00e9s Biztos\u00edt\u00e1s-orvostani Int\u00e9zet\u00e9ben az \u201eEg\u00e9szs\u00e9g\u00fcgyi szakm\u00e9rn\u00f6k-k\u00e9pz\u00e9s\u201d keret\u00e9ben. (2016. V. 13.) Szervez\u0151: Dr. T\u00f6r\u0151 Kl\u00e1ra<\/p>\n<p>\n210. Dr. Kov\u00e1cs J\u00f3zsef: Pszichol\u00f3gus etika \u00e9s a pszichoter\u00e1pia etikai k\u00e9rd\u00e9sei. El\u0151ad\u00e1s a Pszichol\u00f3giai Int\u00e9zet Klinikai \u00e9s eg\u00e9szs\u00e9gpszichol\u00f3giai szakir\u00e1ny etika kurzus\u00e1n. (Felk\u00e9r\u0151: Berczik Krisztina) 2016. szeptember 16.-\u00e1n . (Helysz\u00edn: Pszichol\u00f3giai Int\u00e9zet, Budapest, VI. Izabella u. 46.)<\/p>\n<p>\n211. Dr. Kov\u00e1cs J\u00f3zsef: A pszichoter\u00e1pia etikai k\u00e9rd\u00e9sei. El\u0151ad\u00e1s a CBT-konzult\u00e1ci\u00f3s k\u00e9pz\u00e9s keret\u00e9ben. (Szervez\u0151: VIKOTE) 2016. szeptember 30.-\u00e1n. (Helysz\u00edn: Semmelweis Egyetem, \u00c1OK, Pszichi\u00e1triai \u00e9s Pszichoter\u00e1pi\u00e1s Klinika, Tan\u00e1csterem) Szervez\u0151: Nemecz \u00c1gnes<\/p>\n<p>212. Dr. Kov\u00e1cs J\u00f3zsef: A pszichi\u00e1triai \u00e9s pszichoter\u00e1pi\u00e1s etika kurrens k\u00e9rd\u00e9sei. El\u0151ad\u00e1s az SE-TK\/2016.II\/00062 sz\u00e1m\u00fa pszichi\u00e1triai k\u00f6telez\u0151 szinten tart\u00f3 tanfolyamon. (Szervez\u0151: SE Pszichi\u00e1triai \u00e9s Pszichoter\u00e1pi\u00e1s Klinika) Helyszin: Lurdy H\u00e1z Rendezv\u00e9nyk\u00f6zpont, 1097. Budapest, K\u00f6nyves K\u00e1lm\u00e1n krt. 12-14. I. em. 6-os terem. Id\u0151pont: 2016. okt\u00f3ber 12. (Felk\u00e9rt el\u0151ad\u00f3k\u00e9nt) <\/p>\n<p>213. Dr. Kov\u00e1cs J\u00f3zsef: Igazs\u00e1g\u00fcgyi pszichi\u00e1tria elm\u00e9leti k\u00e9rd\u00e9sei: etikai megk\u00f6zel\u00edt\u00e9s. El\u0151ad\u00e1s a Semmelweis Egyetem Pszichi\u00e1triai \u00e9s Pszichoter\u00e1pi\u00e1s Klinika Forenzikus Pszichi\u00e1triai Munkacsoportja \u00e1ltal meghirdetett forenzikus pszichi\u00e1triai tanfolyam\u00e1n. Helysz\u00edn: Semmelweis Egyetem Pszichi\u00e1triai \u00e9s Pszichoter\u00e1pi\u00e1s Klinika Tan\u00e1csterem, 1083. Budapest, Balassa u. 6. I. em. Id\u0151pont:<br \/>\n2016. november 12. (Felk\u00e9rt el\u0151ad\u00f3k\u00e9nt) <\/p>\n<p>214. Dr. Kov\u00e1cs J\u00f3zsef: A pszichoter\u00e1pia etikai k\u00e9rd\u00e9sei. El\u0151ad\u00e1s a VIKOTE pszichoterapeuta szakvizsga el\u0151k\u00e9sz\u00edt\u0151 tanfolyam\u00e1n. (Szervez\u0151: Nemecz \u00c1gnes) <br \/>\nHelysz\u00edn: Art Brut Gal\u00e9ria, Budapest, VIII. \u00dcll\u0151i \u00fat 60-62.) Id\u0151pont: 2016. november 30. (Felk\u00e9rt el\u0151ad\u00f3k\u00e9nt) <\/p>\n<p>215. Dr. Kov\u00e1cs J\u00f3zsef:Etikai k\u00e9rd\u00e9sek a pszichoter\u00e1pi\u00e1ban. El\u0151ad\u00e1s az SE \u00c1OK Klinikai Pszichol\u00f3giai Tansz\u00e9k klinikai szakpszichol\u00f3gus szakk\u00e9pz\u00e9se keret\u00e9ben II. \u00e9ves szakpszichol\u00f3gus hallgat\u00f3k r\u00e9sz\u00e9re (2016\/17 -os tan\u00e9v II. f\u00e9l\u00e9v.) 2017. febru\u00e1r 13-\u00e1n. (Helysz\u00edn: 1083. T\u00f6m\u0151 u. 25.-29.)<\/p>\n<p>216. Dr. Kov\u00e1cs J\u00f3zsef: Internet \u00e9s pszichi\u00e1triai etika. El\u0151ad\u00e1s a Semmelweis Egyetem Pszichi\u00e1triai \u00e9s Pszichoter\u00e1pi\u00e1s Klinika tansz\u00e9ki tov\u00e1bbk\u00e9pz\u0151 \u00e9rtekezlet\u00e9n 2017. m\u00e1jus 4-\u00e9n. (Helysz\u00edn: Semmelweis Egyetem Pszichi\u00e1triai \u00e9s Pszichoter\u00e1pi\u00e1s Klinika, 1083. Budapest, Balassa u. 6.) <\/p>\n<p>217. Dr. Kov\u00e1cs J\u00f3zsef: Az emberen v\u00e9gzett kutat\u00e1s etikai k\u00e9rd\u00e9sei. El\u0151ad\u00e1s a Semmelweis Egyetem Igazs\u00e1g\u00fcgyi \u00e9s Biztos\u00edt\u00e1s-orvostani Int\u00e9zet\u00e9ben az \u201eEg\u00e9szs\u00e9g\u00fcgyi szakm\u00e9rn\u00f6k-k\u00e9pz\u00e9s\u201d keret\u00e9ben. (2017. V. 12.) Szervez\u0151: Dr. T\u00f6r\u0151 Kl\u00e1ra<\/p>\n<p>218. Dr. Kov\u00e1cs J\u00f3zsef: Bioetika-neuroetika. El\u0151ad\u00e1s a \u201eLeheletnyi tudom\u00e1ny\u201d c\u00edm\u0171 multidiszciplin\u00e1ris el\u0151ad\u00e1s-sorozat keret\u00e9ben a Ny\u00edr\u0151-OPAI (Orsz\u00e1gos Pszichi\u00e1triai \u00e9s Addiktol\u00f3giai Int\u00e9zet) rendezv\u00e9ny\u00e9nek keret\u00e9ben. (Megh\u00edv\u00f3: Dr. N\u00e9meth Attila f\u0151igazgat\u00f3 f\u0151orvos \u00e9s Prof. Dr. F\u00fcredi J\u00e1nos oktat\u00e1si oszt\u00e1lyvezet\u0151)<br \/>\nEl\u0151ad\u00e1s helye: OPAI, \u201eB\u201d \u00e9p\u00fclet, tan\u00e1csterem. El\u0151ad\u00e1s ideje: 2017. okt\u00f3ber 11. 13.30-16.00. (Megh\u00edvott, felk\u00e9rt el\u0151ad\u00f3k\u00e9nt) <\/p>\n<p>219. Dr. Kov\u00e1cs J\u00f3zsef: A pszichoter\u00e1pia etikai k\u00e9rd\u00e9sei. El\u0151ad\u00e1s a VIKOTE pszichoterapeuta szakvizsga el\u0151k\u00e9sz\u00edt\u0151 tanfolyam\u00e1n. (Szervez\u0151: Nemecz \u00c1gnes) <br \/>\nHelysz\u00edn: VIKOTE Kognit\u00edv \u00e9s S\u00e9mater\u00e1pi\u00e1s K\u00f6zpont, 1083. Budapest, Baross u. 119\/A.; Id\u0151pont: 2017. december 13. (Felk\u00e9rt el\u0151ad\u00f3k\u00e9nt) <\/p>\n<p>220. Dr. Kov\u00e1cs J\u00f3zsef: A seg\u00edt\u0151 kapcsolat etikai vonatkoz\u00e1sai. El\u0151ad\u00e1s a SE Eg\u00e9szs\u00e9g\u00fcgyi K\u00f6zszolg\u00e1lati Kar Ment\u00e1lhigi\u00e9n\u00e9s Int\u00e9zete \u00e1ltal szervezett Ment\u00e1lhigi\u00e9n\u00e9s \u00e9s Szervezetfejleszt\u0151 Szakir\u00e1ny\u00fa Tov\u00e1bbk\u00e9pz\u00e9s szakon. (2018. II. 2.-\u00e1n) (Id\u0151: 12.15-13.45. Helysz\u00edn: Bp. VIII. Nagyv\u00e1rad t\u00e9r 4. ) <\/p>\n<p>221. Dr. Kov\u00e1cs J\u00f3zsef:Etikai k\u00e9rd\u00e9sek a pszichoter\u00e1pi\u00e1ban. El\u0151ad\u00e1s az SE \u00c1OK Klinikai Pszichol\u00f3giai Tansz\u00e9k klinikai szakpszichol\u00f3gus szakk\u00e9pz\u00e9se keret\u00e9ben II. \u00e9ves szakpszichol\u00f3gus hallgat\u00f3k r\u00e9sz\u00e9re (2017\/18 -os tan\u00e9v II. f\u00e9l\u00e9v.) 2018. febru\u00e1r 12-\u00e9n. (Helysz\u00edn: 1083. T\u00f6m\u0151 u. 25.-29.)<\/p>\n<p>222. Dr. Kov\u00e1cs J\u00f3zsef: A seg\u00edt\u0151 kapcsolat etikai vonatkoz\u00e1sai. II. El\u0151ad\u00e1s a SE Eg\u00e9szs\u00e9g\u00fcgyi K\u00f6zszolg\u00e1lati Kar Ment\u00e1lhigi\u00e9n\u00e9s Int\u00e9zete \u00e1ltal szervezett Ment\u00e1lhigi\u00e9n\u00e9s \u00e9s Szervezetfejleszt\u0151 Szakir\u00e1ny\u00fa Tov\u00e1bbk\u00e9pz\u00e9s szakon. (2018. III. 23-\u00e1n) (Id\u0151: 9.30-11.00. Helysz\u00edn: Bp. VIII. Nagyv\u00e1rad t\u00e9r 4. ) <\/p>\n<p>223. Dr. Kov\u00e1cs J\u00f3zsef: A pszichoter\u00e1pia etikai k\u00e9rd\u00e9sei. El\u0151ad\u00e1s a CBT-konzult\u00e1ci\u00f3s k\u00e9pz\u00e9s keret\u00e9ben. (Szervez\u0151: VIKOTE) 2018. \u00e1prilis 20-\u00e1n. (Helysz\u00edn: Semmelweis Egyetem, \u00c1OK, Pszichi\u00e1triai \u00e9s Pszichoter\u00e1pi\u00e1s Klinika, Tan\u00e1csterem) Szervez\u0151k: Nemecz \u00c1gnes \u00e9s Gr\u00f3f \u00c1gnes<\/p>\n<p>224. Dr. Kov\u00e1cs J\u00f3zsef: T\u00e1j\u00e9kozott beleegyez\u00e9s \u00e9s visszautas\u00edt\u00e1s. Bioetikai szempontok. El\u0151ad\u00e1s a \u201eMoralit\u00e1s \u00e9s jogszer\u0171s\u00e9g a pszichi\u00e1triai betegell\u00e1t\u00f3 \u00e9s igazs\u00e1g\u00fcgyi szak\u00e9rt\u0151i munk\u00e1ban.\u201d c\u00edm\u0171 kurzuson (CME Szakorvosok folyamatos tov\u00e1bbk\u00e9pz\u00e9se) Szervez\u0151: Moravcsik Alap\u00edtv\u00e1ny, 1083. Budapest, Balassa u. 6. <br \/>\nId\u0151pont: 2018. november 9. Helysz\u00edn: Pszichi\u00e1triai \u00e9s Pszichoter\u00e1pi\u00e1s Klinika, Tan\u00e1csterem. (1083. Budapest, Balassa u. 6.) (Felk\u00e9rt el\u0151ad\u00f3k\u00e9nt) <\/p>\n<p>225. Dr. Kov\u00e1cs J\u00f3zsef: A pszichoter\u00e1pia etikai k\u00e9rd\u00e9sei. El\u0151ad\u00e1s a VIKOTE pszichoterapeuta szakvizsga el\u0151k\u00e9sz\u00edt\u0151 tanfolyam\u00e1n. (Szervez\u0151: Nemecz \u00c1gnes) <br \/>\nHelysz\u00edn: VIKOTE Kognit\u00edv \u00e9s S\u00e9mater\u00e1pi\u00e1s K\u00f6zpont, 1083. Budapest, Baross u. 119\/A.; Id\u0151pont: 2018. december 14. (Felk\u00e9rt el\u0151ad\u00f3k\u00e9nt) <\/p>\n<p>226. Dr. Kov\u00e1cs J\u00f3zsef: A bioetika napi aktualit\u00e1sai. A mesters\u00e9ges intelligencia \u00e1ltal felvetett etikai k\u00e9rd\u00e9sek. El\u0151ad\u00e1s a Magyar Orvosi Kamara XII. ker\u00fcleti Orvosklubj\u00e1ban. (Megh\u00edv\u00f3: dr. Sepp Csaba). Helysz\u00edn: Hegyvid\u00e9ki Kultur\u00e1lis Szalon (Budapest, XII. T\u00f6rpe u. 2.) Id\u0151pont: 2019. janu\u00e1r 26. (Megh\u00edvott, felk\u00e9rt el\u0151ad\u00f3k\u00e9nt)<\/p>\n<p>227. Dr. Kov\u00e1cs J\u00f3zsef:Etikai k\u00e9rd\u00e9sek a pszichoter\u00e1pi\u00e1ban. El\u0151ad\u00e1s az SE \u00c1OK Klinikai Pszichol\u00f3giai Tansz\u00e9k klinikai szakpszichol\u00f3gus szakk\u00e9pz\u00e9se keret\u00e9ben II. \u00e9ves szakpszichol\u00f3gus hallgat\u00f3k r\u00e9sz\u00e9re (2018\/19 -os tan\u00e9v II. f\u00e9l\u00e9v.) 2019. febru\u00e1r 14-\u00e9n. (Helysz\u00edn: City Corner Irodah\u00e1z, 1085. Budapest, \u00dcll\u0151i \u00fat 25. I. emelet)<\/p>\n<p>228. Dr. Kov\u00e1cs J\u00f3zsef: Pszichoter\u00e1pi\u00e1s etika. El\u0151ad\u00e1s a T\u00fcnd\u00e9rhegyi pszichoter\u00e1pi\u00e1s posztgradu\u00e1lis k\u00e9pz\u00e9s tanfolyam\u00e1n 2019. II. 15.-\u00e9n. (Megh\u00edv\u00f3: dr. Harmatta J\u00e1nos) (1021. Bp. Versec sor 5.)<\/p>\n<p>229. Dr. Kov\u00e1cs J\u00f3zsef: Bioetikus a szervadom\u00e1nyoz\u00e1sr\u00f3l. El\u0151ad\u00e1s az \u201eElhunyt potenci\u00e1lis donorok hozz\u00e1tartoz\u00f3ival t\u00f6rt\u00e9n\u0151 kommunik\u00e1ci\u00f3\u201d c. Tov\u00e1bbk\u00e9pz\u0151 Napon <br \/>\nk\u00f3rh\u00e1zi \u00e9s orsz\u00e1gos koordin\u00e1torok r\u00e9sz\u00e9re (Felk\u00e9rt el\u0151ad\u00f3k\u00e9nt): Helysz\u00edn: Danubius Hotel Ar\u00e9na, Budapest (1148. Budapest, Ifj\u00fas\u00e1g \u00fatja 1-3.) Id\u0151pont: 2019. febru\u00e1r 25. <br \/>\nSzervez\u0151: Orsz\u00e1gos V\u00e9rell\u00e1t\u00f3 Szolg\u00e1lat Transzplant\u00e1ci\u00f3s Igazgat\u00f3s\u00e1g, Semmelweis Egyetem Magatart\u00e1studom\u00e1nyi Int\u00e9zet, V\u00e9rcsepp a v\u00e9rell\u00e1t\u00e1s\u00e9rt Alap\u00edtv\u00e1ny k\u00f6z\u00f6s szervez\u00e9s\u00e9ben) <\/p>\n<p>230. Dr. Kov\u00e1cs J\u00f3zsef: A pszichoter\u00e1pia etikai k\u00e9rd\u00e9sei. El\u0151ad\u00e1s a CBT-konzult\u00e1ci\u00f3s k\u00e9pz\u00e9s keret\u00e9ben. (Szervez\u0151: VIKOTE) 2019. \u00e1prilis 12-\u00e9n. (Helysz\u00edn: Semmelweis Egyetem, \u00c1OK, Pszichi\u00e1triai \u00e9s Pszichoter\u00e1pi\u00e1s Klinika, Tan\u00e1csterem) Szervez\u0151k: Nemecz \u00c1gnes \u00e9s Gr\u00f3f \u00c1gnes<\/p>\n<p>231. Dr. Kov\u00e1cs J\u00f3zsef: Az emberen v\u00e9gzett kutat\u00e1s etikai k\u00e9rd\u00e9sei. El\u0151ad\u00e1s a Semmelweis Egyetem Igazs\u00e1g\u00fcgyi \u00e9s Biztos\u00edt\u00e1s-orvostani Int\u00e9zet\u00e9ben az \u201eEg\u00e9szs\u00e9g\u00fcgyi szakm\u00e9rn\u00f6k-k\u00e9pz\u00e9s\u201d keret\u00e9ben. (2019. V. 10.) Szervez\u0151: Dr. S\u00f3tonyi P\u00e9ter<\/p>\n<p>232. Dr. Kov\u00e1cs J\u00f3zsef: Bioetika III. A mesters\u00e9ges intelligencia (AI) etikai k\u00e9rd\u00e9sei. El\u0151ad\u00e1s a \u201eLeheletniy tudom\u00e1ny\u201d c\u00edm\u0171 multidiszciplin\u00e1ris el\u0151ad\u00e1s-sorozat keret\u00e9ben a Ny\u00edr\u0151-OPAI (Orsz\u00e1gos Pszichi\u00e1triai \u00e9s Addiktol\u00f3giai Int\u00e9zet) CME rendezv\u00e9ny\u00e9nek keret\u00e9ben. (Megh\u00edv\u00f3: Dr. N\u00e9meth Attila f\u0151igazgat\u00f3 f\u0151orvos \u00e9s Prof. Dr. F\u00fcredi J\u00e1nos oktat\u00e1si oszt\u00e1lyvezet\u0151)<br \/>\nEl\u0151ad\u00e1s helye: OPAI, \u201eB\u201d \u00e9p\u00fclet, tan\u00e1csterem. El\u0151ad\u00e1s ideje: 2019.m\u00e1jus 15. 13.30-15.30. (Megh\u00edvott, felk\u00e9rt el\u0151ad\u00f3k\u00e9nt) <\/p>\n<p>233. Dr. Kov\u00e1cs J\u00f3zsef: A pszichi\u00e1triai etika aktu\u00e1lis k\u00e9rd\u00e9sei. El\u0151ad\u00e1s a 2019. \u00e9vi Pszichi\u00e1tria K\u00f6telez\u0151 Szintentart\u00f3 Tanfolyamon (2019. 09.30-10.02) 2019. okt\u00f3ber 2-\u00e1n. Szervez\u0151: SE Pszichi\u00e1triai \u00e9s Pszichoter\u00e1pi\u00e1s Klinika. Helysz\u00edn: 1089. Budapest, Nagyv\u00e1rad t\u00e9r. 4. D\u00edszterem. (Felk\u00e9rt el\u0151ad\u00f3k\u00e9nt.) <\/p>\n<p>234. Dr. Kov\u00e1cs J\u00f3zsef: A kr\u00edzisek etikai vonatkoz\u00e1sai a pszichoter\u00e1pi\u00e1ban. El\u0151ad\u00e1s a \u201eKlinikai szakpszichol\u00f3gus szintentart\u00f3 tanfolyamon (2019. okt\u00f3ber 7-10.) 2019. okt\u00f3ber 9-\u00e9n. (Szervez\u0151: SE Klinikai Pszichol\u00f3gia Tansz\u00e9k. Helysz\u00edn: 1089. Budapest, Nagyv\u00e1rad t\u00e9r. 4. D\u00edszterem. (Felk\u00e9rt el\u0151ad\u00f3k\u00e9nt.)<\/p>\n<p>235. Dr. Kov\u00e1cs, J\u00f3zsef: Ethical Questions of Human Research. El\u0151ad\u00e1s az Asklepios Campus Hamburg megh\u00edv\u00e1s\u00e1ra Hamburgban, 2019. november 21-\u00e9n. <\/p>\n<p>236. Dr. Kov\u00e1cs J\u00f3zsef: A pszichoter\u00e1pia etikai k\u00e9rd\u00e9sei. El\u0151ad\u00e1s a VIKOTE pszichoterapeuta szakvizsga el\u0151k\u00e9sz\u00edt\u0151 tanfolyam\u00e1n. (Szervez\u0151: Nemecz \u00c1gnes) <br \/>\nHelysz\u00edn: VIKOTE Kognit\u00edv \u00e9s S\u00e9mater\u00e1pi\u00e1s K\u00f6zpont, 1083. Budapest, Baross u. 119\/A.; Id\u0151pont: 2019. december 11. (Felk\u00e9rt el\u0151ad\u00f3k\u00e9nt) <\/p>\n<p>236. Dr. Kov\u00e1cs J\u00f3zsef: Bioetikus a szervadom\u00e1nyoz\u00e1sr\u00f3l. El\u0151ad\u00e1s az \u201eElhunyt potenci\u00e1lis donorok hozz\u00e1tartoz\u00f3ival t\u00f6rt\u00e9n\u0151 kommunik\u00e1ci\u00f3\u201d c. Tov\u00e1bbk\u00e9pz\u0151 Napon <br \/>\nk\u00f3rh\u00e1zi \u00e9s orsz\u00e1gos koordin\u00e1torok r\u00e9sz\u00e9re (Felk\u00e9rt el\u0151ad\u00f3k\u00e9nt): Helysz\u00edn: Danubius Hotel Ar\u00e9na, Budapest (1148. Budapest, Ifj\u00fas\u00e1g \u00fatja 1-3.) Id\u0151pont: 2020. febru\u00e1r 10. <br \/>\nSzervez\u0151: Orsz\u00e1gos V\u00e9rell\u00e1t\u00f3 Szolg\u00e1lat Transzplant\u00e1ci\u00f3s Igazgat\u00f3s\u00e1g. <\/p>\n<p>237. Dr. Kov\u00e1cs J\u00f3zsef:Etikai k\u00e9rd\u00e9sek a pszichoter\u00e1pi\u00e1ban. El\u0151ad\u00e1s az SE \u00c1OK Klinikai Pszichol\u00f3giai Tansz\u00e9k klinikai szakpszichol\u00f3gus szakk\u00e9pz\u00e9se keret\u00e9ben II. \u00e9ves szakpszichol\u00f3gus hallgat\u00f3k r\u00e9sz\u00e9re (2019\/20 -os tan\u00e9v II. f\u00e9l\u00e9v.) 2020. febru\u00e1r 13-\u00e1n. (Helysz\u00edn: City Corner Irodah\u00e1z, 1085. Budapest, \u00dcll\u0151i \u00fat 25. I. emelet)<\/p>\n<p>238. Dr. Kov\u00e1cs J\u00f3zsef: Aktu\u00e1lis k\u00e9rd\u00e9sek a bioetik\u00e1ban. El\u0151ad\u00e1s a Semmelweis Egyetem alap\u00edt\u00e1s\u00e1nak 250. \u00e9vfordul\u00f3ja alkalm\u00e1b\u00f3l megrendez\u00e9sre ker\u00fclt \u201eSzenior Akad\u00e9mia\u201d szabadel\u0151ad\u00e1s sorozat keret\u00e9ben. (Szervez\u0151: dr. Nagy Zolt\u00e1n)<br \/>\nId\u0151pont: 2020. febru\u00e1r 17. Helyszin: Semmelweis Egyetem, Nagyv\u00e1rad t\u00e9ri Elm\u00e9leti T\u00f6mb D\u00edszterem (1089. Budapest, Nagyv\u00e1rad t\u00e9r 4. f\u00f6ldszint) Megh\u00edvott, felk\u00e9rt el\u0151ad\u00f3k\u00e9nt <\/p>\n<p>239. Dr. Kov\u00e1cs J\u00f3zsef: Pszichoter\u00e1pi\u00e1s etika. El\u0151ad\u00e1s a Pszichoter\u00e1pia k\u00f6telez\u0151 szintentart\u00f3 tanfolyamon. (Akkr. sz\u00e1m: SE-TK\/2020.I.\/00164) Szervez\u0151: SE Pszichi\u00e1triai \u00e9s Pszichoter\u00e1pi\u00e1s Klinika (dr. Simon Lajos) Helysz\u00edn: Semmelweis Egyetem, Nagyv\u00e1rad t\u00e9ri Elm\u00e9leti T\u00f6mb, Johann B\u00e9la terem. Id\u0151pont: 2020. 02.28. (Felk\u00e9rt el\u0151ad\u00f3k\u00e9nt) <\/p>\n<p>240. Dr. Kov\u00e1cs J\u00f3zsef: A forenzikus pszichi\u00e1tria etikai k\u00e9rd\u00e9sei. El\u0151ad\u00e1s az <br \/>\n\u201eEmberi jogok \u00e9rv\u00e9nyes\u00fcl\u00e9se a pszichi\u00e1triai betegell\u00e1t\u00e1sban. Bizony\u00edt\u00e9kokon alapul\u00f3 igazs\u00e1g\u00fcgyi pszichi\u00e1triai\/pszichol\u00f3giai szak\u00e9rt\u00e9s. COVID \u00e9s pszichi\u00e1triai betegell\u00e1t\u00e1s, forenzikus pszichi\u00e1tria.\u201dc. CME k\u00e9pz\u00e9sen 2020. november 13 \u00e1n. Megh\u00edvott, felk\u00e9rt el\u0151ad\u00f3k\u00e9nt, online.) Szervez\u0151: a Semmelweis Egyetem Pszichi\u00e1triai \u00e9s Pszichoter\u00e1pi\u00e1s Klinika Forenzikus Pszichi\u00e1triai Munkacsoportja \u201eszakorvosok folyamatos tov\u00e1bbk\u00e9pz\u00e9s\u00e9nek (CME) keret\u00e9ben rendezett tanfolyam.( 2020. november 12 \u00e9s 13., cs\u00fct\u00f6rt\u00f6k, p\u00e9ntek) A COVID j\u00e1rv\u00e1ny miatt Zoom-on tartott online el\u0151ad\u00e1s (Felk\u00e9rt el\u0151ad\u00f3k\u00e9nt.)<\/p>\n<p>\n241. Dr. Kov\u00e1cs J\u00f3zsef: A kr\u00edzisek etikai vonatkoz\u00e1sai a pszichoter\u00e1pi\u00e1ban. El\u0151ad\u00e1s a \u201eKlinikai szakpszichol\u00f3gus szintentart\u00f3 tanfolyamon (2020.november 16-18.) 2020. november 18-\u00e1n. (Szervez\u0151: SE Klinikai Pszichol\u00f3gia Tansz\u00e9k. A COVID j\u00e1rv\u00e1ny miatt Zoom-on tartott online el\u0151ad\u00e1s (Felk\u00e9rt el\u0151ad\u00f3k\u00e9nt.)<\/p>\n<p>242. Dr. Kov\u00e1cs J\u00f3zsef: A pszichoter\u00e1pia etikai k\u00e9rd\u00e9sei. El\u0151ad\u00e1s a VIKOTE pszichoterapeuta szakvizsga el\u0151k\u00e9sz\u00edt\u0151 tanfolyam\u00e1n. (Szervez\u0151: Gr\u00f3f \u00c1gnes) <br \/>\nHelysz\u00edn: Online, Zoom seg\u00edts\u00e9g\u00e9vel tartott el\u0151ad\u00e1s. Id\u0151pont: 2020. november 25. (Felk\u00e9rt el\u0151ad\u00f3k\u00e9nt) <\/p>\n<p>243. Dr. Kov\u00e1cs J\u00f3zsef: A pszichi\u00e1triai etika aktu\u00e1lis k\u00e9rd\u00e9sei. El\u0151ad\u00e1s a 2021. \u00e9vi Pszichi\u00e1tria K\u00f6telez\u0151 Szintentart\u00f3 Tanfolyamon (2021. 09.13-15.) 2021. szeptember 14-\u00e9n. Szervez\u0151: SE Pszichi\u00e1triai \u00e9s Pszichoter\u00e1pi\u00e1s Klinika. Helysz\u00edn: 1089. Budapest, Nagyv\u00e1rad t\u00e9r. 4. D\u00edszterem.\/Zoom (Felk\u00e9rt el\u0151ad\u00f3k\u00e9nt.)<\/p>\n<p>244. Dr. Kov\u00e1cs J\u00f3zsef: A COVID ell\u00e1t\u00e1s etikai dilemm\u00e1i. El\u0151ad\u00e1s a \u201eBetegbiztons\u00e1g a klinikumban a koronav\u00edrus-j\u00e1rv\u00e1ny idej\u00e9n\u201d c\u00edm\u0171 posztgradu\u00e1lis (OFTEX) tanfolyamon. (Szervez\u0151k: Dr. Baranyai Zsolt, Dr. Hars\u00e1nyi L\u00e1szl\u00f3, Dr. Weltner J\u00e1nos.) Helysz\u00edn: Seb\u00e9szeti, Transzplant\u00e1ci\u00f3s \u00e9s Gasztroenterol\u00f3giai Klinika Tanterme. (1082. Budapest, \u00dcll\u0151i \u00fat 78.) Id\u0151pont: 2021. okt\u00f3ber. 15.) (Felk\u00e9rt el\u0151ad\u00f3k\u00e9nt) <\/p>\n<p>245. Dr. Kov\u00e1cs J\u00f3zsef: A DCD (Donation after Circulatory Death) don\u00e1ci\u00f3 etikai k\u00e9rd\u00e9sei. El\u0151ad\u00e1s a Magyar Transzplant\u00e1ci\u00f3s T\u00e1rsas\u00e1g XXII. kongresszus\u00e1t megel\u0151z\u0151, kib\u0151v\u00edtett vezet\u0151s\u00e9gi \u00fcl\u00e9s keret\u00e9ben megtartott DCD konszenzus t\u00e1rgyal\u00e1son. Helysz\u00edn: A COVID-19 j\u00e1rv\u00e1nyhelyzet miatt Zoom konferenciabesz\u00e9lget\u00e9s keret\u00e9ben. Id\u0151pont: 2021. november. 24. (Felk\u00e9rt el\u0151ad\u00f3k\u00e9nt.) (Eln\u00f6k: Dr. Harty\u00e1nszky Istv\u00e1n. Szervez\u0151: Dr. Mih\u00e1ly S\u00e1ndor, f\u0151titk\u00e1r)<\/p>\n<p>246. Dr. Kov\u00e1cs J\u00f3zsef: Csal\u00e1djogi kerekasztal. Kerekasztalbesz\u00e9lget\u00e9s r\u00e9sztvev\u0151jek\u00e9nt a M\u00e1dl Ferenc Int\u00e9zet \u00e1ltal szervezett megbesz\u00e9l\u00e9sen. Moder\u00e1tor: Dr. Barz\u00f3 Timea csal\u00e1djog\u00e1sz. A kerekasztal besz\u00e9lget\u00e9s tov\u00e1bbi r\u00e9sztvev\u0151i: Dr. Lenkovics Barnab\u00e1s, az Alkotm\u00e1nyb\u00edr\u00f3s\u00e1g volt eln\u00f6ke, dr. K\u0151r\u00f6s Andr\u00e1s csal\u00e1djog\u00e1sz, nyugalmazott k\u00fariai tan\u00e1csvezet\u0151 b\u00edr\u00f3, Dr. Moln\u00e1r Bal\u00e1zs eln\u00f6khelyettes, Kopp M\u00e1ria Int\u00e9zet. Helyszin: M\u00e1dl Ferenc Int\u00e9zet, 1123. Budapest, Alkot\u00e1s u. 55.) Id\u0151pont: 2021. 12. 09. A vit\u00e1r\u00f3l vide\u00f3felv\u00e9tel k\u00e9sz\u00fclt (dr. Katona G\u00e1bor ir\u00e1ny\u00edt\u00e1s\u00e1val.)<br \/>\nA videofelv\u00e9tel el\u00e9rhet\u0151: https:\/\/www.youtube.com\/watch?v=X8Xc6tLUjoI<\/p>\n<p>247. Dr. Kov\u00e1cs J\u00f3zsef: A pszichoter\u00e1pia etikai k\u00e9rd\u00e9sei. El\u0151ad\u00e1s a CBT-konzult\u00e1ci\u00f3s k\u00e9pz\u00e9s keret\u00e9ben. (Szervez\u0151: VIKOTE) 2022. szeptember 22-\u00e9n. (Helysz\u00edn: VIKOTE Kognit\u00edv \u00e9s S\u00e9mater\u00e1pi\u00e1s K\u00f6zpont, 1083. Budapest, Baross u. 119\/A.; (Felk\u00e9rt el\u0151ad\u00f3k\u00e9nt)) Szervez\u0151k: Gr\u00f3f \u00c1gnes<\/p>\n<p>248. Dr. Kov\u00e1cs J\u00f3zsef: Az \u00e9letment\u0151 orvosi kezel\u00e9sek visszautas\u00edt\u00e1s\u00e1nak etikai k\u00e9rd\u00e9sei, k\u00fcl\u00f6n\u00f6s tekintettel az \u00e9letment\u0151 transzf\u00fazi\u00f3 visszautas\u00edt\u00e1s\u00e1ra Jehova Tan\u00fai betegek eset\u00e9n. El\u0151ad\u00e1s a Seb\u00e9szeti, Transzplant\u00e1ci\u00f3s \u00e9s Gasztroenterol\u00f3giai Klinika (1082. Budapest, \u00dcll\u0151i \u00fat 78, El\u0151ad\u00f3terem) \u201eH\u00e9tf\u0151i Tudom\u00e1ny\u201d rendezv\u00e9ny\u00e9n 2023. j\u00fanius 19-\u00e9n. (Felk\u00e9rt el\u0151ad\u00f3k\u00e9nt) <\/p>\n<p>249. Dr. Kov\u00e1cs J\u00f3zsef: Jog\u00e1ban \u00e1ll meghalni? (Euthanasia: Taking Life and Death Seriously.) Kerekasztalbesz\u00e9lget\u00e9s egyik r\u00e9sztvev\u0151jek\u00e9nt a kegyes hal\u00e1l etikai, orvosetikai \u00e9s filoz\u00f3fiai aspektusair\u00f3l. R\u00e9sztvev\u0151k: John Wyatt (University of Cambridge), Nigel Biggar (University of Oxford, J\u00f3zsef Kov\u00e1cs (Semmelweis University). Moder\u00e1tor: Csapodi M\u00e1rton. Szervez\u0151: Dr. P\u00f3cza K\u00e1lm\u00e1n, a Mathias Corvinus Collegium Alkotm\u00e1nypolitikai M\u0171hely\u00e9nek vezet\u0151je.) Helysz\u00edn: Mathias Corvinus Collegium, Scruton, (1113. Budapest, Tas vez\u00e9r u. 3-7.) Id\u0151pont: 2024. febru\u00e1r 15. El\u00e9rhet\u0151: https:\/\/www.youtube.com\/watch?v=Fmzb44zFxno<\/p>\n<p>250. Dr. Kov\u00e1cs J\u00f3zsef: A pszichi\u00e1triai etika aktu\u00e1lis k\u00e9rd\u00e9sei. El\u0151ad\u00e1s a 2024. \u00e9vi Pszichi\u00e1tria K\u00f6telez\u0151 Szintentart\u00f3 Tanfolyamon (2024. 10.8-10.) 2024. okt\u00f3ber 9-\u00e9n. Szervez\u0151: SE Pszichi\u00e1triai \u00e9s Pszichoter\u00e1pi\u00e1s Klinika. Helysz\u00edn: 1089. Budapest, Nagyv\u00e1rad t\u00e9r. 4. D\u00edszterem. (Felk\u00e9rt el\u0151ad\u00f3k\u00e9nt.)<\/p>\n<p>251. Dr. Kov\u00e1cs J\u00f3zsef: Bioetikus a szervadom\u00e1nyoz\u00e1sr\u00f3l. El\u0151ad\u00e1s az \u201eElhunyt potenci\u00e1lis donorok hozz\u00e1tartoz\u00f3ival t\u00f6rt\u00e9n\u0151 kommunik\u00e1ci\u00f3\u201d c\u00edm\u0171 rendezv\u00e9nyen. (Tov\u00e1bbk\u00e9pz\u0151 Nap aneszteziol\u00f3giai \u00e9s intenz\u00edv ter\u00e1pi\u00e1s szakorvosok r\u00e9sz\u00e9re.) (Az Orsz\u00e1gos V\u00e9rell\u00e1t\u00f3 Szolg\u00e1lat, Transzplant\u00e1ci\u00f3s Igazgat\u00f3s\u00e1g \u00e9s a Semmelweis Egyetem Magatart\u00e1studom\u00e1nyi Int\u00e9zet k\u00f6z\u00f6s szervez\u00e9s\u00e9ben.) (Helysz\u00edn: Orsz\u00e1gos V\u00e9rell\u00e1t\u00f3 Szolg\u00e1lat, 1113. Budapest, Karolina \u00fat 19-21. Id\u0151pont: 2025. janu\u00e1r 15.) (Felk\u00e9rt el\u0151ad\u00f3k\u00e9nt) <\/p>\n<p>\nM\u00e9dia szerepl\u00e9sek<\/p>\n<p>1. A felvil\u00e1gosult t\u00e1j\u00e9kozotts\u00e1g. Kerekasztalbesz\u00e9lget\u00e9s r\u00e9sztvev\u0151jek\u00e9nt a Magyar R\u00e1di\u00f3ban. (F\u00f3rum. Sokszemk\u00f6zt az eg\u00e9szs\u00e9gr\u0151l. Szerkeszt\u0151-m\u0171sorvezet\u0151: dr. Eke K\u00e1roly. 1992. m\u00e1rcius 2O. Kossuth, 22.30-23.00.) (\u00cdr\u00e1sban az eg\u00e9szs\u00e9g 1992. m\u00e1jusi sz\u00e1m\u00e1ban.)<\/p>\n<p>2. A daganatos betegek t\u00e1j\u00e9koztat\u00e1s\u00e1nak etikai k\u00e9rd\u00e9sei. Kerekasztalbesz\u00e9lget\u00e9s r\u00e9sztvev\u0151jek\u00e9nt a Magyar R\u00e1di\u00f3ban. (\u201eGordiusz.\u201d Szerkeszt\u0151-m\u0171sorvezet\u0151: Nagyist\u00f3k Tibor \u00e9s S\u00e1lyi Andr\u00e1s. 1992. \u00e1prilis 9. Bart\u00f3k, 17.00-17.50.)<\/p>\n<p>3. A t\u00e1j\u00e9kozotts\u00e1g joga. Kerekasztalbesz\u00e9lget\u00e9s r\u00e9sztvev\u0151jek\u00e9nt a Magyar R\u00e1di\u00f3ban. (\u201eF\u00f3rum. Sokszemk\u00f6zt az eg\u00e9szs\u00e9gr\u0151l.\u201d Szerkeszt\u0151-m\u0171sorvezet\u0151: dr. Eke K\u00e1roly. 1992. \u00e1prilis 17. Kossuth, 22.30-23.00.) (\u00cdr\u00e1sban az \u201eEg\u00e9szs\u00e9g\u201d 1992. j\u00faniusi sz\u00e1m\u00e1ban.)<\/p>\n<p>4. Az orvosetika dilemm\u00e1i. (Eutan\u00e1zia, abortusz, lombikb\u00e9bi.) Interj\u00fa. (K\u00e9sz\u00edtette: Kov\u00e1cs Judit) Magyar Nemzet 1992. m\u00e1jus 21.<\/p>\n<p>5. Az eutan\u00e1zia. A Magyar Telev\u00edzi\u00f3 1. csatorn\u00e1ja \u00e1ltal k\u00e9sz\u00edtett vitam\u0171sor el\u0151ad\u00f3 r\u00e9sztvev\u0151jek\u00e9nt. (\u201eH\u0151m\u00e9r\u0151\u201d, 1992. j\u00fanius 13. 15.00-16.00 TV-1)<\/p>\n<p>6. A betegek jogair\u00f3l. Interj\u00fa alanyak\u00e9nt a Magyar R\u00e1di\u00f3ban. (Pet\u0151fi R\u00e1di\u00f3, 1992. okt\u00f3ber 22. 9.05-10.55. \u201eZene-sz\u00f3.\u201d Szerkeszt\u0151-m\u0171sorvezet\u0151: Luk\u00e1csi B\u00e9la.)<\/p>\n<p>7. Kerekasztalbesz\u00e9lget\u00e9s a \u201elombikb\u00e9bir\u0151l.\u201d A besz\u00e9lget\u00e9s r\u00e9sztvev\u0151jek\u00e9nt a Magyar R\u00e1di\u00f3ban. (1992. okt\u00f3ber 29. Bart\u00f3k, 17.00-17.50. \u201eGordiusz.\u201d Szerkeszt\u0151-m\u0171sorvezet\u0151: Tolnai Kata \u00e9s Herceg J\u00e1nos.)<\/p>\n<p>8. Sz\u00fclhet-e, aki agyhal\u00e1lt szenvedett? Interj\u00fa. (K\u00e9sz\u00edtette: Kov\u00e1cs Judit) Magyar Nemzet, 1992. november 7. szombat.<\/p>\n<p>9. A passz\u00edv eutan\u00e1zi\u00e1r\u00f3l. Interj\u00fa \u201eA Reggel\u201d c. h\u00edrm\u0171sorban a Magyar Telev\u00edzi\u00f3ban. (K\u00e9sz\u00edtette: S\u00e1ndor Istv\u00e1n) (TV-1, 7.15-7.30, 1992. december 10.)<\/p>\n<p>10. Interj\u00fa az 1992. december 11-12-i, a \u201eBioetika \u00e9s Kult\u00fara\u201d c., az Eur\u00f3pa Tan\u00e1cs \u00e9gisze alatt a Francia Int\u00e9zetben tartott bioetika konferenci\u00e1r\u00f3l a Magyar R\u00e1di\u00f3ban. (\u201eGordiusz,\u201d 1992. december 17., Bart\u00f3k, 17.00-17.50 Szerkeszt\u0151-m\u0171sorvezet\u0151: Herceg J\u00e1nos \u00e9s S\u00e1lyi Andr\u00e1s.)<\/p>\n<p>11. Az \u00e9let joga&#8211;a hal\u00e1l joga. A felvil\u00e1gos\u00edt\u00e1s meg\u00edt\u00e9l\u00e9se. Interj\u00fa. K\u00e9sz\u00edtette: dr. Heged\u0171s Katalin. Heti H\u00edrhoz\u00f3, 1992. december 24. IV. \u00e9vf. 52. sz\u00e1m.<\/p>\n<p>12. Az \u00faj g\u00e9ntechnikai elj\u00e1r\u00e1sok n\u00e9h\u00e1ny etikai k\u00e9rd\u00e9s\u00e9r\u0151l. Interj\u00fa a Magyar R\u00e1di\u00f3ban. Riporter: Tolnai Kata. 1993. janu\u00e1r 9. Pet\u0151fi, 6.32-6.35.)<\/p>\n<p>13. Az akt\u00edv eutan\u00e1zi\u00e1r\u00f3l. Interj\u00fa a Magyar R\u00e1di\u00f3ban. Riporter: Liebhardt \u00c1gota. 1993. febru\u00e1r 26. Gordiusz plusz. Pet\u0151fi: 10.55-11.00.<\/p>\n<p>14. A betegek jogair\u00f3l. Interj\u00fa a Magyar Telev\u00edzi\u00f3ban. \u201eAblak\u201d, TV-1, 1993. m\u00e1jus 28. 18.00-18.55. Riporter: E\u0151ri Szab\u00f3 Zsolt.<\/p>\n<p>15. Besz\u00e9lget\u00e9s a betegjogokr\u00f3l. Kerekasztalbesz\u00e9lget\u00e9s r\u00e9sztvev\u0151jek\u00e9nt a Magyar R\u00e1di\u00f3ban. (\u201eF\u00f3rum. Sokszemk\u00f6zt az eg\u00e9szs\u00e9gr\u0151l.\u201d Szerkeszt\u0151-m\u0171sorvezet\u0151: dr. Eke K\u00e1roly. 1993. j\u00falius 19. Kossuth, 22.30-23.00.)<\/p>\n<p>16. Az akt\u00edv eutan\u00e1zi\u00e1r\u00f3l. Interj\u00fa, Pesti H\u00edrlap, 1993. okt\u00f3ber 4. H\u00e9tf\u0151.<\/p>\n<p>17. Az eutan\u00e1zi\u00e1r\u00f3l. Interj\u00fa. Magyar R\u00e1di\u00f3, \u201eZiccer\u201d, (Szerkeszt\u0151-m\u0171sorvezet\u0151: Szeg\u0151 Mikl\u00f3s), Pet\u0151fi, 17.30-18.00. 1993. okt\u00f3ber 6.<\/p>\n<p>18. Az eutan\u00e1zi\u00e1r\u00f3l. Interj\u00fa. H\u00e9tv\u00e9gi Esti H\u00edrlap, 1993. okt\u00f3ber 16. Szombat.<\/p>\n<p>19. Kereng\u0151 a szerv\u00e1t\u00fcltet\u00e9sr\u0151l. Kerekasztalbesz\u00e9lget\u00e9s r\u00e9sztvev\u0151jek\u00e9nt a Magyar R\u00e1di\u00f3ban. Szerkeszt\u0151-m\u0171sorvezet\u0151: S\u00e1lyi Andr\u00e1s. Kossuth, 15.05-15.35. 1993. november 19.<\/p>\n<p>20. T\u00e9r-id\u0151. Gondolatok a biol\u00f3gi\u00e1r\u00f3l. Interj\u00fa. Szerkeszt\u0151-m\u0171sorvezet\u0151: Egyed L\u00e1szl\u00f3 \u00e9s G\u00edmes J\u00falia. Kossuth, 21.05&#8211;22.00. 1993. december 22.<\/p>\n<p>21. Tiszteld a beteget. Interj\u00fa. (K\u00e9sz\u00edtette: Kov\u00e1cs Judit. ) Magyar Nemzet, 1994. m\u00e1rcius 31. cs\u00fct\u00f6rt\u00f6k. (orvosi etika mell\u00e9klet)<\/p>\n<p>22. Egy vita folytat\u00f3dik. Interj\u00fa (k\u00e9sz\u00edtette G\u00f6m\u00f6ri Judit) az abortuszr\u00f3l a RU 486 abortusztabletta kapcs\u00e1n. Vas\u00e1rnap, 1994. j\u00falius 3.<\/p>\n<p>23. Seg\u00edts a hal\u00e1lba. Interj\u00fa az eutan\u00e1zi\u00e1r\u00f3l. (K\u00e9sz\u00edtette: Gembiczky Zsuzsa) Reform, 1994. j\u00falius 29.<\/p>\n<p>24. Az eutan\u00e1zi\u00e1r\u00f3l. Interj\u00fa (k\u00e9sz\u00edtette: Szekeres M\u00f3nika, szerkeszt\u0151-riporter) TV-Metropol, 1994. szeptember 13. <\/p>\n<p>25. Vannak-e az \u00e1llatoknak jogaik? Interj\u00fa (k\u00e9sz\u00edtette: Szekeres M\u00f3nika, szerkeszt\u0151-riporter). TV-Metropol, 1994. szeptember 17. 8.30-9.00)<\/p>\n<p>26. A Szent Borb\u00e1la k\u00f3rh\u00e1z nem fellebbez. Ki a tulajdonosa a betegs\u00e9g dokumentumainak? Interj\u00fa (k\u00e9sz\u00edtette: Kakuk Tam\u00e1s). N\u00e9pszabads\u00e1g, 1994. szeptember 17. <\/p>\n<p>27. Az embri\u00f3k\u00eds\u00e9rletekr\u0151l, az embri\u00f3sz\u00f6vetek ter\u00e1pi\u00e1s felhaszn\u00e1lhat\u00f3s\u00e1g\u00e1r\u00f3l \u00e9s az IVF-r\u0151l. Interj\u00fa (k\u00e9sz\u00edtette: Bar\u00e1t J\u00f3zsef) Magyar R\u00e1di\u00f3, 1994. november 18. Pet\u0151fi: 10.00-11.00 \u201eZenesz\u00f3.\u201d<\/p>\n<p>28. A betegek t\u00e1j\u00e9koztat\u00e1s\u00e1n alapul\u00f3 beleegyez\u00e9sr\u0151l. Interj\u00fa (K\u00e9sz\u00edtette: Bar\u00e1t J\u00f3zsef) Magyar R\u00e1di\u00f3, 1994. december 16. Pet\u0151fi: 11.00-12.00 \u201eZenesz\u00f3\u201d.<\/p>\n<p>29. Transzplant\u00e1ci\u00f3 dobog\u00f3 sz\u00edv\u0171 halottb\u00f3l. Interj\u00fa a szervtranszplant\u00e1ci\u00f3 etikai dilemm\u00e1ir\u00f3l. (K\u00e9sz\u00edtette: \u00c9l\u0151 Anita) Magyar Nemzet, 1995. febru\u00e1r 6. <\/p>\n<p>30. Az abortuszr\u00f3l. Interj\u00fa (K\u00e9sz\u00edtette: Bar\u00e1t J\u00f3zsef) Magyar R\u00e1di\u00f3. 1995. febru\u00e1r 12. Kossuth, 17.00-18.00.<\/p>\n<p>31. Az orvos felel\u0151ss\u00e9g\u00e9t\u0151l a beteg jog\u00e1ig. Interj\u00fa a betegjogokr\u00f3l. (K\u00e9sz\u00edtette: R\u00e9vay Andr\u00e1s) \u201eMagyarorsz\u00e1g\u201d 1995. m\u00e1rcius 3.<\/p>\n<p>32. A betegek jogair\u00f3l. Interj\u00fa. (K\u00e9sz\u00edtette: Lengyel Nagy Anna) Magyar R\u00e1di\u00f3, 16 \u00f3ra. (Kossuth, 16.00-17.30) 1995. m\u00e1rcius 18.<\/p>\n<p>33. A betegjogok deklar\u00e1l\u00e1s\u00e1nak jelent\u0151s\u00e9ge. Interj\u00fa. TV-3, 1995. m\u00e1rcius 18.<\/p>\n<p>34. A bioetik\u00e1r\u00f3l. Interj\u00fa. Magyar R\u00e1di\u00f3. (\u201eNapk\u00f6zben\u201d c. m\u0171sor\u00e1ban 1995. V. 19.-\u00e9n, 10.20-10.25.)<\/p>\n<p>35. A betegjogokr\u00f3l. Interj\u00fa az oroszl\u00e1nyi region\u00e1lis telev\u00edzi\u00f3ban, 1995. V. 19.-\u00e9n.<\/p>\n<p>36. A g\u00e9nseb\u00e9szetr\u0151l, az \u00faj j\u00e1rv\u00e1nyok vesz\u00e9lyeir\u0151l. Interj\u00fa. Magyar R\u00e1di\u00f3. \u201eVil\u00e1g\u00f3ra\u201d, Kossuth, 9.00-10.00. Riporter: Nemes G\u00e1bor. 1995. V. 21.<\/p>\n<p>37. A szervkereskedelemr\u0151l. Interj\u00fa. (K\u00e9sz\u00edtette: S\u00e1ndor Kata) Magyar R\u00e1di\u00f3. \u201e16 \u00f3ra.\u201d 1995. VI. 3. Kossuth, 16.00-17.30.<\/p>\n<p>38. Az \u00fajsz\u00fcl\u00f6tt nem\u00e9nek a megv\u00e1laszt\u00e1s\u00e1r\u00f3l. Interj\u00fa. (K\u00e9sz\u00edtette: S\u00e1ndor Kata) Magyar R\u00e1di\u00f3. \u201eCsal\u00e1di T\u00fck\u00f6r\u201d. 1995. VI. 17. Kossuth, 8.30.-9.00.<\/p>\n<p>39. A betegek jogainak jelent\u0151s\u00e9g\u00e9r\u0151l. Interj\u00fa. (K\u00e9sz\u00edtette: Endrei Judit \u00e9s Domb\u00f3v\u00e1ri Zolt\u00e1n) TV-1, 9.30-11.00. (\u201eT\u00edz\u00f3rai\u201d) 1995. VII. 14.<\/p>\n<p>40. Egy sz\u00fcl\u00e9s-k\u00e9t apa. Interj\u00fa. (K\u00e9sz\u00edtette: Kov\u00e1cs Judit) Magyar Nemzet, 1995. j\u00fal. 18. kedd.<\/p>\n<p>41. A szerv\u00e1t\u00fcltet\u00e9s etikai dilemm\u00e1i Magyarorsz\u00e1gon. Interj\u00fa (K\u00e9sz\u00edtette: Bar\u00e1t J\u00f3zsef) TV-2 \u201eObjekt\u00edv\u201d (22.00-22.30.) 1995. j\u00falius 26.<\/p>\n<p>42. M\u00e9gis kinek az \u00e9lete? Interj\u00fa. (K\u00e9sz\u00edtette: R. Papp \u00c1gnes. Eg\u00e9szs\u00e9g\u00fcgyi Konz\u00edlium. 1995. IV. \u00e9vf. 7-8. sz\u00e1m. (p.14-15)<\/p>\n<p>43. Mondhat-e nemet a beteg? Erk\u00f6lcsi dilemm\u00e1k a gy\u00f3gy\u00edt\u00e1s k\u00f6r\u00fcl. Interj\u00fa. (K\u00e9sz\u00edtette: T\u00f3th Andrea) Magyar H\u00edrlap (Heti Patika), 1995. szeptember 19. kedd.<\/p>\n<p>44. A betegjogok aktualit\u00e1sa. Interj\u00fa. Magyar R\u00e1di\u00f3. \u201eReggeli Kr\u00f3nika.\u201d (1995. szeptember 29. Kossuth, 7.23&#8211;7.25.)<\/p>\n<p>45. A betegt\u00e1j\u00e9koztat\u00e1sr\u00f3l. Interj\u00fa. Magyar Telev\u00edzi\u00f3, TV&#8211;1. \u201eNapkelte\u201d. (1995. szeptember 29.)<\/p>\n<p>46. Hal\u00e1l, saj\u00e1t k\u00e9r\u00e9sre. (Az eutan\u00e1zi\u00e1r\u00f3l.) Interj\u00fa. R\u00e1di\u00f3 \u00e9s Telev\u00edzi\u00f3 \u00dajs\u00e1g. (A Magyar R\u00e1di\u00f3 Hetilapja) 1995. 41. sz\u00e1m (1995. okt\u00f3ber 9&#8211;15.)<\/p>\n<p>47. Az eutan\u00e1zia n\u00e9h\u00e1ny k\u00e9rd\u00e9se. Interj\u00fa. (K\u00e9sz\u00edtette: P\u00e9csi Tibor). \u00c9let \u00e9s Tudom\u00e1ny, 1995\/40. (1995. okt\u00f3ber 6.)<\/p>\n<p>48. Az eutan\u00e1zia etikai k\u00e9rd\u00e9sei. Kerekasztalbesz\u00e9lget\u00e9s r\u00e9sztvev\u0151jek\u00e9nt. (\u201e\u00c9jjeli mened\u00e9khely\u201d, Vitavezet\u0151: K\u00f3thy Judit) TV&#8211;1. 22. 35&#8211;0.40. (1995. okt\u00f3ber 9.)<\/p>\n<p>49. K\u00edv\u00e1natra, kegyeletb\u0151l elk\u00f6vetett ember\u00f6l\u00e9s. Interj\u00fa. (K\u00e9sz\u00edtette: Bal\u00e1zsi Gy\u00f6rgy) Magyar H\u00edrlap, 1995. okt\u00f3ber 26. Cs\u00fct\u00f6rt\u00f6k.<\/p>\n<p>50. Az eutan\u00e1zi hazai k\u00e9rd\u00e9sei. Interj\u00fa. (K\u00e9sz\u00edtette: Nagyist\u00f3k Tibor) Magyar R\u00e1di\u00f3, Kossuth, 18.30&#8211;19.00. (\u201eR\u00e1ad\u00e1s\u201d) 1995. okt\u00f3ber 31.<\/p>\n<p>51. Szemben a r\u00e1kkal. Interj\u00fa. (K\u00e9sz\u00edtette: Szigethy Anna) (A betegjogok \u00e9s a gy\u00f3gy\u00edthatatlan betegek t\u00e1j\u00e9koztat\u00e1sa) Magyar R\u00e1di\u00f3, \u201eT\u00f6rv\u00e9nyk\u00f6nyv\u201d, Kossuth, 12.40&#8211;12.50. (1995. november 7.)<\/p>\n<p>52. A t\u00e1j\u00e9kozott beleegyez\u00e9s fogalma. Interj\u00fa. (K\u00e9sz\u00edtette: Galg\u00f3czy Zsuzsa) Orvosegyetem, 1995. november 8. (XXXIX \u00e9vfolyam, 16. sz\u00e1m)<\/p>\n<p>53.A passz\u00edv eutan\u00e1zi\u00e1r\u00f3l. Interj\u00fa. (K\u00e9sz\u00edtette: M\u00e9lykuti Ilona) Magyar R\u00e1di\u00f3. \u201eKossuth-klub.\u201d Kossuth, 21.00&#8211;22.00. (1995. november 15.)<\/p>\n<p>54. Etikai k\u00e9rd\u00e9sek: Az eutan\u00e1zia. (dr. Matk\u00f3 Id\u00e1val t\u00e1rsszerz\u0151k\u00e9nt) In: Eg\u00e9szs\u00e9g. 107. \u00e9vf. 1995. 6. sz\u00e1m (p. 9&#8211;10)<\/p>\n<p>55. \u201eJog\u00e1llatis\u00e1g.\u201d Interj\u00fa az \u00e1llatokkal val\u00f3 b\u00e1n\u00e1sm\u00f3d etikai k\u00e9rd\u00e9seir\u0151l. K\u00e9sz\u00edtette: Mihalicz Csilla. In: 168 \u00f3ra VII. \u00e9vfolyam, 49. sz\u00e1m. 1995. december 12.<\/p>\n<p>56. Az eg\u00e9szs\u00e9ghez val\u00f3 jogr\u00f3l. Interj\u00fa. (K\u00e9sz\u00edtette: Szigethy Anna) Magyar R\u00e1di\u00f3 \u201eT\u00f6rv\u00e9nyk\u00f6nyv\u201d, Kossuth, 12.40&#8211;12.50. (1996. janu\u00e1r 22.)<\/p>\n<p>57. A f\u00e1jdalomcsillap\u00edt\u00e1s \u00e9s a szenved\u00e9s etikai k\u00e9rd\u00e9seir\u0151l. In: \u201eNem megy, nagyon f\u00e1j.\u201d Dokumentumfilm a f\u00e1jdalomcsillap\u00edt\u00e1sr\u00f3l. Szerkeszt\u0151-riporter: \u00c1cs Mikl\u00f3s, Imre Ildik\u00f3. (Magyar Telev\u00edzi\u00f3, TV&#8211;2, 20.10&#8211;21.00. 1996. janu\u00e1r 30.)<\/p>\n<p>58. A hal\u00e1l defin\u00edci\u00f3ja, a hal\u00e1l meg\u00e1llap\u00edt\u00e1s\u00e1nak krit\u00e9riumai. Interj\u00fa. (Szerkeszt\u0151-riporter: Bar\u00e1t J\u00f3zsef) Magyar R\u00e1di\u00f3, \u201eEnnyi\u201d. (Pet\u0151fi, 23.10-0.15) (1996. febru\u00e1r 20.)<\/p>\n<p>59. Az eutan\u00e1zia hazai probl\u00e9m\u00e1ir\u00f3l. Interj\u00fa. Magyar R\u00e1di\u00f3, \u201eReggeli Kr\u00f3nika.\u201d (Kossuth, 6.30.-6.33) 1996. febru\u00e1r 23.<\/p>\n<p>60. Eutan\u00e1zia: elengedett \u00e9let. Interj\u00fa az eutan\u00e1zi\u00e1r\u00f3l. N\u00e9pszabads\u00e1g, 1996. febru\u00e1r 24. szombat<\/p>\n<p>61. A betegjogok k\u00e9rd\u00e9s\u00e9r\u0151l. Interj\u00fa. (Szerkeszt\u0151-m\u0171sorvezet\u0151: S\u00e1lyi Andr\u00e1s) Magyar R\u00e1di\u00f3, \u201eKereng\u0151\u201d, (Pet\u0151fi, 14.30-15.00) 1996. febru\u00e1r 25.<\/p>\n<p>62. Alternat\u00edv gy\u00f3gy\u00edt\u00e1s \u00e9s etika. Interj\u00fa. (K\u00e9sz\u00edtette: Kov\u00e1cs Judit) Magyar Nemzet, 1996. febru\u00e1r 29. cs\u00fct\u00f6rt\u00f6k.<\/p>\n<p>63. A m\u0171vi abortuszr\u00f3l. Interj\u00fa. (Szerkeszt\u0151-riporter: Bar\u00e1t J\u00f3zsef) Magyar R\u00e1di\u00f3, Pet\u0151fi, 1996. m\u00e1rcius 3.<\/p>\n<p>64. Az orvosi felel\u0151ss\u00e9gr\u0151l. Interj\u00fa. Magyar Telev\u00edzi\u00f3, TV-1. \u201eT\u00edz\u00f3rai.\u201d 10.15-10.20.<br \/>\n1996.m\u00e1rcius 29.<\/p>\n<p>65. A magzati szerv \u00e9s sz\u00f6vet\u00e1t\u00fcltet\u00e9s etikai k\u00e9rd\u00e9seir\u0151l. Interj\u00fa. (K\u00e9sz\u00edtette: Gimes J\u00falia) Magyar R\u00e1di\u00f3, Kossuth. \u201eEx Katedra\u201d (22.30-23.00) 1996. \u00e1prilis 9.<\/p>\n<p>66. Igazs\u00e1goss\u00e1g az eg\u00e9szs\u00e9g\u00fcgyben. Interj\u00fa. (K\u00e9sz\u00edtette: dr. Kazai Anita) Magyar Orvos, 1996. \u00e1prilis. (IV. \u00e9vfolyam) (pp. 10-11)<\/p>\n<p>67. Tud\u00f3sf\u00f3rum \u00e9l\u0151ben a g\u00e9nseb\u00e9szetr\u0151l. Kerekasztalbesz\u00e9lget\u00e9s r\u00e9sztvev\u0151jek\u00e9nt . (Szerkeszt\u0151-riporter: G\u00edmes J\u00falia) Magyar R\u00e1di\u00f3, Kossuth, 15.05-15.50. 1996. \u00e1prilis 29. <\/p>\n<p>68. Figyelembe vehet\u0151-e a Jehova Tan\u00fai k\u00f6vet\u0151inek tiltakoz\u00e1sa az \u00e9letment\u0151 transzf\u00fazi\u00f3 ellen? Interj\u00fa. In: Magyar Telev\u00edzi\u00f3, TV-1, \u201eT\u00edz\u00f3rai\u201d. 10.30-10.40. (1996. j\u00fanius 4.)<\/p>\n<p>69. A hal\u00e1lb\u00fcntet\u00e9sr\u0151l. Interj\u00fa. In: Magyar Telev\u00edzi\u00f3, Duna-TV, \u201ePolice\u201d. 20.05-21.00. (1996. j\u00fanius 24.)<\/p>\n<p>70. Az eg\u00e9szs\u00e9g\u00fcgyh\u00f6z val\u00f3 hozz\u00e1f\u00e9rhet\u0151s\u00e9gr\u0151l. Interj\u00fa (K\u00e9sz\u00edtette: Szigethy Anna) In: Magyar R\u00e1di\u00f3, \u201eT\u00f6rv\u00e9nyk\u00f6nyv\u201d. Kossuth, 12.40-12.50. (1996 j\u00falius 8.)<\/p>\n<p>71. A t\u00e1j\u00e9kozott beleegyez\u00e9sr\u0151l. Interj\u00fa (K\u00e9sz\u00edtette: Magyari Csilla) Magyar R\u00e1di\u00f3, Pet\u0151fi, 18.20-18.30. 1996. augusztus 7.<\/p>\n<p>72. A m\u0171t\u00e9ti kock\u00e1zatr\u00f3l. Interj\u00fa (K\u00e9sz\u00edtette: Magyari Csilla) Magyar R\u00e1di\u00f3, Pet\u0151fi, 18.20-18.30. 1996. augusztus 8.<\/p>\n<p>73. Az orvosi titoktart\u00e1sr\u00f3l. Interj\u00fa (K\u00e9sz\u00edtette: Magyari Csilla) Magyar R\u00e1di\u00f3, Pet\u0151fi, 18.20-18.30. 1996. augusztus 9.<\/p>\n<p>74. Az eutan\u00e1zia. Kerekasztalbesz\u00e9lget\u00e9s r\u00e9sztvev\u0151jek\u00e9nt. TV A3, \u201eNapnyugta\u201d, 18.30-19.00. 1996. augusztus 26.<\/p>\n<p>75. Meddig lesz beteg jog a magyar betegjog? Interj\u00fa (K\u00e9sz\u00edtette: Kov\u00e1cs Judit) Magyar Nemzet, 1996. szeptember 19.<\/p>\n<p>76. A betegt\u00e1j\u00e9koztat\u00e1sr\u00f3l. Interj\u00fa. (K\u00e9sz\u00edtette: Lengyel Nagy Anna) Magyar R\u00e1di\u00f3, Pet\u0151fi, 10.00-11.00 (1996. szeptember 27)<\/p>\n<p>77. A bioetika n\u00e9h\u00e1ny k\u00e9rd\u00e9s\u00e9r\u0151l. Interj\u00fa. (K\u00e9sz\u00edtette: R\u00f3zsa P\u00e9ter) Magyar R\u00e1di\u00f3, Pet\u0151fi, \u201eEnnyi\u201d. 23.15-00.15 (1996. okt\u00f3ber 7.)<\/p>\n<p>78. \u201eGazdas\u00e1gi\u201d hal\u00e1l\u00e9rt nem az orvos felel\u0151s.\u201d Interj\u00fa. (K\u00e9sz\u00edtette: Horv\u00e1th Ildik\u00f3) N\u00e9pszava, 1996. okt\u00f3ber 8.<\/p>\n<p>79. Az embri\u00f3k\u00eds\u00e9rletez\u00e9sr\u0151l. Interj\u00fa. (K\u00e9sz\u00edtette: R\u00f3zsa P\u00e9ter) Magyar Telev\u00edzi\u00f3, MTV-2. \u201e\u00c9jjeli mened\u00e9k. Aqua vita-Hamis vil\u00e1g.\u201d (M\u0171sorvezet\u0151: R\u00f3zsa P\u00e9ter) 23.15-00.15. 1996. okt\u00f3ber 13.<\/p>\n<p>80. A kezel\u00e9s visszautas\u00edt\u00e1s\u00e1nak jog\u00e1r\u00f3l. I. Interj\u00fa. (K\u00e9sz\u00edtette: Kap\u00e1s Ir\u00e9n) Magyar R\u00e1di\u00f3, \u201eT\u00f6rv\u00e9nyk\u00f6nyv\u201d. Kossuth, 12.40-12.50. 1996. okt\u00f3ber 24.<\/p>\n<p>81. A kezel\u00e9s visszautas\u00edt\u00e1s\u00e1nak jog\u00e1r\u00f3l. II. Interj\u00fa. (K\u00e9sz\u00edtette: Kap\u00e1s Ir\u00e9n) Magyar R\u00e1di\u00f3, \u201eT\u00f6rv\u00e9nyk\u00f6nyv\u201d. Kossuth, 12.40-12.50. 1996. okt\u00f3ber 25.<\/p>\n<p>82. A passz\u00edv \u00e9s az akt\u00edv eutan\u00e1zi\u00e1r\u00f3l. Interj\u00fa. (K\u00e9sz\u00edtette: Zakar \u00c1d\u00e1m) In: Duna R\u00e1di\u00f3, Szentendre. \u201eSz\u00f3ljon hozz\u00e1!\u201d. 15.15-16.15 1996. okt\u00f3ber 30.<\/p>\n<p>83. A beteg kock\u00e1zata-e a bentfelejtett t\u00f6rl\u0151kend\u0151? Interj\u00fa. (K\u00e9sz\u00edtette: S\u00e1ndor Kata \u00e9s Pik\u00f3 Andr\u00e1s) Magyar R\u00e1di\u00f3. \u201eMagyarorsz\u00e1gr\u00f3l j\u00f6ttem.\u201d Kossuth, 17.05-18.00. 1997. janu\u00e1r 10.<\/p>\n<p>84. A betegek jogainak v\u00e9delm\u00e9r\u0151l. Vitam\u0171sor r\u00e9sztvev\u0151jek\u00e9nt. (Szerkeszt\u0151-riporter: Luk\u00e1csi B\u00e9la) Magyar R\u00e1di\u00f3, \u201eTud\u00f3sklub\u201d, Kossuth, 15.05-16.00. 1997. janu\u00e1r 20.<\/p>\n<p>85. Az orvosi kezel\u00e9s visszautas\u00edt\u00e1s\u00e1r\u00f3l. Interj\u00fa. \u201eMit sz\u00f3l hozz\u00e1?\u201d, 168 \u00f3ra, IX. \u00e9vf. 3. sz\u00e1m 1997. janu\u00e1r 21. (p. 29)<\/p>\n<p>86. A g\u00e9nseb\u00e9szetr\u0151l. Kerekasztalbesz\u00e9lget\u00e9s r\u00e9sztvev\u0151jek\u00e9nt. Riporter: S\u00e1lyi Andr\u00e1s. In: \u201eKereng\u0151\u201d. Magyar R\u00e1di\u00f3, Pet\u0151fi, 13.15&#8211;13.45. 1997. janu\u00e1r 31.<\/p>\n<p>87. A beteg jogair\u00f3l. Interj\u00fa. (K\u00e9sz\u00edtette: Kirsner P\u00e9ter) In: \u201eNapk\u00f6zben\u201d. Magyar R\u00e1di\u00f3, Kossuth, 9.00&#8211;11.00. 1997. febru\u00e1r 3.<\/p>\n<p>88. Paternalizmus az eg\u00e9szs\u00e9g\u00fcgyben. Interj\u00fa. (K\u00e9sz\u00edtette: Horv\u00e1th Judit) In: Magyar H\u00edrlap, 1997. m\u00e1rcius 1. Szombat.<\/p>\n<p>89. A kl\u00f3noz\u00e1s etikai k\u00e9rd\u00e9seir\u0151l. Interj\u00fa. (K\u00e9sz\u00edtette: Montsk\u00f3 \u00c9va) Magyar Telev\u00edzi\u00f3, TV&#8211;1. \u201eH\u00e1tt\u00e9rtudom\u00e1ny\u201d (15.00&#8211;15.30) 1997. III. 2.<\/p>\n<p>90. A kl\u00f3noz\u00e1s bioetikai probl\u00e9m\u00e1i. Kerekasztalbesz\u00e9lget\u00e9s r\u00e9sztvev\u0151jek\u00e9nt. (Szerkeszt\u0151-riporter: Elek L\u00e1szl\u00f3) Magyar R\u00e1di\u00f3, \u201eTud\u00f3sf\u00f3rum\u201d Kossuth, 15.00&#8211;16.00. 1997. III. 3.<\/p>\n<p>91. Pszichi\u00e1triai betegjogok. Interj\u00fa. (K\u00e9sz\u00edtette: Kov\u00e1cs Judit) Magyar Nemzet, 1997 m\u00e1rcius 4. Kedd.<\/p>\n<p>92. A bioetika hazai k\u00e9rd\u00e9seir\u0151l. Interj\u00fa. Magyar Telev\u00edzi\u00f3, TV&#8211;1. \u201eRepeta\u201d 15.00&#8211;16.30. 1997. III.5.<\/p>\n<p>93. A kl\u00f3noz\u00e1s etikai k\u00e9rd\u00e9sei. Interj\u00fa. Magyar Telev\u00edzi\u00f3. \u201eA H\u00e9t\u201d (TV-1. 19.00&#8211;20.00) 1997. m\u00e1rcius 9.<\/p>\n<p>94. \u201eMa m\u00e9g senki sem nyerhet \u00f6r\u00f6kl\u00e9tet\u201d. Interj\u00fa a kl\u00f3noz\u00e1s etikai k\u00e9rd\u00e9seir\u0151l. (K\u00e9sz\u00edtette: Sz\u00e9kely Anna) In: N\u00e9pszava, 1997. m\u00e1rcius 14. P\u00e9ntek (p. 15.)<\/p>\n<p>95. A betegek tov\u00e1bbutal\u00e1sa kapcs\u00e1n felvet\u0151d\u0151 etikai k\u00e9rd\u00e9sek. Interj\u00fa. (K\u00e9sz\u00edtette: Szigethy Anna) In: Magyar R\u00e1di\u00f3, \u201eT\u00f6rv\u00e9nyk\u00f6nyv\u201d. Kossuth, 12.50&#8211;13.00. 1997. m\u00e1rcius 27.<\/p>\n<p>96. Jog az \u00f6nk\u00e9ntes eutan\u00e1zi\u00e1hoz. Interj\u00fa. (K\u00e9sz\u00edtette:Nagy Gergely), N\u00e9pszava, 1997. \u00e1prilis 12. Szombat<\/p>\n<p>97. A s\u00falyos fogyat\u00e9koss\u00e1ggal sz\u00fcletett \u00fajsz\u00fcl\u00f6ttek kezel\u00e9s\u00e9nek etikai k\u00e9rd\u00e9seir\u0151l. Kerekasztalbesz\u00e9lget\u00e9s r\u00e9sztvev\u0151jek\u00e9nt.. (Szerkeszt\u0151-riporter: Horv\u00e1th Ida \u00e9s Szikra Zsuzsa) Magyar R\u00e1di\u00f3, \u201e\u00cdt\u00e9let\u201d. Kossuth, 15.00&#8211;16.00. 1997. \u00e1prilis 15.<\/p>\n<p>98. Helyettes\u00edthet\u0151k-e az emberi szervek? Interj\u00fa. (K\u00e9sz\u00edtette: Kazai Anita) In: Term\u00e9szetgy\u00f3gy\u00e1szat. 1997. \u00e1prilis. (p. 4.)<\/p>\n<p>99. A betegjogi k\u00e9pvisel\u0151r\u0151l. Interj\u00fa. Magyar Telev\u00edzi\u00f3. TV-2 \u201e\u00daton. Eur\u00f3pa-magazin. 1997. \u00e1prilis 27. 18.15&#8211;18.45.<\/p>\n<p>100. A betegjogok \u00e9rv\u00e9nyes\u00edt\u00e9s\u00e9nek felt\u00e9teleir\u0151l. Interj\u00fa. (K\u00e9sz\u00edtette: Kirschner P\u00e9ter) In: Magyar R\u00e1di\u00f3, Kossuth, \u201eNapk\u00f6zben\u201d. 1997. m\u00e1jus 5. 9.00&#8211;11.00 <\/p>\n<p>101. Betegek v\u00e9d\u0151i a vil\u00e1gban. A betegjogi k\u00e9pvisel\u0151r\u0151l. Interj\u00fa. (K\u00e9sz\u00edtette:Horv\u00e1th Judit) In: Magyar H\u00edrlap, 1997. V. 15. <\/p>\n<p>102. A betegek jogai. Interj\u00fa. (K\u00e9sz\u00edtette: Dressmann D\u00f3ra) \u201eTina\u201d 1997. m\u00e1jus 22.<\/p>\n<p>103. Az eutan\u00e1zia. Interj\u00fa. Duna R\u00e1di\u00f3, 1997. m\u00e1jus 23. 10.25&#8211;10.30.<\/p>\n<p>104. Nem passz\u00edv eutan\u00e1zia, \u00f6nrendelkez\u00e9si jog. Interj\u00fa. (K\u00e9sz\u00edtette: \u00c9l\u0151 Anita) Magyar Nemzet, 1997. m\u00e1jus 24.<\/p>\n<p>105. A passz\u00edv eutan\u00e1zia \u00e9s az \u00faj Eg\u00e9szs\u00e9g\u00fcgyi T\u00f6rv\u00e9ny. Interj\u00fa. (Szerkeszt\u0151-riporter: P\u00e1sztor Magdolna) Magyar R\u00e1di\u00f3, Kossuth, \u201eNapk\u00f6zben\u201d. 1997. m\u00e1jus 28. 10.10&#8211;10.25.<\/p>\n<p>106. Eutan\u00e1zia \u00e9s \u00f6nrendelkez\u00e9si jog. V\u00e1lasz a hallgat\u00f3k k\u00e9rd\u00e9seire.Magyar R\u00e1di\u00f3, Kossuth, \u201eNapk\u00f6zben\u201d. 1997. m\u00e1jus 29. 10.20&#8211;10.25 <\/p>\n<p>107. Az \u00faj eg\u00e9szs\u00e9g\u00fcgyi t\u00f6rv\u00e9ny tervezet\u00e9r\u0151l, k\u00fcl\u00f6n\u00f6s tekintettel a betegjogokra. I. Kerekasztalbesz\u00e9lget\u00e9s r\u00e9sztvev\u0151jek\u00e9nt. (M\u0171sorvezet\u0151: M\u00e9lykuti Ilona) Magyar R\u00e1di\u00f3, Kossuth, \u201eKossuth klub\u201d, 1997. VI. 11. 21.25&#8211;22.00.<\/p>\n<p>108. Az \u00faj eg\u00e9szs\u00e9g\u00fcgyi t\u00f6rv\u00e9ny tervezet\u00e9r\u0151l, k\u00fcl\u00f6n\u00f6s tekintettel a betegjogokra. II. Kerekasztalbesz\u00e9lget\u00e9s r\u00e9sztvev\u0151jek\u00e9nt. (M\u0171sorvezet\u0151: M\u00e9lykuti Ilona) Magyar R\u00e1di\u00f3, Kossuth, \u201eKossuth klub\u201d, 1997. VI. 12. 21.25&#8211;22.00.<\/p>\n<p>109. A betegjogi t\u00f6rv\u00e9nytervezetr\u0151l. Interj\u00fa. Demokrata, 1997. j\u00fanius 12. (4. \u00e9vf.) (p. 40-43)<\/p>\n<p>110. A passz\u00edv eutan\u00e1zia hazai k\u00e9rd\u00e9seir\u0151l. Kerekasztalbesz\u00e9lget\u00e9s r\u00e9sztvev\u0151jek\u00e9nt. (Szerkeszt\u0151 -riporter: S\u00e1lyi Andr\u00e1s) Magyar R\u00e1di\u00f3, Pet\u0151fi, \u201eKereng\u0151\u201d. 1997. j\u00fanius 20. 13.15&#8211;13.45.<\/p>\n<p>111. Az emberk\u00eds\u00e9rletekr\u0151l. Interj\u00fa. (K\u00e9sz\u00edtette: M\u00e9lyk\u00fati Ilona) In: Magyar Telev\u00edzi\u00f3, TV-1 \u201eNapkelte\u201d 1997. j\u00fanius 24. 6.20&#8211;6.25.<\/p>\n<p>112. Az elm\u00fal\u00e1s m\u00e9lt\u00f3s\u00e1ga. Eutan\u00e1zia&#8211;d\u00f6nt\u00e9s \u00e9letre-hal\u00e1lra. Interj\u00fa. (K\u00e9sz\u00edtette: \u00c9l\u0151 Anita) Magyar Nemzet, 1997. j\u00fanius 30.<\/p>\n<p>113. Szervkereskedelem Magyarorsz\u00e1gon? Interj\u00fa. (K\u00e9sz\u00edtette: Nagy Gergely) In: N\u00e9pszava, 1997. j\u00falius 24.<\/p>\n<p>114. Mennyire titkos szolg\u00e1lat az orvos\u00e9? Interj\u00fa. (K\u00e9sz\u00edtette: Zakar \u00c1d\u00e1m) In: Reform, 1997. j\u00falius 29. (X. \u00e9vf. 27. sz\u00e1m)<\/p>\n<p>115. Az \u00faj betegjogi t\u00f6rv\u00e9ny tervezet\u00e9r\u0151l. Interj\u00fa. (Szerkeszt\u0151-riporter: Szikra Zsuzsa) Magyar R\u00e1di\u00f3, (\u201eKossuth klub\u201d) Kossuth, 21.25-22.00. (1997. szeptember 17.)<\/p>\n<p>116. Gy\u00f3gy\u00edthatn\u00e1nak az elhalt magzatok. Agysz\u00f6vettel a Parkinson k\u00f3r ellen. Interj\u00fa. (K\u00e9sz\u00edtette: Kir\u00e1ly Attila) In: N\u00e9pszava, 125. \u00e9vf. 243. sz\u00e1m. (1997. okt\u00f3ber 17.)<\/p>\n<p>117. A betegt\u00e1j\u00e9koztat\u00e1sr\u00f3l. Interj\u00fa. TV-2. 11.00-11.05. (1997. okt\u00f3ber 28.)<\/p>\n<p>118. Az orvosi m\u0171hibaperekr\u0151l. Interj\u00fa. TV-2. 22.20-22.25. (1997. okt\u00f3ber 30.)<\/p>\n<p>119. Az orvosi titoktart\u00e1sr\u00f3l. Interj\u00fa. (K\u00e9sz\u00edtette: Szigethy Anna) Magyar R\u00e1di\u00f3, \u201eT\u00f6rv\u00e9nyk\u00f6nyv.\u201d (Kossuth, 12.50-13.00) (1997. november 25.)<\/p>\n<p>120. Az \u00faj g\u00e9ntechnikai elj\u00e1r\u00e1sok etikai k\u00e9rd\u00e9seir\u0151l. (Kerekasztalbesz\u00e9lget\u00e9s r\u00e9sztvev\u0151jek\u00e9nt.) (Szerkeszt\u0151-m\u0171sorvezet\u0151: P\u00e1ncz\u00e9l Andrea) RTL-klub Telev\u00edzi\u00f3, \u201eReflex\u201d, 21.40-22.40. (1998. janu\u00e1r 5.)<\/p>\n<p>121. A kl\u00f3noz\u00e1sr\u00f3l, s az Eur\u00f3pa Tan\u00e1cs kl\u00f3noz\u00e1st tilt\u00f3 egyezm\u00e9ny\u00e9r\u0151l. (Kerekasztalbesz\u00e9lget\u00e9s r\u00e9szvev\u0151jek\u00e9nt.) (Szerkeszt\u0151-riporter: M\u00e9lykuti Ilona) Magyar R\u00e1di\u00f3, \u201eEnnyi\u201d (Pet\u0151fi, 23.15-24.00) (1998. janu\u00e1r 13.)<\/p>\n<p>122. A kl\u00f3noz\u00e1sr\u00f3l. (Kerekasztalbezs\u00e9lget\u00e9s r\u00e9sztvev\u0151jek\u00e9nt (Szerkeszt\u0151-riporter: S\u00e1lyi Andr\u00e1s) Magyar R\u00e1di\u00f3, \u201eGordiusz\u201d. (Pet\u0151fi, 10.00-11.00) (1998. janu\u00e1r 18.)<\/p>\n<p>123. A bioetik\u00e1r\u00f3l. Interj\u00fa. (K\u00e9sz\u00edtette: Szigethy Anna) Magyar R\u00e1di\u00f3, \u201eT\u00f6rv\u00e9nyk\u00f6nyv\u201d (Kossuth, 12.50-13.00) (1998. janu\u00e1r 19.)<\/p>\n<p>124. A halottb\u00f3l val\u00f3 sz\u00f6vetelt\u00e1vol\u00edt\u00e1sr\u00f3l. Interj\u00fa. (K\u00e9sz\u00edtette: G\u00f6ncz G\u00e1bor) RTL-klub Telev\u00edzi\u00f3. \u201eF\u00f3kusz\u201d, 19.30-20.00 (1998. janu\u00e1r 23.)<\/p>\n<p>125. L\u00e9nym\u00e1sol\u00e1s. Interj\u00fa. (K\u00e9sz\u00edtette: Zakar \u00c1d\u00e1m) In: Reform, XI. \u00e9vf. 4. sz\u00e1m. (p. 18) (1998. janu\u00e1r 27.)<\/p>\n<p>126. Zsarolhat\u00f3-e az \u00e1llam? Interj\u00fa. (K\u00e9sz\u00edtette: S\u00e1ndor Zsuzsa) In: 168 \u00f3ra. X. \u00e9vf. 4. sz\u00e1m. (p. 11) 1998. janu\u00e1r 27. <\/p>\n<p>127. Az abortuszr\u00f3l \u00e9s az eutan\u00e1zi\u00e1r\u00f3l. Interj\u00fa. Magyar Telev\u00edzi\u00f3, TV-2. \u201eRepeta\u201d. 17.15-17.30. (1998. janu\u00e1r 27.)<\/p>\n<p>128. Az RU 486-os abortusztabletta hazai bevezet\u00e9s\u00e9r\u0151l. (Kerekasztalbesz\u00e9lget\u00e9s r\u00e9sztvev\u0151jek\u00e9nt. (M\u0171sorvezet\u0151: K\u00f3thy Judit) Magyar Telev\u00edzi\u00f3, TV-2, \u201eM\u00e9lyv\u00edz\u201d, 23.40-1.20) (1998. janu\u00e1r 31.)<\/p>\n<p>129. A j\u00e1rv\u00e1nyokr\u00f3l. Interj\u00fa. (Szerkeszt\u0151-m\u0171sorvezet\u0151: S\u00edpos J\u00falia) Magyar R\u00e1di\u00f3, \u201eF\u00f3rum\u201d. (Kossuth, 21.25-22.00) (1998. febru\u00e1r 20)<\/p>\n<p>130. A g\u00e9nmanipul\u00e1ci\u00f3s elj\u00e1r\u00e1sokr\u00f3l. Interj\u00fa. (Szerkeszt\u0151-riporter: Moln\u00e1r D\u00e1niel \u00e9s Sarkadi P\u00e9ter) Magyar R\u00e1di\u00f3, \u201ePet\u0151fi-d\u00e9lel\u0151tt\u201d (Pet\u0151fi, 9.05-9.40) (1998. febru\u00e1r 27.)<\/p>\n<p>131. Az abortusz Magyarorsz\u00e1gon. (Kerekasztalbesz\u00e9lget\u00e9s r\u00e9sztvev\u0151jek\u00e9nt) RTL-Klub Telev\u00edzi\u00f3. \u201eReflex\u201d (M\u0171sorvezet\u0151: P\u00e1ncz\u00e9l Andrea) (21.40-22.40) (1998. m\u00e1rcius 16.)<\/p>\n<p>132. A transzg\u00e9nikus \u00e1llatk\u00eds\u00e9rletek etikai k\u00e9rd\u00e9sei. Interj\u00fa. Magyar Telev\u00edzi\u00f3, TV-1 \u201eGazdat\u00e9v\u00e9\u201d (5.30-5.50) (1998. III. 20)<\/p>\n<p>133. A kezel\u00e9s visszautas\u00edt\u00e1sa Jehova Tanui beteg eset\u00e9n. Interj\u00fa. Magyar Telev\u00edzi\u00f3, TV-1, \u201e\u00d6n d\u00f6nt.\u201d (Horv\u00e1th J\u00e1nos m\u0171sora) (17.15-18.10) 1998. m\u00e1rcius 22.<\/p>\n<p>134. Az \u00faj eg\u00e9szs\u00e9g\u00fcgyi t\u00f6rv\u00e9ny probl\u00e9m\u00e1ir\u00f3l. Interj\u00fa. (Szerkeszt\u0151-riporter: Szigethy Anna) Magyar R\u00e1di\u00f3, \u201eT\u00f6rv\u00e9nyk\u00f6nyv\u201d (Kossuth, 12.50-13.00) (1998. \u00e1prilis 20.)<\/p>\n<p>135. A transzszexualit\u00e1s etikai k\u00e9rd\u00e9seir\u0151l. (Kerekasztalbesz\u00e9lget\u00e9s r\u00e9sztvev\u0151jek\u00e9nt) (Besz\u00e9lget\u0151t\u00e1rsak: dr. Balajthy L\u00e1szl\u00f3 seb\u00e9sz, dr. Kov\u00e1cs J\u00f3zsef bioetikus, dr. Simon Lajos pszichi\u00e1ter) (Szerkeszt\u0151-riporter: S\u00e1lyi Andr\u00e1s) Magyar R\u00e1di\u00f3, \u201eKereng\u0151\u201d (Pet\u0151fi, 20.30-21.00) 1998. m\u00e1jus 13.<\/p>\n<p>136. A genetikai forradalom k\u00e9rd\u00e9seir\u0151l. (Kerekasztalbesz\u00e9lget\u00e9s r\u00e9sztvev\u0151jek\u00e9nt) (Szerkeszt\u0151-riporter: Montsk\u00f3 \u00c9va) Magyar Telev\u00edzi\u00f3, TV-2, \u201eM\u00e9lyv\u00edz\u201d (22.30-0.30) (1998. m\u00e1jus 23.)<\/p>\n<p>137. Az \u00faj eg\u00e9szs\u00e9g\u00fcgyi t\u00f6rv\u00e9ny betegjogi r\u00e9sz\u00e9r\u0151l. I. Interj\u00fa. (Szerkeszt\u0151-riporter: Szigethy Anna) Magyar R\u00e1di\u00f3, \u201eT\u00f6rv\u00e9nyk\u00f6nyv\u201d. (Kossuth, 12.50-13.00) (1998. j\u00falius 13.<\/p>\n<p>138. Az \u00faj eg\u00e9szs\u00e9g\u00fcgyi t\u00f6rv\u00e9ny betegjogi r\u00e9sz\u00e9r\u0151l. II. Interj\u00fa. (Szerkeszt\u0151-riporter: Szigethy Anna) Magyar R\u00e1di\u00f3, \u201eT\u00f6rv\u00e9nyk\u00f6nyv\u201d. (Kossuth, 12.50-13.00) (1998. j\u00falius 14.<\/p>\n<p>139. Az \u00faj eg\u00e9szs\u00e9g\u00fcgyi t\u00f6rv\u00e9nyr\u0151l a kardiol\u00f3giai szakdolgoz\u00f3k V. Orsz\u00e1gos Konferenci\u00e1ja alkalm\u00e1b\u00f3l. Interj\u00fa. Magyar R\u00e1di\u00f3, \u201eKr\u00f3nika\u201d, (Kossuth ) (1998. szeptember 18.)<\/p>\n<p>140. A p\u00e9nz\u00e9rt val\u00f3 szervadom\u00e1nyoz\u00e1sr\u00f3l. Interj\u00fa. (K\u00e9sz\u00edtette: Kir\u00e1lyv\u00e1ri Zsolt) RTL-Klub Telev\u00edzi\u00f3 \u201eF\u00f3rum\u201d, (19.30-20.00) (1998. szeptember 23.)<\/p>\n<p>141. A betegjogi k\u00e9pvisel\u0151i rendszerr\u0151l. Interj\u00fa. (K\u00e9sz\u00edtette: Szigethy Anna.) In: T\u00f6rv\u00e9nyk\u00f6nyv. Magyar R\u00e1di\u00f3, Kossuth, 12.50-13.00. 1998. XI. 3.<\/p>\n<p>142. Az eutan\u00e1zia n\u00e9h\u00e1ny hazai k\u00e9rd\u00e9s\u00e9r\u0151l. Kerekasztalbesz\u00e9lget\u00e9s r\u00e9sztvev\u0151jek\u00e9nt. (Riporter: P\u00e1lffy Istv\u00e1n) TV-2. \u201eMagyarorsz\u00e1gr\u00f3l holnap\u201d 23.55&#8211;0.35. 1998. XII. 3.<\/p>\n<p>143. Az emberi kl\u00f3noz\u00e1sr\u00f3l. Kerekasztalbesz\u00e9lget\u00e9s r\u00e9sztvev\u0151jek\u00e9nt. Magyar Telev\u00edzi\u00f3, MTV-2. \u201eM\u00e9lyv\u00edz\u201d. 22.10-23.40. 1998. XII.22.<\/p>\n<p>144. A m\u00e9hen bel\u00fcli sz\u0171r\u0151vizsg\u00e1latok etikai k\u00e9rd\u00e9seir\u0151l. Interj\u00fa. Magyar Telev\u00edzi\u00f3, MTV-1, \u201eAranyf\u00fcst\u201d, 6.00-8.00. 1999. I.8.<\/p>\n<p>145. Az orvosi h\u00e1lap\u00e9nzr\u0151l. Interj\u00fa. Tv-2 \u201eNapl\u00f3\u201d. 18.45&#8211;19.45. 1999. I.10.<\/p>\n<p>146. Az egyiket \u00e9letre, a m\u00e1sikat hal\u00e1lra \u00edt\u00e9lik. Interj\u00fa. (K\u00e9sz\u00edtette: Kov\u00e1cs Judit) Magyar Nemzet, 1999. janu\u00e1r 21. cs\u00fct\u00f6rt\u00f6k.<\/p>\n<p>147. A daganatos betegek t\u00e1j\u00e9koztat\u00e1s\u00e1r\u00f3l. (Kerekasztalbesz\u00e9lget\u00e9s r\u00e9sztvev\u0151jek\u00e9nt.) (Szerkeszt\u0151-riporter: M\u00e9lyk\u00fati Ilona) \u201eKossuth klub\u201d, Magyar R\u00e1di\u00f3, Kossuth, 21.25&#8211;22.00. 1999. I. 28.<\/p>\n<p>148. Az orvosi titoktart\u00e1s k\u00e9rd\u00e9seir\u0151l. Interj\u00fa. (Szerkeszt\u0151-riporter: Szigethy Anna) In: T\u00f6rv\u00e9nyk\u00f6nyv, Magyar R\u00e1di\u00f3, Kossuth, 12.50-13.00. 1999. II. 17.<\/p>\n<p>149. A hum\u00e1ngenetika etikai k\u00e9rd\u00e9seir\u0151l. Interj\u00fa. (Szerkeszt\u0151-riporter: S\u00e1ndor Kata) In: \u201eSzombat d\u00e9lel\u0151tt.\u201d Magyar R\u00e1di\u00f3, Kossuth, 10.05&#8211;12.00. 1999. II. 20.<\/p>\n<p>150. N\u00e9h\u00e1ny \u00faj orvosi technika etikai k\u00e9rd\u00e9seir\u0151l. Kerekasztalbesz\u00e9lget\u00e9s r\u00e9sztvev\u0151jek\u00e9nt. (Szerkeszt\u0151-riporter: Elek L\u00e1szl\u00f3) \u201eTud\u00f3sf\u00f3rum-\u00c9l\u0151ben.\u201d Magyar R\u00e1di\u00f3, Kossuth, 15.05&#8211;15.55. 1999. III. 8.<\/p>\n<p>151. Betegek \u00e9s orvosok. Interj\u00fa a betegt\u00e1j\u00e9koztat\u00e1sr\u00f3l. (K\u00e9sz\u00edtette: Hulaj Emese) N\u0151k Lapja, 1999. 11. sz\u00e1m. (1999 m\u00e1rcius 18.)<\/p>\n<p>152. Az \u00e1llatok jogair\u00f3l. Interj\u00fa. (K\u00e9sz\u00edtette: Reg\u00f6ly-M\u00e9rei Krisztina) Magyar Telev\u00edzi\u00f3, MTV-1, \u201eSzabads\u00e1g-t\u00e9r\u201d. 8.30-8.35. 1999. IV. 15.<\/p>\n<p>153. Az \u00daj-Z\u00e9landi t\u00f6rv\u00e9nytervezetr\u0151l, mely jogokat adna az emberszab\u00e1s\u00fa majmoknak. Interj\u00fa. (K\u00e9sz\u00edtette: Barna Gy\u00f6rgy) RTL-Klub. \u201eF\u00f3kusz plusz.\u201d (19.00-20.00) 1999. IV. 17.<\/p>\n<p>154. A hazai eutan\u00e1zia k\u00e9rd\u00e9sei. Interj\u00fa. (K\u00e9sz\u00edtette: Zakar \u00c1d\u00e1m. ) Metro-\u00fajs\u00e1g. 1999. V. 12. szerda.<\/p>\n<p>155. \u201ePara jelens\u00e9gek. H\u00e1lap\u00e9nz\u00fcgyi bizotts\u00e1g.\u201d Interj\u00fa az orvosi h\u00e1lap\u00e9nzr\u0151l. K\u00e9sz\u00edtette: J. Gy\u0151ri L\u00e1szl\u00f3. 168 \u00f3ra, 1999. V. 13.<\/p>\n<p>156. Etika. Az erk\u00f6lcs felette sz\u00fcks\u00e9ges volt\u00e1r\u00f3l. Interj\u00fa. (K\u00e9sz\u00edtette: Mezei K\u00e1roly) \u00c9let \u00e9s Tudom\u00e1ny, LIV. \u00e9vfolyam 20. sz\u00e1m. 1999. V. 14. (Di\u00e1koldal. VIII. \u00e9vf. 14. sz\u00e1m)<\/p>\n<p>157. Az emberi kl\u00f3noz\u00e1s etikai k\u00e9rd\u00e9seir\u0151l. Interj\u00fa. (K\u00e9sz\u00edtette: S\u00e1ndor Kata) \u201e16 \u00f3ra\u201d<br \/>\n(Magyar R\u00e1di\u00f3, Kossuth,) 1999. VI. 19.<\/p>\n<p>158. A transzplant\u00e1ci\u00f3 etikai k\u00e9rd\u00e9seir\u0151l. Interj\u00fa. (K\u00e9sz\u00edtette: Szigethy Anna) Magyar R\u00e1di\u00f3, \u201eT\u00f6rv\u00e9nyk\u00f6nyv\u201d (Kossuth, 12.40-12.50) 1999. VIII. 2.<\/p>\n<p>159. A magyarorsz\u00e1gi bioetik\u00e1r\u00f3l. Interj\u00fa. (K\u00e9sz\u00edtette: Seress Zolt\u00e1n) \u201e2000 \u00e9jszaka mes\u00e9i\u201d Magyar R\u00e1di\u00f3, Pet\u0151fi, 22.00-23.00. 1999. IX. 14.<\/p>\n<p>160. Az orvosi h\u00e1lap\u00e9nz k\u00e9rd\u00e9s\u00e9r\u0151l. Interj\u00fa.(\u201eAkt\u00e1k\u201d) RTL-klub, 18.50-19.30. 1999. X. 10.<\/p>\n<p>161. A praxisjog ad\u00e1sv\u00e9tel\u00e9r\u0151l. Interj\u00fa (K\u00e9sz\u00edtette: Z\u00e1konyi Bence) In: \u201eEste\u201d, RTL-Klub. 21.45-22.25. 1999. XI. 3.<\/p>\n<p>162. Sz\u00f3sz\u00f3l\u00f3 \u201ekettesk\u00e9nek\u201d. (Gyakran a t\u00e1j\u00e9koztat\u00e1s hi\u00e1ny\u00e1t\u00f3l betegebb a beteg) Interj\u00fa. (K\u00e9sz\u00edtette: Kov\u00e1cs Judit) Magyar Nemzet, 2000. febru\u00e1r 17. <\/p>\n<p>163. A betegek jogair\u00f3l Magyarorsz\u00e1gon. Interj\u00fa. (Szerkeszt\u0151-riporter: Szigethy Anna) \u201eT\u00f6rv\u00e9nyk\u00f6nyv\u201d. Magyar R\u00e1di\u00f3, Kossuth, 12.50-13.00) 2000. IV.17.<\/p>\n<p>164. A g\u00e9nt\u00e9rk\u00e9ppel kapcsolatos etikai k\u00e9rd\u00e9sekr\u0151l. Interj\u00fa. (K\u00e9sz\u00edtette: Bil\u00e9nesi G\u00e1bor) TV-2, \u201eNapl\u00f3\u201d. 18.30-19.30. 2000. VII. 2.<\/p>\n<p>165. A g\u00e9ntechnika etikai k\u00e9rd\u00e9seir\u0151l. Interj\u00fa. (K\u00e9sz\u00edtette: L\u0151rinczi M\u00e1ria) Civil R\u00e1di\u00f3. \u201eCsak\u201d 12.00-13.00 2000. VII. 8.<\/p>\n<p>166. A betegjogi k\u00e9pvisel\u0151k k\u00f3rh\u00e1zi alkalmaz\u00e1s\u00e1nak n\u00e9h\u00e1ny ellentmond\u00e1s\u00e1r\u00f3l. Interj\u00fa. (K\u00e9sz\u00edtette: Szigethy Anna) In: Magyar R\u00e1di\u00f3, Kossuth, \u201eT\u00f6rv\u00e9nyk\u00f6nyv\u201d, 12.50\u201413.00. 2000. augusztus 3.<\/p>\n<p>167. A manchesteri \u00f6sszen\u0151tt szi\u00e1mi ikerp\u00e1r sz\u00e9tv\u00e1laszt\u00e1s\u00e1nak etikai k\u00e9rd\u00e9seir\u0151l. Kerekasztalbesz\u00e9lget\u00e9s r\u00e9sztvev\u0151jek\u00e9nt. MTV\u20142 \u201eZ\u00e1r\u00f3ra\u201d (23.25\u20140.25) 2000. X. 11. (Szerkeszt\u0151: Imre Ildik\u00f3)<\/p>\n<p>168. Jogok \u00e9s es\u00e9lyek. Besz\u00e9lget\u00e9s a mozg\u00e1sszervi fogyat\u00e9koss\u00e1gr\u00f3l. Interj\u00fa. (K\u00e9sz\u00edtette: Szigethy Anna) In: Magyar R\u00e1di\u00f3, Kossuth, \u201eT\u00f6rv\u00e9nyk\u00f6nyv\u201d, 12.50\u201413.00. 2000. XI. 20.<\/p>\n<p>169. Az eutan\u00e1zia k\u00fcl\u00f6nb\u00f6z\u0151 form\u00e1ir\u00f3l. Kerekasztalbesz\u00e9lget\u00e9s r\u00e9sztvev\u0151jek\u00e9nt. MTV-2 \u201eZ\u00e1r\u00f3ra\u201d (23.25\u20140.25) (Szerkeszt\u0151: Imre Ildik\u00f3) 2001. I. 4. <\/p>\n<p>170. Az akt\u00edv eutan\u00e1zia k\u00e9rd\u00e9seir\u0151l. Interj\u00fa. (K\u00e9sz\u00edtette: L\u00e1szl\u00f3 Bencsik Judit) In: R\u00e1di\u00f3 Bridge, (18.00-18.05) 2001. I. 24. <\/p>\n<p>171. A teremt\u00e9s tizennegyedik napja. Interj\u00fa a kl\u00f3noz\u00e1s etikai k\u00e9rd\u00e9seir\u0151l. (Riporter: \u00c9l\u00f3 Anita) In: Magyar Nemzet, 2001. janu\u00e1r 27. szombat.<\/p>\n<p>172. Az eutan\u00e1zia etikai k\u00e9rd\u00e9seir\u0151l. Interj\u00fa. (K\u00e9sz\u00edtette: Szigethy Anna) In: Magyar R\u00e1di\u00f3, Kossuth, \u201eT\u00f6rv\u00e9nyk\u00f6nyv\u201d, 12.50\u201413.00. 2001. II. 12<\/p>\n<p>173. Az emberi g\u00e9nt\u00e9rk\u00e9pr\u0151l. Interj\u00fa. (K\u00e9sz\u00edtette: Demcs\u00e1k Zsuzsa) In: TV\u20142, \u201eJ\u00f3 est\u00e9t Magyarorsz\u00e1g\u201d (22.15\u201422. 50) 2001. II. 12.<\/p>\n<p>174. A halottakb\u00f3l val\u00f3 oktat\u00e1si, kutat\u00e1si c\u00e9l\u00fa szervkiv\u00e9tel etikai k\u00e9rd\u00e9sei. Interj\u00fa. (K\u00e9sz\u00edtette: S\u00e1ndor Kata) In: Magyar R\u00e1di\u00f3, Kossuth, \u201eSzombat d\u00e9lel\u0151tt\u201d (10.30\u201410.40) 2001. II. 24. <\/p>\n<p>175. \u201eEzen a talajon neh\u00e9z megkapaszkodni.\u201d Interj\u00fa az eutan\u00e1zi\u00e1r\u00f3l. (K\u00e9sz\u00edtette: Kov\u00e1cs R\u00f3bert) In: Magyar Narancs, 2001. III.1 (p. 22) <\/p>\n<p>176. \u00c1ld\u00e1s vagy b\u0171n? A kl\u00f3noz\u00e1s bioetik\u00e1ja. Interj\u00fa. (K\u00e9sz\u00edtette: Ferenczi Andrea.) In: \u00c9let \u00e9s Tudom\u00e1ny. 2001. m\u00e1rcius 9. (p. 294\u2014296)<\/p>\n<p>177. Egy gyermeknek k\u00e9t anyja. Interj\u00fa a g\u00e9nter\u00e1pia etikai k\u00e9rd\u00e9seir\u0151l. (K\u00e9sz\u00edtette: S\u00e1ndor Kata) Magyar R\u00e1di\u00f3, Kossuth, \u201eSzombat d\u00e9lel\u0151tt\u201d (10.05-12.00) 2001. V. 19. <\/p>\n<p>178. A kl\u00f3nok t\u00e1mad\u00e1sa. Interj\u00fa. (K\u00e9sz\u00edtette: Pik\u00f3 Andr\u00e1s.) In: 168 \u00f3ra, 2001. augusztus 16. (pp. 26-27)<\/p>\n<p>179. A ter\u00e1pi\u00e1s kl\u00f3noz\u00e1sr\u00f3l. Interj\u00fa. (K\u00e9sz\u00edtette: Rusk\u00f3 \u00c9va) In: TV-2 \u201eJ\u00f3 est\u00e9t Magyarorsz\u00e1g\u201d 23.20-24.00. 2001. XI. 26. <\/p>\n<p>180. A felh\u00e1borod\u00e1s nem erk\u00f6lcsi \u00e9rv. Interj\u00fa a ter\u00e1pi\u00e1s kl\u00f3noz\u00e1sr\u00f3l. (K\u00e9sz\u00edtette: Hargittai Mikl\u00f3s) In: N\u00e9pszabads\u00e1g, 2001. november 27. kedd. (p. 9)<\/p>\n<p>181. Lesz-e kl\u00f3nozott ember? Interj\u00fa az emberi kl\u00f3noz\u00e1s etikai k\u00e9rd\u00e9seir\u0151l. (K\u00e9sz\u00edtette: P\u00e9csi Tibor) In: \u00c9let \u00e9s Tudom\u00e1ny 2001. december 7. (LVI. \u00e9vfolyam, 49. sz\u00e1m) (p. 1545)<\/p>\n<p>182. Nem \u00e9l\u00fcnk a v\u00e9gakarat lehet\u0151s\u00e9g\u00e9vel. Interj\u00fa. In: N\u00e9pszava, 2002. janu\u00e1r 15. kedd. (H\u00e1tt\u00e9r) (p. 11)<\/p>\n<p>183. Az \u00faj orvosetikai k\u00f3dexr\u0151l. (Az Orvosi Hivat\u00e1s Kart\u00e1ja) Interj\u00fa. (K\u00e9sz\u00edtette: P\u00e1sztor Zolt\u00e1n) Magyar R\u00e1di\u00f3, \u201eNapk\u00f6zben\u201d (Kossuth, 9.30\u201410.00) 2002. III. 14.<\/p>\n<p>184. Az akt\u00edv eutan\u00e1zia etikai probl\u00e9m\u00e1ir\u00f3l. Interj\u00fa. (k\u00e9sz\u00edtette: Monostori K\u00e1roly) In: Magyar R\u00e1di\u00f3, \u201eD\u00e9li Kr\u00f3nika\u201d. (Kossuth, 12.30-12.40) 2002. III. 20.<\/p>\n<p>185. D\u00f6nthet sors\u00e1r\u00f3l a beteg. Interj\u00fa az akt\u00edv eutan\u00e1zi\u00e1r\u00f3l. (K\u00e9sz\u00edtette: N\u00f3gr\u00e1di T\u00f3th Erzs\u00e9bet) In. Vil\u00e1ggazdas\u00e1g. XXXIV. \u00e9vf. 64. (8325.) sz\u00e1m. 2002. \u00e1prilis 3. szerda<\/p>\n<p>186. Az \u00faj holland eutan\u00e1zia t\u00f6rv\u00e9nyr\u0151l \u00e9s az akt\u00edv eutan\u00e1zi\u00e1r\u00f3l. Interj\u00fa. (K\u00e9sz\u00edtette: S\u00edpos J\u00falia) Magyar R\u00e1di\u00f3, \u201e16 \u00f3ra\u201d. (Kossuth, 16.00-17.30) 2002. IV. 6. <\/p>\n<p>187. Kl\u00f3nozott ember fejl\u0151dik? Interj\u00fa. (K\u00e9sz\u00edtette: P\u00e9csi Tibor) In: \u00c9let \u00e9s Tudom\u00e1ny, 2002 \u00e1prilis 26. (LVII \u00e9vf. 17. sz\u00e1m) (pp. 534-535)<\/p>\n<p>188. Betegjogok a sz\u00fcl\u00e9szet-n\u0151gy\u00f3gy\u00e1szatban. Interj\u00fa. (K\u00e9sz\u00edtette: P. Kiss Zsuzsa) Magyar R\u00e1di\u00f3, Kossuth, \u201eNapk\u00f6zben\u201d 9.00-9.30 2003. II. 11. <\/p>\n<p>189. K\u00f3rh\u00e1zakban vizsg\u00e1l\u00f3dik az ombudsman. Interj\u00fa. (K\u00e9sz\u00edtette: Dan\u00f3 Anna\u2014Kunst\u00e1r Csaba) In: N\u00e9pszabads\u00e1g, 2003 m\u00e1rcius 11. kedd. (Magyar T\u00fck\u00f6r) (p. 8.)<\/p>\n<p>190. A beteg t\u00f6rv\u00e9nyadta joga. \u201eSecond opinion.\u201d Interj\u00fa. (K\u00e9sz\u00edtette: Dr. Nemes J\u00e1nos) In: Medical Tribune 2003. febru\u00e1r 27. (I. \u00e9vf. 3. sz\u00e1m) (p. 5)<\/p>\n<p>191. A nem fogamz\u00e1s el\u0151tti meghat\u00e1roz\u00e1s\u00e1nak etikai k\u00e9rd\u00e9sei. Interj\u00fa. (K\u00e9sz\u00edtette: Pik\u00f3 Istv\u00e1n) Klub R\u00e1di\u00f3, 7.40-7.43. 2003. IV. 23. <\/p>\n<p>192. Bioetika, az \u00e9rz\u00e9keny\u00edt\u0151 tr\u00e9ning. Besz\u00e9lget\u00e9s Kov\u00e1cs J\u00f3zsef orvos-filoz\u00f3fussal. Interj\u00fa. (K\u00e9sz\u00edtette: dr. Nemes J\u00e1nos) Medical Tribune, 2003 \u00e1prilis 24. (p. 3.)<\/p>\n<p>193. Alkotm\u00e1nyb\u00edr\u00f3s\u00e1g: J\u00f3 a magyar t\u00f6rv\u00e9ny. Interj\u00fa az eutan\u00e1zi\u00e1r\u00f3l. (K\u00e9sz\u00edtette: Kunst\u00e1r Csaba\u2014Dan\u00f3 Anna) In: N\u00e9pszabads\u00e1g, 2003 \u00e1prilis 29. kedd. (p. 9) (F\u00f3kusz)<\/p>\n<p>194. A nem sz\u00fclet\u00e9s el\u0151tti megv\u00e1laszt\u00e1s\u00e1r\u00f3l. Kerekasztalbesz\u00e9lget\u00e9s r\u00e9sztvev\u0151jek\u00e9nt. (Szerkeszt\u0151-riporter: B\u00e1n\u00f3 Andr\u00e1s) Magyar Telev\u00edzi\u00f3, TV-1 \u201eSorsk\u00e9rd\u00e9sek\u201d 23.00-23.45 2003. m\u00e1jus 18. <\/p>\n<p>195. Val\u00f3ban orvosellenes a m\u00e9dia? Interj\u00fa. (K\u00e9sz\u00edtette: \u00c9l\u0151 Anita) In: Medical Tribune, 2003. m\u00e1jus 22. (p. 8.-9)<\/p>\n<p>196. Nem baj, ha fi\u00fa, nem baj, ha l\u00e1ny. Megv\u00e1laszthat\u00f3-e a gyermek neme? Interj\u00fa. (K\u00e9sz\u00edtette: Szeg\u0151 Andr\u00e1s) In: N\u0151k Lapja, 2003. j\u00fanius 4. 23. sz\u00e1m. (p. 16.) <\/p>\n<p>197. Gy\u00f3gyul\u00e1s m\u00e9lt\u00e1nyoss\u00e1gi k\u00e9relem alapj\u00e1n. Interj\u00fa. (K\u00e9sz\u00edtette: Dan\u00f3 Anna) N\u00e9pszabads\u00e1g, 2003. augusztus 16. szombat. ( p. 1-5)<\/p>\n<p>198. A legfiatalabb int\u00e9zet. Besz\u00e1mol\u00f3 a Magatart\u00e1studom\u00e1nyi Int\u00e9zet fenn\u00e1ll\u00e1s\u00e1nak 10. \u00e9vfordul\u00f3ja alkalm\u00e1b\u00f3l. In: Semmelweis Egyetem. IV. \u00e9vf. 14. sz\u00e1m. 2003. november 28. <\/p>\n<p>199. Orvosszakmai probl\u00e9m\u00e1k, jogi, gazdas\u00e1gi felvet\u00e9sek. Interj\u00fa. In: Medical Tribune. 2004. janu\u00e1r 15. II. \u00e9vf. 1. sz\u00e1m. (p. 8)<\/p>\n<p>200. K\u00eds\u00e9rlet vagy sem, de ingyenes. Interj\u00fa. (K\u00e9sz\u00edtette: Dan\u00f3 Anna) N\u00e9pszabads\u00e1g, 2004. m\u00e1rcius 5. p\u00e9ntek. (p. 8.)<\/p>\n<p>201. A fogyat\u00e9koss\u00e1ggal kapcsolatos etikai k\u00e9rd\u00e9sek. Interj\u00fa. (K\u00e9sz\u00edtette: S\u00e1ndor Erzsi) Magyar R\u00e1di\u00f3, Pet\u0151fi. \u201eTandem\u201d. 2004. V. 3. 22.30-23.00<\/p>\n<p>202. \u201eEgy csepp embers\u00e9g\u201d\u2014 Interj\u00fa. (Szerkesztette: Lengyel Anna) Magyar R\u00e1di\u00f3, Kossuth, 6.30-6.33 (2004. j\u00falius 31.)<\/p>\n<p>203. A magyar v\u00e1ltozat. Interj\u00fa az \u00e9l\u0151 v\u00e9grendeletr\u0151l. (K\u00e9sz\u00edtette: Dan\u00f3 Anna) N\u00e9pszabads\u00e1g, 2005. m\u00e1rcius 22. kedd (p. 8)<\/p>\n<p>204. Az eutan\u00e1zia etikai \u00e9s jogi k\u00e9rd\u00e9seir\u0151l. Interj\u00fa. (K\u00e9sz\u00edtette: Pap Kl\u00e1ra) Duna TV, 2005. III.22. (18.00-18.30)<\/p>\n<p>205. A Schiavo \u00fcgy. Interj\u00fa. (K\u00e9sz\u00edtette: Torda J\u00falia) Info R\u00e1di\u00f3, 2005. III. 22. <\/p>\n<p>206. Az akt\u00edv \u00e9s a passz\u00edv eutan\u00e1zia etikai k\u00e9rd\u00e9seir\u0151l. Interj\u00fa (K\u00e9sz\u00edtette: Havas Henrik \u00e9s Liptay Klaudia) TV-2, \u201eMokka\u201d, 7.44-7.51. 2005. III. 23.<\/p>\n<p>207. A g\u00e9nt\u00e9rk\u00e9p. Interj\u00fa. (K\u00e9sz\u00edtette: Dr. Nemes J\u00e1nos) N\u00e9pszabads\u00e1g, 2005. m\u00e1jus 17. kedd (p. 18)<\/p>\n<p>208. Az \u201e\u00e9letment\u0151\u201d \u00fajsz\u00fcl\u00f6ttekkel kapcsolatos etikai k\u00e9rd\u00e9sek. Interj\u00fa. (K\u00e9sz\u00edette: Torda J\u00falia) Info R\u00e1di\u00f3 2005. V. 23. <\/p>\n<p>209. Mi\u00e9rt tilos a dajkaanyas\u00e1g? Interj\u00fa. (K\u00e9sz\u00edtette: Mihalicz Csilla) N\u0151k Lapja, 2005. j\u00fanius 15. 24. sz\u00e1m (p. 26-27)<\/p>\n<p>210. A cs\u00e1sz\u00e1rmetsz\u00e9sek sz\u00e1m\u00e1nak n\u00f6veked\u00e9s\u00e9vel kapcsolatos etikai k\u00e9rd\u00e9sek. Interj\u00fa. Magyar R\u00e1di\u00f3, Kossuth, \u201eR\u00e1di\u00f3\u00e9let\u201d (Szerkeszt\u0151-riporter: B\u00e9la P\u00e1l) 15.00-16.00. 2005. augusztus 12.<\/p>\n<p>211. Legk\u00f6zelebb ikrek sz\u00fclethetnek lefagyasztott petesejtb\u0151l. Interj\u00fa. (K\u00e9sz\u00edtette: Dan\u00f3 Anna) N\u00e9pszabads\u00e1g, 2005. augusztus 26. p\u00e9ntek (p. 5)<\/p>\n<p>212. Az eg\u00e9szs\u00e9g\u00fcgyi ell\u00e1t\u00e1s hozz\u00e1f\u00e9rhet\u0151s\u00e9g\u00e9vel kapcsolatos betegjogr\u00f3l. Interj\u00fa. (K\u00e9sz\u00edtette: B\u00e9la P\u00e1l) Magyar R\u00e1di\u00f3, Kossuth, \u201eR\u00e1di\u00f3\u00e9let\u201d, 15.00-16.00. 2005. szeptember 23.<\/p>\n<p>213. A bioetik\u00e1r\u00f3l mint hivat\u00e1sr\u00f3l. (Portr\u00e9) Magyar R\u00e1di\u00f3, Kossuth, \u201eKopogtat\u00f3\u201d (Szerkeszt\u0151-riporter: B\u00e9la P\u00e1l) 8.00-9.00. 2005. szeptember 24.<\/p>\n<p>214. \u201eNem\u201d a dajkaanyas\u00e1gra. Interj\u00fa. (K\u00e9sz\u00edtette: Zirkovics Nat\u00e1lia) In: Magyar Nemzet, 2005. okt\u00f3ber 20. (p. 4)<\/p>\n<p>215. Ki is lettem val\u00f3j\u00e1ban? (Az arc\u00e1t\u00fcltet\u00e9s etikai k\u00e9rd\u00e9sei) Interj\u00fa. (K\u00e9sz\u00edtette: Dan\u00f3 Anna) N\u00e9pszabads\u00e1g, 2005. december 3. szombat (p. 5)<\/p>\n<p>216. A b\u00fcntetett el\u0151\u00e9let is kev\u00e9sb\u00e9 s\u00falyos stigma. Konferenci\u00e1n tartott el\u0151ad\u00e1som ismertet\u00e9se. (Kun J. Vikt\u00f3ria) N\u00e9pszabads\u00e1g, 2006. febru\u00e1r 13. (p. 6) <\/p>\n<p>\n217. J\u00f3 gy\u00f3gym\u00f3dnak sem kell c\u00e9g\u00e9r. Interj\u00fa az eg\u00e9szs\u00e9g\u00fcgyi szolg\u00e1ltat\u00e1sok rekl\u00e1mj\u00e1r\u00f3l. (K\u00e9sz\u00edtette: Kun J. Vikt\u00f3ria) 2006. febru\u00e1r 21. kedd (p. 4.) <\/p>\n<p>218. \u0150szre lesz az \u00faj m\u0171vi medd\u0151v\u00e9t\u00e9tel szab\u00e1lyoz\u00e1sa. Az Orsz\u00e1ggy\u0171l\u00e9s Emberi jogi, kisebbs\u00e9gi, civil- \u00e9s vall\u00e1s\u00fcgyi bizotts\u00e1ga \u00e1ltal szervezett \u201eEszmecsere a m\u0171vi medd\u0151v\u00e9t\u00e9telr\u0151l\u201d c. szakmai tan\u00e1cskoz\u00e1son \u201eA m\u0171vi medd\u0151v\u00e9t\u00e9tel bioetikai meg\u00edt\u00e9l\u00e9se\u201d c\u00edmmel tartott el\u0151ad\u00e1som r\u00f6vid tartalmi ismertet\u00e9se (k\u00e9sz\u00edtette: Kun. J. Vikt\u00f3ria) N\u00e9pszabads\u00e1g, 2006. j\u00falius 21. (p\u00e9ntek) (p. 4.) <\/p>\n<p>219. A hippokratr\u00e9szi esk\u00fc \u00e1tv\u00e1ltoz\u00e1sai. Interj\u00fa. (K\u00e9sz\u00edtette: \u00c9l\u0151 Anita) Medical Tribune IV. \u00e9vf. 25-26. sz\u00e1m, 2006. december 21. (pp. 4-6) <\/p>\n<p>220. Az eg\u00e9szs\u00e9gbizos\u00edt\u00e1s etikai vonatkoz\u00e1sai. \u201eA t\u00e1rsadalom felel\u0151ss\u00e9ge a gy\u00f3gy\u00edt\u00e1si lehet\u0151s\u00e9gek \u00e9s a gy\u00f3gyul\u00e1si es\u00e9lyek jav\u00edt\u00e1s\u00e1ban\u201d c. tudom\u00e1nyos \u00fcl\u00e9sen felk\u00e9rt el\u0151ad\u00f3k\u00e9nt tartott el\u0151ad\u00e1sr\u00f3l sz\u00f3l\u00f3 \u00edr\u00e1sos besz\u00e1mol\u00f3. In: Kun. J. Vikt\u00f3ria: A tisztess\u00e9ges minimum. Az orvostudom\u00e1ny \u00e9s a r\u00e1kbetegek hozz\u00e1f\u00e9r\u00e9se a legkorszer\u0171bb ter\u00e1pi\u00e1khoz. (N\u00e9pszabads\u00e1g, 2007. m\u00e1rcius 31. szombat) H\u00e9tv\u00e9ge rovat (p. 2) <\/p>\n<p>221. Az eg\u00e9szs\u00e9g\u00fcgyi reform etikai k\u00e9rd\u00e9seir\u0151l. Interj\u00fa. (K\u00e9sz\u00edtette: Sz\u0171cs P\u00e9ter) In: Info R\u00e1di\u00f3, \u201eAr\u00e9na\u201d (2007. \u00e1prilis 16.) (19.00-20.00.)<\/p>\n<p>222. A mag\u00e1nbiztos\u00edt\u00f3k korl\u00e1tozz\u00e1k az ell\u00e1t\u00e1st. Interj\u00fa. (K\u00e9sz\u00edtette: Kov\u00e1cs Kl\u00e1ra) In: Hetek, XI. \u00e9vf. 17. sz\u00e1m (2007. \u00e1prilis 27. ) (p. 24)<\/p>\n<p>223. A ter\u00e1pi\u00e1s kl\u00f3noz\u00e1s \u00e9s a regenerat\u00edv medicina etikai k\u00e9rd\u00e9sei. Interj\u00fa. (K\u00e9sz\u00edtette: Hajdu Petra ) In: TV-2, T\u00e9nyek . (2007. V. 25., 18.30&#8211;19.00)<\/p>\n<p>224. Sz\u0171r\u0151vizsg\u00e1latok k\u00f6telez\u0151en \u00f6nk\u00e9ntes alapon. Interj\u00fa. (K\u00e9sz\u00edtette: Kun J. Vikt\u00f3ria) N\u00e9pszabads\u00e1g, 2007. augusztus 13. H\u00e9tf\u0151.<\/p>\n<p>225. Val\u00f3di vit\u00e1k kellenek. Interj\u00fa. (K\u00e9sz\u00edtette: K\u00f6bli Anik\u00f3) In: Medical Tribune, 2007. november 8. (V. \u00e9vf. 22. sz\u00e1m) (p. 3)<\/p>\n<p>226. A bioetik\u00e1r\u00f3l mint tudom\u00e1nyr\u00f3l. Interj\u00fa. (K\u00e9sz\u00edtette: Zempl\u00e9ni G\u00e1bor) In: Civil R\u00e1di\u00f3, \u201eB\u00f6lcsek k\u00f6ve\u201d, (2007. XII. 18.)<\/p>\n<p>227. A termin\u00e1lis \u00e1llapot\u00fa betegek joigair\u00f3l. Interj\u00fa. (K\u00e9sz\u00edtette: G\u00e1l Ilona) In: Magyar R\u00e1di\u00f3 1 (MR1) \u201eMag\u00e1nhangz\u00f3\u201d, (2008. II. 18. 12.30-13.00)<\/p>\n<p>228. Az orvostanhallgat\u00f3k magatart\u00e1studom\u00e1nyi oktat\u00e1s\u00e1r\u00f3l. Interj\u00fa. (K\u00e9sz\u00edtette: \u00c9rcfalvi Andr\u00e1s) In: Magyar R\u00e1di\u00f3 1 (MR1) \u201eNapk\u00f6zben\u201d (2008. III. 5. 9.00-10.00) <\/p>\n<p>229. Az eutan\u00e1zia Eur\u00f3pai Uni\u00f3s szab\u00e1lyoz\u00e1s\u00e1r\u00f3l. Interj\u00fa. (K\u00e9sz\u00edtette: Kutasi Judit) In: Klubr\u00e1di\u00f3, \u201eEuroz\u00f3na\u201d. (2008. III. 26. 15.00-16.00) <\/p>\n<p>230. Milyen d\u00f6nt\u00e9seket hozhat a sz\u00fcl\u0151 a gyermek\u00e9vel kapcsolatban? Hozhat-e eg\u00e9szs\u00e9gk\u00e1ros\u00edt\u00f3 d\u00f6nt\u00e9seket? Interj\u00fa. (K\u00e9sz\u00edtette: Jakupcsek Gabriella) TV-2, \u201eMokka\u201d, (2008. IV. 1. 07.07\u201407.14. )<\/p>\n<p>231. A sz\u00fcl\u0151i d\u00f6nt\u00e9s lehet\u0151s\u00e9g\u00e9nek korl\u00e1tai gyerekek eset\u00e9n. Interj\u00fa. (Magyar Telev\u00edzi\u00f3, M-1, \u201eNapkelte\u201d) (2008. IV. 3. 8.11\u20148.22)<\/p>\n<p>232. K\u00f6telez\u0151 v\u00e9d\u0151olt\u00e1s \u00e9s sz\u00fcl\u0151i felel\u0151ss\u00e9g. Interj\u00fa. (K\u00e9sz\u00edtette: Nagy Emese) In: Magyar R\u00e1di\u00f3-1 (MR-1) \u201e180 perc\u201d (2008. IV. 9. 7.25-7.29.) <\/p>\n<p>233. A k\u00f6telez\u0151 v\u00e9d\u0151olt\u00e1sok etikai k\u00e9rd\u00e9seir\u0151l. Interj\u00fa. (K\u00e9sz\u00edtette: Liptay Klaudia) TV-2, \u201eMokka\u201d, (2008. IV. 22 8.05-8.15) <\/p>\n<p>234. Az ember-\u00e1llat hibrid l\u00e9trehoz\u00e1s\u00e1nak angol enged\u00e9lyez\u00e9s\u00e9r\u0151l. Interj\u00fa. (K\u00e9sz\u00edtette: N\u00e9meth Bal\u00e1zs) TV-2, \u201eT\u00e9nyek\u201d (2008. V. 20. 18.30-19.00) <\/p>\n<p>235. A m\u0171vi abortusz jogi szab\u00e1lyoz\u00e1sa Angli\u00e1ban \u00e9s Magyarorsz\u00e1gon. Interj\u00fa. (K\u00e9sz\u00edtette: Torda J\u00falia) Info-R\u00e1di\u00f3 (2008. V. 21.) <\/p>\n<p>236. Az ember-\u00e1llat hibrid l\u00e9trehoz\u00e1s\u00e1nak etikai k\u00e9rd\u00e9sei. Interj\u00fa. (K\u00e9sz\u00edtette: G\u00f3tfalvi Krisztina) Duna TV , \u201eTV-h\u00edrad\u00f3\u201d (2008. V. 22. 21.00-21.30) <\/p>\n<p>237. Ugr\u00e1s a s\u00f6t\u00e9tbe. Kock\u00e1zatos gyors\u00edt\u00f3p\u00e1ly\u00e1n a gy\u00f3gyszervizsg\u00e1latok k\u00eds\u00e9rleti alanyai. Interj\u00fa. (K\u00e9sz\u00edtette: Kun. J. Vikt\u00f3ria) N\u00e9pszabads\u00e1g, 2008. j\u00falius 15. kedd. (p. 12.) <\/p>\n<p>238. \u00d6tmilli\u00f3 forint hat \u00e9let\u00e9rt. A p\u00e9nz\u00e9rt val\u00f3 szerv\u00e1t\u00fcltet\u00e9s etikai k\u00e9rd\u00e9sei. Interj\u00fa. (K\u00e9sz\u00edtette: Dan\u00f3 Anna) N\u00e9pszabads\u00e1g, 2008. augusztus 8. p\u00e9ntek. (p. 4.) <\/p>\n<p>239. Manipul\u00e1lhat\u00f3 a transzplant\u00e1ci\u00f3? Interj\u00fa. (K\u00e9sz\u00edtette: Kazai Anita) In: Medical Tribune 2008. augusztus 28. (p. 4-5) <\/p>\n<p>240. A gy\u00f3gy\u00edthatatlan betegr\u0151l is gondoskodnia kell a k\u00f3rh\u00e1znak. Interj\u00fa. (K\u00e9sz\u00edtette: Kun J. Vikt\u00f3ria) In: N\u00e9pszabads\u00e1g, 2008. XII. 8. (p. 4) <\/p>\n<p>241. Adhat-e \u00e9letjelet egy halott? Interj\u00fa. (K\u00e9sz\u00edtette: Dan\u00f3 Anna. N\u00e9pszabads\u00e1g, 2009. jan. 20. kedd (p. 1 \u00e9s 4)<\/p>\n<p>242. A genetikai tesztel\u00e9s etikai k\u00e9rd\u00e9sei. In: \u201eK\u00f6zelr\u0151l\u201d (Szerkeszt\u0151-riporter: Vizi Dorottya) MR1 (Kossuth) 15.15-15.25. (2009. II. 4)<\/p>\n<p>243. Az eutan\u00e1zia (kegyes hal\u00e1l) etikai k\u00e9rd\u00e9sei. (Interj\u00fa). In: T\u00e9nyek-v\u00e9lem\u00e9nyek. Klub R\u00e1di\u00f3, 13.33-13.45. (2009. II. 13. )<\/p>\n<p>244. A fogyat\u00e9koss\u00e1g etikai k\u00e9rd\u00e9sei. Interj\u00fa. (K\u00e9sz\u00edtette: B\u00edr\u00f3 Szilvia) In: MTV, m1, \u201eSzempont\u201d. 20.10-21.00 (2009. II. 19. )<\/p>\n<p>245. Vit\u00e1k az agyhal\u00e1l k\u00f6r\u00fcl. Interj\u00fa. (k\u00e9sz\u00edtette: K\u00f6bli Anik\u00f3) In: Medical Tribune, VII. \u00e9vf. 4. sz\u00e1m. 2009. febr. 26. (p. 1.\u00e9s 8-9.)<\/p>\n<p>246. Szellemseb\u00e9szet m\u0171k\u00f6dik a Sportk\u00f3rh\u00e1zban? Interj\u00fa. (K\u00e9sz\u00edtette: Dan\u00f3 Anna) N\u00e9pszabads\u00e1g, 2009. III. 21. szombat (p. 4)<\/p>\n<p>247. Genetikai sz\u0171r\u00e9s a lombikban\u2014hol a hat\u00e1r? Interj\u00fa. (K\u00e9sz\u00edtette: Dr. Nemes J\u00e1nos) N\u00e9pszabads\u00e1g, 2009. \u00e1prilis 14. kedd (p. 12) <\/p>\n<p>248. Az akt\u00edv \u00e9s a passz\u00edv eutan\u00e1zia etikai probl\u00e9m\u00e1ir\u00f3l. Interj\u00fa. (Szerkeszt\u0151-riporter: M\u00e9lyk\u00fati Ilona) Klub R\u00e1di\u00f3. 7.40-7.43. (2009. \u00e1prilis 16. )<\/p>\n<p>249. Hib\u00e1ztak-e a k\u00f3rh\u00e1zak? Interj\u00fa. (K\u00e9sz\u00edtette: Dan\u00f3 Anna) In: N\u00e9pszabads\u00e1g, 2009. j\u00falius 4. szombat. (p. 4)<\/p>\n<p>250. Az emberen v\u00e9gzett kutat\u00e1s etikai felt\u00e9telei. Interj\u00fa. (K\u00e9sz\u00edtette: G\u00e9czi M\u00e1ria) MR1, Kossuth R\u00e1di\u00f3, D\u00e9li Kr\u00f3nika. 2009. j\u00falius 29. (12.00-12.30)<\/p>\n<p>251. Kiszolg\u00e1ltatotts\u00e1g, kontra orvosi \u00e9rdekelts\u00e9g. Interj\u00fa. (K\u00e9sz\u00edtette: Dan\u00f3 Anna) <br \/>\nIn: N\u00e9pszabads\u00e1g, 2009. j\u00falius 30. cs\u00fct\u00f6rt\u00f6k. (p. 3) <\/p>\n<p>252. Az id\u0151sebbekkel szembeni diszkrimin\u00e1ci\u00f3 orvosi kezel\u00e9s sor\u00e1n. Interj\u00fa. (K\u00e9sz\u00edtette: Bolg\u00e1r Gy\u00f6rgy) In: Klubr\u00e1di\u00f3., 2009. X. 16. (16.15-16.20)<\/p>\n<p>253. A pszichi\u00e1triai etika k\u00e9rd\u00e9seir\u0151l. Interj\u00fa. (K\u00e9sz\u00edtette: Tak\u00e1cs Judit \u00e9s Havas Henrik) In: Klubr\u00e1di\u00f3, 2009. XI. 2. (11.35-11.45.)<\/p>\n<p>254. A magyar eg\u00e9szs\u00e9g\u00fcgy etikai probl\u00e9m\u00e1i. Interj\u00fa. (K\u00e9sz\u00edtette: K\u00f6bli Anik\u00f3) In: K\u00f6bli Anik\u00f3 (2009): Aszkl\u00e9pioszt\u00f3l a betegjogokig. Budapest: Sz\u00e9p\u00edr\u00f3 M\u0171hely. <\/p>\n<p>\n255. Mennyit \u00e9r egy \u00e9let? \u00c9s mennyit tudunk adni \u00e9rte? Interj\u00fa. (K\u00e9sz\u00edtette: B. Papp L\u00e1szl\u00f3) In: R\u00e1kgy\u00f3gy\u00edt\u00e1s, 2009 t\u00e9l (II. \u00e9vf. 4. sz\u00e1m) (p. 4-7)<\/p>\n<p>256. Kognit\u00edv apartheid. Interj\u00fa. (Kov\u00e1cs J\u00f3zsef bioetikussal Csontos Erika besz\u00e9lget) In: 2000 (Irodalmi \u00e9s T\u00e1rsadalmi Havilap) (2009. december) (p. 37-48)<\/p>\n<p>257. Tarajos s\u00fcl vagy c\u00e1pa? (A profitorient\u00e1lt orvostudom\u00e1nyi kutat\u00e1s \u00e1ltal felvetett etikai probl\u00e9m\u00e1k) (Dr. Kov\u00e1cs J\u00f3zsef: Bioetikai k\u00e9rd\u00e9sek a pszichi\u00e1tri\u00e1ban \u00e9s a pszichoter\u00e1pi\u00e1ban. Budapest, 2007. Medicina k\u00f6nyvkiad\u00f3 (p. 677) c. k\u00f6nyv egy r\u00e9szlet\u00e9nek (p. 523-556) \u00fajrak\u00f6zl\u00e9se. In: 2000 (Irodalmi \u00e9s T\u00e1rsadalmi Havilap) (2009. december) (p. 49-61)<\/p>\n<p>258. A legs\u00falyosabb v\u00e1laszt\u00e1s, ki kapjon ell\u00e1t\u00e1st. Interj\u00fa. (K\u00e9sz\u00edtette: Dan\u00f3 Anna) In: N\u00e9pszabads\u00e1g, 2010. febru\u00e1r 3. (p. 1-4) <\/p>\n<p>259. Onkol\u00f3giai kezel\u00e9sek; ki finansz\u00edrozza, ha nem az OEP? Interj\u00fa. K\u00e9sz\u00edtette: B. Papp L\u00e1szl\u00f3. In: Medical Tribune, VIII. \u00e9vf. 11. sz\u00e1m, 2010. j\u00fanius 3. (p. 8-9.)<\/p>\n<p>260. A beteg rugdos, a n\u0151v\u00e9r felpofoz. Interj\u00fa. K\u00e9sz\u00edtette: Dan\u00f3 Anna. In: N\u00e9pszabads\u00e1g, 2010. j\u00fanius 10. cs\u00fct\u00f6rt\u00f6k. (p. 5.) <\/p>\n<p>261. Bioetika az eg\u00e9szs\u00e9g\u00fcgyben. Interj\u00fa. (K\u00e9sz\u00edtette: V\u00f6r\u00f6s \u00c9va) In: \u00d3buda\u2014B\u00e9k\u00e1smegyer \u00d6nkorm\u00e1nyzat\u00e1nak a lapja) 2010. november 5. (p. 9.) <\/p>\n<p>262. Az abortusz etikai k\u00e9rd\u00e9seir\u0151l. Interj\u00fa. (K\u00e9sz\u00edtette: Dan\u00f3 Anna) In: N\u00e9pszabads\u00e1g, 2011. III. 23. (p. 3.) <\/p>\n<p>263. A betegjogok hazai probl\u00e9m\u00e1ir\u00f3l. Interj\u00fa. (K\u00e9sz\u00edtette: K\u00f6bli Anik\u00f3) In: \u00c1talak\u00edt\u00e1s el\u0151tt a hazai betegjogv\u00e9delem rendszere. In: Medical Tribune, 2011. m\u00e1rcius 17. (p. 7)<\/p>\n<p>264. A modern genomika etikai k\u00e9rd\u00e9sei. Kerekasztalbesz\u00e9lget\u00e9s r\u00e9sztvev\u0151jek\u00e9nt. In: Mindentud\u00e1s Egyeteme 2.0. (2011. IV. 28.-\u00e1n. ) (Magyar Telev\u00edzi\u00f3, m2. 20.35-21.25.) <\/p>\n<p>265. Az \u00e9letment\u0151 kezel\u00e9sek visszautas\u00edt\u00e1s\u00e1nak etikai k\u00e9rd\u00e9sei. Interj\u00fa. (K\u00e9sz\u00edtette: Moskovics Judit) In: \u201eH\u00e1zon k\u00edv\u00fcl.\u201d RTL Klub, (2011. V. 5. 23.30-24.00)<\/p>\n<p>266. Az agresszi\u00f3 cs\u00f6kkent\u00e9s\u00e9nek lehet\u0151s\u00e9gei. Interj\u00fa. (K\u00e9sz\u00edtette: B\u00edr\u00f3 Szilvia) In: K\u00e9k F\u00e9ny, 2011. V. 23. (MTV-1, 20.00-21.00) <\/p>\n<p>267. 20 \u00e9v m\u00falva: ter\u00e1pi\u00e1s j\u00f6v\u0151. Interj\u00fa. (K\u00e9sz\u00edtette: B\u00e1n L\u00e1szl\u00f3) In: Reader\u2019s Digest, 2011. november (p. 42-43.)<\/p>\n<p>268. M\u00e9g keresik az utat a sz\u00e9p hal\u00e1lhoz Magyarorsz\u00e1gon. Interj\u00fa (K\u00e9sz\u00edtette: Vor\u00e1k Anita) In: Origo (www.origo.hu) 2011. november 27. <\/p>\n<p>\n269. Uzsoki \u00fcgy: Val\u00f3sz\u00edn\u0171leg nem Mengel\u00e9\u00e9k fogtak \u00f6ssze. Interj\u00fa. (K\u00e9sz\u00edtette: Dan\u00f3 Anna) N\u00e9pszabads\u00e1g, 2011. november 28. (h\u00e9tf\u0151) (p. 7.) <\/p>\n<p>\n270. El\u0151sz\u00f6r olvast\u00e1k ki g\u00e9nekb\u0151l a sz\u00fclet\u00e9skor v\u00e1rhat\u00f3 \u00e9lettartamot: genetikai krist\u00e1lyg\u00f6mb. (Interj\u00fa. ) K\u00e9sz\u00edtette: Simon Tam\u00e1s. Origo, 2012. janu\u00e1r 11. (www.origo.hu\/tudomany\/20120110-telomerok-kromoszomak-dns-oregedes-zabrapintyek-alapjan-elore-jelezheto-az-elethossz.html)<\/p>\n<p>271. Sz\u00fclhet-e transznem\u0171 f\u00e9rfi gyereket? Etikai k\u00e9rd\u00e9sek. Interj\u00fa. (K\u00e9sz\u00edtette: Moln\u00e1r Orsolya) Origo, 2012. febru\u00e1r 17. (www.origo.hu)<\/p>\n<p>272. M\u00e1just\u00f3l j\u00f6nnek a t\u00e9rs\u00e9gi v\u00e1r\u00f3list\u00e1k. Etikai \u00e9s szakmai dilemm\u00e1k. Interj\u00fa. (K\u00e9sz\u00edtette: K\u00f6bli Anik\u00f3) In: Medical Tribune, X. \u00e9vf. 5. sz\u00e1m. 2012. m\u00e1rcius 22. (p. 5.) <\/p>\n<p>273. Minden ember zsid\u00f3 \u00e9s cig\u00e1ny is egy kicsit. Interj\u00fa. (K\u00e9sz\u00edtette: Simon Tam\u00e1s) In. Origo, 2012. V. 16. (www.origo.hu) <\/p>\n<p>274. Rossz tudom\u00e1ny, j\u00f3 tudom\u00e1ny? Interj\u00fa. (K\u00e9sz\u00edtette: Vizi Dorottya) In: Kossuth R\u00e1di\u00f3, \u201eK\u00f6zelr\u0151l\u201d (2012. V. 17. 16.00-16.45) <\/p>\n<p>275. Az abortusztabletta mell\u00e9khat\u00e1sa: megf\u00e9leml\u00edtett igazgat\u00f3k. Interj\u00fa. (K\u00e9sz\u00edtette: Dan\u00f3 Anna) N\u00e9pszabads\u00e1g, 2012. m\u00e1jus 24. (cs\u00fct\u00f6rt\u00f6k) <\/p>\n<p>276. A Down-k\u00f3r anyai v\u00e9rb\u0151l val\u00f3 korai diagnosztiz\u00e1l\u00e1s\u00e1nak etikai k\u00e9rd\u00e9sei. Interj\u00fa. (K\u00e9sz\u00edtette: Vizi Dorottya) In: Kossuth R\u00e1di\u00f3, \u201eK\u00f6zelr\u0151l\u201d (2012. IX. 24. 16.00-16.45)<\/p>\n<p>277. A placeb\u00f3r\u00f3l. Interj\u00fa. (K\u00e9sz\u00edtette: G\u00edmes J\u00falia) In: Kossuth R\u00e1di\u00f3. \u201eT\u00e9r-id\u0151.\u201d (2012. IX. 28. 14.15-15.00)<\/p>\n<p>278. Az \u00e1llatokkal val\u00f3 b\u00e1n\u00e1sm\u00f3d etikai k\u00e9rd\u00e9sei. Interj\u00fa. (K\u00e9sz\u00edtette: G\u00edmes J\u00falia) In: Kossuth R\u00e1di\u00f3. \u201eT\u00e9r-id\u0151.\u201d (2012. X. 5. 14.15-15.00)<\/p>\n<p>279. A \u201edesigner-baby\u201d (gyermektervez\u00e9s) etikai k\u00e9rd\u00e9seir\u0151l. Interj\u00fa. (K\u00e9sz\u00edtette: Vizi Dorottya) In: Kossuth R\u00e1di\u00f3, \u201eK\u00f6zelr\u0151l\u201d. (2013. VII. 17. 16.00-17.00)<\/p>\n<p>280. \u00d6n megh\u00fazn\u00e1 a ravaszt? Interj\u00fa az eutan\u00e1zi\u00e1r\u00f3l. (K\u00e9sz\u00edtette: Dan\u00f3 Anna) N\u00e9pszabads\u00e1g, 2013. j\u00falius 18. <\/p>\n<p>281. Az agyhalott terhes \u00e9letm\u0171k\u00f6d\u00e9se fenntart\u00e1s\u00e1nak etikai k\u00e9rd\u00e9seir\u0151l. Interj\u00fa. (K\u00e9sz\u00edtette: Friderikusz S\u00e1ndor) In: ATV, \u201eFriderikusz\u201d 22.20-23.00 (2013. XI. 19.-\u00e9n) <\/p>\n<p>282. A belga \u201egyermekeutan\u00e1zia\u201d t\u00f6rv\u00e9nyr\u0151l. Interj\u00fa. (K\u00e9sz\u00edtette: V\u00edzi Dorka. Kossuth R\u00e1di\u00f3, \u201eT\u00e9r-id\u0151\u201d. (14.34.-15.00) 2014. febru\u00e1r 26. <\/p>\n<p>283. A belga \u201egyermekeutan\u00e1zia\u201d megengedhet\u0151s\u00e9g\u00e9r\u0151l Magyarorsz\u00e1gon. Interj\u00fa. (Szerkeszt\u0151\u2013riporter: Friderikusz S\u00e1ndor) In: \u201eFriderikusz\u201d. ATV, 22.20-23.00. 2014. febru\u00e1r 26. <\/p>\n<p>284. M\u00e9reg a v\u00e9n\u00e1ba. Interj\u00fa. (K\u00e9sz\u00edtette: \u00c9l\u0151 Anita.) In: Heti V\u00e1lasz XIV. \u00e9vf. 9. sz\u00e1m. 2014. febru\u00e1r 27. (p. 23-25.) <\/p>\n<p>285. Interview with Jozsef Kovacs (K\u00e9sz\u00edtette: Judit S\u00e1ndor): http:\/\/www.nerri.eu\/eng\/news-highlights\/nerri-news\/interview-with-prof-jozsef-kovacs aspx (Let\u00f6ltve: 2014. febru\u00e1r 27.) NERRI= Neuro-Enhancement Responsible Research and Innovation. <\/p>\n<p>286. A beteget nem lehet kihagyni a d\u00f6nt\u00e9sb\u0151l. Interj\u00fa. (K\u00e9sz\u00edtette: Tarcza Orsolya) <br \/>\nwww.elitmed.hu (2014. febru\u00e1r 28.)<\/p>\n<p>287. Mikor musz\u00e1j k\u00e9s al\u00e1 fek\u00fcdni? Interj\u00fa. (K\u00e9sz\u00edtette: Albert \u00c1kos) Origo, 2014. m\u00e1rcius 19. (www.origo.hu) <\/p>\n<p>288. Az orvosi kezel\u00e9sek visszautas\u00edt\u00e1s\u00e1nak etikai k\u00e9rd\u00e9seir\u0151l. Interj\u00fa. (K\u00e9sz\u00edtette: K\u00e1ll\u00f3 Izabella) In: Info R\u00e1di\u00f3. \u201eParagrafus\u201d (20.00-20.50) 2014. m\u00e1rcius 27. <\/p>\n<p>289. Bioetika oktat\u00e1s az orvosk\u00e9pz\u00e9sben. Interj\u00fa. (Szerkeszt\u0151-riporter: Keresztes Ilona) \u201eVend\u00e9g a h\u00e1zn\u00e1l.\u201d (In: Magyar R\u00e1di\u00f3, Kossuth, 11.30-12.00) 2014. okt\u00f3ber 27.-\u00e9n.<\/p>\n<p>290. Eutan\u00e1zia, orvos \u00e1ltal assziszt\u00e1lt \u00f6ngyilkoss\u00e1g. Interj\u00fa. (Kerekasztalbesz\u00e9lget\u00e9s r\u00e9sztvev\u0151jek\u00e9nt) (Szerkeszt\u0151-riporter: Simon Andr\u00e1s) In: ATV, \u201eDoku\u201d (20.35-21.25) 2014. november 11.-\u00e9n. <\/p>\n<p>291. A betegjogok legfontosabbika. Interj\u00fa. (K\u00e9sz\u00edtette: dr. Kazai Anita). In: Jogorvoslap. 2015. VII. \u00e9vfolyam. 2. sz\u00e1m. (www.jogorvoslap.hu) (p. 11-14)<\/p>\n<p>292. Az \u00e1ltudom\u00e1nyok etikai k\u00e9rd\u00e9seir\u0151l. Interj\u00fa. (Szerkeszt\u0151: Veress \u00c1gnes)<br \/>\nIn: Magyar R\u00e1di\u00f3, Kossuth, \u201eNapk\u00f6zben\u201d. (9.00-9.30) (2016. janu\u00e1r 7.) <\/p>\n<p>293. &#8222;Mosolyog, mik\u00f6zben a helyzet tragikus&#8221; \u2013 a beteg lelk\u00e9vel nem t\u00f6r\u0151dnek az orvosok. Interj\u00fa. (K\u00e9sz\u00edtette: Hercsel Ad\u00e9l). hvg.hu (2016. janu\u00e1r 08. p\u00e9ntek) http:\/\/hvg.hu\/plazs\/20160108_cim#rss <\/p>\n<p>294. L\u00e9tezik-e j\u00f3 hal\u00e1l? Kerekasztal besz\u00e9lget\u00e9s r\u00e9sztvev\u0151jek\u00e9nt Heged\u0171s Katalin: L\u00e9tezik-e j\u00f3 hal\u00e1l? (Budapest:Oriold k\u00f6nyvkiad\u00f3, 2017) c. k\u00f6nyv\u00e9nek sajt\u00f3bemutat\u00f3j\u00e1n 2017. \u00e1prilis 18-\u00e1n az \u00cdr\u00f3k Boltj\u00e1ban (Budapest Andr\u00e1ssy \u00fat 45.)<br \/>\nA besz\u00e9lget\u00e9s r\u00e9sztvev\u0151i: Oriold K\u00e1roly (moder\u00e1tor), Heged\u0171s Katalin, Pilling J\u00e1nos, Kov\u00e1cs J\u00f3zsef. A besz\u00e9lget\u00e9sr\u0151l vide\u00f3felv\u00e9tel k\u00e9sz\u00fclt, mely megtekinthet\u0151 a You Tube-on a k\u00f6vetkez\u0151 c\u00edmen : https:\/\/www.youtube.com\/watch?v=Ou9uMBNAxhI<br \/>\nA kerekasztal besz\u00e9lget\u00e9sr\u0151l besz\u00e1mol\u00f3t k\u00f6z\u00f6lt a 444.hu online foly\u00f3irat (444.hu \u2013 2017. 05. 01. )<\/p>\n<p>295. A depresszi\u00f3s gondolkod\u00e1s hib\u00e1i. Interj\u00fa. (K\u00e9sz\u00edtette:L. Mur\u00e1nyi L\u00e1szl\u00f3) In: L. Mur\u00e1nyi L\u00e1szl\u00f3 (2018): A depresszi\u00f3 b\u00e9kly\u00f3j\u00e1ban. Budapest: Medicina k\u00f6nyvkiad\u00f3. (p. 399-408.) <\/p>\n<p>296. Purebl Gy\u00f6rgy: Alacsony intenzit\u00e1s\u00fa pszichol\u00f3giai intervenci\u00f3k a mindennapi orvosi gyakorlatban (Budapest: Oriold k\u00f6nyvkiad\u00f3, 2018) c\u00edm\u0171 k\u00f6nyv\u00e9nek bemutat\u00e1sa a k\u00f6nyv sajt\u00f3bemutat\u00f3j\u00e1n 2018. j\u00fanius 6-\u00e1n az \u00cdr\u00f3k Boltj\u00e1ban (Budapest Andr\u00e1ssy \u00fat 45.)<br \/>\nA sajt\u00f3bemutat\u00f3 el\u0151ad\u00f3 r\u00e9sztvev\u0151i: Oriold K\u00e1roly (moder\u00e1tor), Sz\u0171cs Anna, Purebl Gy\u00f6rgy, Kov\u00e1cs J\u00f3zsef. A bemutat\u00f3r\u00f3l vide\u00f3felv\u00e9tel k\u00e9sz\u00fclt, mely megtekinthet\u0151 a You Tube-on a k\u00f6vetkez\u0151 c\u00edmen : https:\/\/www.youtube.com\/watch?v=Lc_2DJFry1U <\/p>\n<p>297. A betegt\u00e1j\u00e9koztat\u00e1s etik\u00e1ja a mindennapi orvosl\u00e1sban. Interj\u00fa dr. Kov\u00e1cs J\u00f3zsef bioetikussal (K\u00e9sz\u00edtette: Lengyel Ingrid) In: Jogorvoslap, 2018. X. \u00e9vfolyam 1. sz\u00e1m. (www.jogorvoslap.hu) (p. 16-19)<\/p>\n<p>298. Zana \u00c1gnes: Mit mondjak, hogyan mondjam. (Gondolatok az \u00e9letr\u0151l \u00e9s az \u00e9let v\u00e9g\u00e9r\u0151l) (Budapest: Kossuth k\u00f6nyvkiad\u00f3, 2018) c\u00edm\u0171 k\u00f6nyv\u00e9nek bemutat\u00e1sa a k\u00f6nyv sajt\u00f3bemutat\u00f3j\u00e1n, 2018. j\u00fanius 21-\u00e9n az \u00d6rk\u00e9ny k\u00f6nyvesboltban (Budapest, Szent Istv\u00e1n k\u00f6r\u00fat 26.)<br \/>\nA sajt\u00f3bemutat\u00f3 el\u0151ad\u00f3 r\u00e9sztvev\u0151i: L\u00e1szl\u00f3 \u00c1gnes (moder\u00e1tor), Kegye Adrienn, Zana \u00c1gnes, Kov\u00e1cs J\u00f3zsef. <\/p>\n<p>299. Dr. Kov\u00e1cs J\u00f3zsef: Csak gazdag \u00e9s szab\u00e1lyk\u00f6vet\u0151 orsz\u00e1gokban lehet eutan\u00e1zia. Interj\u00fa. (K\u00e9sz\u00edtette: Dan\u00f3 Anna). In: N\u00e9pszava, 2023. okt\u00f3ber 16.(h\u00e9tf\u0151) 5. oldal. <\/p>\n<p>300. Dr. Kov\u00e1cs J\u00f3zsef: Orvosi etika-bioetika. I. A kurrens k\u00e9rd\u00e9sek. Interj\u00fa (k\u00e9sz\u00edtette: Kulja Andr\u00e1s, 2024. febru\u00e1r 9.) Fonendoszk\u00f3p Podcast.<\/p>\n<p>301. Dr. Kov\u00e1cs J\u00f3zsef: Orvosi etika-bioetika. II. Abortusz, eutan\u00e1zia. Interj\u00fa (k\u00e9sz\u00edtette: Kulja Andr\u00e1s, 2024. febru\u00e1r 9.) Fonendoszk\u00f3p Podcast. <\/p>\n<p>302. Dr. Kov\u00e1cs J\u00f3zsef: Florian Steger k\u00f6nyv\u00e9nek bemutat\u00e1sa. Kerekasztal besz\u00e9lget\u00e9s r\u00e9sztvev\u0151jek\u00e9nt az \u00cdr\u00f3k Boltja k\u00f6nyvesboltban, Florian Steger (2023): Antik orvosl\u00e1s. Bevezet\u00e9s \u00e9s forr\u00e1sgy\u0171jtem\u00e9ny c\u00edm\u0171 k\u00f6nyv\u00e9nek k\u00f6nyvbemutat\u00f3j\u00e1n, 2024. febru\u00e1r 23-\u00e1n. A k\u00f6nyvbemutat\u00f3r\u00f3l k\u00e9sz\u00fclt videofelv\u00e9tel el\u00e9rhet\u0151 a You Tube-on: https:\/\/www.youtube.com\/watch?v=h4apSlaX70Y&amp;t=42s <\/p>\n<p>303. Dr. Kov\u00e1cs J\u00f3zsef: Az eutan\u00e1zia etikai k\u00e9rd\u00e9sei. \u201eMaraton\u201d. Podcast-kerekasztal besz\u00e9lget\u00e9s r\u00e9sztvev\u0151jek\u00e9nt. (Tov\u00e1bbi r\u00e9sztvev\u0151k: dr. Fil\u00f3 Mih\u00e1ly, dr. Kereszty \u00c9va). <br \/>\nModer\u00e1tor-vide\u00f3s \u00fajs\u00e1g\u00edr\u00f3: B\u00e1nszegi Rebeka. (24.hu) Felv\u00e9tel: 2024. febru\u00e1r 29-\u00e9n.<br \/>\nA podcast el\u00e9rhet\u0151: https:\/\/24.hu\/belfold\/2024\/03\/23\/eutanazia-kegyes-halal-karsai-daniel-maraton\/ <\/p>\n<p>304. Dr. Kov\u00e1cs J\u00f3zsef: A modern orvosi etika alapjai. (Podcast besz\u00e9lget\u00e9s r\u00e9sztvev\u0151jek\u00e9nt, k\u00e9sz\u00edtette: dr. Tari Gergely) Az MTA \u00c9rt\u00e9kek \u00e9s Tudom\u00e1ny Kutat\u00f3csoport Bioetika sorozata m\u00e1sodik \u00e9vad\u00e1nak \u00f6t\u00f6dik r\u00e9sze, melynek aprop\u00f3ja Dr. Kov\u00e1cs J\u00f3zsef \u201cA modern orvosi etikai alapjai\u201d c\u00edm\u0171 k\u00f6nyv\u00e9nek \u00faj kiad\u00e1sa. (Felv\u00e9tel: 2025. janu\u00e1r 14., k\u00f6zz\u00e9t\u00e9tel: 2025. febru\u00e1r 16.) <br \/>\nA podcast el\u00e9rhet\u0151: https:\/\/youtu.be\/shLDkM9Gwp8<\/p>\n<p>305. Dr. Kov\u00e1cs J\u00f3zsef: Kinek van joga a hal\u00e1lr\u00f3l d\u00f6nteni? Interj\u00fa. (K\u00e9sz\u00edtette: K\u00e9ky Kira) In: L\u00e9lekemel\u0151. (Pszichi\u00e1triai Magazin.) 2025. m\u00e1jus XVII. \u00e9vfolyam 1. sz\u00e1m. (p. 4-6.) <\/p>\n<p>2025. november 21.<br \/>\ndr. Kov\u00e1cs J\u00f3zsef<br \/>\nProfessor Emeritus<\/p>\n","protected":false},"excerpt":{"rendered":"<p>Publik\u00e1ci\u00f3s lista. (dr. Kov\u00e1cs J\u00f3zsef) MTMT publik\u00e1ci\u00f3s lista: https:\/\/m2.mtmt.hu\/gui2\/?type=authors&amp;mode=browse&amp;sel=10012238 Tudom\u00e1nyos k\u00f6nyvek 1. Dr. Kov\u00e1cs J\u00f3zsef: A modern orvosi etika alapjai. Bevezet\u00e9s a bioetik\u00e1ba. Budapest, 1997. Medicina k\u00f6nyvkiad\u00f3. (p. 629) (Szakk\u00f6nyv \u00e9s t\u00f6bb egyetemen haszn\u00e1lt tank\u00f6nyv) &hellip;<\/p>\n","protected":false},"author":130,"featured_media":0,"parent":0,"menu_order":4,"comment_status":"closed","ping_status":"closed","template":"","meta":{"footnotes":""},"class_list":["post-19","page","type-page","status-publish","hentry"],"_links":{"self":[{"href":"https:\/\/scholar.semmelweis.hu\/kovacsjozsef\/wp-json\/wp\/v2\/pages\/19"}],"collection":[{"href":"https:\/\/scholar.semmelweis.hu\/kovacsjozsef\/wp-json\/wp\/v2\/pages"}],"about":[{"href":"https:\/\/scholar.semmelweis.hu\/kovacsjozsef\/wp-json\/wp\/v2\/types\/page"}],"author":[{"embeddable":true,"href":"https:\/\/scholar.semmelweis.hu\/kovacsjozsef\/wp-json\/wp\/v2\/users\/130"}],"replies":[{"embeddable":true,"href":"https:\/\/scholar.semmelweis.hu\/kovacsjozsef\/wp-json\/wp\/v2\/comments?post=19"}],"version-history":[{"count":9,"href":"https:\/\/scholar.semmelweis.hu\/kovacsjozsef\/wp-json\/wp\/v2\/pages\/19\/revisions"}],"predecessor-version":[{"id":160,"href":"https:\/\/scholar.semmelweis.hu\/kovacsjozsef\/wp-json\/wp\/v2\/pages\/19\/revisions\/160"}],"wp:attachment":[{"href":"https:\/\/scholar.semmelweis.hu\/kovacsjozsef\/wp-json\/wp\/v2\/media?parent=19"}],"curies":[{"name":"wp","href":"https:\/\/api.w.org\/{rel}","templated":true}]}}