{"id":11,"date":"2022-02-26T16:33:39","date_gmt":"2022-02-26T15:33:39","guid":{"rendered":"https:\/\/scholar.semmelweis.hu\/kovacsjozsef\/?page_id=11"},"modified":"2025-12-08T13:18:48","modified_gmt":"2025-12-08T12:18:48","slug":"bemutatkozas","status":"publish","type":"page","link":"https:\/\/scholar.semmelweis.hu\/kovacsjozsef\/hu\/bemutatkozas\/","title":{"rendered":"Bemutatkoz\u00e1s"},"content":{"rendered":"<h2>Dr. Kov\u00e1cs J\u00f3zsef: orvos-bioetikus, pszichoterapeuta, Professor Emeritus, Klinikai f\u0151orvos<\/h2>\n<p>A Semmelweis Egyetem \u00c1ltal\u00e1nos Orvostudom\u00e1nyi Kar\u00e1n v\u00e9geztem \u00e1ltal\u00e1nos orvosk\u00e9nt, majd az ELTE B\u00f6lcs\u00e9szettudom\u00e1nyi Kar\u00e1n szereztem diplom\u00e1t filoz\u00f3fi\u00e1b\u00f3l. Eg\u00e9sz szakmai p\u00e1lyafut\u00e1som az orvostudom\u00e1ny \u00e9s a filoz\u00f3fia hat\u00e1rter\u00fclet\u00e9n zajlott. El\u0151sz\u00f6r t\u00e1rsadalomorvostanb\u00f3l (n\u00e9peg\u00e9szs\u00e9gtan) szakvizsg\u00e1ztam. Az eg\u00e9szs\u00e9g popul\u00e1ci\u00f3 szint\u0171 megk\u00f6zel\u00edt\u00e9se, mely elm\u00e9letileg az evol\u00faci\u00f3s szeml\u00e9letnek a medicin\u00e1ba val\u00f3 bevon\u00e1s\u00e1t is mag\u00e1ban foglalja m\u00e1ig fontos kiindul\u00f3pont a sz\u00e1momra. Majd pszichoter\u00e1pi\u00e1b\u00f3l szakvizsg\u00e1ztam (kognit\u00edv \u00e9s viselked\u00e9ster\u00e1pia), mely megk\u00f6zel\u00edt\u00e9s sok rokons\u00e1got mutat az \u00f3kori sztoikus filoz\u00f3fi\u00e1val. Alapvet\u0151en kognit\u00edv ter\u00e1pi\u00e1s&#8211;s\u00e9mater\u00e1pi\u00e1s szeml\u00e9letben kezelek betegeket. Azonban a filoz\u00f3fiai szempont, mely m\u00e1ra k\u00fcl\u00f6n ir\u00e1nyzatt\u00e1 n\u0151tte ki mag\u00e1t (filoz\u00f3fiai tan\u00e1csad\u00e1s), s melyet igyekeztem Magyarorsz\u00e1gon meghonos\u00edtani, sokszor nagy seg\u00edts\u00e9get ny\u00fajt a betegell\u00e1t\u00e1sban.<\/p>\n<p>A filoz\u00f3fia \u00e9s az orvostudom\u00e1ny m\u00e1sik hat\u00e1rter\u00fclete a hagyom\u00e1nyos orvosi etika modern form\u00e1ja, a bioetika. Igyekeztem az angolsz\u00e1sz bioetikai hagyom\u00e1ny eredm\u00e9nyeit Magyarorsz\u00e1gon meghonos\u00edtani, s a bioetika fejl\u0151d\u00e9s\u00e9hez nemzetk\u00f6zileg is hozz\u00e1j\u00e1rulni. Kialak\u00edtottam a hazai orvosi-bioetika oktat\u00e1s kurrikulum\u00e1t, s t\u00f6bb tank\u00f6nyvet is \u00edrtam ezen kurrikulum megalapoz\u00e1s\u00e1ra. Ezeket t\u00f6bb \u00e9vtizede sz\u00e9les k\u00f6rben haszn\u00e1lj\u00e1k a hazai orvosk\u00e9pz\u00e9sben, de m\u00e1s fels\u0151oktat\u00e1si int\u00e9zm\u00e9nyekben is. R\u00e9szt vehettem sz\u00e1mos eg\u00e9szs\u00e9g\u00fcgyi t\u00e1rgy\u00fa jogalkot\u00e1sban, \u00edgy az 1997. \u00e9vi 154. t\u00f6rv\u00e9ny (Eg\u00e9szs\u00e9g\u00fcgyi t\u00f6rv\u00e9ny, E\u00fctv.) eg\u00e9sz\u00e9nek l\u00e9trehoz\u00e1s\u00e1ban is. E t\u00f6rv\u00e9nynek a betegek jogair\u00f3l sz\u00f3l\u00f3 koncepci\u00f3j\u00e1nak kialak\u00edt\u00e1s\u00e1t, s a kodifik\u00e1ci\u00f3 el\u0151tti sz\u00f6vegszer\u0171 megfogalmaz\u00e1s\u00e1t is elv\u00e9gezhettem, felhaszn\u00e1lva az akkor m\u00e1r elk\u00e9sz\u00fclt tank\u00f6nyvem betegjogi fejezet\u00e9t. A t\u00f6rv\u00e9ny ez\u00e9rt sz\u00e1mos ponton sz\u00f3 szerint \u00e1tveszi k\u00f6nyvem els\u0151 kiad\u00e1s\u00e1nak megfogalmaz\u00e1sait. A t\u00f6rv\u00e9ny el\u0151k\u00e9sz\u00edt\u00e9se sor\u00e1n sok vita zajlott a betegjogi k\u00e9pvisel\u0151i rendszer hazai bevezethet\u0151s\u00e9g\u00e9vel kapcsolatban. Alap\u00edtv\u00e1nyi t\u00e1mogat\u00e1ssal szerepet j\u00e1tszhattam a betegjogi k\u00e9pvisel\u0151 int\u00e9zm\u00e9ny\u00e9nek hazai k\u00eds\u00e9rleti c\u00e9l\u00fa kipr\u00f3b\u00e1l\u00e1s\u00e1ban, majd ennek sikere ut\u00e1n annak az E\u00fctv.-be, majd k\u00e9s\u0151bb a hazai gyakorlatba val\u00f3 bevezet\u00e9s\u00e9ben.<\/p>\n<p><strong>P\u00e1ly\u00e1m kezdete \u00f3ta r\u00e9szt veszek a fels\u0151oktat\u00e1sban. Mott\u00f3m mindig Plutarkhosz tan\u00e1csa volt:\u00a0Az elme nem ed\u00e9ny, amit meg kell t\u00f6lteni, hanem f\u00e1klya, amit l\u00e1ngra kell lobbantani.\u00a0M\u00e1sfel\u0151l, ir\u00e1nymutat\u00f3 volt sz\u00e1momra Kant meghat\u00e1roz\u00e1sa a felvil\u00e1gosod\u00e1sr\u00f3l:<\/strong><\/p>\n<blockquote>\n<p>\u201eA felvil\u00e1gosod\u00e1s az ember kil\u00e1bal\u00e1sa maga okozta kiskor\u00fas\u00e1g\u00e1b\u00f3l. Kiskor\u00fas\u00e1g az arra val\u00f3 k\u00e9ptelens\u00e9g, hogy valaki m\u00e1sok vezet\u00e9se n\u00e9lk\u00fcl gondolkodj\u00e9k. \u2026 Sapere aude! Merj a magad \u00e9rtelm\u00e9re t\u00e1maszkodni! &#8211; ez teh\u00e1t a felvil\u00e1gosod\u00e1s jelmondata.\u201d<\/p>\n<\/blockquote>\n<p>Mindig azt igyekeztem el\u00e9rni, hogy a bioetika sz\u00f3 szerint \u00e9letbev\u00e1g\u00f3, \u00e9let-hal\u00e1l k\u00e9rd\u00e9sekkel foglalkoz\u00f3 probl\u00e9m\u00e1it a t\u00e1rgyhoz ill\u0151 komolys\u00e1ggal, az \u00e9rtelemre t\u00e1maszkodva vitathassuk meg. Karinthy Frigyes \u00edrja: t\u00e9ved\u00e9s, hogy arr\u00f3l kell \u00edrni, ami az olvas\u00f3t \u00e9rdekli. \u00c9ppen ford\u00edtva. Egy j\u00f3 \u00edr\u00f3nak meg kell mutatnia, mi \u00e9rdekli az olvas\u00f3t. Vagyis az olvas\u00f3nak r\u00e1 kell j\u00f6nnie, hogy amir\u0151l eddig azt gondolta, hogy sz\u00e1m\u00e1ra k\u00f6z\u00f6mb\u00f6s, val\u00f3j\u00e1ban m\u00e9lyen \u00e9rdekli. Ennek megfelel\u0151en \u00e9n is arra t\u00f6rekedtem, hogy a di\u00e1kok l\u00e1ss\u00e1k meg, hogy \u00e9rdeklik \u0151ket a bioetikai probl\u00e9m\u00e1k, s igyekeztem benn\u00fck az \u00f6n\u00e1ll\u00f3 gondolkod\u00e1s \u00e9s kutat\u00e1s v\u00e1gy\u00e1t l\u00e1ngra lobbantani. Sz\u00e1mos kiv\u00e1l\u00f3 di\u00e1komn\u00e1l \u00e9reztem azt, hogy ez siker\u00fclt. Az \u0151 lelkesed\u00e9s\u00fck, a probl\u00e9m\u00e1k s\u00faly\u00e1hoz ill\u0151 komolys\u00e1guk \u00e9s elk\u00f6telezetts\u00e9g\u00fck oktat\u00f3i p\u00e1ly\u00e1m legnagyobb jutalma.<\/p>\n<h2><!-- \/wp:paragraph --><\/h2>\n","protected":false},"excerpt":{"rendered":"<p>Dr. Kov\u00e1cs J\u00f3zsef: orvos-bioetikus, pszichoterapeuta, Professor Emeritus, Klinikai f\u0151orvos A Semmelweis Egyetem \u00c1ltal\u00e1nos Orvostudom\u00e1nyi Kar\u00e1n v\u00e9geztem \u00e1ltal\u00e1nos orvosk\u00e9nt, majd az ELTE B\u00f6lcs\u00e9szettudom\u00e1nyi Kar\u00e1n szereztem diplom\u00e1t filoz\u00f3fi\u00e1b\u00f3l. Eg\u00e9sz szakmai p\u00e1lyafut\u00e1som az orvostudom\u00e1ny \u00e9s a filoz\u00f3fia hat\u00e1rter\u00fclet\u00e9n &hellip;<\/p>\n","protected":false},"author":130,"featured_media":0,"parent":0,"menu_order":0,"comment_status":"closed","ping_status":"closed","template":"","meta":{"footnotes":""},"class_list":["post-11","page","type-page","status-publish","hentry"],"_links":{"self":[{"href":"https:\/\/scholar.semmelweis.hu\/kovacsjozsef\/wp-json\/wp\/v2\/pages\/11"}],"collection":[{"href":"https:\/\/scholar.semmelweis.hu\/kovacsjozsef\/wp-json\/wp\/v2\/pages"}],"about":[{"href":"https:\/\/scholar.semmelweis.hu\/kovacsjozsef\/wp-json\/wp\/v2\/types\/page"}],"author":[{"embeddable":true,"href":"https:\/\/scholar.semmelweis.hu\/kovacsjozsef\/wp-json\/wp\/v2\/users\/130"}],"replies":[{"embeddable":true,"href":"https:\/\/scholar.semmelweis.hu\/kovacsjozsef\/wp-json\/wp\/v2\/comments?post=11"}],"version-history":[{"count":5,"href":"https:\/\/scholar.semmelweis.hu\/kovacsjozsef\/wp-json\/wp\/v2\/pages\/11\/revisions"}],"predecessor-version":[{"id":167,"href":"https:\/\/scholar.semmelweis.hu\/kovacsjozsef\/wp-json\/wp\/v2\/pages\/11\/revisions\/167"}],"wp:attachment":[{"href":"https:\/\/scholar.semmelweis.hu\/kovacsjozsef\/wp-json\/wp\/v2\/media?parent=11"}],"curies":[{"name":"wp","href":"https:\/\/api.w.org\/{rel}","templated":true}]}}