{"id":2,"date":"2016-05-11T14:12:37","date_gmt":"2016-05-11T12:12:37","guid":{"rendered":"http:\/\/scholar.semmelweis.hu\/kovacsilles\/cv\/"},"modified":"2017-01-13T22:45:37","modified_gmt":"2017-01-13T21:45:37","slug":"cv","status":"publish","type":"page","link":"https:\/\/scholar.semmelweis.hu\/kovacsilles\/cv\/","title":{"rendered":""},"content":{"rendered":"<h3>\u00a0V\u00e9gzetts\u00e9g, diploma<\/h3>\n<p><strong>1999<\/strong> \u00c1ltal\u00e1nos Orvosi Diploma \u201eSumma cum laude\u201d P\u00e9csi Tudom\u00e1nyegyetem, \u00c1ltal\u00e1nos Orvosi Kar<\/p>\n<p><strong>2001<\/strong> Good Clinical Practice (ICH-GCP)\u00a0<\/p>\n<p><strong>2001<\/strong> International Basic Science and Clinical Sciences Assessments for Ophthalmologists<\/p>\n<p><strong>2004<\/strong> Szem\u00e9szet szakk\u00e9pes\u00edt\u00e9s &#8222;Kiv\u00e1l\u00f3an megfelelt&#8221;<\/p>\n<p><strong>2006<\/strong> PhD fokozat<\/p>\n<p><strong>2013<\/strong> Good Clinical Practice (GCP) tanfolyam (753\/2013)\u00a0<\/p>\n<p>&nbsp;<\/p>\n<h3>Nyelvtud\u00e1s<\/h3>\n<p><strong>Angol<\/strong> k\u00f6z\u00e9pfok\u00fa C t\u00edpus\u00fa nyelvvizsga<\/p>\n<p><strong>Angol<\/strong> k\u00f6z\u00e9pfok\u00fa szaknyelvi vizsga<\/p>\n<p><strong>N\u00e9met<\/strong> alapfok\u00fa szaknyelvi vizsga<\/p>\n<p><strong>Spanyol<\/strong> t\u00e1rsalg\u00e1si szint<\/p>\n<p>&nbsp;<\/p>\n<h3>Klinikai gyakorlat<\/h3>\n<p><strong>1999 &#8211; 2001<\/strong> Rezidens Szem\u00e9szeti Kinika, P\u00e9csi Tudom\u00e1nyegyetem<\/p>\n<p><strong>2001 &#8211; 2005<\/strong>\u00a0Rezidens II. Sz. Szem\u00e9szeti Klinika, Semmelweis Egyetem<\/p>\n<p><strong>2005 &#8211; 2011<\/strong> Tan\u00e1rseg\u00e9d, Szem\u00e9szeti Klinika, Semmelweis Egyetem<\/p>\n<p><strong>2010<\/strong>&#8211; Oszt\u00e1lyvezet\u0151, Szem\u00e9szeti Klinika, Semmelweis Egyetem<\/p>\n<p><strong>2011<\/strong> &#8211; Egyetemi adjunktus, Szem\u00e9szeti Klinika, Semmelweis Egyetem<\/p>\n<p><strong>2016<\/strong> &#8211; Egyetemi docens,\u00a0Szem\u00e9szeti Klinika, Semmelweis Egyetem<\/p>\n<p>&nbsp;<\/p>\n<h3>M\u0171szeres diagnosztikai tapasztalat<\/h3>\n<ul>\n<li>Ultrahang vizsg\u00e1lat<\/li>\n<li>Automata l\u00e1t\u00f3t\u00e9r vizsg\u00e1lat\u00a0<\/li>\n<li>Fluoreszcens angiogr\u00e1fia (FLAG)\u00a0<\/li>\n<li>Optikai koherencia tomogr\u00e1fia (OCT)\u00a0<\/li>\n<li>Szaruh\u00e1rtya topogr\u00e1fia\u00a0<\/li>\n<li>Hull\u00e1mfront anal\u00edzis\u00a0<\/li>\n<li>Scheimpflug k\u00e9palkot\u00e1s<\/li>\n<\/ul>\n<p>&nbsp;<\/p>\n<h3>Seb\u00e9szi gyakorlat<\/h3>\n<ul>\n<li>Vitreoretin\u00e1lis seb\u00e9szet \u00a0<\/li>\n<li>Sz\u00fcrkeh\u00e1lyog seb\u00e9szet\u00a0<\/li>\n<li>Intravitre\u00e1lis injekci\u00f3k ad\u00e1sa<\/li>\n<li>Szem\u00e9szeti l\u00e9zerkezel\u00e9sek<\/li>\n<\/ul>\n<p>&nbsp;<\/p>\n<h3>Kutat\u00f3munka<\/h3>\n<p><strong>1995 &#8211; 1997<\/strong> \u201eFluoro-Gold fest\u00e9k megoszl\u00e1sa patk\u00e1ny k\u00f6zponti idegrendszer\u00e9ben a cerebellomedull\u00e1ris cisztern\u00e1ba t\u00f6rt\u00e9n\u0151 injekci\u00f3t k\u00f6vet\u0151en\u201d t\u00e9m\u00e1ban TDK kutat\u00f3munka a P\u00e9csi Tudom\u00e1nyegyetem Anat\u00f3miai \u00e9s Sz\u00f6vettani Int\u00e9zet\u00e9ben.<\/p>\n<p><strong>2000 &#8211; 2005<\/strong> \u201eA mitochondriumok szerepe neurog\u00e9n gyullad\u00e1sok kialakul\u00e1s\u00e1ban szem\u00e9szeti k\u00f3rk\u00e9pek vonatkoz\u00e1s\u00e1ban\u201d t\u00e9m\u00e1ban PhD kutat\u00f3munka a P\u00e9csi Tudom\u00e1nyegyetem Farmakol\u00f3giai \u00e9s Farmakoter\u00e1pi\u00e1s Int\u00e9zet\u00e9ben.<\/p>\n<p><strong>2006<\/strong> \u201eGyullad\u00e1sos folyamatok morfol\u00f3giai \u00e9s funkcion\u00e1lis vizsg\u00e1lata k\u00f6nnytermel\u00e9si zavarok \u00e9s id\u0151skori makula degener\u00e1ci\u00f3 eset\u00e9n\u201d c\u00edm\u0171 PhD \u00e9rtekez\u00e9s v\u00e9d\u00e9se \u201eSumma cum laude\u201d min\u0151s\u00edt\u00e9ssel<\/p>\n<p><strong>2009-2010<\/strong> 1 \u00e9ves posztdoktori kutat\u00f3munka az Alicantei Idegtudom\u00e1nyi Kutat\u00f3int\u00e9zetben \u201e\u00c9rz\u0151ideg k\u00fcsz\u00f6b\u00e9rz\u00e9kenys\u00e9g vizsg\u00e1lata posztoperat\u00edv \u00e1llapotok \u00e9s szemsz\u00e1razs\u00e1g k\u00eds\u00e9rletes modelljeiben, valamint szomatosztatin anal\u00f3gok szerepe annak modul\u00e1l\u00e1s\u00e1ban\u201d c\u00edmmel, Marie-Curie \u00f6szt\u00f6nd\u00edjask\u00e9nt.<\/p>\n<p><strong>2011-\u00a0<\/strong>Klinikai kutat\u00e1s az Alicantei\u00a0Idegtudom\u00e1nyi Kutat\u00f3int\u00e9zettel kollabor\u00e1ci\u00f3ban &#8222;A sz\u00e1raz szem neuropatofiziol\u00f3giai alapjai: ioncsatorn\u00e1k szerepe a megv\u00e1ltozott idegi aktivit\u00e1sban \u00e9s a k\u00f3ros szemfelsz\u00edni \u00e9rz\u00e9kel\u00e9sben&#8221; c\u00edmmel.<\/p>\n<h3>\u00a0<\/h3>\n<h3>K\u00fclf\u00f6ldi Tanulm\u00e1nyutak<\/h3>\n<p><strong>1996<\/strong> Seb\u00e9szeti Klinika, T\u00fcbingeni Egyetem, N\u00e9metorsz\u00e1g (1 h\u00f3nap)<\/p>\n<p><strong>1997<\/strong> Seb\u00e9szeti Klinika, Cataniai Egyetem, Catania, Olaszorsz\u00e1g (1 h\u00f3nap)<\/p>\n<p><strong>1998<\/strong> Szem\u00e9szeti Klinika \u201eDie Justus-Liebig\u201d Egyetem, Gie\u00dfen, N\u00e9metorsz\u00e1g (1 h\u00f3nap)<\/p>\n<p><strong>2007<\/strong> Vitreoretin\u00e1lis ambulancia &#8211; Moorfields Eye Hospital, London, Egyes\u00fclt Kir\u00e1lys\u00e1g (1 h\u00f3nap)<\/p>\n<p><strong>2008<\/strong> Szem\u00e9szeti Klinika, Faculty of Medicine, University of Udine, Olaszorsz\u00e1g (2 h\u00e9t)<\/p>\n<p><strong>2009<\/strong> Neuroscience Institute of Alicante, Spanyolorsz\u00e1g (12 h\u00f3nap)<\/p>\n<p><strong>2010<\/strong> Jacobs Retina Center \u00e9s Hamilton Glaucoma Center, UCSD, San Diego, USA<\/p>\n<p><strong>2012<\/strong> Ophthalmology, Weill Cornell University, NYC, New York, USA (2 h\u00e9t)<\/p>\n<p><strong>2013<\/strong> Ophthalmology, Weill Cornell University, NYC, New York, USA (1 h\u00e9t)<\/p>\n<p><strong>2015<\/strong> Ophthalmology, Weill Cornell University, NYC, New York, USA (3 h\u00f3nap)<\/p>\n<h3>\n D\u00edjak, \u00f6szt\u00f6nd\u00edjak<\/h3>\n<p><strong>1997<\/strong> Tudom\u00e1nyos Di\u00e1kk\u00f6ri Konferencia: <strong>TDK I. d\u00edj<\/strong><\/p>\n<p><strong>2001<\/strong> P\u00e9csi Tudom\u00e1nyegyetem, Szem\u00e9szeti Klinika: <strong>Arat\u00f3 Istv\u00e1n d\u00edj<\/strong><\/p>\n<p><strong>2003<\/strong> Magyar Szemorvost\u00e1rsas\u00e1g: <strong>Lotta Salminen d\u00edj<\/strong> \u201eEnhanced Tear Secretion Due to Neurogen Inflammation of the Eye &#8211; a Rat Modell of KCS\u201d<\/p>\n<p><strong>2003<\/strong> Magyar Szemorvost\u00e1rsas\u00e1g: <strong>M\u00e1rcius 15. d\u00edj<\/strong><\/p>\n<p><strong>2004<\/strong> Magyar Szemorvost\u00e1rsas\u00e1g: <strong>Sz\u00e1raz szem p\u00e1lyad\u00edj<\/strong><\/p>\n<p><strong>2004<\/strong> Magyar Szemorvost\u00e1rsas\u00e1g: <strong>Sz\u00e1raz szem kutat\u00e1si t\u00e1mogat\u00e1<\/strong>s<\/p>\n<p><strong>2007<\/strong> Eur\u00f3pai Szemorvost\u00e1rsas\u00e1g: <strong>Oktat\u00f3i tanulm\u00e1ny\u00fat \u00f6szt\u00f6nd\u00edj<\/strong><\/p>\n<p><strong>2007<\/strong> Magyar Szemorvost\u00e1rsas\u00e1g &#8211; European Society of Ophthalmology: <strong>SOE Lecturer d\u00edja<\/strong>: \u201eCorrelation Between Fundus Alterations and Visual Functions in Age-Related Macular Degeneration\u201d c\u00edmmel<\/p>\n<p><strong>2008<\/strong> Olasz K\u00fcl\u00fcgyminiszt\u00e9rium-Magyar \u00d6szt\u00f6nd\u00edj Bizotts\u00e1g: <strong>R\u00f6vid tanulm\u00e1ny\u00fat \u00f6szt\u00f6nd\u00edj<\/strong> \u201eAz Udinei Szem\u00e9szeti Klinik\u00e1n m\u0171k\u00f6d\u0151 diab\u00e9tesz ambulancia, valamint az alapell\u00e1t\u00e1sba kihelyezett nonmidriatikus fundus kamer\u00e1k szerepe a cukorbetegs\u00e9g sz\u00f6v\u0151dm\u00e9nyeinek korai felismer\u00e9s\u00e9ben \u00e9s a kezel\u00e9s tervez\u00e9s\u00e9ben.\u201d c\u00edmmel.<\/p>\n<p><strong>2009<\/strong> Nemzeti Kutat\u00e1si \u00e9s Technol\u00f3giai Hivatal (NKTH): <strong>Mecenatura p\u00e1lyad\u00edj<\/strong>: \u201eA szaruh\u00e1rtya el\u0151domborod\u00e1s hat\u00e1sa keratoconusos betegek el\u00fcls\u0151 csarnok morfol\u00f3gi\u00e1j\u00e1ra Pentacam Scheimpflug kamer\u00e1val vizsg\u00e1lva\u201d c\u00edmmel.<\/p>\n<p><strong>2009<\/strong> NKTH-OTKA-EU7 Keretprogram <strong>Marie Curie Mobilit\u00e1s \u00f6szt\u00f6nd\u00edj<\/strong>:\u00a0\u201e\u00c9rz\u0151ideg k\u00fcsz\u00f6b\u00e9rz\u00e9kenys\u00e9g vizsg\u00e1lata posztoperat\u00edv \u00e1llapotok \u00e9s szemsz\u00e1razs\u00e1g k\u00eds\u00e9rletes modelljeiben, valamint szomatosztatin anal\u00f3gok szerepe annak modul\u00e1l\u00e1s\u00e1ban\u201d c\u00edmmel.<\/p>\n<p><strong>2011<\/strong> Magyar Szemorvost\u00e1rsas\u00e1g &#8211; European Society of Ophthalmology: <strong>SOE Lecturer d\u00edja<\/strong>: \u201eSzaruh\u00e1rtya \u00e9rz\u0151 idegv\u00e9gz\u0151d\u00e9sek fokozott \u00e9rz\u00e9kenys\u00e9ge szemsz\u00e1razs\u00e1gban\u201d c\u00edmmel<\/p>\n<p><strong>2011<\/strong> \u00d6sterreische Ophthalmologische Gesellschaft \u2013 Alcon Austria: <strong>Legjobb el\u0151ad\u00e1s d\u00edja<\/strong> a HARVO-ARVO tudom\u00e1nyos \u00fcl\u00e9sen \u201eSzaruh\u00e1rtya \u00e9rz\u0151 idegv\u00e9gz\u0151d\u00e9sek fokozott \u00e9rz\u00e9kenys\u00e9ge szemsz\u00e1razs\u00e1gban\u201d c\u00edmmel<\/p>\n<p><strong>2011<\/strong> European Association for Vision and Eye Research: <strong>Legjobb cornea poszter d\u00edja<\/strong> \u201eAltered corneal nerve morphology and epithelial wound healing in experimental lacrimodeficient dry eye\u201d c\u00edmmel<\/p>\n<p><strong>2011<\/strong> Arquimedes 10\u030a Certamen Universitario de Introduccion a la Investigacion Cientifica: <strong>II. D\u00edj<\/strong> \u201eAlterations in Corneal Activity, Morphology and Epithelial Regeneration in a Lacrimo-Deficient Dry Eye Model\u201d c\u00edmmel (tutor)<\/p>\n<p><strong>2012<\/strong> Alcon Hung\u00e1ria Kft. \u201eSpes Futuri\u201d a fiatal szem\u00e9sz szakorvosok \u00e9s rezidensek tudom\u00e1nyos-szakmai fejl\u0151d\u00e9s\u00e9nek t\u00e1mogat\u00e1s\u00e1ra meghirdetett p\u00e1ly\u00e1zat\u00e1n <strong>II. D\u00edj<\/strong> a \u201eSzaruh\u00e1rtya idegek morfol\u00f3giai elt\u00e9r\u00e9sei \u00e9s az epitheli\u00e1lis sebgy\u00f3gyul\u00e1s k\u00eds\u00e9rletes szemsz\u00e1razs\u00e1gban\u201d c\u00edmmel.<\/p>\n<p><strong>2012-2014<\/strong> OTKA NN &#8211; <strong>Nemzetk\u00f6zi Egy\u00fcttm\u0171k\u00f6d\u00e9si P\u00e1ly\u00e1zat<\/strong>: \u201eA sz\u00e1raz szem neuropatofiziol\u00f3giai alapjai: ioncsatorn\u00e1k szerepe a megv\u00e1ltozott idegi aktivit\u00e1sban \u00e9s a k\u00f3ros szemfelsz\u00edni \u00e9rz\u00e9kel\u00e9sben\u201d<\/p>\n<p><strong>2013-2015<\/strong> European Society of Ophthalmology &#8211; <strong>European Leadership Development Programme (EuLDP<\/strong>)<\/p>\n<p><strong>2013<\/strong> Alcon Hung\u00e1ria Kft. \u201eSpes Futuri\u201d a fiatal szem\u00e9sz szakorvosok \u00e9s rezidensek tudom\u00e1nyos-szakmai fejl\u0151d\u00e9s\u00e9nek t\u00e1mogat\u00e1s\u00e1ra meghirdetett p\u00e1ly\u00e1zat\u00e1n <strong>k\u00fcl\u00f6nd\u00edj<\/strong> a \u201eA Systane Balance m\u0171k\u00f6nny csepp hat\u00e1sa a k\u00f6nnyfilm stabilit\u00e1sra \u00e9s a szaruh\u00e1rtya \u00e9rz\u00e9kenys\u00e9g\u00e9re\u201d c\u00edmmel.<\/p>\n<p><strong>2014-2017<\/strong> Kutat\u00e1si \u00e9s Innov\u00e1ci\u00f3s Technol\u00f3giai Alap, <strong>K+F Versenyk\u00e9pess\u00e9gi \u00e9s Kiv\u00e1l\u00f3s\u00e1gi Szerz\u0151d\u00e9sek<\/strong> (VKSZ_12): \u201eA sz\u00fcrkeh\u00e1lyog hat\u00e9kony gy\u00f3gy\u00edt\u00e1s\u00e1t el\u0151seg\u00edt\u0151 orvostechnikai kutat\u00e1s-fejleszt\u00e9sek\u201d c\u00edm\u0171 konzorci\u00e1lis projekt t\u00e1mogat\u00e1s.<\/p>\n<p><strong>2015 Fulbright Kutat\u00f3i \u00d6szt\u00f6nd\u00edj<\/strong> \u201eGene Therapy for the Treatment of Age-Related Macular Degeneration\u201d c\u00edmmel, a Cornell Egyetemen NYC, NY, USA.<\/p>\n<p>&nbsp;<\/p>\n<h3>Kutat\u00e1si t\u00e1mogat\u00e1sok<\/h3>\n<ul>\n<li>Magyar Szemorvost\u00e1rsas\u00e1g (2004) (t\u00e9mavezet\u0151)<\/li>\n<li>NKTH-OTKA-EU7 80372 (2009-2010) (t\u00e9mavezet\u0151)<\/li>\n<li>Ministerio De Educacion Y Ciencia de Espana (2009-2011) (t\u00e1rskutat\u00f3)<\/li>\n<li>Ministerio De Educacion Y Ciencia de Espana (2011-2013) (t\u00e1rskutat\u00f3)<\/li>\n<li>OTKA NN 106649 (2012-2014) (vezet\u0151 kutat\u00f3)<\/li>\n<li>VKSZ_12-1-2013-0080 (2014-2017) (t\u00e1rskutat\u00f3)<\/li>\n<\/ul>\n<p>&nbsp;<\/p>\n<h3>Tudom\u00e1nyos \u00e9rdekl\u0151d\u00e9s<\/h3>\n<ul>\n<li>Struktur\u00e1lis \u00e9s funkcion\u00e1lis elt\u00e9r\u00e9sek a szemfelsz\u00edn k\u00fcl\u00f6nb\u00f6z\u0151 betegs\u00e9geiben (keratoconus, sz\u00e1raz szem)<\/li>\n<li>Femtosecond l\u00e9zer szerepe a szemseb\u00e9szetben (szaruh\u00e1rtya, sz\u00fcrkeh\u00e1lyog)<\/li>\n<li>Biostatisztika (klinikai vizsg\u00e1latok tervez\u00e9se, elemz\u00e9se)<\/li>\n<\/ul>\n<p>&nbsp;<\/p>\n<h3>Tudom\u00e1nyos szervezetekben tags\u00e1g<\/h3>\n<ul>\n<li>The Association for Research in Vision and Ophthalmology (ARVO)<\/li>\n<li>Tear Film &amp; Ocular Surface Society (TFOS)<\/li>\n<li>Magyar Szemorvost\u00e1rsas\u00e1g (MSZT)<\/li>\n<li>Magyar M\u0171lencse Implant\u00e1ci\u00f3s T\u00e1rsas\u00e1g (SHIOL)<\/li>\n<li>Hungarian Association for Research in Vision and Ophthalmology (HARVO)- vezet\u0151s\u00e9gi tag<\/li>\n<\/ul>\n<p>&nbsp;<\/p>\n<h3>Tudom\u00e1nyos munk\u00e1k<\/h3>\n<p>MTMT adatb\u00e1zis:\u00a0<a href=\"https:\/\/vm.mtmt.hu\/\/search\/slist.php?lang=0&amp;top10=0&amp;AuthorID=10025486\" target=\"_blank\">10025486<\/a><\/p>\n<p>ORCID ID:\u00a0<a href=\"http:\/\/orcid.org\/0000-0001-5763-0482\" target=\"_blank\">0000-0001-5763-0482<\/a><\/p>\n<p>Scopus ID:\u00a0<a href=\"http:\/\/www.scopus.com\/inward\/authorDetails.url?authorID=7202438859&amp;partnerID=MN8TOARS\" target=\"_blank\">7202438859<\/a><\/p>\n<p><a href=\"https:\/\/www.researchgate.net\/home\" target=\"_blank\">Researchgate<\/a><\/p>\n<p><a href=\"https:\/\/www.academia.edu\/\" target=\"_blank\">Academica<\/a><\/p>\n","protected":false},"excerpt":{"rendered":"<p>\u00a0V\u00e9gzetts\u00e9g, diploma 1999 \u00c1ltal\u00e1nos Orvosi Diploma \u201eSumma cum laude\u201d P\u00e9csi Tudom\u00e1nyegyetem, \u00c1ltal\u00e1nos Orvosi Kar 2001 Good Clinical Practice (ICH-GCP)\u00a0 2001 International Basic Science and Clinical Sciences Assessments for Ophthalmologists 2004 Szem\u00e9szet szakk\u00e9pes\u00edt\u00e9s &#8222;Kiv\u00e1l\u00f3an megfelelt&#8221; 2006 &hellip;<\/p>\n","protected":false},"author":80,"featured_media":0,"parent":0,"menu_order":0,"comment_status":"closed","ping_status":"closed","template":"fullwidth-page.php","meta":{"footnotes":""},"class_list":["post-2","page","type-page","status-publish","hentry"],"_links":{"self":[{"href":"https:\/\/scholar.semmelweis.hu\/kovacsilles\/wp-json\/wp\/v2\/pages\/2"}],"collection":[{"href":"https:\/\/scholar.semmelweis.hu\/kovacsilles\/wp-json\/wp\/v2\/pages"}],"about":[{"href":"https:\/\/scholar.semmelweis.hu\/kovacsilles\/wp-json\/wp\/v2\/types\/page"}],"author":[{"embeddable":true,"href":"https:\/\/scholar.semmelweis.hu\/kovacsilles\/wp-json\/wp\/v2\/users\/80"}],"replies":[{"embeddable":true,"href":"https:\/\/scholar.semmelweis.hu\/kovacsilles\/wp-json\/wp\/v2\/comments?post=2"}],"version-history":[{"count":13,"href":"https:\/\/scholar.semmelweis.hu\/kovacsilles\/wp-json\/wp\/v2\/pages\/2\/revisions"}],"predecessor-version":[{"id":47,"href":"https:\/\/scholar.semmelweis.hu\/kovacsilles\/wp-json\/wp\/v2\/pages\/2\/revisions\/47"}],"wp:attachment":[{"href":"https:\/\/scholar.semmelweis.hu\/kovacsilles\/wp-json\/wp\/v2\/media?parent=2"}],"curies":[{"name":"wp","href":"https:\/\/api.w.org\/{rel}","templated":true}]}}